{"id":29,"date":"2024-03-06T11:14:12","date_gmt":"2024-03-06T10:14:12","guid":{"rendered":"https:\/\/nabi.cc2c.de\/?page_id=29"},"modified":"2026-03-03T09:44:21","modified_gmt":"2026-03-03T08:44:21","slug":"homepage","status":"publish","type":"page","link":"https:\/\/www.buendnis-impfen.de\/","title":{"rendered":"Homepage"},"content":{"rendered":"\n<div class=\"wp-block-cover alignfull\" style=\"padding-top:0;padding-right:0;padding-bottom:0;padding-left:0;min-height:70vh;aspect-ratio:unset;\"><img loading=\"lazy\" decoding=\"async\" width=\"2000\" height=\"1200\" class=\"wp-block-cover__image-background wp-image-34\" alt=\"\" src=\"https:\/\/nabi.cc2c.de\/wp-content\/uploads\/2024\/03\/cropped-Slider-Bild-scaled-1.jpg\" style=\"object-position:46% 83%\" data-object-fit=\"cover\" data-object-position=\"46% 83%\" srcset=\"https:\/\/www.buendnis-impfen.de\/wp-content\/uploads\/2024\/03\/cropped-Slider-Bild-scaled-1.jpg 2000w, https:\/\/www.buendnis-impfen.de\/wp-content\/uploads\/2024\/03\/cropped-Slider-Bild-scaled-1-300x180.jpg 300w, https:\/\/www.buendnis-impfen.de\/wp-content\/uploads\/2024\/03\/cropped-Slider-Bild-scaled-1-1024x614.jpg 1024w\" sizes=\"auto, (max-width: 2000px) 100vw, 2000px\" \/><span aria-hidden=\"true\" class=\"wp-block-cover__background has-contrast-background-color has-background-dim-40 has-background-dim\"><\/span><div class=\"wp-block-cover__inner-container has-global-padding is-layout-constrained wp-container-core-cover-is-layout-fc3cfcd7 wp-block-cover-is-layout-constrained\">\n<p class=\"has-text-align-center has-white-color has-text-color has-system-sans-serif-font-family has-x-large-font-size\" style=\"margin-top:var(--wp--preset--spacing--30);margin-right:0;margin-bottom:var(--wp--preset--spacing--30);margin-left:0;font-style:normal;font-weight:900;line-height:1.2\"><strong>Das Nationale Aktionsb\u00fcndnis Impfen NABI<\/strong><\/p>\n\n\n\n<p class=\"has-text-align-center has-white-color has-text-color\" style=\"margin-top:var(--wp--preset--spacing--30);margin-bottom:var(--wp--preset--spacing--30);font-size:clamp(0.875rem, 0.875rem + ((1vw - 0.2rem) * 0.375), 1.1rem);font-style:normal;font-weight:300\">Sensibilisierung der Bev\u00f6lkerung<strong> <\/strong>f\u00fcr das Thema Impfen als wirksame prim\u00e4rpr\u00e4ventive Ma\u00dfnahme<\/p>\n\n\n\n<div class=\"wp-block-buttons is-content-justification-center is-layout-flex wp-container-core-buttons-is-layout-a89b3969 wp-block-buttons-is-layout-flex\">\n<div class=\"wp-block-button has-custom-width wp-block-button__width-25 is-style-fill\"><a class=\"wp-block-button__link has-white-color has-text-color wp-element-button\" href=\"#ziele\" style=\"border-radius:10px\">Erfahre mehr<\/a><\/div>\n<\/div>\n<\/div><\/div>\n\n\n<div class=\"entry-content wp-block-post-content is-layout-flow wp-block-post-content-is-layout-flow\">\n<div class=\"wp-block-cover alignfull\" style=\"padding-top:0;padding-right:0;padding-bottom:0;padding-left:0;min-height:70vh;aspect-ratio:unset;\"><img loading=\"lazy\" decoding=\"async\" width=\"2000\" height=\"1200\" class=\"wp-block-cover__image-background wp-image-34\" alt=\"\" src=\"https:\/\/nabi.cc2c.de\/wp-content\/uploads\/2024\/03\/cropped-Slider-Bild-scaled-1.jpg\" style=\"object-position:46% 83%\" data-object-fit=\"cover\" data-object-position=\"46% 83%\" srcset=\"https:\/\/www.buendnis-impfen.de\/wp-content\/uploads\/2024\/03\/cropped-Slider-Bild-scaled-1.jpg 2000w, https:\/\/www.buendnis-impfen.de\/wp-content\/uploads\/2024\/03\/cropped-Slider-Bild-scaled-1-300x180.jpg 300w, https:\/\/www.buendnis-impfen.de\/wp-content\/uploads\/2024\/03\/cropped-Slider-Bild-scaled-1-1024x614.jpg 1024w\" sizes=\"auto, (max-width: 2000px) 100vw, 2000px\" \/><span aria-hidden=\"true\" class=\"wp-block-cover__background has-contrast-background-color has-background-dim-40 has-background-dim\"><\/span><div class=\"wp-block-cover__inner-container has-global-padding is-layout-constrained wp-container-core-cover-is-layout-fc3cfcd7 wp-block-cover-is-layout-constrained\">\n<p class=\"has-text-align-center has-white-color has-text-color has-system-sans-serif-font-family has-x-large-font-size\" style=\"margin-top:var(--wp--preset--spacing--30);margin-right:0;margin-bottom:var(--wp--preset--spacing--30);margin-left:0;font-style:normal;font-weight:900;line-height:1.2\"><strong>Das Nationale Aktionsb\u00fcndnis Impfen NABI<\/strong><\/p>\n\n\n\n<p class=\"has-text-align-center has-white-color has-text-color\" style=\"margin-top:var(--wp--preset--spacing--30);margin-bottom:var(--wp--preset--spacing--30);font-size:clamp(0.875rem, 0.875rem + ((1vw - 0.2rem) * 0.375), 1.1rem);font-style:normal;font-weight:300\">Sensibilisierung der Bev\u00f6lkerung<strong> <\/strong>f\u00fcr das Thema Impfen als wirksame prim\u00e4rpr\u00e4ventive Ma\u00dfnahme<\/p>\n\n\n\n<div class=\"wp-block-buttons is-content-justification-center is-layout-flex wp-container-core-buttons-is-layout-a89b3969 wp-block-buttons-is-layout-flex\">\n<div class=\"wp-block-button has-custom-width wp-block-button__width-25 is-style-fill\"><a class=\"wp-block-button__link has-white-color has-text-color wp-element-button\" href=\"#ziele\" style=\"border-radius:10px\">Erfahre mehr<\/a><\/div>\n<\/div>\n<\/div><\/div>\n\n\n\n\n\n<div class=\"wp-block-group alignfull pattern_multiple_covers has-background has-global-padding is-layout-constrained wp-container-core-group-is-layout-d55cbcae wp-block-group-is-layout-constrained\" id=\"ueber-uns\" style=\"background-color:#f8f8f8;padding-top:var(--wp--preset--spacing--40);padding-right:0;padding-bottom:var(--wp--preset--spacing--40);padding-left:0\">\n<div class=\"wp-block-group alignfull has-global-padding is-layout-constrained wp-container-core-group-is-layout-d89aad35 wp-block-group-is-layout-constrained\" style=\"margin-top:0;margin-bottom:0;padding-top:var(--wp--preset--spacing--50);padding-right:var(--wp--preset--spacing--50);padding-bottom:var(--wp--preset--spacing--50);padding-left:var(--wp--preset--spacing--50)\">\n<div class=\"wp-block-columns alignwide are-vertically-aligned-center is-layout-flex wp-container-core-columns-is-layout-47c06fe3 wp-block-columns-is-layout-flex\">\n<div class=\"wp-block-column is-vertically-aligned-center is-layout-flow wp-container-core-column-is-layout-5d8b474c wp-block-column-is-layout-flow\" style=\"padding-top:0;padding-right:0;padding-bottom:0;padding-left:0;flex-basis:50%\">\n<h2 class=\"wp-block-heading\" style=\"line-height:1.5\">Nationales Aktionsb\u00fcndnis Impfen NABI e.V.<\/h2>\n\n\n\n<p>Das Nationale Aktionsb\u00fcndnis e.V. ist ein politisch und interessenunabh\u00e4ngiger Zusammenschluss von Expertinnen und Experten sowie Institutionen aus Wissenschaft, Praxis und Public Health mit dem Ziel, jenseits der Erfahrungen aus der Pandemie das Bewusstsein f\u00fcr die Erfolge in der Bek\u00e4mpfung von Infektionskrankheiten durch Impfungen als eine der wirksamsten prim\u00e4rpr\u00e4ventiven Ma\u00dfnahmen in der \u00d6ffentlichkeit und der Fachwelt zu st\u00e4rken.<\/p>\n<\/div>\n\n\n\n<div class=\"wp-block-column is-vertically-aligned-center is-layout-flow wp-block-column-is-layout-flow\" style=\"flex-basis:50%\">\n<figure class=\"wp-block-image size-full has-custom-border is-style-rounded is-style-rounded--1\"><img loading=\"lazy\" decoding=\"async\" width=\"926\" height=\"427\" src=\"https:\/\/nabi.cc2c.de\/wp-content\/uploads\/2024\/03\/About-Bild.jpg\" alt=\"\" class=\"wp-image-71\" style=\"border-style:none;border-width:0px;border-radius:20px\" srcset=\"https:\/\/www.buendnis-impfen.de\/wp-content\/uploads\/2024\/03\/About-Bild.jpg 926w, https:\/\/www.buendnis-impfen.de\/wp-content\/uploads\/2024\/03\/About-Bild-300x138.jpg 300w, https:\/\/www.buendnis-impfen.de\/wp-content\/uploads\/2024\/03\/About-Bild-768x354.jpg 768w\" sizes=\"auto, (max-width: 926px) 100vw, 926px\" \/><\/figure>\n<\/div>\n<\/div>\n\n\n\n<div class=\"wp-block-columns alignwide are-vertically-aligned-center is-layout-flex wp-container-core-columns-is-layout-47c06fe3 wp-block-columns-is-layout-flex\">\n<div class=\"wp-block-column is-vertically-aligned-center is-layout-flow wp-container-core-column-is-layout-5d8b474c wp-block-column-is-layout-flow\" style=\"padding-top:0;padding-right:0;padding-bottom:0;padding-left:0;flex-basis:50%\"><\/div>\n\n\n\n<div class=\"wp-block-column is-vertically-aligned-center is-layout-flow wp-block-column-is-layout-flow\" style=\"padding-top:var(--wp--preset--spacing--30);padding-bottom:var(--wp--preset--spacing--30);flex-basis:50%\">\n<p class=\"has-text-align-left\"><strong>Downloads<\/strong><\/p>\n\n\n\n<p class=\"has-text-color has-link-color wp-elements-83f8df878d956df84b7e1dfb44808630\" style=\"color:#0000ff;line-height:2.5\"><a href=\"http:\/\/www.buendnis-impfen.de\/wp-content\/uploads\/2024\/05\/Satzung_NABI_18.01.24.pdf\" target=\"_blank\" rel=\"noreferrer noopener\">Satzung NABI herunterladen<\/a><br><a href=\"http:\/\/www.buendnis-impfen.de\/wp-content\/uploads\/2024\/05\/Code-of-Conduct_Kurzversion.pdf\" target=\"_blank\" rel=\"noreferrer noopener\">Code of Conduct herunterladen<\/a><br><a href=\"http:\/\/www.buendnis-impfen.de\/wp-content\/uploads\/2026\/03\/Vorstellung_NABI_2026.pdf\" target=\"_blank\" rel=\"noreferrer noopener\">Vorstellung NABI herunterladen<\/a><\/p>\n<\/div>\n<\/div>\n<\/div>\n<\/div>\n\n\n\n<div class=\"wp-block-group alignfull has-base-2-background-color has-background has-global-padding is-layout-constrained wp-container-core-group-is-layout-669513ed wp-block-group-is-layout-constrained\" id=\"ziele\" style=\"margin-top:0;margin-bottom:0;padding-top:var(--wp--preset--spacing--50);padding-right:var(--wp--preset--spacing--50);padding-bottom:var(--wp--preset--spacing--50);padding-left:var(--wp--preset--spacing--50)\">\n<div class=\"wp-block-group is-vertical is-content-justification-center is-layout-flex wp-container-core-group-is-layout-52b864f0 wp-block-group-is-layout-flex\">\n<h2 class=\"wp-block-heading has-text-align-center is-style-asterisk\">Ziele Nationales Aktionsb\u00fcndnis Impfen<\/h2>\n\n\n\n<div style=\"height:0px\" aria-hidden=\"true\" class=\"wp-block-spacer wp-container-content-4f2ccadb\"><\/div>\n\n\n\n<p class=\"has-text-align-center\">Sensibilisierung der Bev\u00f6lkerung<strong> <\/strong>f\u00fcr das Thema Impfen als wirksame prim\u00e4rpr\u00e4ventive Ma\u00dfnahme<\/p>\n<\/div>\n\n\n\n<div style=\"margin-top:0;margin-bottom:0;height:var(--wp--preset--spacing--40)\" aria-hidden=\"true\" class=\"wp-block-spacer\"><\/div>\n\n\n\n<div class=\"wp-block-columns alignwide is-layout-flex wp-container-core-columns-is-layout-d0bbbce0 wp-block-columns-is-layout-flex\">\n<div class=\"wp-block-column is-layout-flow wp-container-core-column-is-layout-e3d1c41b wp-block-column-is-layout-flow\">\n<h3 class=\"wp-block-heading has-text-align-left is-style-asterisk has-body-font-family has-medium-font-size\" style=\"font-style:normal;font-weight:600\"><strong><strong>Steigerung der Gesundheitskompetenz<\/strong><\/strong><\/h3>\n\n\n\n<p class=\"has-text-align-left has-contrast-color has-text-color has-link-color wp-elements-ad3dffe1654157d3e99416e9ab001f26\">In allen Altersgruppen soll das Suchen, Finden und Umsetzen von Informationen \u00fcber Infektionskrankheiten und deren Pr\u00e4ventionsm\u00f6glichkeiten erleichtert werden.<\/p>\n<\/div>\n\n\n\n<div class=\"wp-block-column is-layout-flow wp-container-core-column-is-layout-e3d1c41b wp-block-column-is-layout-flow\">\n<h3 class=\"wp-block-heading has-text-align-left is-style-asterisk has-body-font-family has-medium-font-size\" style=\"font-style:normal;font-weight:600\"><strong><strong>Sensibilisierung der Bev\u00f6lkerung<\/strong><\/strong><\/h3>\n\n\n\n<p class=\"has-text-align-left has-contrast-color has-text-color has-link-color wp-elements-125ef7ecfea4e5ffaf8e8ee44ee02be4\">Nach den Erfahrungen der Pandemie sollen die Menschen nicht nur an die Game-Changer-Rolle der COVID-Impfung erinnert, sondern auch auf andere impfpr\u00e4ventable Erkrankungen hingewiesen werden.<\/p>\n<\/div>\n\n\n\n<div class=\"wp-block-column is-layout-flow wp-container-core-column-is-layout-e3d1c41b wp-block-column-is-layout-flow\">\n<h3 class=\"wp-block-heading has-text-align-left is-style-asterisk has-body-font-family has-medium-font-size\" style=\"font-style:normal;font-weight:600\"><strong>Steigerung der Impfquoten<\/strong><\/h3>\n\n\n\n<p class=\"has-text-align-left has-contrast-color has-text-color has-link-color wp-elements-3dbe623647c5e6c974d2d37dc47c5a9c\">Die WHO-Ziele zur Eradikation von pr\u00e4venierbaren Infektionserkrankungen wie Masern sind (noch) nicht erreicht. Daf\u00fcr und zur Erreichung eines wirksamen Bev\u00f6lkerungsschutzes (Herdenimmunit\u00e4t) ist eine Steigerung der Impfraten notwendig.<\/p>\n<\/div>\n<\/div>\n\n\n\n<div style=\"height:var(--wp--preset--spacing--20)\" aria-hidden=\"true\" class=\"wp-block-spacer\"><\/div>\n\n\n\n<div class=\"wp-block-columns alignwide is-layout-flex wp-container-core-columns-is-layout-d0bbbce0 wp-block-columns-is-layout-flex\">\n<div class=\"wp-block-column is-layout-flow wp-container-core-column-is-layout-e3d1c41b wp-block-column-is-layout-flow\">\n<h3 class=\"wp-block-heading has-text-align-left is-style-asterisk has-body-font-family has-medium-font-size\" style=\"font-style:normal;font-weight:600\"><strong>Vermehrung des Wissens \u00fcber Impfungen<\/strong><\/h3>\n\n\n\n<p class=\"has-text-align-left has-contrast-color has-text-color has-link-color wp-elements-8b5895af8acf5d2de0f9d96bb688e7ff\">Insbesondere im Bereich von Impfungen soll das Wissen \u00fcber Infektionskrankheiten, deren Erreger, Krankheitsverl\u00e4ufe und Risiken, Pr\u00e4ventionsm\u00f6glichkeiten wie Hygienema\u00dfnahmen sowie den Nutzen von Impfstoffen, Herstellung, Zulassung, Empfehlungen und Anwendung in der Bev\u00f6lkerung \u00fcber alle Altersgruppen hinweg gesteigert werden.<\/p>\n<\/div>\n\n\n\n<div class=\"wp-block-column is-layout-flow wp-container-core-column-is-layout-e3d1c41b wp-block-column-is-layout-flow\">\n<h3 class=\"wp-block-heading has-text-align-left is-style-asterisk has-body-font-family has-medium-font-size\" style=\"font-style:normal;font-weight:600\"><strong>Effektive Verbreitung der Informationen in den Zielgruppen<\/strong><\/h3>\n\n\n\n<p class=\"has-text-align-left has-contrast-color has-text-color has-link-color wp-elements-f1498f3d23dc8407543772bcb03a6f38\">Nicht nur die Pandemie hat gezeigt, dass mit der Ver\u00e4nderung der Kommunikationsgewohnheiten in allen Altersstufen ein einheitliches Kommunikationsmedium l\u00e4ngst nicht mehr ausreicht. Zielgruppengenaue Formate und die ad\u00e4quate An(Sprache) bzw das Format m\u00fcssen passgenau und sensibel gew\u00e4hlt und neben Komm- auch Gehstrukturen aufgebaut werden.<\/p>\n<\/div>\n\n\n\n<div class=\"wp-block-column is-layout-flow wp-container-core-column-is-layout-e3d1c41b wp-block-column-is-layout-flow\">\n<h3 class=\"wp-block-heading has-text-align-left is-style-asterisk has-body-font-family has-medium-font-size\" style=\"font-style:normal;font-weight:600\"><strong>St\u00e4rkung des Vertrauens in Impfungen<\/strong><\/h3>\n\n\n\n<p class=\"has-text-align-left has-contrast-color has-text-color has-link-color wp-elements-f8f5d6d2896e7573a77aa699e440e023\">Kontinuierliche Information, Transparenz beim Zustandekommen von Impfempfehlungen und der Entwicklung und Zulassung von Impfstoffen sowie Zusammenarbeit von Politik und Wissenschaft auf Augenh\u00f6he schaffen Vertrauen auch in staatliche Institutionen als Voraussetzung f\u00fcr Impfakzeptanz.<\/p>\n<\/div>\n<\/div>\n<\/div>\n\n\n\n<div class=\"wp-block-group alignfull has-global-padding is-layout-constrained wp-container-core-group-is-layout-669513ed wp-block-group-is-layout-constrained\" id=\"massnahmen\" style=\"margin-top:0;margin-bottom:0;padding-top:var(--wp--preset--spacing--50);padding-right:var(--wp--preset--spacing--50);padding-bottom:var(--wp--preset--spacing--50);padding-left:var(--wp--preset--spacing--50)\">\n<div class=\"wp-block-group alignwide has-base-2-background-color has-background has-global-padding is-layout-constrained wp-container-core-group-is-layout-a151063b wp-block-group-is-layout-constrained\" style=\"border-radius:16px;padding-top:var(--wp--preset--spacing--50);padding-right:var(--wp--preset--spacing--40);padding-bottom:var(--wp--preset--spacing--50);padding-left:var(--wp--preset--spacing--40)\">\n<div class=\"wp-block-group alignwide is-vertical is-content-justification-stretch is-layout-flex wp-container-core-group-is-layout-353c4f5a wp-block-group-is-layout-flex\">\n<h2 class=\"wp-block-heading has-text-align-center\"><strong>Ma\u00dfnahmen Nationales Aktionsb\u00fcndnis Impfen<\/strong><\/h2>\n\n\n\n<p class=\"has-text-align-center has-contrast-color has-text-color has-link-color wp-elements-22d3c39e26bd71ff32bbdb4415acad78\" style=\"margin-top:var(--wp--preset--spacing--10);font-size:clamp(0.875rem, 0.875rem + ((1vw - 0.2rem) * 0.417), 1.125rem);\">zur Zielerreichung Sensibilisierung der Bev\u00f6lkerungf\u00fcr das Thema Impfen als wirksame prim\u00e4rpr\u00e4ventive Ma\u00dfnahme<\/p>\n<\/div>\n\n\n\n<div style=\"height:var(--wp--preset--spacing--30)\" aria-hidden=\"true\" class=\"wp-block-spacer\"><\/div>\n\n\n\n<div class=\"wp-block-columns alignwide is-layout-flex wp-container-core-columns-is-layout-06670bbc wp-block-columns-is-layout-flex\" style=\"border-style:none;border-width:0px\">\n<div class=\"wp-block-column is-layout-flow wp-block-column-is-layout-flow\" style=\"border-top-style:none;border-top-width:0px;border-bottom-style:none;border-bottom-width:0px;padding-top:var(--wp--preset--spacing--30);padding-right:var(--wp--preset--spacing--30);padding-bottom:var(--wp--preset--spacing--10);padding-left:var(--wp--preset--spacing--30)\">\n<h4 class=\"wp-block-heading has-text-align-center\" style=\"padding-top:1px\"><strong>Impfausweiskontrolle bei Patientenkontakten<\/strong><\/h4>\n\n\n\n<div style=\"height:var(--wp--preset--spacing--10)\" aria-hidden=\"true\" class=\"wp-block-spacer\"><\/div>\n\n\n\n<hr class=\"wp-block-separator has-text-color has-alpha-channel-opacity has-background is-style-wide\" style=\"margin-top:var(--wp--preset--spacing--20);margin-bottom:var(--wp--preset--spacing--20);background-color:#2f9a99;color:#2f9a99\"\/>\n\n\n\n<div class=\"wp-block-group is-vertical is-content-justification-stretch is-layout-flex wp-container-core-group-is-layout-353c4f5a wp-block-group-is-layout-flex\">\n<p class=\"has-text-align-center has-contrast-color has-text-color has-link-color wp-elements-d19a9fd9844b2d925289f101fdb1d8b4\" style=\"line-height:2\">Jeder Patientenkontakt soll zur Kontrolle des Impfausweises genutzt, auf fehlende Impfungen hingewiesen und Impfl\u00fccken geschlossen werden.<\/p>\n<\/div>\n\n\n\n<div style=\"height:var(--wp--preset--spacing--10)\" aria-hidden=\"true\" class=\"wp-block-spacer\"><\/div>\n<\/div>\n\n\n\n<div class=\"wp-block-column is-layout-flow wp-block-column-is-layout-flow\" style=\"border-top-style:none;border-top-width:0px;border-bottom-style:none;border-bottom-width:0px;padding-top:var(--wp--preset--spacing--30);padding-right:var(--wp--preset--spacing--30);padding-bottom:var(--wp--preset--spacing--10);padding-left:var(--wp--preset--spacing--30)\">\n<h4 class=\"wp-block-heading has-text-align-center\"><strong>Steigerung der Digitalisierung<\/strong><\/h4>\n\n\n\n<div style=\"height:var(--wp--preset--spacing--10)\" aria-hidden=\"true\" class=\"wp-block-spacer\"><\/div>\n\n\n\n<hr class=\"wp-block-separator has-text-color has-alpha-channel-opacity has-background is-style-wide\" style=\"margin-top:var(--wp--preset--spacing--20);margin-bottom:var(--wp--preset--spacing--20);background-color:#2f9a99;color:#2f9a99\"\/>\n\n\n\n<div class=\"wp-block-group is-vertical is-content-justification-stretch is-layout-flex wp-container-core-group-is-layout-353c4f5a wp-block-group-is-layout-flex\">\n<p class=\"has-text-align-center has-contrast-color has-text-color has-link-color wp-elements-b9d755147f0287b47c92641d6bedc3c8\" style=\"line-height:2\">Die Einf\u00fchrung des digitalen Impfausweises und eines Impfregisters sollen unterst\u00fctzt und vorangebracht werden.<\/p>\n<\/div>\n\n\n\n<div style=\"height:var(--wp--preset--spacing--10)\" aria-hidden=\"true\" class=\"wp-block-spacer\"><\/div>\n<\/div>\n\n\n\n<div class=\"wp-block-column is-layout-flow wp-block-column-is-layout-flow\" style=\"border-top-style:none;border-top-width:0px;border-bottom-style:none;border-bottom-width:0px;padding-top:var(--wp--preset--spacing--30);padding-right:var(--wp--preset--spacing--30);padding-bottom:var(--wp--preset--spacing--10);padding-left:var(--wp--preset--spacing--30)\">\n<h4 class=\"wp-block-heading has-text-align-center\" style=\"padding-top:1px\"><strong>\u00d6ffentlichkeitsarbeit<\/strong><\/h4>\n\n\n\n<div style=\"height:var(--wp--preset--spacing--30)\" aria-hidden=\"true\" class=\"wp-block-spacer\"><\/div>\n\n\n\n<hr class=\"wp-block-separator has-text-color has-alpha-channel-opacity has-background is-style-wide\" style=\"margin-top:var(--wp--preset--spacing--20);margin-bottom:var(--wp--preset--spacing--20);background-color:#2f9a99;color:#2f9a99\"\/>\n\n\n\n<div class=\"wp-block-group is-vertical is-content-justification-stretch is-layout-flex wp-container-core-group-is-layout-353c4f5a wp-block-group-is-layout-flex\">\n<p class=\"has-text-align-center has-contrast-color has-text-color has-link-color wp-elements-c98e76740f459d36d31a9e7e55232118\" style=\"line-height:2\">Verbreitung zielgruppen- und impfspezifischer aktueller Hinweise und Informationen<\/p>\n<\/div>\n\n\n\n<div style=\"height:var(--wp--preset--spacing--10)\" aria-hidden=\"true\" class=\"wp-block-spacer\"><\/div>\n<\/div>\n<\/div>\n\n\n\n<div class=\"wp-block-columns alignwide is-layout-flex wp-container-core-columns-is-layout-81769517 wp-block-columns-is-layout-flex\" style=\"padding-top:40px;padding-bottom:40px\">\n<div class=\"wp-block-column is-layout-flow wp-block-column-is-layout-flow\" style=\"border-top-style:none;border-top-width:0px;border-bottom-style:none;border-bottom-width:0px;padding-top:var(--wp--preset--spacing--30);padding-right:var(--wp--preset--spacing--30);padding-bottom:var(--wp--preset--spacing--10);padding-left:var(--wp--preset--spacing--30)\">\n<h4 class=\"wp-block-heading has-text-align-center\" style=\"padding-top:1px\"><strong><strong><strong>F\u00f6rderung und Implementierung von Good Practise<\/strong><\/strong><\/strong><\/h4>\n\n\n\n<div style=\"height:var(--wp--preset--spacing--10)\" aria-hidden=\"true\" class=\"wp-block-spacer\"><\/div>\n\n\n\n<hr class=\"wp-block-separator has-text-color has-alpha-channel-opacity has-background is-style-wide\" style=\"margin-top:var(--wp--preset--spacing--20);margin-bottom:var(--wp--preset--spacing--20);background-color:#2f9a99;color:#2f9a99\"\/>\n\n\n\n<div class=\"wp-block-group is-vertical is-content-justification-stretch is-layout-flex wp-container-core-group-is-layout-353c4f5a wp-block-group-is-layout-flex\">\n<p class=\"has-text-align-center has-contrast-color has-text-color has-link-color wp-elements-e9b149bcfb7c038ec418f926e05a7c59\" style=\"line-height:2\">Information von Modellen guter Praxis zum Impfen<\/p>\n<\/div>\n\n\n\n<div style=\"height:var(--wp--preset--spacing--10)\" aria-hidden=\"true\" class=\"wp-block-spacer\"><\/div>\n<\/div>\n\n\n\n<div class=\"wp-block-column is-layout-flow wp-block-column-is-layout-flow\" style=\"border-top-style:none;border-top-width:0px;border-bottom-style:none;border-bottom-width:0px;padding-top:var(--wp--preset--spacing--30);padding-right:var(--wp--preset--spacing--30);padding-bottom:var(--wp--preset--spacing--10);padding-left:var(--wp--preset--spacing--30)\">\n<h4 class=\"wp-block-heading has-text-align-center\"><strong><strong><strong>Wissenschafts<\/strong><\/strong>&#8211;<br><strong><strong>kommunikation<\/strong><\/strong><\/strong><\/h4>\n\n\n\n<div style=\"height:var(--wp--preset--spacing--10)\" aria-hidden=\"true\" class=\"wp-block-spacer\"><\/div>\n\n\n\n<hr class=\"wp-block-separator has-text-color has-alpha-channel-opacity has-background is-style-wide\" style=\"margin-top:var(--wp--preset--spacing--20);margin-bottom:var(--wp--preset--spacing--20);background-color:#2f9a99;color:#2f9a99\"\/>\n\n\n\n<div class=\"wp-block-group is-vertical is-content-justification-stretch is-layout-flex wp-container-core-group-is-layout-353c4f5a wp-block-group-is-layout-flex\">\n<p class=\"has-text-align-center has-contrast-color has-text-color has-link-color wp-elements-1984b3cb9b0bbb105dcc4ad4b68ac58d\" style=\"line-height:2\">Information der Bev\u00f6lkerung \u00fcber neue Impfstoffe, Indikationen und Impfoptionen<\/p>\n<\/div>\n\n\n\n<div style=\"height:var(--wp--preset--spacing--10)\" aria-hidden=\"true\" class=\"wp-block-spacer\"><\/div>\n<\/div>\n<\/div>\n<\/div>\n<\/div>\n\n\n\n<div class=\"wp-block-group alignfull has-base-2-background-color has-background has-global-padding is-layout-constrained wp-container-core-group-is-layout-669513ed wp-block-group-is-layout-constrained\" id=\"termine\" style=\"margin-top:0;margin-bottom:0;padding-top:var(--wp--preset--spacing--50);padding-right:var(--wp--preset--spacing--50);padding-bottom:var(--wp--preset--spacing--50);padding-left:var(--wp--preset--spacing--50)\">\n<div class=\"wp-block-group alignwide has-base-background-color has-background has-global-padding is-layout-constrained wp-container-core-group-is-layout-a151063b wp-block-group-is-layout-constrained\" style=\"border-radius:16px;padding-top:var(--wp--preset--spacing--50);padding-right:var(--wp--preset--spacing--40);padding-bottom:var(--wp--preset--spacing--50);padding-left:var(--wp--preset--spacing--40)\">\n<div class=\"wp-block-group alignwide is-vertical is-content-justification-stretch is-layout-flex wp-container-core-group-is-layout-353c4f5a wp-block-group-is-layout-flex\">\n<h2 class=\"wp-block-heading has-text-align-center\">Termine<\/h2>\n<\/div>\n\n\n\n<div class=\"wp-block-group has-global-padding is-layout-constrained wp-block-group-is-layout-constrained\">\n<div class=\"wp-block-group has-global-padding is-layout-constrained wp-block-group-is-layout-constrained\">\n<div style=\"height:43px\" aria-hidden=\"true\" class=\"wp-block-spacer\"><\/div>\n<\/div>\n<\/div>\n\n\n\n<p class=\"has-text-align-center\" style=\"border-style:none;border-width:0px\"><strong>Parlamentarischer Abend <\/strong><br>am 10. Juni 2026 im Deutschen Bundestag, Jakob-Kaiser-Haus<\/p>\n<\/div>\n<\/div>\n\n\n\n<div class=\"wp-block-group alignfull has-base-2-background-color has-background has-global-padding is-layout-constrained wp-container-core-group-is-layout-669513ed wp-block-group-is-layout-constrained\" id=\"veranstaltungen\" style=\"margin-top:0;margin-bottom:0;padding-top:var(--wp--preset--spacing--50);padding-right:var(--wp--preset--spacing--50);padding-bottom:var(--wp--preset--spacing--50);padding-left:var(--wp--preset--spacing--50)\">\n<div class=\"wp-block-group alignwide has-base-background-color has-background has-global-padding is-layout-constrained wp-container-core-group-is-layout-2bcd15f1 wp-block-group-is-layout-constrained\" style=\"border-radius:16px;margin-top:0;margin-bottom:0;padding-top:var(--wp--preset--spacing--30);padding-right:var(--wp--preset--spacing--40);padding-bottom:var(--wp--preset--spacing--30);padding-left:var(--wp--preset--spacing--40)\">\n<div class=\"wp-block-group alignwide is-vertical is-content-justification-stretch is-layout-flex wp-container-core-group-is-layout-f84d666a wp-block-group-is-layout-flex\" style=\"margin-top:0px;margin-bottom:0px\">\n<h2 class=\"wp-block-heading has-text-align-center\">Veranstaltungen<\/h2>\n<\/div>\n<\/div>\n\n\n\n<div class=\"wp-block-group alignwide has-base-background-color has-background has-global-padding is-layout-constrained wp-container-core-group-is-layout-1ddce46b wp-block-group-is-layout-constrained\" style=\"border-radius:16px;margin-top:var(--wp--preset--spacing--30);margin-bottom:var(--wp--preset--spacing--30);padding-top:var(--wp--preset--spacing--50);padding-right:var(--wp--preset--spacing--40);padding-bottom:var(--wp--preset--spacing--50);padding-left:var(--wp--preset--spacing--40)\">\n<div class=\"wp-block-group alignwide has-global-padding is-layout-constrained wp-block-group-is-layout-constrained\">\n<p class=\"has-text-align-center\" style=\"font-size:clamp(0.984rem, 0.984rem + ((1vw - 0.2rem) * 0.86), 1.5rem);\"><strong>Parlamentarisches Fr\u00fchst\u00fcck <\/strong><\/p>\n\n\n\n<p class=\"has-text-align-center\">am 8. Oktober 2025<\/p>\n\n\n\n<div style=\"height:28px\" aria-hidden=\"true\" class=\"wp-block-spacer\"><\/div>\n\n\n\n<p class=\"has-text-align-center\" style=\"border-style:none;border-width:0px\">\u201eWir danken allen, die zum Gelingen der Veranstaltung beigetragen haben, insbesondere unserem Schirmherrn und Gru\u00dfwortgeber, dem Parl. Staatssekret\u00e4r im Bundesministerium f\u00fcr Gesundheit, Dr. Kippels sowie Nadine Haunstetter, Dr. Marianne R\u00f6bl-Mathieu und Dr. Petra Sandow f\u00fcr die einf\u00fchrenden Impulse und dem Moderator, Stephan-Andreas Casdorff sowie allen engagierten G\u00e4sten.\u201c<\/p>\n<\/div>\n\n\n\n<div style=\"height:100px\" aria-hidden=\"true\" class=\"wp-block-spacer\"><\/div>\n\n\n\n<div class=\"wp-block-columns alignwide is-layout-flex wp-container-core-columns-is-layout-28f84493 wp-block-columns-is-layout-flex\">\n<div class=\"wp-block-column is-layout-flow wp-block-column-is-layout-flow\" style=\"flex-basis:100%\"><style id=\"wp_carousel_dynamic_css299\">#sp-wp-carousel-free-id-299.sp-wpcp-299 .wpcp-single-item {border: 1px solid #dddddd;}#sp-wp-carousel-free-id-299.sp-wpcp-299 .swiper-button-prev,#sp-wp-carousel-free-id-299.sp-wpcp-299 .swiper-button-next,#sp-wp-carousel-free-id-299.sp-wpcp-299 .swiper-button-prev:hover,#sp-wp-carousel-free-id-299.sp-wpcp-299 .swiper-button-next:hover {background: none;border: none;font-size: 30px;}#sp-wp-carousel-free-id-299.sp-wpcp-299 .swiper-button-prev i,#sp-wp-carousel-free-id-299.sp-wpcp-299 .swiper-button-next i {color: #aaa;}#sp-wp-carousel-free-id-299.sp-wpcp-299 .swiper-button-prev i:hover,#sp-wp-carousel-free-id-299.sp-wpcp-299 .swiper-button-next i:hover {color: #178087;} #sp-wp-carousel-free-id-299.sp-wpcp-299.wpcp-image-carousel .wpcp-single-item:hover img, #sp-wp-carousel-free-id-299.sp-wpcp-299.wpcp-post-carousel .wpcp-single-item:hover img, #sp-wp-carousel-free-id-299.sp-wpcp-299.wpcp-product-carousel .wpcp-single-item:hover img{-webkit-transform: scale(1.2);-moz-transform: scale(1.2);transform: scale(1.2);}#sp-wp-carousel-free-id-299 .wpcpro-row>[class*=\"wpcpro-col-\"] { padding: 0 10px; padding-bottom: 20px;}@media (min-width: 480px) { .wpcpro-row .wpcpro-col-sm-1 { flex: 0 0 100%; max-width: 100%; } .wpcpro-row .wpcpro-col-sm-2 { flex: 0 0 50%; max-width: 50%; } .wpcpro-row .wpcpro-col-sm-2-5 { flex: 0 0 75%; max-width: 75%; } .wpcpro-row .wpcpro-col-sm-3 { flex: 0 0 33.333%; max-width: 33.333%; } .wpcpro-row .wpcpro-col-sm-4 { flex: 0 0 25%; max-width: 25%; } .wpcpro-row .wpcpro-col-sm-5 { flex: 0 0 20%; max-width: 20%; } .wpcpro-row .wpcpro-col-sm-6 { flex: 0 0 16.66666666666667%; max-width: 16.66666666666667%; } .wpcpro-row .wpcpro-col-sm-7 { flex: 0 0 14.28571428%; max-width: 14.28571428%; } .wpcpro-row .wpcpro-col-sm-8 { flex: 0 0 12.5%; max-width: 12.5%; } } @media (max-width: 480px) { .wpcpro-row .wpcpro-col-xs-1 { flex: 0 0 100%; max-width: 100%; } .wpcpro-row .wpcpro-col-xs-2 { flex: 0 0 50%; max-width: 50%; } .wpcpro-row .wpcpro-col-xs-3 { flex: 0 0 33.222%; max-width: 33.222%; } .wpcpro-row .wpcpro-col-xs-4 { flex: 0 0 25%; max-width: 25%; } .wpcpro-row .wpcpro-col-xs-5 { flex: 0 0 20%; max-width: 20%; } .wpcpro-row .wpcpro-col-xs-6 { flex: 0 0 16.6667%; max-width: 16.6667%; } .wpcpro-row .wpcpro-col-xs-7 { flex: 0 0 14.28571428%; max-width: 14.28571428%; } .wpcpro-row .wpcpro-col-xs-8 { flex: 0 0 12.5%; max-width: 12.5%; } } @media (min-width: 736px) { .wpcpro-row .wpcpro-col-md-1 { flex: 0 0 100%; max-width: 100%; } .wpcpro-row .wpcpro-col-md-2 { flex: 0 0 50%; max-width: 50%; } .wpcpro-row .wpcpro-col-md-2-5 { flex: 0 0 75%; max-width: 75%; } .wpcpro-row .wpcpro-col-md-3 { flex: 0 0 33.333%; max-width: 33.333%; } .wpcpro-row .wpcpro-col-md-4 { flex: 0 0 25%; max-width: 25%; } .wpcpro-row .wpcpro-col-md-5 { flex: 0 0 20%; max-width: 20%; } .wpcpro-row .wpcpro-col-md-6 { flex: 0 0 16.66666666666667%; max-width: 16.66666666666667%; } .wpcpro-row .wpcpro-col-md-7 { flex: 0 0 14.28571428%; max-width: 14.28571428%; } .wpcpro-row .wpcpro-col-md-8 { flex: 0 0 12.5%; max-width: 12.5%; } } @media (min-width: 980px) { .wpcpro-row .wpcpro-col-lg-1 { flex: 0 0 100%; max-width: 100%; } .wpcpro-row .wpcpro-col-lg-2 { flex: 0 0 50%; max-width: 50%; } .wpcpro-row .wpcpro-col-lg-3 { flex: 0 0 33.222%; max-width: 33.222%; } .wpcpro-row .wpcpro-col-lg-4 { flex: 0 0 25%; max-width: 25%; } .wpcpro-row .wpcpro-col-lg-5 { flex: 0 0 20%; max-width: 20%; } .wpcpro-row .wpcpro-col-lg-6 { flex: 0 0 16.6667%; max-width: 16.6667%; } .wpcpro-row .wpcpro-col-lg-7 { flex: 0 0 14.28571428%; max-width: 14.28571428%; } .wpcpro-row .wpcpro-col-lg-8 { flex: 0 0 12.5%; max-width: 12.5%; } } @media (min-width: 1200px) { .wpcpro-row .wpcpro-col-xl-1 { flex: 0 0 100%; max-width: 100%; } .wpcpro-row .wpcpro-col-xl-2 { flex: 0 0 50%; max-width: 50%; } .wpcpro-row .wpcpro-col-xl-3 { flex: 0 0 33.22222222%; max-width: 33.22222222%; } .wpcpro-row .wpcpro-col-xl-4 { flex: 0 0 25%; max-width: 25%; } .wpcpro-row .wpcpro-col-xl-5 { flex: 0 0 20%; max-width: 20%; } .wpcpro-row .wpcpro-col-xl-6 { flex: 0 0 16.66667%; max-width: 16.66667%; } .wpcpro-row .wpcpro-col-xl-7 { flex: 0 0 14.28571428%; max-width: 14.28571428%; } .wpcpro-row .wpcpro-col-xl-8 { flex: 0 0 12.5%; max-width: 12.5%; } }<\/style><div class=\"wpcp-carousel-wrapper wpcp-wrapper-299\">\n\t<div id=\"wpcp-preloader-299\" class=\"wpcp-carousel-preloader\"><img decoding=\"async\" src=\"https:\/\/www.buendnis-impfen.de\/wp-content\/plugins\/wp-carousel-free\/public\/css\/spinner.svg\" alt=\"Preloader Image\" \/><\/div>\t<div class=\"wpcp-carousel-content-wrapper\">\n\t<div id=\"sp-wp-carousel-free-id-299\" class=\"wpcp-carousel-section sp-wpcp-299  nav-vertical-center wpcp-image-carousel wpcp-preloader wpcp-standard\" data-swiper='{ &quot;accessibility&quot;:true, &quot;spaceBetween&quot;:20, &quot;arrows&quot;:true, &quot;freeMode&quot;: false, &quot;autoplay&quot;:true, &quot;autoplaySpeed&quot;:3000, &quot;dots&quot;:false, &quot;infinite&quot;:true, &quot;speed&quot;:600, &quot;pauseOnHover&quot;:true,\n\t\t\t&quot;slidesToShow&quot;:{&quot;lg_desktop&quot;:3, &quot;desktop&quot;: 3, &quot;laptop&quot;: 3, &quot;tablet&quot;: 2, &quot;mobile&quot;: 1}, &quot;responsive&quot;:{&quot;desktop&quot;:1200, &quot;laptop&quot;: 980, &quot;tablet&quot;: 736, &quot;mobile&quot;: 480}, &quot;rtl&quot;:false, &quot;lazyLoad&quot;: &quot;false&quot;, &quot;swipe&quot;: true, &quot;draggable&quot;: true, &quot;swipeToSlide&quot;:false }' dir=\"ltr\">\n\t\t<div class=\"swiper-wrapper\">\n\t\t<div class=\"swiper-slide\">\n\t<div class=\"wpcp-single-item\">\n\t\t\t<a class=\"wcp-light-box\" data-buttons='[\"close\"]' data-wpc_url='https:\/\/www.buendnis-impfen.de\/wp-content\/uploads\/2025\/10\/U3A1401.jpg' href=\"https:\/\/www.buendnis-impfen.de\/wp-content\/uploads\/2025\/10\/U3A1401.jpg\" data-fancybox=\"wpcp_view\">\n\t\t<figure>\n\t\t\t<img loading=\"lazy\" decoding=\"async\" class=\"skip-lazy\" src=\"https:\/\/www.buendnis-impfen.de\/wp-content\/uploads\/2025\/10\/U3A1401.jpg\" alt=\"_U3A1401\" width=\"511\" height=\"768\">\t\t<\/figure>\n\t<\/a>\n\t\t<\/div>\n<\/div>\n\t<div class=\"swiper-slide\">\n\t<div class=\"wpcp-single-item\">\n\t\t\t<a class=\"wcp-light-box\" data-buttons='[\"close\"]' data-wpc_url='https:\/\/www.buendnis-impfen.de\/wp-content\/uploads\/2025\/10\/U3A1409.jpg' href=\"https:\/\/www.buendnis-impfen.de\/wp-content\/uploads\/2025\/10\/U3A1409.jpg\" data-fancybox=\"wpcp_view\">\n\t\t<figure>\n\t\t\t<img loading=\"lazy\" decoding=\"async\" class=\"skip-lazy\" src=\"https:\/\/www.buendnis-impfen.de\/wp-content\/uploads\/2025\/10\/U3A1409.jpg\" alt=\"_U3A1409\" width=\"1024\" height=\"682\">\t\t<\/figure>\n\t<\/a>\n\t\t<\/div>\n<\/div>\n\t<div class=\"swiper-slide\">\n\t<div class=\"wpcp-single-item\">\n\t\t\t<a class=\"wcp-light-box\" data-buttons='[\"close\"]' data-wpc_url='https:\/\/www.buendnis-impfen.de\/wp-content\/uploads\/2025\/10\/U3A1427.jpg' href=\"https:\/\/www.buendnis-impfen.de\/wp-content\/uploads\/2025\/10\/U3A1427.jpg\" data-fancybox=\"wpcp_view\">\n\t\t<figure>\n\t\t\t<img loading=\"lazy\" decoding=\"async\" class=\"skip-lazy\" src=\"https:\/\/www.buendnis-impfen.de\/wp-content\/uploads\/2025\/10\/U3A1427.jpg\" alt=\"_U3A1427\" width=\"511\" height=\"768\">\t\t<\/figure>\n\t<\/a>\n\t\t<\/div>\n<\/div>\n\t<div class=\"swiper-slide\">\n\t<div class=\"wpcp-single-item\">\n\t\t\t<a class=\"wcp-light-box\" data-buttons='[\"close\"]' data-wpc_url='https:\/\/www.buendnis-impfen.de\/wp-content\/uploads\/2025\/10\/U3A1429.jpg' href=\"https:\/\/www.buendnis-impfen.de\/wp-content\/uploads\/2025\/10\/U3A1429.jpg\" data-fancybox=\"wpcp_view\">\n\t\t<figure>\n\t\t\t<img loading=\"lazy\" decoding=\"async\" class=\"skip-lazy\" src=\"https:\/\/www.buendnis-impfen.de\/wp-content\/uploads\/2025\/10\/U3A1429.jpg\" alt=\"_U3A1429\" width=\"1024\" height=\"682\">\t\t<\/figure>\n\t<\/a>\n\t\t<\/div>\n<\/div>\n\t<div class=\"swiper-slide\">\n\t<div class=\"wpcp-single-item\">\n\t\t\t<a class=\"wcp-light-box\" data-buttons='[\"close\"]' data-wpc_url='https:\/\/www.buendnis-impfen.de\/wp-content\/uploads\/2025\/10\/U3A1435.jpg' href=\"https:\/\/www.buendnis-impfen.de\/wp-content\/uploads\/2025\/10\/U3A1435.jpg\" data-fancybox=\"wpcp_view\">\n\t\t<figure>\n\t\t\t<img loading=\"lazy\" decoding=\"async\" class=\"skip-lazy\" src=\"https:\/\/www.buendnis-impfen.de\/wp-content\/uploads\/2025\/10\/U3A1435.jpg\" alt=\"_U3A1435\" width=\"511\" height=\"768\">\t\t<\/figure>\n\t<\/a>\n\t\t<\/div>\n<\/div>\n\t<div class=\"swiper-slide\">\n\t<div class=\"wpcp-single-item\">\n\t\t\t<a class=\"wcp-light-box\" data-buttons='[\"close\"]' data-wpc_url='https:\/\/www.buendnis-impfen.de\/wp-content\/uploads\/2025\/10\/U3A1441.jpg' href=\"https:\/\/www.buendnis-impfen.de\/wp-content\/uploads\/2025\/10\/U3A1441.jpg\" data-fancybox=\"wpcp_view\">\n\t\t<figure>\n\t\t\t<img loading=\"lazy\" decoding=\"async\" class=\"skip-lazy\" src=\"https:\/\/www.buendnis-impfen.de\/wp-content\/uploads\/2025\/10\/U3A1441.jpg\" alt=\"_U3A1441\" width=\"511\" height=\"768\">\t\t<\/figure>\n\t<\/a>\n\t\t<\/div>\n<\/div>\n\t<div class=\"swiper-slide\">\n\t<div class=\"wpcp-single-item\">\n\t\t\t<a class=\"wcp-light-box\" data-buttons='[\"close\"]' data-wpc_url='https:\/\/www.buendnis-impfen.de\/wp-content\/uploads\/2025\/10\/U3A1443.jpg' href=\"https:\/\/www.buendnis-impfen.de\/wp-content\/uploads\/2025\/10\/U3A1443.jpg\" data-fancybox=\"wpcp_view\">\n\t\t<figure>\n\t\t\t<img loading=\"lazy\" decoding=\"async\" class=\"skip-lazy\" src=\"https:\/\/www.buendnis-impfen.de\/wp-content\/uploads\/2025\/10\/U3A1443.jpg\" alt=\"_U3A1443\" width=\"511\" height=\"768\">\t\t<\/figure>\n\t<\/a>\n\t\t<\/div>\n<\/div>\n\t<div class=\"swiper-slide\">\n\t<div class=\"wpcp-single-item\">\n\t\t\t<a class=\"wcp-light-box\" data-buttons='[\"close\"]' data-wpc_url='https:\/\/www.buendnis-impfen.de\/wp-content\/uploads\/2025\/10\/U3A1445.jpg' href=\"https:\/\/www.buendnis-impfen.de\/wp-content\/uploads\/2025\/10\/U3A1445.jpg\" data-fancybox=\"wpcp_view\">\n\t\t<figure>\n\t\t\t<img loading=\"lazy\" decoding=\"async\" class=\"skip-lazy\" src=\"https:\/\/www.buendnis-impfen.de\/wp-content\/uploads\/2025\/10\/U3A1445.jpg\" alt=\"_U3A1445\" width=\"511\" height=\"768\">\t\t<\/figure>\n\t<\/a>\n\t\t<\/div>\n<\/div>\n\t<div class=\"swiper-slide\">\n\t<div class=\"wpcp-single-item\">\n\t\t\t<a class=\"wcp-light-box\" data-buttons='[\"close\"]' data-wpc_url='https:\/\/www.buendnis-impfen.de\/wp-content\/uploads\/2025\/10\/U3A1452.jpg' href=\"https:\/\/www.buendnis-impfen.de\/wp-content\/uploads\/2025\/10\/U3A1452.jpg\" data-fancybox=\"wpcp_view\">\n\t\t<figure>\n\t\t\t<img loading=\"lazy\" decoding=\"async\" class=\"skip-lazy\" src=\"https:\/\/www.buendnis-impfen.de\/wp-content\/uploads\/2025\/10\/U3A1452.jpg\" alt=\"_U3A1452\" width=\"511\" height=\"768\">\t\t<\/figure>\n\t<\/a>\n\t\t<\/div>\n<\/div>\n\t<div class=\"swiper-slide\">\n\t<div class=\"wpcp-single-item\">\n\t\t\t<a class=\"wcp-light-box\" data-buttons='[\"close\"]' data-wpc_url='https:\/\/www.buendnis-impfen.de\/wp-content\/uploads\/2025\/10\/U3A1453.jpg' href=\"https:\/\/www.buendnis-impfen.de\/wp-content\/uploads\/2025\/10\/U3A1453.jpg\" data-fancybox=\"wpcp_view\">\n\t\t<figure>\n\t\t\t<img loading=\"lazy\" decoding=\"async\" class=\"skip-lazy\" src=\"https:\/\/www.buendnis-impfen.de\/wp-content\/uploads\/2025\/10\/U3A1453.jpg\" alt=\"_U3A1453\" width=\"1024\" height=\"682\">\t\t<\/figure>\n\t<\/a>\n\t\t<\/div>\n<\/div>\n\t<div class=\"swiper-slide\">\n\t<div class=\"wpcp-single-item\">\n\t\t\t<a class=\"wcp-light-box\" data-buttons='[\"close\"]' data-wpc_url='https:\/\/www.buendnis-impfen.de\/wp-content\/uploads\/2025\/10\/U3A1458.jpg' href=\"https:\/\/www.buendnis-impfen.de\/wp-content\/uploads\/2025\/10\/U3A1458.jpg\" data-fancybox=\"wpcp_view\">\n\t\t<figure>\n\t\t\t<img loading=\"lazy\" decoding=\"async\" class=\"skip-lazy\" src=\"https:\/\/www.buendnis-impfen.de\/wp-content\/uploads\/2025\/10\/U3A1458.jpg\" alt=\"_U3A1458\" width=\"1024\" height=\"682\">\t\t<\/figure>\n\t<\/a>\n\t\t<\/div>\n<\/div>\n\t<div class=\"swiper-slide\">\n\t<div class=\"wpcp-single-item\">\n\t\t\t<a class=\"wcp-light-box\" data-buttons='[\"close\"]' data-wpc_url='https:\/\/www.buendnis-impfen.de\/wp-content\/uploads\/2025\/10\/U3A1461.jpg' href=\"https:\/\/www.buendnis-impfen.de\/wp-content\/uploads\/2025\/10\/U3A1461.jpg\" data-fancybox=\"wpcp_view\">\n\t\t<figure>\n\t\t\t<img loading=\"lazy\" decoding=\"async\" class=\"skip-lazy\" src=\"https:\/\/www.buendnis-impfen.de\/wp-content\/uploads\/2025\/10\/U3A1461.jpg\" alt=\"_U3A1461\" width=\"1024\" height=\"682\">\t\t<\/figure>\n\t<\/a>\n\t\t<\/div>\n<\/div>\n\t<div class=\"swiper-slide\">\n\t<div class=\"wpcp-single-item\">\n\t\t\t<a class=\"wcp-light-box\" data-buttons='[\"close\"]' data-wpc_url='https:\/\/www.buendnis-impfen.de\/wp-content\/uploads\/2025\/10\/U3A1462.jpg' href=\"https:\/\/www.buendnis-impfen.de\/wp-content\/uploads\/2025\/10\/U3A1462.jpg\" data-fancybox=\"wpcp_view\">\n\t\t<figure>\n\t\t\t<img loading=\"lazy\" decoding=\"async\" class=\"skip-lazy\" src=\"https:\/\/www.buendnis-impfen.de\/wp-content\/uploads\/2025\/10\/U3A1462.jpg\" alt=\"_U3A1462\" width=\"511\" height=\"768\">\t\t<\/figure>\n\t<\/a>\n\t\t<\/div>\n<\/div>\n\t<div class=\"swiper-slide\">\n\t<div class=\"wpcp-single-item\">\n\t\t\t<a class=\"wcp-light-box\" data-buttons='[\"close\"]' data-wpc_url='https:\/\/www.buendnis-impfen.de\/wp-content\/uploads\/2025\/10\/U3A1465.jpg' href=\"https:\/\/www.buendnis-impfen.de\/wp-content\/uploads\/2025\/10\/U3A1465.jpg\" data-fancybox=\"wpcp_view\">\n\t\t<figure>\n\t\t\t<img loading=\"lazy\" decoding=\"async\" class=\"skip-lazy\" src=\"https:\/\/www.buendnis-impfen.de\/wp-content\/uploads\/2025\/10\/U3A1465.jpg\" alt=\"_U3A1465\" width=\"511\" height=\"768\">\t\t<\/figure>\n\t<\/a>\n\t\t<\/div>\n<\/div>\n\t<div class=\"swiper-slide\">\n\t<div class=\"wpcp-single-item\">\n\t\t\t<a class=\"wcp-light-box\" data-buttons='[\"close\"]' data-wpc_url='https:\/\/www.buendnis-impfen.de\/wp-content\/uploads\/2025\/10\/U3A1469.jpg' href=\"https:\/\/www.buendnis-impfen.de\/wp-content\/uploads\/2025\/10\/U3A1469.jpg\" data-fancybox=\"wpcp_view\">\n\t\t<figure>\n\t\t\t<img loading=\"lazy\" decoding=\"async\" class=\"skip-lazy\" src=\"https:\/\/www.buendnis-impfen.de\/wp-content\/uploads\/2025\/10\/U3A1469.jpg\" alt=\"_U3A1469\" width=\"1024\" height=\"682\">\t\t<\/figure>\n\t<\/a>\n\t\t<\/div>\n<\/div>\n\t<div class=\"swiper-slide\">\n\t<div class=\"wpcp-single-item\">\n\t\t\t<a class=\"wcp-light-box\" data-buttons='[\"close\"]' data-wpc_url='https:\/\/www.buendnis-impfen.de\/wp-content\/uploads\/2025\/10\/U3A1476.jpg' href=\"https:\/\/www.buendnis-impfen.de\/wp-content\/uploads\/2025\/10\/U3A1476.jpg\" data-fancybox=\"wpcp_view\">\n\t\t<figure>\n\t\t\t<img loading=\"lazy\" decoding=\"async\" class=\"skip-lazy\" src=\"https:\/\/www.buendnis-impfen.de\/wp-content\/uploads\/2025\/10\/U3A1476.jpg\" alt=\"_U3A1476\" width=\"1024\" height=\"682\">\t\t<\/figure>\n\t<\/a>\n\t\t<\/div>\n<\/div>\n\t<div class=\"swiper-slide\">\n\t<div class=\"wpcp-single-item\">\n\t\t\t<a class=\"wcp-light-box\" data-buttons='[\"close\"]' data-wpc_url='https:\/\/www.buendnis-impfen.de\/wp-content\/uploads\/2025\/10\/U3A1480.jpg' href=\"https:\/\/www.buendnis-impfen.de\/wp-content\/uploads\/2025\/10\/U3A1480.jpg\" data-fancybox=\"wpcp_view\">\n\t\t<figure>\n\t\t\t<img loading=\"lazy\" decoding=\"async\" class=\"skip-lazy\" src=\"https:\/\/www.buendnis-impfen.de\/wp-content\/uploads\/2025\/10\/U3A1480.jpg\" alt=\"_U3A1480\" width=\"1024\" height=\"682\">\t\t<\/figure>\n\t<\/a>\n\t\t<\/div>\n<\/div>\n\t<div class=\"swiper-slide\">\n\t<div class=\"wpcp-single-item\">\n\t\t\t<a class=\"wcp-light-box\" data-buttons='[\"close\"]' data-wpc_url='https:\/\/www.buendnis-impfen.de\/wp-content\/uploads\/2025\/10\/U3A1481.jpg' href=\"https:\/\/www.buendnis-impfen.de\/wp-content\/uploads\/2025\/10\/U3A1481.jpg\" data-fancybox=\"wpcp_view\">\n\t\t<figure>\n\t\t\t<img loading=\"lazy\" decoding=\"async\" class=\"skip-lazy\" src=\"https:\/\/www.buendnis-impfen.de\/wp-content\/uploads\/2025\/10\/U3A1481.jpg\" alt=\"_U3A1481\" width=\"511\" height=\"768\">\t\t<\/figure>\n\t<\/a>\n\t\t<\/div>\n<\/div>\n\t<div class=\"swiper-slide\">\n\t<div class=\"wpcp-single-item\">\n\t\t\t<a class=\"wcp-light-box\" data-buttons='[\"close\"]' data-wpc_url='https:\/\/www.buendnis-impfen.de\/wp-content\/uploads\/2025\/10\/U3A1485.jpg' href=\"https:\/\/www.buendnis-impfen.de\/wp-content\/uploads\/2025\/10\/U3A1485.jpg\" data-fancybox=\"wpcp_view\">\n\t\t<figure>\n\t\t\t<img loading=\"lazy\" decoding=\"async\" class=\"skip-lazy\" src=\"https:\/\/www.buendnis-impfen.de\/wp-content\/uploads\/2025\/10\/U3A1485.jpg\" alt=\"_U3A1485\" width=\"1024\" height=\"682\">\t\t<\/figure>\n\t<\/a>\n\t\t<\/div>\n<\/div>\n\t<div class=\"swiper-slide\">\n\t<div class=\"wpcp-single-item\">\n\t\t\t<a class=\"wcp-light-box\" data-buttons='[\"close\"]' data-wpc_url='https:\/\/www.buendnis-impfen.de\/wp-content\/uploads\/2025\/10\/U3A1489.jpg' href=\"https:\/\/www.buendnis-impfen.de\/wp-content\/uploads\/2025\/10\/U3A1489.jpg\" data-fancybox=\"wpcp_view\">\n\t\t<figure>\n\t\t\t<img loading=\"lazy\" decoding=\"async\" class=\"skip-lazy\" src=\"https:\/\/www.buendnis-impfen.de\/wp-content\/uploads\/2025\/10\/U3A1489.jpg\" alt=\"_U3A1489\" width=\"1024\" height=\"682\">\t\t<\/figure>\n\t<\/a>\n\t\t<\/div>\n<\/div>\n\t<div class=\"swiper-slide\">\n\t<div class=\"wpcp-single-item\">\n\t\t\t<a class=\"wcp-light-box\" data-buttons='[\"close\"]' data-wpc_url='https:\/\/www.buendnis-impfen.de\/wp-content\/uploads\/2025\/10\/U3A1492.jpg' href=\"https:\/\/www.buendnis-impfen.de\/wp-content\/uploads\/2025\/10\/U3A1492.jpg\" data-fancybox=\"wpcp_view\">\n\t\t<figure>\n\t\t\t<img loading=\"lazy\" decoding=\"async\" class=\"skip-lazy\" src=\"https:\/\/www.buendnis-impfen.de\/wp-content\/uploads\/2025\/10\/U3A1492.jpg\" alt=\"_U3A1492\" width=\"511\" height=\"768\">\t\t<\/figure>\n\t<\/a>\n\t\t<\/div>\n<\/div>\n\t<div class=\"swiper-slide\">\n\t<div class=\"wpcp-single-item\">\n\t\t\t<a class=\"wcp-light-box\" data-buttons='[\"close\"]' data-wpc_url='https:\/\/www.buendnis-impfen.de\/wp-content\/uploads\/2025\/10\/U3A1496.jpg' href=\"https:\/\/www.buendnis-impfen.de\/wp-content\/uploads\/2025\/10\/U3A1496.jpg\" data-fancybox=\"wpcp_view\">\n\t\t<figure>\n\t\t\t<img loading=\"lazy\" decoding=\"async\" class=\"skip-lazy\" src=\"https:\/\/www.buendnis-impfen.de\/wp-content\/uploads\/2025\/10\/U3A1496.jpg\" alt=\"_U3A1496\" width=\"1024\" height=\"682\">\t\t<\/figure>\n\t<\/a>\n\t\t<\/div>\n<\/div>\n\t<div class=\"swiper-slide\">\n\t<div class=\"wpcp-single-item\">\n\t\t\t<a class=\"wcp-light-box\" data-buttons='[\"close\"]' data-wpc_url='https:\/\/www.buendnis-impfen.de\/wp-content\/uploads\/2025\/10\/U3A1500.jpg' href=\"https:\/\/www.buendnis-impfen.de\/wp-content\/uploads\/2025\/10\/U3A1500.jpg\" data-fancybox=\"wpcp_view\">\n\t\t<figure>\n\t\t\t<img loading=\"lazy\" decoding=\"async\" class=\"skip-lazy\" src=\"https:\/\/www.buendnis-impfen.de\/wp-content\/uploads\/2025\/10\/U3A1500.jpg\" alt=\"_U3A1500\" width=\"1024\" height=\"682\">\t\t<\/figure>\n\t<\/a>\n\t\t<\/div>\n<\/div>\n\t<div class=\"swiper-slide\">\n\t<div class=\"wpcp-single-item\">\n\t\t\t<a class=\"wcp-light-box\" data-buttons='[\"close\"]' data-wpc_url='https:\/\/www.buendnis-impfen.de\/wp-content\/uploads\/2025\/10\/U3A1502.jpg' href=\"https:\/\/www.buendnis-impfen.de\/wp-content\/uploads\/2025\/10\/U3A1502.jpg\" data-fancybox=\"wpcp_view\">\n\t\t<figure>\n\t\t\t<img loading=\"lazy\" decoding=\"async\" class=\"skip-lazy\" src=\"https:\/\/www.buendnis-impfen.de\/wp-content\/uploads\/2025\/10\/U3A1502.jpg\" alt=\"_U3A1502\" width=\"511\" height=\"768\">\t\t<\/figure>\n\t<\/a>\n\t\t<\/div>\n<\/div>\n\t<div class=\"swiper-slide\">\n\t<div class=\"wpcp-single-item\">\n\t\t\t<a class=\"wcp-light-box\" data-buttons='[\"close\"]' data-wpc_url='https:\/\/www.buendnis-impfen.de\/wp-content\/uploads\/2025\/10\/U3A1504.jpg' href=\"https:\/\/www.buendnis-impfen.de\/wp-content\/uploads\/2025\/10\/U3A1504.jpg\" data-fancybox=\"wpcp_view\">\n\t\t<figure>\n\t\t\t<img loading=\"lazy\" decoding=\"async\" class=\"skip-lazy\" src=\"https:\/\/www.buendnis-impfen.de\/wp-content\/uploads\/2025\/10\/U3A1504.jpg\" alt=\"_U3A1504\" width=\"511\" height=\"768\">\t\t<\/figure>\n\t<\/a>\n\t\t<\/div>\n<\/div>\n\t<div class=\"swiper-slide\">\n\t<div class=\"wpcp-single-item\">\n\t\t\t<a class=\"wcp-light-box\" data-buttons='[\"close\"]' data-wpc_url='https:\/\/www.buendnis-impfen.de\/wp-content\/uploads\/2025\/10\/U3A1506.jpg' href=\"https:\/\/www.buendnis-impfen.de\/wp-content\/uploads\/2025\/10\/U3A1506.jpg\" data-fancybox=\"wpcp_view\">\n\t\t<figure>\n\t\t\t<img loading=\"lazy\" decoding=\"async\" class=\"skip-lazy\" src=\"https:\/\/www.buendnis-impfen.de\/wp-content\/uploads\/2025\/10\/U3A1506.jpg\" alt=\"_U3A1506\" width=\"511\" height=\"768\">\t\t<\/figure>\n\t<\/a>\n\t\t<\/div>\n<\/div>\n\t<div class=\"swiper-slide\">\n\t<div class=\"wpcp-single-item\">\n\t\t\t<a class=\"wcp-light-box\" data-buttons='[\"close\"]' data-wpc_url='https:\/\/www.buendnis-impfen.de\/wp-content\/uploads\/2025\/10\/U3A1508.jpg' href=\"https:\/\/www.buendnis-impfen.de\/wp-content\/uploads\/2025\/10\/U3A1508.jpg\" data-fancybox=\"wpcp_view\">\n\t\t<figure>\n\t\t\t<img loading=\"lazy\" decoding=\"async\" class=\"skip-lazy\" src=\"https:\/\/www.buendnis-impfen.de\/wp-content\/uploads\/2025\/10\/U3A1508.jpg\" alt=\"_U3A1508\" width=\"1024\" height=\"682\">\t\t<\/figure>\n\t<\/a>\n\t\t<\/div>\n<\/div>\n\t<div class=\"swiper-slide\">\n\t<div class=\"wpcp-single-item\">\n\t\t\t<a class=\"wcp-light-box\" data-buttons='[\"close\"]' data-wpc_url='https:\/\/www.buendnis-impfen.de\/wp-content\/uploads\/2025\/10\/U3A1512.jpg' href=\"https:\/\/www.buendnis-impfen.de\/wp-content\/uploads\/2025\/10\/U3A1512.jpg\" data-fancybox=\"wpcp_view\">\n\t\t<figure>\n\t\t\t<img loading=\"lazy\" decoding=\"async\" class=\"skip-lazy\" src=\"https:\/\/www.buendnis-impfen.de\/wp-content\/uploads\/2025\/10\/U3A1512.jpg\" alt=\"_U3A1512\" width=\"511\" height=\"768\">\t\t<\/figure>\n\t<\/a>\n\t\t<\/div>\n<\/div>\n\t<div class=\"swiper-slide\">\n\t<div class=\"wpcp-single-item\">\n\t\t\t<a class=\"wcp-light-box\" data-buttons='[\"close\"]' data-wpc_url='https:\/\/www.buendnis-impfen.de\/wp-content\/uploads\/2025\/10\/U3A1520.jpg' href=\"https:\/\/www.buendnis-impfen.de\/wp-content\/uploads\/2025\/10\/U3A1520.jpg\" data-fancybox=\"wpcp_view\">\n\t\t<figure>\n\t\t\t<img loading=\"lazy\" decoding=\"async\" class=\"skip-lazy\" src=\"https:\/\/www.buendnis-impfen.de\/wp-content\/uploads\/2025\/10\/U3A1520.jpg\" alt=\"_U3A1520\" width=\"1024\" height=\"682\">\t\t<\/figure>\n\t<\/a>\n\t\t<\/div>\n<\/div>\n\t<div class=\"swiper-slide\">\n\t<div class=\"wpcp-single-item\">\n\t\t\t<a class=\"wcp-light-box\" data-buttons='[\"close\"]' data-wpc_url='https:\/\/www.buendnis-impfen.de\/wp-content\/uploads\/2025\/10\/U3A1523.jpg' href=\"https:\/\/www.buendnis-impfen.de\/wp-content\/uploads\/2025\/10\/U3A1523.jpg\" data-fancybox=\"wpcp_view\">\n\t\t<figure>\n\t\t\t<img loading=\"lazy\" decoding=\"async\" class=\"skip-lazy\" src=\"https:\/\/www.buendnis-impfen.de\/wp-content\/uploads\/2025\/10\/U3A1523.jpg\" alt=\"_U3A1523\" width=\"1024\" height=\"682\">\t\t<\/figure>\n\t<\/a>\n\t\t<\/div>\n<\/div>\n\t<div class=\"swiper-slide\">\n\t<div class=\"wpcp-single-item\">\n\t\t\t<a class=\"wcp-light-box\" data-buttons='[\"close\"]' data-wpc_url='https:\/\/www.buendnis-impfen.de\/wp-content\/uploads\/2025\/10\/U3A1525.jpg' href=\"https:\/\/www.buendnis-impfen.de\/wp-content\/uploads\/2025\/10\/U3A1525.jpg\" data-fancybox=\"wpcp_view\">\n\t\t<figure>\n\t\t\t<img loading=\"lazy\" decoding=\"async\" class=\"skip-lazy\" src=\"https:\/\/www.buendnis-impfen.de\/wp-content\/uploads\/2025\/10\/U3A1525.jpg\" alt=\"_U3A1525\" width=\"511\" height=\"768\">\t\t<\/figure>\n\t<\/a>\n\t\t<\/div>\n<\/div>\n\t<div class=\"swiper-slide\">\n\t<div class=\"wpcp-single-item\">\n\t\t\t<a class=\"wcp-light-box\" data-buttons='[\"close\"]' data-wpc_url='https:\/\/www.buendnis-impfen.de\/wp-content\/uploads\/2025\/10\/U3A1526.jpg' href=\"https:\/\/www.buendnis-impfen.de\/wp-content\/uploads\/2025\/10\/U3A1526.jpg\" data-fancybox=\"wpcp_view\">\n\t\t<figure>\n\t\t\t<img loading=\"lazy\" decoding=\"async\" class=\"skip-lazy\" src=\"https:\/\/www.buendnis-impfen.de\/wp-content\/uploads\/2025\/10\/U3A1526.jpg\" alt=\"_U3A1526\" width=\"1024\" height=\"682\">\t\t<\/figure>\n\t<\/a>\n\t\t<\/div>\n<\/div>\n\t<div class=\"swiper-slide\">\n\t<div class=\"wpcp-single-item\">\n\t\t\t<a class=\"wcp-light-box\" data-buttons='[\"close\"]' data-wpc_url='https:\/\/www.buendnis-impfen.de\/wp-content\/uploads\/2025\/10\/U3A1529.jpg' href=\"https:\/\/www.buendnis-impfen.de\/wp-content\/uploads\/2025\/10\/U3A1529.jpg\" data-fancybox=\"wpcp_view\">\n\t\t<figure>\n\t\t\t<img loading=\"lazy\" decoding=\"async\" class=\"skip-lazy\" src=\"https:\/\/www.buendnis-impfen.de\/wp-content\/uploads\/2025\/10\/U3A1529.jpg\" alt=\"_U3A1529\" width=\"511\" height=\"768\">\t\t<\/figure>\n\t<\/a>\n\t\t<\/div>\n<\/div>\n\t<div class=\"swiper-slide\">\n\t<div class=\"wpcp-single-item\">\n\t\t\t<a class=\"wcp-light-box\" data-buttons='[\"close\"]' data-wpc_url='https:\/\/www.buendnis-impfen.de\/wp-content\/uploads\/2025\/10\/U3A1536.jpg' href=\"https:\/\/www.buendnis-impfen.de\/wp-content\/uploads\/2025\/10\/U3A1536.jpg\" data-fancybox=\"wpcp_view\">\n\t\t<figure>\n\t\t\t<img loading=\"lazy\" decoding=\"async\" class=\"skip-lazy\" src=\"https:\/\/www.buendnis-impfen.de\/wp-content\/uploads\/2025\/10\/U3A1536.jpg\" alt=\"_U3A1536\" width=\"1024\" height=\"682\">\t\t<\/figure>\n\t<\/a>\n\t\t<\/div>\n<\/div>\n\t<div class=\"swiper-slide\">\n\t<div class=\"wpcp-single-item\">\n\t\t\t<a class=\"wcp-light-box\" data-buttons='[\"close\"]' data-wpc_url='https:\/\/www.buendnis-impfen.de\/wp-content\/uploads\/2025\/10\/U3A1567.jpg' href=\"https:\/\/www.buendnis-impfen.de\/wp-content\/uploads\/2025\/10\/U3A1567.jpg\" data-fancybox=\"wpcp_view\">\n\t\t<figure>\n\t\t\t<img loading=\"lazy\" decoding=\"async\" class=\"skip-lazy\" src=\"https:\/\/www.buendnis-impfen.de\/wp-content\/uploads\/2025\/10\/U3A1567.jpg\" alt=\"_U3A1567\" width=\"1024\" height=\"682\">\t\t<\/figure>\n\t<\/a>\n\t\t<\/div>\n<\/div>\n\t<div class=\"swiper-slide\">\n\t<div class=\"wpcp-single-item\">\n\t\t\t<a class=\"wcp-light-box\" data-buttons='[\"close\"]' data-wpc_url='https:\/\/www.buendnis-impfen.de\/wp-content\/uploads\/2025\/10\/U3A1576.jpg' href=\"https:\/\/www.buendnis-impfen.de\/wp-content\/uploads\/2025\/10\/U3A1576.jpg\" data-fancybox=\"wpcp_view\">\n\t\t<figure>\n\t\t\t<img loading=\"lazy\" decoding=\"async\" class=\"skip-lazy\" src=\"https:\/\/www.buendnis-impfen.de\/wp-content\/uploads\/2025\/10\/U3A1576.jpg\" alt=\"_U3A1576\" width=\"511\" height=\"768\">\t\t<\/figure>\n\t<\/a>\n\t\t<\/div>\n<\/div>\n\t<div class=\"swiper-slide\">\n\t<div class=\"wpcp-single-item\">\n\t\t\t<a class=\"wcp-light-box\" data-buttons='[\"close\"]' data-wpc_url='https:\/\/www.buendnis-impfen.de\/wp-content\/uploads\/2025\/10\/U3A1577.jpg' href=\"https:\/\/www.buendnis-impfen.de\/wp-content\/uploads\/2025\/10\/U3A1577.jpg\" data-fancybox=\"wpcp_view\">\n\t\t<figure>\n\t\t\t<img loading=\"lazy\" decoding=\"async\" class=\"skip-lazy\" src=\"https:\/\/www.buendnis-impfen.de\/wp-content\/uploads\/2025\/10\/U3A1577.jpg\" alt=\"_U3A1577\" width=\"511\" height=\"768\">\t\t<\/figure>\n\t<\/a>\n\t\t<\/div>\n<\/div>\n\t<div class=\"swiper-slide\">\n\t<div class=\"wpcp-single-item\">\n\t\t\t<a class=\"wcp-light-box\" data-buttons='[\"close\"]' data-wpc_url='https:\/\/www.buendnis-impfen.de\/wp-content\/uploads\/2025\/10\/U3A1580.jpg' href=\"https:\/\/www.buendnis-impfen.de\/wp-content\/uploads\/2025\/10\/U3A1580.jpg\" data-fancybox=\"wpcp_view\">\n\t\t<figure>\n\t\t\t<img loading=\"lazy\" decoding=\"async\" class=\"skip-lazy\" src=\"https:\/\/www.buendnis-impfen.de\/wp-content\/uploads\/2025\/10\/U3A1580.jpg\" alt=\"_U3A1580\" width=\"511\" height=\"768\">\t\t<\/figure>\n\t<\/a>\n\t\t<\/div>\n<\/div>\n\t<div class=\"swiper-slide\">\n\t<div class=\"wpcp-single-item\">\n\t\t\t<a class=\"wcp-light-box\" data-buttons='[\"close\"]' data-wpc_url='https:\/\/www.buendnis-impfen.de\/wp-content\/uploads\/2025\/10\/U3A1581.jpg' href=\"https:\/\/www.buendnis-impfen.de\/wp-content\/uploads\/2025\/10\/U3A1581.jpg\" data-fancybox=\"wpcp_view\">\n\t\t<figure>\n\t\t\t<img loading=\"lazy\" decoding=\"async\" class=\"skip-lazy\" src=\"https:\/\/www.buendnis-impfen.de\/wp-content\/uploads\/2025\/10\/U3A1581.jpg\" alt=\"_U3A1581\" width=\"511\" height=\"768\">\t\t<\/figure>\n\t<\/a>\n\t\t<\/div>\n<\/div>\n\t<div class=\"swiper-slide\">\n\t<div class=\"wpcp-single-item\">\n\t\t\t<a class=\"wcp-light-box\" data-buttons='[\"close\"]' data-wpc_url='https:\/\/www.buendnis-impfen.de\/wp-content\/uploads\/2025\/10\/U3A1582.jpg' href=\"https:\/\/www.buendnis-impfen.de\/wp-content\/uploads\/2025\/10\/U3A1582.jpg\" data-fancybox=\"wpcp_view\">\n\t\t<figure>\n\t\t\t<img loading=\"lazy\" decoding=\"async\" class=\"skip-lazy\" src=\"https:\/\/www.buendnis-impfen.de\/wp-content\/uploads\/2025\/10\/U3A1582.jpg\" alt=\"_U3A1582\" width=\"511\" height=\"768\">\t\t<\/figure>\n\t<\/a>\n\t\t<\/div>\n<\/div>\n\t<div class=\"swiper-slide\">\n\t<div class=\"wpcp-single-item\">\n\t\t\t<a class=\"wcp-light-box\" data-buttons='[\"close\"]' data-wpc_url='https:\/\/www.buendnis-impfen.de\/wp-content\/uploads\/2025\/10\/U3A1583.jpg' href=\"https:\/\/www.buendnis-impfen.de\/wp-content\/uploads\/2025\/10\/U3A1583.jpg\" data-fancybox=\"wpcp_view\">\n\t\t<figure>\n\t\t\t<img loading=\"lazy\" decoding=\"async\" class=\"skip-lazy\" src=\"https:\/\/www.buendnis-impfen.de\/wp-content\/uploads\/2025\/10\/U3A1583.jpg\" alt=\"_U3A1583\" width=\"1024\" height=\"682\">\t\t<\/figure>\n\t<\/a>\n\t\t<\/div>\n<\/div>\n\t<div class=\"swiper-slide\">\n\t<div class=\"wpcp-single-item\">\n\t\t\t<a class=\"wcp-light-box\" data-buttons='[\"close\"]' data-wpc_url='https:\/\/www.buendnis-impfen.de\/wp-content\/uploads\/2025\/10\/U3A1587.jpg' href=\"https:\/\/www.buendnis-impfen.de\/wp-content\/uploads\/2025\/10\/U3A1587.jpg\" data-fancybox=\"wpcp_view\">\n\t\t<figure>\n\t\t\t<img loading=\"lazy\" decoding=\"async\" class=\"skip-lazy\" src=\"https:\/\/www.buendnis-impfen.de\/wp-content\/uploads\/2025\/10\/U3A1587.jpg\" alt=\"_U3A1587\" width=\"1024\" height=\"682\">\t\t<\/figure>\n\t<\/a>\n\t\t<\/div>\n<\/div>\n\t<div class=\"swiper-slide\">\n\t<div class=\"wpcp-single-item\">\n\t\t\t<a class=\"wcp-light-box\" data-buttons='[\"close\"]' data-wpc_url='https:\/\/www.buendnis-impfen.de\/wp-content\/uploads\/2025\/10\/U3A1588.jpg' href=\"https:\/\/www.buendnis-impfen.de\/wp-content\/uploads\/2025\/10\/U3A1588.jpg\" data-fancybox=\"wpcp_view\">\n\t\t<figure>\n\t\t\t<img loading=\"lazy\" decoding=\"async\" class=\"skip-lazy\" src=\"https:\/\/www.buendnis-impfen.de\/wp-content\/uploads\/2025\/10\/U3A1588.jpg\" alt=\"_U3A1588\" width=\"1024\" height=\"682\">\t\t<\/figure>\n\t<\/a>\n\t\t<\/div>\n<\/div>\n\t<div class=\"swiper-slide\">\n\t<div class=\"wpcp-single-item\">\n\t\t\t<a class=\"wcp-light-box\" data-buttons='[\"close\"]' data-wpc_url='https:\/\/www.buendnis-impfen.de\/wp-content\/uploads\/2025\/10\/U3A1594.jpg' href=\"https:\/\/www.buendnis-impfen.de\/wp-content\/uploads\/2025\/10\/U3A1594.jpg\" data-fancybox=\"wpcp_view\">\n\t\t<figure>\n\t\t\t<img loading=\"lazy\" decoding=\"async\" class=\"skip-lazy\" src=\"https:\/\/www.buendnis-impfen.de\/wp-content\/uploads\/2025\/10\/U3A1594.jpg\" alt=\"_U3A1594\" width=\"511\" height=\"768\">\t\t<\/figure>\n\t<\/a>\n\t\t<\/div>\n<\/div>\n\t<div class=\"swiper-slide\">\n\t<div class=\"wpcp-single-item\">\n\t\t\t<a class=\"wcp-light-box\" data-buttons='[\"close\"]' data-wpc_url='https:\/\/www.buendnis-impfen.de\/wp-content\/uploads\/2025\/10\/U3A1596.jpg' href=\"https:\/\/www.buendnis-impfen.de\/wp-content\/uploads\/2025\/10\/U3A1596.jpg\" data-fancybox=\"wpcp_view\">\n\t\t<figure>\n\t\t\t<img loading=\"lazy\" decoding=\"async\" class=\"skip-lazy\" src=\"https:\/\/www.buendnis-impfen.de\/wp-content\/uploads\/2025\/10\/U3A1596.jpg\" alt=\"_U3A1596\" width=\"511\" height=\"768\">\t\t<\/figure>\n\t<\/a>\n\t\t<\/div>\n<\/div>\n\t<div class=\"swiper-slide\">\n\t<div class=\"wpcp-single-item\">\n\t\t\t<a class=\"wcp-light-box\" data-buttons='[\"close\"]' data-wpc_url='https:\/\/www.buendnis-impfen.de\/wp-content\/uploads\/2025\/10\/U3A1605.jpg' href=\"https:\/\/www.buendnis-impfen.de\/wp-content\/uploads\/2025\/10\/U3A1605.jpg\" data-fancybox=\"wpcp_view\">\n\t\t<figure>\n\t\t\t<img loading=\"lazy\" decoding=\"async\" class=\"skip-lazy\" src=\"https:\/\/www.buendnis-impfen.de\/wp-content\/uploads\/2025\/10\/U3A1605.jpg\" alt=\"_U3A1605\" width=\"511\" height=\"768\">\t\t<\/figure>\n\t<\/a>\n\t\t<\/div>\n<\/div>\n\t<div class=\"swiper-slide\">\n\t<div class=\"wpcp-single-item\">\n\t\t\t<a class=\"wcp-light-box\" data-buttons='[\"close\"]' data-wpc_url='https:\/\/www.buendnis-impfen.de\/wp-content\/uploads\/2025\/10\/U3A1609.jpg' href=\"https:\/\/www.buendnis-impfen.de\/wp-content\/uploads\/2025\/10\/U3A1609.jpg\" data-fancybox=\"wpcp_view\">\n\t\t<figure>\n\t\t\t<img loading=\"lazy\" decoding=\"async\" class=\"skip-lazy\" src=\"https:\/\/www.buendnis-impfen.de\/wp-content\/uploads\/2025\/10\/U3A1609.jpg\" alt=\"_U3A1609\" width=\"1024\" height=\"682\">\t\t<\/figure>\n\t<\/a>\n\t\t<\/div>\n<\/div>\n\t<div class=\"swiper-slide\">\n\t<div class=\"wpcp-single-item\">\n\t\t\t<a class=\"wcp-light-box\" data-buttons='[\"close\"]' data-wpc_url='https:\/\/www.buendnis-impfen.de\/wp-content\/uploads\/2025\/10\/U3A1612.jpg' href=\"https:\/\/www.buendnis-impfen.de\/wp-content\/uploads\/2025\/10\/U3A1612.jpg\" data-fancybox=\"wpcp_view\">\n\t\t<figure>\n\t\t\t<img loading=\"lazy\" decoding=\"async\" class=\"skip-lazy\" src=\"https:\/\/www.buendnis-impfen.de\/wp-content\/uploads\/2025\/10\/U3A1612.jpg\" alt=\"_U3A1612\" width=\"1024\" height=\"682\">\t\t<\/figure>\n\t<\/a>\n\t\t<\/div>\n<\/div>\n\t<div class=\"swiper-slide\">\n\t<div class=\"wpcp-single-item\">\n\t\t\t<a class=\"wcp-light-box\" data-buttons='[\"close\"]' data-wpc_url='https:\/\/www.buendnis-impfen.de\/wp-content\/uploads\/2025\/10\/U3A1622.jpg' href=\"https:\/\/www.buendnis-impfen.de\/wp-content\/uploads\/2025\/10\/U3A1622.jpg\" data-fancybox=\"wpcp_view\">\n\t\t<figure>\n\t\t\t<img loading=\"lazy\" decoding=\"async\" class=\"skip-lazy\" src=\"https:\/\/www.buendnis-impfen.de\/wp-content\/uploads\/2025\/10\/U3A1622.jpg\" alt=\"_U3A1622\" width=\"511\" height=\"768\">\t\t<\/figure>\n\t<\/a>\n\t\t<\/div>\n<\/div>\n\t<div class=\"swiper-slide\">\n\t<div class=\"wpcp-single-item\">\n\t\t\t<a class=\"wcp-light-box\" data-buttons='[\"close\"]' data-wpc_url='https:\/\/www.buendnis-impfen.de\/wp-content\/uploads\/2025\/10\/U3A1625.jpg' href=\"https:\/\/www.buendnis-impfen.de\/wp-content\/uploads\/2025\/10\/U3A1625.jpg\" data-fancybox=\"wpcp_view\">\n\t\t<figure>\n\t\t\t<img loading=\"lazy\" decoding=\"async\" class=\"skip-lazy\" src=\"https:\/\/www.buendnis-impfen.de\/wp-content\/uploads\/2025\/10\/U3A1625.jpg\" alt=\"_U3A1625\" width=\"1024\" height=\"682\">\t\t<\/figure>\n\t<\/a>\n\t\t<\/div>\n<\/div>\n\t<div class=\"swiper-slide\">\n\t<div class=\"wpcp-single-item\">\n\t\t\t<a class=\"wcp-light-box\" data-buttons='[\"close\"]' data-wpc_url='https:\/\/www.buendnis-impfen.de\/wp-content\/uploads\/2025\/10\/U3A1626.jpg' href=\"https:\/\/www.buendnis-impfen.de\/wp-content\/uploads\/2025\/10\/U3A1626.jpg\" data-fancybox=\"wpcp_view\">\n\t\t<figure>\n\t\t\t<img loading=\"lazy\" decoding=\"async\" class=\"skip-lazy\" src=\"https:\/\/www.buendnis-impfen.de\/wp-content\/uploads\/2025\/10\/U3A1626.jpg\" alt=\"_U3A1626\" width=\"1024\" height=\"682\">\t\t<\/figure>\n\t<\/a>\n\t\t<\/div>\n<\/div>\n\t<div class=\"swiper-slide\">\n\t<div class=\"wpcp-single-item\">\n\t\t\t<a class=\"wcp-light-box\" data-buttons='[\"close\"]' data-wpc_url='https:\/\/www.buendnis-impfen.de\/wp-content\/uploads\/2025\/10\/U3A1629.jpg' href=\"https:\/\/www.buendnis-impfen.de\/wp-content\/uploads\/2025\/10\/U3A1629.jpg\" data-fancybox=\"wpcp_view\">\n\t\t<figure>\n\t\t\t<img loading=\"lazy\" decoding=\"async\" class=\"skip-lazy\" src=\"https:\/\/www.buendnis-impfen.de\/wp-content\/uploads\/2025\/10\/U3A1629.jpg\" alt=\"_U3A1629\" width=\"511\" height=\"768\">\t\t<\/figure>\n\t<\/a>\n\t\t<\/div>\n<\/div>\n\t<div class=\"swiper-slide\">\n\t<div class=\"wpcp-single-item\">\n\t\t\t<a class=\"wcp-light-box\" data-buttons='[\"close\"]' data-wpc_url='https:\/\/www.buendnis-impfen.de\/wp-content\/uploads\/2025\/10\/U3A1631.jpg' href=\"https:\/\/www.buendnis-impfen.de\/wp-content\/uploads\/2025\/10\/U3A1631.jpg\" data-fancybox=\"wpcp_view\">\n\t\t<figure>\n\t\t\t<img loading=\"lazy\" decoding=\"async\" class=\"skip-lazy\" src=\"https:\/\/www.buendnis-impfen.de\/wp-content\/uploads\/2025\/10\/U3A1631.jpg\" alt=\"_U3A1631\" width=\"511\" height=\"768\">\t\t<\/figure>\n\t<\/a>\n\t\t<\/div>\n<\/div>\n\t<div class=\"swiper-slide\">\n\t<div class=\"wpcp-single-item\">\n\t\t\t<a class=\"wcp-light-box\" data-buttons='[\"close\"]' data-wpc_url='https:\/\/www.buendnis-impfen.de\/wp-content\/uploads\/2025\/10\/U3A1632.jpg' href=\"https:\/\/www.buendnis-impfen.de\/wp-content\/uploads\/2025\/10\/U3A1632.jpg\" data-fancybox=\"wpcp_view\">\n\t\t<figure>\n\t\t\t<img loading=\"lazy\" decoding=\"async\" class=\"skip-lazy\" src=\"https:\/\/www.buendnis-impfen.de\/wp-content\/uploads\/2025\/10\/U3A1632.jpg\" alt=\"_U3A1632\" width=\"1024\" height=\"682\">\t\t<\/figure>\n\t<\/a>\n\t\t<\/div>\n<\/div>\n\t<div class=\"swiper-slide\">\n\t<div class=\"wpcp-single-item\">\n\t\t\t<a class=\"wcp-light-box\" data-buttons='[\"close\"]' data-wpc_url='https:\/\/www.buendnis-impfen.de\/wp-content\/uploads\/2025\/10\/U3A1634.jpg' href=\"https:\/\/www.buendnis-impfen.de\/wp-content\/uploads\/2025\/10\/U3A1634.jpg\" data-fancybox=\"wpcp_view\">\n\t\t<figure>\n\t\t\t<img loading=\"lazy\" decoding=\"async\" class=\"skip-lazy\" src=\"https:\/\/www.buendnis-impfen.de\/wp-content\/uploads\/2025\/10\/U3A1634.jpg\" alt=\"_U3A1634\" width=\"511\" height=\"768\">\t\t<\/figure>\n\t<\/a>\n\t\t<\/div>\n<\/div>\n\t<div class=\"swiper-slide\">\n\t<div class=\"wpcp-single-item\">\n\t\t\t<a class=\"wcp-light-box\" data-buttons='[\"close\"]' data-wpc_url='https:\/\/www.buendnis-impfen.de\/wp-content\/uploads\/2025\/10\/U3A1638.jpg' href=\"https:\/\/www.buendnis-impfen.de\/wp-content\/uploads\/2025\/10\/U3A1638.jpg\" data-fancybox=\"wpcp_view\">\n\t\t<figure>\n\t\t\t<img loading=\"lazy\" decoding=\"async\" class=\"skip-lazy\" src=\"https:\/\/www.buendnis-impfen.de\/wp-content\/uploads\/2025\/10\/U3A1638.jpg\" alt=\"_U3A1638\" width=\"511\" height=\"768\">\t\t<\/figure>\n\t<\/a>\n\t\t<\/div>\n<\/div>\n\t<div class=\"swiper-slide\">\n\t<div class=\"wpcp-single-item\">\n\t\t\t<a class=\"wcp-light-box\" data-buttons='[\"close\"]' data-wpc_url='https:\/\/www.buendnis-impfen.de\/wp-content\/uploads\/2025\/10\/U3A1640.jpg' href=\"https:\/\/www.buendnis-impfen.de\/wp-content\/uploads\/2025\/10\/U3A1640.jpg\" data-fancybox=\"wpcp_view\">\n\t\t<figure>\n\t\t\t<img loading=\"lazy\" decoding=\"async\" class=\"skip-lazy\" src=\"https:\/\/www.buendnis-impfen.de\/wp-content\/uploads\/2025\/10\/U3A1640.jpg\" alt=\"_U3A1640\" width=\"511\" height=\"768\">\t\t<\/figure>\n\t<\/a>\n\t\t<\/div>\n<\/div>\n\t<div class=\"swiper-slide\">\n\t<div class=\"wpcp-single-item\">\n\t\t\t<a class=\"wcp-light-box\" data-buttons='[\"close\"]' data-wpc_url='https:\/\/www.buendnis-impfen.de\/wp-content\/uploads\/2025\/10\/U3A1642.jpg' href=\"https:\/\/www.buendnis-impfen.de\/wp-content\/uploads\/2025\/10\/U3A1642.jpg\" data-fancybox=\"wpcp_view\">\n\t\t<figure>\n\t\t\t<img loading=\"lazy\" decoding=\"async\" class=\"skip-lazy\" src=\"https:\/\/www.buendnis-impfen.de\/wp-content\/uploads\/2025\/10\/U3A1642.jpg\" alt=\"_U3A1642\" width=\"511\" height=\"768\">\t\t<\/figure>\n\t<\/a>\n\t\t<\/div>\n<\/div>\n\t<div class=\"swiper-slide\">\n\t<div class=\"wpcp-single-item\">\n\t\t\t<a class=\"wcp-light-box\" data-buttons='[\"close\"]' data-wpc_url='https:\/\/www.buendnis-impfen.de\/wp-content\/uploads\/2025\/10\/U3A1645.jpg' href=\"https:\/\/www.buendnis-impfen.de\/wp-content\/uploads\/2025\/10\/U3A1645.jpg\" data-fancybox=\"wpcp_view\">\n\t\t<figure>\n\t\t\t<img loading=\"lazy\" decoding=\"async\" class=\"skip-lazy\" src=\"https:\/\/www.buendnis-impfen.de\/wp-content\/uploads\/2025\/10\/U3A1645.jpg\" alt=\"_U3A1645\" width=\"1024\" height=\"682\">\t\t<\/figure>\n\t<\/a>\n\t\t<\/div>\n<\/div>\n\t<div class=\"swiper-slide\">\n\t<div class=\"wpcp-single-item\">\n\t\t\t<a class=\"wcp-light-box\" data-buttons='[\"close\"]' data-wpc_url='https:\/\/www.buendnis-impfen.de\/wp-content\/uploads\/2025\/10\/U3A1647.jpg' href=\"https:\/\/www.buendnis-impfen.de\/wp-content\/uploads\/2025\/10\/U3A1647.jpg\" data-fancybox=\"wpcp_view\">\n\t\t<figure>\n\t\t\t<img loading=\"lazy\" decoding=\"async\" class=\"skip-lazy\" src=\"https:\/\/www.buendnis-impfen.de\/wp-content\/uploads\/2025\/10\/U3A1647.jpg\" alt=\"_U3A1647\" width=\"511\" height=\"768\">\t\t<\/figure>\n\t<\/a>\n\t\t<\/div>\n<\/div>\n\t<div class=\"swiper-slide\">\n\t<div class=\"wpcp-single-item\">\n\t\t\t<a class=\"wcp-light-box\" data-buttons='[\"close\"]' data-wpc_url='https:\/\/www.buendnis-impfen.de\/wp-content\/uploads\/2025\/10\/U3A1650.jpg' href=\"https:\/\/www.buendnis-impfen.de\/wp-content\/uploads\/2025\/10\/U3A1650.jpg\" data-fancybox=\"wpcp_view\">\n\t\t<figure>\n\t\t\t<img loading=\"lazy\" decoding=\"async\" class=\"skip-lazy\" src=\"https:\/\/www.buendnis-impfen.de\/wp-content\/uploads\/2025\/10\/U3A1650.jpg\" alt=\"_U3A1650\" width=\"511\" height=\"768\">\t\t<\/figure>\n\t<\/a>\n\t\t<\/div>\n<\/div>\n\t<div class=\"swiper-slide\">\n\t<div class=\"wpcp-single-item\">\n\t\t\t<a class=\"wcp-light-box\" data-buttons='[\"close\"]' data-wpc_url='https:\/\/www.buendnis-impfen.de\/wp-content\/uploads\/2025\/10\/U3A1663.jpg' href=\"https:\/\/www.buendnis-impfen.de\/wp-content\/uploads\/2025\/10\/U3A1663.jpg\" data-fancybox=\"wpcp_view\">\n\t\t<figure>\n\t\t\t<img loading=\"lazy\" decoding=\"async\" class=\"skip-lazy\" src=\"https:\/\/www.buendnis-impfen.de\/wp-content\/uploads\/2025\/10\/U3A1663.jpg\" alt=\"_U3A1663\" width=\"1024\" height=\"682\">\t\t<\/figure>\n\t<\/a>\n\t\t<\/div>\n<\/div>\n\t<div class=\"swiper-slide\">\n\t<div class=\"wpcp-single-item\">\n\t\t\t<a class=\"wcp-light-box\" data-buttons='[\"close\"]' data-wpc_url='https:\/\/www.buendnis-impfen.de\/wp-content\/uploads\/2025\/10\/U3A1666.jpg' href=\"https:\/\/www.buendnis-impfen.de\/wp-content\/uploads\/2025\/10\/U3A1666.jpg\" data-fancybox=\"wpcp_view\">\n\t\t<figure>\n\t\t\t<img loading=\"lazy\" decoding=\"async\" class=\"skip-lazy\" src=\"https:\/\/www.buendnis-impfen.de\/wp-content\/uploads\/2025\/10\/U3A1666.jpg\" alt=\"_U3A1666\" width=\"1024\" height=\"682\">\t\t<\/figure>\n\t<\/a>\n\t\t<\/div>\n<\/div>\n\t<div class=\"swiper-slide\">\n\t<div class=\"wpcp-single-item\">\n\t\t\t<a class=\"wcp-light-box\" data-buttons='[\"close\"]' data-wpc_url='https:\/\/www.buendnis-impfen.de\/wp-content\/uploads\/2025\/10\/U3A1670.jpg' href=\"https:\/\/www.buendnis-impfen.de\/wp-content\/uploads\/2025\/10\/U3A1670.jpg\" data-fancybox=\"wpcp_view\">\n\t\t<figure>\n\t\t\t<img loading=\"lazy\" decoding=\"async\" class=\"skip-lazy\" src=\"https:\/\/www.buendnis-impfen.de\/wp-content\/uploads\/2025\/10\/U3A1670.jpg\" alt=\"_U3A1670\" width=\"511\" height=\"768\">\t\t<\/figure>\n\t<\/a>\n\t\t<\/div>\n<\/div>\n\t<div class=\"swiper-slide\">\n\t<div class=\"wpcp-single-item\">\n\t\t\t<a class=\"wcp-light-box\" data-buttons='[\"close\"]' data-wpc_url='https:\/\/www.buendnis-impfen.de\/wp-content\/uploads\/2025\/10\/U3A1676.jpg' href=\"https:\/\/www.buendnis-impfen.de\/wp-content\/uploads\/2025\/10\/U3A1676.jpg\" data-fancybox=\"wpcp_view\">\n\t\t<figure>\n\t\t\t<img loading=\"lazy\" decoding=\"async\" class=\"skip-lazy\" src=\"https:\/\/www.buendnis-impfen.de\/wp-content\/uploads\/2025\/10\/U3A1676.jpg\" alt=\"_U3A1676\" width=\"511\" height=\"768\">\t\t<\/figure>\n\t<\/a>\n\t\t<\/div>\n<\/div>\n\t<div class=\"swiper-slide\">\n\t<div class=\"wpcp-single-item\">\n\t\t\t<a class=\"wcp-light-box\" data-buttons='[\"close\"]' data-wpc_url='https:\/\/www.buendnis-impfen.de\/wp-content\/uploads\/2025\/10\/U3A1682.jpg' href=\"https:\/\/www.buendnis-impfen.de\/wp-content\/uploads\/2025\/10\/U3A1682.jpg\" data-fancybox=\"wpcp_view\">\n\t\t<figure>\n\t\t\t<img loading=\"lazy\" decoding=\"async\" class=\"skip-lazy\" src=\"https:\/\/www.buendnis-impfen.de\/wp-content\/uploads\/2025\/10\/U3A1682.jpg\" alt=\"_U3A1682\" width=\"1024\" height=\"682\">\t\t<\/figure>\n\t<\/a>\n\t\t<\/div>\n<\/div>\n\t<div class=\"swiper-slide\">\n\t<div class=\"wpcp-single-item\">\n\t\t\t<a class=\"wcp-light-box\" data-buttons='[\"close\"]' data-wpc_url='https:\/\/www.buendnis-impfen.de\/wp-content\/uploads\/2025\/10\/U3A1688.jpg' href=\"https:\/\/www.buendnis-impfen.de\/wp-content\/uploads\/2025\/10\/U3A1688.jpg\" data-fancybox=\"wpcp_view\">\n\t\t<figure>\n\t\t\t<img loading=\"lazy\" decoding=\"async\" class=\"skip-lazy\" src=\"https:\/\/www.buendnis-impfen.de\/wp-content\/uploads\/2025\/10\/U3A1688.jpg\" alt=\"_U3A1688\" width=\"1024\" height=\"682\">\t\t<\/figure>\n\t<\/a>\n\t\t<\/div>\n<\/div>\n\t<div class=\"swiper-slide\">\n\t<div class=\"wpcp-single-item\">\n\t\t\t<a class=\"wcp-light-box\" data-buttons='[\"close\"]' data-wpc_url='https:\/\/www.buendnis-impfen.de\/wp-content\/uploads\/2025\/10\/U3A1692.jpg' href=\"https:\/\/www.buendnis-impfen.de\/wp-content\/uploads\/2025\/10\/U3A1692.jpg\" data-fancybox=\"wpcp_view\">\n\t\t<figure>\n\t\t\t<img loading=\"lazy\" decoding=\"async\" class=\"skip-lazy\" src=\"https:\/\/www.buendnis-impfen.de\/wp-content\/uploads\/2025\/10\/U3A1692.jpg\" alt=\"_U3A1692\" width=\"1024\" height=\"682\">\t\t<\/figure>\n\t<\/a>\n\t\t<\/div>\n<\/div>\n\t<div class=\"swiper-slide\">\n\t<div class=\"wpcp-single-item\">\n\t\t\t<a class=\"wcp-light-box\" data-buttons='[\"close\"]' data-wpc_url='https:\/\/www.buendnis-impfen.de\/wp-content\/uploads\/2025\/10\/U3A1696.jpg' href=\"https:\/\/www.buendnis-impfen.de\/wp-content\/uploads\/2025\/10\/U3A1696.jpg\" data-fancybox=\"wpcp_view\">\n\t\t<figure>\n\t\t\t<img loading=\"lazy\" decoding=\"async\" class=\"skip-lazy\" src=\"https:\/\/www.buendnis-impfen.de\/wp-content\/uploads\/2025\/10\/U3A1696.jpg\" alt=\"_U3A1696\" width=\"511\" height=\"768\">\t\t<\/figure>\n\t<\/a>\n\t\t<\/div>\n<\/div>\n\t<div class=\"swiper-slide\">\n\t<div class=\"wpcp-single-item\">\n\t\t\t<a class=\"wcp-light-box\" data-buttons='[\"close\"]' data-wpc_url='https:\/\/www.buendnis-impfen.de\/wp-content\/uploads\/2025\/10\/U3A1699.jpg' href=\"https:\/\/www.buendnis-impfen.de\/wp-content\/uploads\/2025\/10\/U3A1699.jpg\" data-fancybox=\"wpcp_view\">\n\t\t<figure>\n\t\t\t<img loading=\"lazy\" decoding=\"async\" class=\"skip-lazy\" src=\"https:\/\/www.buendnis-impfen.de\/wp-content\/uploads\/2025\/10\/U3A1699.jpg\" alt=\"_U3A1699\" width=\"511\" height=\"768\">\t\t<\/figure>\n\t<\/a>\n\t\t<\/div>\n<\/div>\n\t<div class=\"swiper-slide\">\n\t<div class=\"wpcp-single-item\">\n\t\t\t<a class=\"wcp-light-box\" data-buttons='[\"close\"]' data-wpc_url='https:\/\/www.buendnis-impfen.de\/wp-content\/uploads\/2025\/10\/U3A1704.jpg' href=\"https:\/\/www.buendnis-impfen.de\/wp-content\/uploads\/2025\/10\/U3A1704.jpg\" data-fancybox=\"wpcp_view\">\n\t\t<figure>\n\t\t\t<img loading=\"lazy\" decoding=\"async\" class=\"skip-lazy\" src=\"https:\/\/www.buendnis-impfen.de\/wp-content\/uploads\/2025\/10\/U3A1704.jpg\" alt=\"_U3A1704\" width=\"511\" height=\"768\">\t\t<\/figure>\n\t<\/a>\n\t\t<\/div>\n<\/div>\n\t<div class=\"swiper-slide\">\n\t<div class=\"wpcp-single-item\">\n\t\t\t<a class=\"wcp-light-box\" data-buttons='[\"close\"]' data-wpc_url='https:\/\/www.buendnis-impfen.de\/wp-content\/uploads\/2025\/10\/U3A1706.jpg' href=\"https:\/\/www.buendnis-impfen.de\/wp-content\/uploads\/2025\/10\/U3A1706.jpg\" data-fancybox=\"wpcp_view\">\n\t\t<figure>\n\t\t\t<img loading=\"lazy\" decoding=\"async\" class=\"skip-lazy\" src=\"https:\/\/www.buendnis-impfen.de\/wp-content\/uploads\/2025\/10\/U3A1706.jpg\" alt=\"_U3A1706\" width=\"1024\" height=\"682\">\t\t<\/figure>\n\t<\/a>\n\t\t<\/div>\n<\/div>\n\t<div class=\"swiper-slide\">\n\t<div class=\"wpcp-single-item\">\n\t\t\t<a class=\"wcp-light-box\" data-buttons='[\"close\"]' data-wpc_url='https:\/\/www.buendnis-impfen.de\/wp-content\/uploads\/2025\/10\/U3A1710.jpg' href=\"https:\/\/www.buendnis-impfen.de\/wp-content\/uploads\/2025\/10\/U3A1710.jpg\" data-fancybox=\"wpcp_view\">\n\t\t<figure>\n\t\t\t<img loading=\"lazy\" decoding=\"async\" class=\"skip-lazy\" src=\"https:\/\/www.buendnis-impfen.de\/wp-content\/uploads\/2025\/10\/U3A1710.jpg\" alt=\"_U3A1710\" width=\"511\" height=\"768\">\t\t<\/figure>\n\t<\/a>\n\t\t<\/div>\n<\/div>\n\t<div class=\"swiper-slide\">\n\t<div class=\"wpcp-single-item\">\n\t\t\t<a class=\"wcp-light-box\" data-buttons='[\"close\"]' data-wpc_url='https:\/\/www.buendnis-impfen.de\/wp-content\/uploads\/2025\/10\/U3A1716.jpg' href=\"https:\/\/www.buendnis-impfen.de\/wp-content\/uploads\/2025\/10\/U3A1716.jpg\" data-fancybox=\"wpcp_view\">\n\t\t<figure>\n\t\t\t<img loading=\"lazy\" decoding=\"async\" class=\"skip-lazy\" src=\"https:\/\/www.buendnis-impfen.de\/wp-content\/uploads\/2025\/10\/U3A1716.jpg\" alt=\"_U3A1716\" width=\"1024\" height=\"682\">\t\t<\/figure>\n\t<\/a>\n\t\t<\/div>\n<\/div>\n\t<div class=\"swiper-slide\">\n\t<div class=\"wpcp-single-item\">\n\t\t\t<a class=\"wcp-light-box\" data-buttons='[\"close\"]' data-wpc_url='https:\/\/www.buendnis-impfen.de\/wp-content\/uploads\/2025\/10\/U3A1719.jpg' href=\"https:\/\/www.buendnis-impfen.de\/wp-content\/uploads\/2025\/10\/U3A1719.jpg\" data-fancybox=\"wpcp_view\">\n\t\t<figure>\n\t\t\t<img loading=\"lazy\" decoding=\"async\" class=\"skip-lazy\" src=\"https:\/\/www.buendnis-impfen.de\/wp-content\/uploads\/2025\/10\/U3A1719.jpg\" alt=\"_U3A1719\" width=\"511\" height=\"768\">\t\t<\/figure>\n\t<\/a>\n\t\t<\/div>\n<\/div>\n\t<div class=\"swiper-slide\">\n\t<div class=\"wpcp-single-item\">\n\t\t\t<a class=\"wcp-light-box\" data-buttons='[\"close\"]' data-wpc_url='https:\/\/www.buendnis-impfen.de\/wp-content\/uploads\/2025\/10\/U3A1726.jpg' href=\"https:\/\/www.buendnis-impfen.de\/wp-content\/uploads\/2025\/10\/U3A1726.jpg\" data-fancybox=\"wpcp_view\">\n\t\t<figure>\n\t\t\t<img loading=\"lazy\" decoding=\"async\" class=\"skip-lazy\" src=\"https:\/\/www.buendnis-impfen.de\/wp-content\/uploads\/2025\/10\/U3A1726.jpg\" alt=\"_U3A1726\" width=\"1024\" height=\"682\">\t\t<\/figure>\n\t<\/a>\n\t\t<\/div>\n<\/div>\n\t<div class=\"swiper-slide\">\n\t<div class=\"wpcp-single-item\">\n\t\t\t<a class=\"wcp-light-box\" data-buttons='[\"close\"]' data-wpc_url='https:\/\/www.buendnis-impfen.de\/wp-content\/uploads\/2025\/10\/U3A1729.jpg' href=\"https:\/\/www.buendnis-impfen.de\/wp-content\/uploads\/2025\/10\/U3A1729.jpg\" data-fancybox=\"wpcp_view\">\n\t\t<figure>\n\t\t\t<img loading=\"lazy\" decoding=\"async\" class=\"skip-lazy\" src=\"https:\/\/www.buendnis-impfen.de\/wp-content\/uploads\/2025\/10\/U3A1729.jpg\" alt=\"_U3A1729\" width=\"1024\" height=\"682\">\t\t<\/figure>\n\t<\/a>\n\t\t<\/div>\n<\/div>\n\t<div class=\"swiper-slide\">\n\t<div class=\"wpcp-single-item\">\n\t\t\t<a class=\"wcp-light-box\" data-buttons='[\"close\"]' data-wpc_url='https:\/\/www.buendnis-impfen.de\/wp-content\/uploads\/2025\/10\/U3A1733.jpg' href=\"https:\/\/www.buendnis-impfen.de\/wp-content\/uploads\/2025\/10\/U3A1733.jpg\" data-fancybox=\"wpcp_view\">\n\t\t<figure>\n\t\t\t<img loading=\"lazy\" decoding=\"async\" class=\"skip-lazy\" src=\"https:\/\/www.buendnis-impfen.de\/wp-content\/uploads\/2025\/10\/U3A1733.jpg\" alt=\"_U3A1733\" width=\"511\" height=\"768\">\t\t<\/figure>\n\t<\/a>\n\t\t<\/div>\n<\/div>\n\t<div class=\"swiper-slide\">\n\t<div class=\"wpcp-single-item\">\n\t\t\t<a class=\"wcp-light-box\" data-buttons='[\"close\"]' data-wpc_url='https:\/\/www.buendnis-impfen.de\/wp-content\/uploads\/2025\/10\/U3A1738.jpg' href=\"https:\/\/www.buendnis-impfen.de\/wp-content\/uploads\/2025\/10\/U3A1738.jpg\" data-fancybox=\"wpcp_view\">\n\t\t<figure>\n\t\t\t<img loading=\"lazy\" decoding=\"async\" class=\"skip-lazy\" src=\"https:\/\/www.buendnis-impfen.de\/wp-content\/uploads\/2025\/10\/U3A1738.jpg\" alt=\"_U3A1738\" width=\"1024\" height=\"682\">\t\t<\/figure>\n\t<\/a>\n\t\t<\/div>\n<\/div>\n\t<div class=\"swiper-slide\">\n\t<div class=\"wpcp-single-item\">\n\t\t\t<a class=\"wcp-light-box\" data-buttons='[\"close\"]' data-wpc_url='https:\/\/www.buendnis-impfen.de\/wp-content\/uploads\/2025\/10\/U3A1740.jpg' href=\"https:\/\/www.buendnis-impfen.de\/wp-content\/uploads\/2025\/10\/U3A1740.jpg\" data-fancybox=\"wpcp_view\">\n\t\t<figure>\n\t\t\t<img loading=\"lazy\" decoding=\"async\" class=\"skip-lazy\" src=\"https:\/\/www.buendnis-impfen.de\/wp-content\/uploads\/2025\/10\/U3A1740.jpg\" alt=\"_U3A1740\" width=\"511\" height=\"768\">\t\t<\/figure>\n\t<\/a>\n\t\t<\/div>\n<\/div>\n\t<div class=\"swiper-slide\">\n\t<div class=\"wpcp-single-item\">\n\t\t\t<a class=\"wcp-light-box\" data-buttons='[\"close\"]' data-wpc_url='https:\/\/www.buendnis-impfen.de\/wp-content\/uploads\/2025\/10\/U3A1741.jpg' href=\"https:\/\/www.buendnis-impfen.de\/wp-content\/uploads\/2025\/10\/U3A1741.jpg\" data-fancybox=\"wpcp_view\">\n\t\t<figure>\n\t\t\t<img loading=\"lazy\" decoding=\"async\" class=\"skip-lazy\" src=\"https:\/\/www.buendnis-impfen.de\/wp-content\/uploads\/2025\/10\/U3A1741.jpg\" alt=\"_U3A1741\" width=\"1024\" height=\"682\">\t\t<\/figure>\n\t<\/a>\n\t\t<\/div>\n<\/div>\n\t<div class=\"swiper-slide\">\n\t<div class=\"wpcp-single-item\">\n\t\t\t<a class=\"wcp-light-box\" data-buttons='[\"close\"]' data-wpc_url='https:\/\/www.buendnis-impfen.de\/wp-content\/uploads\/2025\/10\/U3A1748.jpg' href=\"https:\/\/www.buendnis-impfen.de\/wp-content\/uploads\/2025\/10\/U3A1748.jpg\" data-fancybox=\"wpcp_view\">\n\t\t<figure>\n\t\t\t<img loading=\"lazy\" decoding=\"async\" class=\"skip-lazy\" src=\"https:\/\/www.buendnis-impfen.de\/wp-content\/uploads\/2025\/10\/U3A1748.jpg\" alt=\"_U3A1748\" width=\"1024\" height=\"682\">\t\t<\/figure>\n\t<\/a>\n\t\t<\/div>\n<\/div>\n\t<div class=\"swiper-slide\">\n\t<div class=\"wpcp-single-item\">\n\t\t\t<a class=\"wcp-light-box\" data-buttons='[\"close\"]' data-wpc_url='https:\/\/www.buendnis-impfen.de\/wp-content\/uploads\/2025\/10\/U3A1756.jpg' href=\"https:\/\/www.buendnis-impfen.de\/wp-content\/uploads\/2025\/10\/U3A1756.jpg\" data-fancybox=\"wpcp_view\">\n\t\t<figure>\n\t\t\t<img loading=\"lazy\" decoding=\"async\" class=\"skip-lazy\" src=\"https:\/\/www.buendnis-impfen.de\/wp-content\/uploads\/2025\/10\/U3A1756.jpg\" alt=\"_U3A1756\" width=\"1024\" height=\"682\">\t\t<\/figure>\n\t<\/a>\n\t\t<\/div>\n<\/div>\n\t<div class=\"swiper-slide\">\n\t<div class=\"wpcp-single-item\">\n\t\t\t<a class=\"wcp-light-box\" data-buttons='[\"close\"]' data-wpc_url='https:\/\/www.buendnis-impfen.de\/wp-content\/uploads\/2025\/10\/U3A1760.jpg' href=\"https:\/\/www.buendnis-impfen.de\/wp-content\/uploads\/2025\/10\/U3A1760.jpg\" data-fancybox=\"wpcp_view\">\n\t\t<figure>\n\t\t\t<img loading=\"lazy\" decoding=\"async\" class=\"skip-lazy\" src=\"https:\/\/www.buendnis-impfen.de\/wp-content\/uploads\/2025\/10\/U3A1760.jpg\" alt=\"_U3A1760\" width=\"511\" height=\"768\">\t\t<\/figure>\n\t<\/a>\n\t\t<\/div>\n<\/div>\n\t<div class=\"swiper-slide\">\n\t<div class=\"wpcp-single-item\">\n\t\t\t<a class=\"wcp-light-box\" data-buttons='[\"close\"]' data-wpc_url='https:\/\/www.buendnis-impfen.de\/wp-content\/uploads\/2025\/10\/U3A1761.jpg' href=\"https:\/\/www.buendnis-impfen.de\/wp-content\/uploads\/2025\/10\/U3A1761.jpg\" data-fancybox=\"wpcp_view\">\n\t\t<figure>\n\t\t\t<img loading=\"lazy\" decoding=\"async\" class=\"skip-lazy\" src=\"https:\/\/www.buendnis-impfen.de\/wp-content\/uploads\/2025\/10\/U3A1761.jpg\" alt=\"_U3A1761\" width=\"511\" height=\"768\">\t\t<\/figure>\n\t<\/a>\n\t\t<\/div>\n<\/div>\n\t<div class=\"swiper-slide\">\n\t<div class=\"wpcp-single-item\">\n\t\t\t<a class=\"wcp-light-box\" data-buttons='[\"close\"]' data-wpc_url='https:\/\/www.buendnis-impfen.de\/wp-content\/uploads\/2025\/10\/U3A1763.jpg' href=\"https:\/\/www.buendnis-impfen.de\/wp-content\/uploads\/2025\/10\/U3A1763.jpg\" data-fancybox=\"wpcp_view\">\n\t\t<figure>\n\t\t\t<img loading=\"lazy\" decoding=\"async\" class=\"skip-lazy\" src=\"https:\/\/www.buendnis-impfen.de\/wp-content\/uploads\/2025\/10\/U3A1763.jpg\" alt=\"_U3A1763\" width=\"511\" height=\"768\">\t\t<\/figure>\n\t<\/a>\n\t\t<\/div>\n<\/div>\n\t<div class=\"swiper-slide\">\n\t<div class=\"wpcp-single-item\">\n\t\t\t<a class=\"wcp-light-box\" data-buttons='[\"close\"]' data-wpc_url='https:\/\/www.buendnis-impfen.de\/wp-content\/uploads\/2025\/10\/U3A1765.jpg' href=\"https:\/\/www.buendnis-impfen.de\/wp-content\/uploads\/2025\/10\/U3A1765.jpg\" data-fancybox=\"wpcp_view\">\n\t\t<figure>\n\t\t\t<img loading=\"lazy\" decoding=\"async\" class=\"skip-lazy\" src=\"https:\/\/www.buendnis-impfen.de\/wp-content\/uploads\/2025\/10\/U3A1765.jpg\" alt=\"_U3A1765\" width=\"511\" height=\"768\">\t\t<\/figure>\n\t<\/a>\n\t\t<\/div>\n<\/div>\n\t<div class=\"swiper-slide\">\n\t<div class=\"wpcp-single-item\">\n\t\t\t<a class=\"wcp-light-box\" data-buttons='[\"close\"]' data-wpc_url='https:\/\/www.buendnis-impfen.de\/wp-content\/uploads\/2025\/10\/U3A1766.jpg' href=\"https:\/\/www.buendnis-impfen.de\/wp-content\/uploads\/2025\/10\/U3A1766.jpg\" data-fancybox=\"wpcp_view\">\n\t\t<figure>\n\t\t\t<img loading=\"lazy\" decoding=\"async\" class=\"skip-lazy\" src=\"https:\/\/www.buendnis-impfen.de\/wp-content\/uploads\/2025\/10\/U3A1766.jpg\" alt=\"_U3A1766\" width=\"511\" height=\"768\">\t\t<\/figure>\n\t<\/a>\n\t\t<\/div>\n<\/div>\n\t<div class=\"swiper-slide\">\n\t<div class=\"wpcp-single-item\">\n\t\t\t<a class=\"wcp-light-box\" data-buttons='[\"close\"]' data-wpc_url='https:\/\/www.buendnis-impfen.de\/wp-content\/uploads\/2025\/10\/U3A1771.jpg' href=\"https:\/\/www.buendnis-impfen.de\/wp-content\/uploads\/2025\/10\/U3A1771.jpg\" data-fancybox=\"wpcp_view\">\n\t\t<figure>\n\t\t\t<img loading=\"lazy\" decoding=\"async\" class=\"skip-lazy\" src=\"https:\/\/www.buendnis-impfen.de\/wp-content\/uploads\/2025\/10\/U3A1771.jpg\" alt=\"_U3A1771\" width=\"1024\" height=\"682\">\t\t<\/figure>\n\t<\/a>\n\t\t<\/div>\n<\/div>\n\t<div class=\"swiper-slide\">\n\t<div class=\"wpcp-single-item\">\n\t\t\t<a class=\"wcp-light-box\" data-buttons='[\"close\"]' data-wpc_url='https:\/\/www.buendnis-impfen.de\/wp-content\/uploads\/2025\/10\/U3A1777.jpg' href=\"https:\/\/www.buendnis-impfen.de\/wp-content\/uploads\/2025\/10\/U3A1777.jpg\" data-fancybox=\"wpcp_view\">\n\t\t<figure>\n\t\t\t<img loading=\"lazy\" decoding=\"async\" class=\"skip-lazy\" src=\"https:\/\/www.buendnis-impfen.de\/wp-content\/uploads\/2025\/10\/U3A1777.jpg\" alt=\"_U3A1777\" width=\"1024\" height=\"682\">\t\t<\/figure>\n\t<\/a>\n\t\t<\/div>\n<\/div>\n\t<div class=\"swiper-slide\">\n\t<div class=\"wpcp-single-item\">\n\t\t\t<a class=\"wcp-light-box\" data-buttons='[\"close\"]' data-wpc_url='https:\/\/www.buendnis-impfen.de\/wp-content\/uploads\/2025\/10\/U3A1789.jpg' href=\"https:\/\/www.buendnis-impfen.de\/wp-content\/uploads\/2025\/10\/U3A1789.jpg\" data-fancybox=\"wpcp_view\">\n\t\t<figure>\n\t\t\t<img loading=\"lazy\" decoding=\"async\" class=\"skip-lazy\" src=\"https:\/\/www.buendnis-impfen.de\/wp-content\/uploads\/2025\/10\/U3A1789.jpg\" alt=\"_U3A1789\" width=\"511\" height=\"768\">\t\t<\/figure>\n\t<\/a>\n\t\t<\/div>\n<\/div>\n\t<div class=\"swiper-slide\">\n\t<div class=\"wpcp-single-item\">\n\t\t\t<a class=\"wcp-light-box\" data-buttons='[\"close\"]' data-wpc_url='https:\/\/www.buendnis-impfen.de\/wp-content\/uploads\/2025\/10\/U3A1803.jpg' href=\"https:\/\/www.buendnis-impfen.de\/wp-content\/uploads\/2025\/10\/U3A1803.jpg\" data-fancybox=\"wpcp_view\">\n\t\t<figure>\n\t\t\t<img loading=\"lazy\" decoding=\"async\" class=\"skip-lazy\" src=\"https:\/\/www.buendnis-impfen.de\/wp-content\/uploads\/2025\/10\/U3A1803.jpg\" alt=\"_U3A1803\" width=\"511\" height=\"768\">\t\t<\/figure>\n\t<\/a>\n\t\t<\/div>\n<\/div>\n\t<div class=\"swiper-slide\">\n\t<div class=\"wpcp-single-item\">\n\t\t\t<a class=\"wcp-light-box\" data-buttons='[\"close\"]' data-wpc_url='https:\/\/www.buendnis-impfen.de\/wp-content\/uploads\/2025\/10\/U3A1807.jpg' href=\"https:\/\/www.buendnis-impfen.de\/wp-content\/uploads\/2025\/10\/U3A1807.jpg\" data-fancybox=\"wpcp_view\">\n\t\t<figure>\n\t\t\t<img loading=\"lazy\" decoding=\"async\" class=\"skip-lazy\" src=\"https:\/\/www.buendnis-impfen.de\/wp-content\/uploads\/2025\/10\/U3A1807.jpg\" alt=\"_U3A1807\" width=\"511\" height=\"768\">\t\t<\/figure>\n\t<\/a>\n\t\t<\/div>\n<\/div>\n\t<div class=\"swiper-slide\">\n\t<div class=\"wpcp-single-item\">\n\t\t\t<a class=\"wcp-light-box\" data-buttons='[\"close\"]' data-wpc_url='https:\/\/www.buendnis-impfen.de\/wp-content\/uploads\/2025\/10\/U3A1808.jpg' href=\"https:\/\/www.buendnis-impfen.de\/wp-content\/uploads\/2025\/10\/U3A1808.jpg\" data-fancybox=\"wpcp_view\">\n\t\t<figure>\n\t\t\t<img loading=\"lazy\" decoding=\"async\" class=\"skip-lazy\" src=\"https:\/\/www.buendnis-impfen.de\/wp-content\/uploads\/2025\/10\/U3A1808.jpg\" alt=\"_U3A1808\" width=\"511\" height=\"768\">\t\t<\/figure>\n\t<\/a>\n\t\t<\/div>\n<\/div>\n\t<div class=\"swiper-slide\">\n\t<div class=\"wpcp-single-item\">\n\t\t\t<a class=\"wcp-light-box\" data-buttons='[\"close\"]' data-wpc_url='https:\/\/www.buendnis-impfen.de\/wp-content\/uploads\/2025\/10\/U3A1813.jpg' href=\"https:\/\/www.buendnis-impfen.de\/wp-content\/uploads\/2025\/10\/U3A1813.jpg\" data-fancybox=\"wpcp_view\">\n\t\t<figure>\n\t\t\t<img loading=\"lazy\" decoding=\"async\" class=\"skip-lazy\" src=\"https:\/\/www.buendnis-impfen.de\/wp-content\/uploads\/2025\/10\/U3A1813.jpg\" alt=\"_U3A1813\" width=\"1024\" height=\"682\">\t\t<\/figure>\n\t<\/a>\n\t\t<\/div>\n<\/div>\n\t<div class=\"swiper-slide\">\n\t<div class=\"wpcp-single-item\">\n\t\t\t<a class=\"wcp-light-box\" data-buttons='[\"close\"]' data-wpc_url='https:\/\/www.buendnis-impfen.de\/wp-content\/uploads\/2025\/10\/U3A1830.jpg' href=\"https:\/\/www.buendnis-impfen.de\/wp-content\/uploads\/2025\/10\/U3A1830.jpg\" data-fancybox=\"wpcp_view\">\n\t\t<figure>\n\t\t\t<img loading=\"lazy\" decoding=\"async\" class=\"skip-lazy\" src=\"https:\/\/www.buendnis-impfen.de\/wp-content\/uploads\/2025\/10\/U3A1830.jpg\" alt=\"_U3A1830\" width=\"511\" height=\"768\">\t\t<\/figure>\n\t<\/a>\n\t\t<\/div>\n<\/div>\n\t<div class=\"swiper-slide\">\n\t<div class=\"wpcp-single-item\">\n\t\t\t<a class=\"wcp-light-box\" data-buttons='[\"close\"]' data-wpc_url='https:\/\/www.buendnis-impfen.de\/wp-content\/uploads\/2025\/10\/U3A1832.jpg' href=\"https:\/\/www.buendnis-impfen.de\/wp-content\/uploads\/2025\/10\/U3A1832.jpg\" data-fancybox=\"wpcp_view\">\n\t\t<figure>\n\t\t\t<img loading=\"lazy\" decoding=\"async\" class=\"skip-lazy\" src=\"https:\/\/www.buendnis-impfen.de\/wp-content\/uploads\/2025\/10\/U3A1832.jpg\" alt=\"_U3A1832\" width=\"1024\" height=\"682\">\t\t<\/figure>\n\t<\/a>\n\t\t<\/div>\n<\/div>\n\t<div class=\"swiper-slide\">\n\t<div class=\"wpcp-single-item\">\n\t\t\t<a class=\"wcp-light-box\" data-buttons='[\"close\"]' data-wpc_url='https:\/\/www.buendnis-impfen.de\/wp-content\/uploads\/2025\/10\/U3A1834.jpg' href=\"https:\/\/www.buendnis-impfen.de\/wp-content\/uploads\/2025\/10\/U3A1834.jpg\" data-fancybox=\"wpcp_view\">\n\t\t<figure>\n\t\t\t<img loading=\"lazy\" decoding=\"async\" class=\"skip-lazy\" src=\"https:\/\/www.buendnis-impfen.de\/wp-content\/uploads\/2025\/10\/U3A1834.jpg\" alt=\"_U3A1834\" width=\"1024\" height=\"682\">\t\t<\/figure>\n\t<\/a>\n\t\t<\/div>\n<\/div>\n\t<div class=\"swiper-slide\">\n\t<div class=\"wpcp-single-item\">\n\t\t\t<a class=\"wcp-light-box\" data-buttons='[\"close\"]' data-wpc_url='https:\/\/www.buendnis-impfen.de\/wp-content\/uploads\/2025\/10\/U3A1838.jpg' href=\"https:\/\/www.buendnis-impfen.de\/wp-content\/uploads\/2025\/10\/U3A1838.jpg\" data-fancybox=\"wpcp_view\">\n\t\t<figure>\n\t\t\t<img loading=\"lazy\" decoding=\"async\" class=\"skip-lazy\" src=\"https:\/\/www.buendnis-impfen.de\/wp-content\/uploads\/2025\/10\/U3A1838.jpg\" alt=\"_U3A1838\" width=\"1024\" height=\"682\">\t\t<\/figure>\n\t<\/a>\n\t\t<\/div>\n<\/div>\n\t<div class=\"swiper-slide\">\n\t<div class=\"wpcp-single-item\">\n\t\t\t<a class=\"wcp-light-box\" data-buttons='[\"close\"]' data-wpc_url='https:\/\/www.buendnis-impfen.de\/wp-content\/uploads\/2025\/10\/U3A1844.jpg' href=\"https:\/\/www.buendnis-impfen.de\/wp-content\/uploads\/2025\/10\/U3A1844.jpg\" data-fancybox=\"wpcp_view\">\n\t\t<figure>\n\t\t\t<img loading=\"lazy\" decoding=\"async\" class=\"skip-lazy\" src=\"https:\/\/www.buendnis-impfen.de\/wp-content\/uploads\/2025\/10\/U3A1844.jpg\" alt=\"_U3A1844\" width=\"511\" height=\"768\">\t\t<\/figure>\n\t<\/a>\n\t\t<\/div>\n<\/div>\n\t<div class=\"swiper-slide\">\n\t<div class=\"wpcp-single-item\">\n\t\t\t<a class=\"wcp-light-box\" data-buttons='[\"close\"]' data-wpc_url='https:\/\/www.buendnis-impfen.de\/wp-content\/uploads\/2025\/10\/U3A1846.jpg' href=\"https:\/\/www.buendnis-impfen.de\/wp-content\/uploads\/2025\/10\/U3A1846.jpg\" data-fancybox=\"wpcp_view\">\n\t\t<figure>\n\t\t\t<img loading=\"lazy\" decoding=\"async\" class=\"skip-lazy\" src=\"https:\/\/www.buendnis-impfen.de\/wp-content\/uploads\/2025\/10\/U3A1846.jpg\" alt=\"_U3A1846\" width=\"511\" height=\"768\">\t\t<\/figure>\n\t<\/a>\n\t\t<\/div>\n<\/div>\n\t<div class=\"swiper-slide\">\n\t<div class=\"wpcp-single-item\">\n\t\t\t<a class=\"wcp-light-box\" data-buttons='[\"close\"]' data-wpc_url='https:\/\/www.buendnis-impfen.de\/wp-content\/uploads\/2025\/10\/U3A1854.jpg' href=\"https:\/\/www.buendnis-impfen.de\/wp-content\/uploads\/2025\/10\/U3A1854.jpg\" data-fancybox=\"wpcp_view\">\n\t\t<figure>\n\t\t\t<img loading=\"lazy\" decoding=\"async\" class=\"skip-lazy\" src=\"https:\/\/www.buendnis-impfen.de\/wp-content\/uploads\/2025\/10\/U3A1854.jpg\" alt=\"_U3A1854\" width=\"1024\" height=\"682\">\t\t<\/figure>\n\t<\/a>\n\t\t<\/div>\n<\/div>\n\t<div class=\"swiper-slide\">\n\t<div class=\"wpcp-single-item\">\n\t\t\t<a class=\"wcp-light-box\" data-buttons='[\"close\"]' data-wpc_url='https:\/\/www.buendnis-impfen.de\/wp-content\/uploads\/2025\/10\/U3A1859.jpg' href=\"https:\/\/www.buendnis-impfen.de\/wp-content\/uploads\/2025\/10\/U3A1859.jpg\" data-fancybox=\"wpcp_view\">\n\t\t<figure>\n\t\t\t<img loading=\"lazy\" decoding=\"async\" class=\"skip-lazy\" src=\"https:\/\/www.buendnis-impfen.de\/wp-content\/uploads\/2025\/10\/U3A1859.jpg\" alt=\"_U3A1859\" width=\"1024\" height=\"682\">\t\t<\/figure>\n\t<\/a>\n\t\t<\/div>\n<\/div>\n\t<div class=\"swiper-slide\">\n\t<div class=\"wpcp-single-item\">\n\t\t\t<a class=\"wcp-light-box\" data-buttons='[\"close\"]' data-wpc_url='https:\/\/www.buendnis-impfen.de\/wp-content\/uploads\/2025\/10\/U3A1863.jpg' href=\"https:\/\/www.buendnis-impfen.de\/wp-content\/uploads\/2025\/10\/U3A1863.jpg\" data-fancybox=\"wpcp_view\">\n\t\t<figure>\n\t\t\t<img loading=\"lazy\" decoding=\"async\" class=\"skip-lazy\" src=\"https:\/\/www.buendnis-impfen.de\/wp-content\/uploads\/2025\/10\/U3A1863.jpg\" alt=\"_U3A1863\" width=\"511\" height=\"768\">\t\t<\/figure>\n\t<\/a>\n\t\t<\/div>\n<\/div>\n\t<div class=\"swiper-slide\">\n\t<div class=\"wpcp-single-item\">\n\t\t\t<a class=\"wcp-light-box\" data-buttons='[\"close\"]' data-wpc_url='https:\/\/www.buendnis-impfen.de\/wp-content\/uploads\/2025\/10\/U3A1870.jpg' href=\"https:\/\/www.buendnis-impfen.de\/wp-content\/uploads\/2025\/10\/U3A1870.jpg\" data-fancybox=\"wpcp_view\">\n\t\t<figure>\n\t\t\t<img loading=\"lazy\" decoding=\"async\" class=\"skip-lazy\" src=\"https:\/\/www.buendnis-impfen.de\/wp-content\/uploads\/2025\/10\/U3A1870.jpg\" alt=\"_U3A1870\" width=\"1024\" height=\"682\">\t\t<\/figure>\n\t<\/a>\n\t\t<\/div>\n<\/div>\n\t<div class=\"swiper-slide\">\n\t<div class=\"wpcp-single-item\">\n\t\t\t<a class=\"wcp-light-box\" data-buttons='[\"close\"]' data-wpc_url='https:\/\/www.buendnis-impfen.de\/wp-content\/uploads\/2025\/10\/U3A1872.jpg' href=\"https:\/\/www.buendnis-impfen.de\/wp-content\/uploads\/2025\/10\/U3A1872.jpg\" data-fancybox=\"wpcp_view\">\n\t\t<figure>\n\t\t\t<img loading=\"lazy\" decoding=\"async\" class=\"skip-lazy\" src=\"https:\/\/www.buendnis-impfen.de\/wp-content\/uploads\/2025\/10\/U3A1872.jpg\" alt=\"_U3A1872\" width=\"511\" height=\"768\">\t\t<\/figure>\n\t<\/a>\n\t\t<\/div>\n<\/div>\n\t<div class=\"swiper-slide\">\n\t<div class=\"wpcp-single-item\">\n\t\t\t<a class=\"wcp-light-box\" data-buttons='[\"close\"]' data-wpc_url='https:\/\/www.buendnis-impfen.de\/wp-content\/uploads\/2025\/10\/U3A1875.jpg' href=\"https:\/\/www.buendnis-impfen.de\/wp-content\/uploads\/2025\/10\/U3A1875.jpg\" data-fancybox=\"wpcp_view\">\n\t\t<figure>\n\t\t\t<img loading=\"lazy\" decoding=\"async\" class=\"skip-lazy\" src=\"https:\/\/www.buendnis-impfen.de\/wp-content\/uploads\/2025\/10\/U3A1875.jpg\" alt=\"_U3A1875\" width=\"511\" height=\"768\">\t\t<\/figure>\n\t<\/a>\n\t\t<\/div>\n<\/div>\n\t<div class=\"swiper-slide\">\n\t<div class=\"wpcp-single-item\">\n\t\t\t<a class=\"wcp-light-box\" data-buttons='[\"close\"]' data-wpc_url='https:\/\/www.buendnis-impfen.de\/wp-content\/uploads\/2025\/10\/U3A1877.jpg' href=\"https:\/\/www.buendnis-impfen.de\/wp-content\/uploads\/2025\/10\/U3A1877.jpg\" data-fancybox=\"wpcp_view\">\n\t\t<figure>\n\t\t\t<img loading=\"lazy\" decoding=\"async\" class=\"skip-lazy\" src=\"https:\/\/www.buendnis-impfen.de\/wp-content\/uploads\/2025\/10\/U3A1877.jpg\" alt=\"_U3A1877\" width=\"1024\" height=\"682\">\t\t<\/figure>\n\t<\/a>\n\t\t<\/div>\n<\/div>\n\t<div class=\"swiper-slide\">\n\t<div class=\"wpcp-single-item\">\n\t\t\t<a class=\"wcp-light-box\" data-buttons='[\"close\"]' data-wpc_url='https:\/\/www.buendnis-impfen.de\/wp-content\/uploads\/2025\/10\/U3A1885.jpg' href=\"https:\/\/www.buendnis-impfen.de\/wp-content\/uploads\/2025\/10\/U3A1885.jpg\" data-fancybox=\"wpcp_view\">\n\t\t<figure>\n\t\t\t<img loading=\"lazy\" decoding=\"async\" class=\"skip-lazy\" src=\"https:\/\/www.buendnis-impfen.de\/wp-content\/uploads\/2025\/10\/U3A1885.jpg\" alt=\"_U3A1885\" width=\"511\" height=\"768\">\t\t<\/figure>\n\t<\/a>\n\t\t<\/div>\n<\/div>\n\t<div class=\"swiper-slide\">\n\t<div class=\"wpcp-single-item\">\n\t\t\t<a class=\"wcp-light-box\" data-buttons='[\"close\"]' data-wpc_url='https:\/\/www.buendnis-impfen.de\/wp-content\/uploads\/2025\/10\/U3A1889.jpg' href=\"https:\/\/www.buendnis-impfen.de\/wp-content\/uploads\/2025\/10\/U3A1889.jpg\" data-fancybox=\"wpcp_view\">\n\t\t<figure>\n\t\t\t<img loading=\"lazy\" decoding=\"async\" class=\"skip-lazy\" src=\"https:\/\/www.buendnis-impfen.de\/wp-content\/uploads\/2025\/10\/U3A1889.jpg\" alt=\"_U3A1889\" width=\"511\" height=\"768\">\t\t<\/figure>\n\t<\/a>\n\t\t<\/div>\n<\/div>\n\t<div class=\"swiper-slide\">\n\t<div class=\"wpcp-single-item\">\n\t\t\t<a class=\"wcp-light-box\" data-buttons='[\"close\"]' data-wpc_url='https:\/\/www.buendnis-impfen.de\/wp-content\/uploads\/2025\/10\/U3A1893.jpg' href=\"https:\/\/www.buendnis-impfen.de\/wp-content\/uploads\/2025\/10\/U3A1893.jpg\" data-fancybox=\"wpcp_view\">\n\t\t<figure>\n\t\t\t<img loading=\"lazy\" decoding=\"async\" class=\"skip-lazy\" src=\"https:\/\/www.buendnis-impfen.de\/wp-content\/uploads\/2025\/10\/U3A1893.jpg\" alt=\"_U3A1893\" width=\"1024\" height=\"682\">\t\t<\/figure>\n\t<\/a>\n\t\t<\/div>\n<\/div>\n\t<div class=\"swiper-slide\">\n\t<div class=\"wpcp-single-item\">\n\t\t\t<a class=\"wcp-light-box\" data-buttons='[\"close\"]' data-wpc_url='https:\/\/www.buendnis-impfen.de\/wp-content\/uploads\/2025\/10\/U3A1894.jpg' href=\"https:\/\/www.buendnis-impfen.de\/wp-content\/uploads\/2025\/10\/U3A1894.jpg\" data-fancybox=\"wpcp_view\">\n\t\t<figure>\n\t\t\t<img loading=\"lazy\" decoding=\"async\" class=\"skip-lazy\" src=\"https:\/\/www.buendnis-impfen.de\/wp-content\/uploads\/2025\/10\/U3A1894.jpg\" alt=\"_U3A1894\" width=\"1024\" height=\"682\">\t\t<\/figure>\n\t<\/a>\n\t\t<\/div>\n<\/div>\n\t<div class=\"swiper-slide\">\n\t<div class=\"wpcp-single-item\">\n\t\t\t<a class=\"wcp-light-box\" data-buttons='[\"close\"]' data-wpc_url='https:\/\/www.buendnis-impfen.de\/wp-content\/uploads\/2025\/10\/U3A1902.jpg' href=\"https:\/\/www.buendnis-impfen.de\/wp-content\/uploads\/2025\/10\/U3A1902.jpg\" data-fancybox=\"wpcp_view\">\n\t\t<figure>\n\t\t\t<img loading=\"lazy\" decoding=\"async\" class=\"skip-lazy\" src=\"https:\/\/www.buendnis-impfen.de\/wp-content\/uploads\/2025\/10\/U3A1902.jpg\" alt=\"_U3A1902\" width=\"511\" height=\"768\">\t\t<\/figure>\n\t<\/a>\n\t\t<\/div>\n<\/div>\n\t<div class=\"swiper-slide\">\n\t<div class=\"wpcp-single-item\">\n\t\t\t<a class=\"wcp-light-box\" data-buttons='[\"close\"]' data-wpc_url='https:\/\/www.buendnis-impfen.de\/wp-content\/uploads\/2025\/10\/U3A1905.jpg' href=\"https:\/\/www.buendnis-impfen.de\/wp-content\/uploads\/2025\/10\/U3A1905.jpg\" data-fancybox=\"wpcp_view\">\n\t\t<figure>\n\t\t\t<img loading=\"lazy\" decoding=\"async\" class=\"skip-lazy\" src=\"https:\/\/www.buendnis-impfen.de\/wp-content\/uploads\/2025\/10\/U3A1905.jpg\" alt=\"_U3A1905\" width=\"1024\" height=\"682\">\t\t<\/figure>\n\t<\/a>\n\t\t<\/div>\n<\/div>\n\t<div class=\"swiper-slide\">\n\t<div class=\"wpcp-single-item\">\n\t\t\t<a class=\"wcp-light-box\" data-buttons='[\"close\"]' data-wpc_url='https:\/\/www.buendnis-impfen.de\/wp-content\/uploads\/2025\/10\/U3A1907.jpg' href=\"https:\/\/www.buendnis-impfen.de\/wp-content\/uploads\/2025\/10\/U3A1907.jpg\" data-fancybox=\"wpcp_view\">\n\t\t<figure>\n\t\t\t<img loading=\"lazy\" decoding=\"async\" class=\"skip-lazy\" src=\"https:\/\/www.buendnis-impfen.de\/wp-content\/uploads\/2025\/10\/U3A1907.jpg\" alt=\"_U3A1907\" width=\"511\" height=\"768\">\t\t<\/figure>\n\t<\/a>\n\t\t<\/div>\n<\/div>\n\t<div class=\"swiper-slide\">\n\t<div class=\"wpcp-single-item\">\n\t\t\t<a class=\"wcp-light-box\" data-buttons='[\"close\"]' data-wpc_url='https:\/\/www.buendnis-impfen.de\/wp-content\/uploads\/2025\/10\/U3A1909.jpg' href=\"https:\/\/www.buendnis-impfen.de\/wp-content\/uploads\/2025\/10\/U3A1909.jpg\" data-fancybox=\"wpcp_view\">\n\t\t<figure>\n\t\t\t<img loading=\"lazy\" decoding=\"async\" class=\"skip-lazy\" src=\"https:\/\/www.buendnis-impfen.de\/wp-content\/uploads\/2025\/10\/U3A1909.jpg\" alt=\"_U3A1909\" width=\"1024\" height=\"682\">\t\t<\/figure>\n\t<\/a>\n\t\t<\/div>\n<\/div>\n\t<div class=\"swiper-slide\">\n\t<div class=\"wpcp-single-item\">\n\t\t\t<a class=\"wcp-light-box\" data-buttons='[\"close\"]' data-wpc_url='https:\/\/www.buendnis-impfen.de\/wp-content\/uploads\/2025\/10\/U3A1926.jpg' href=\"https:\/\/www.buendnis-impfen.de\/wp-content\/uploads\/2025\/10\/U3A1926.jpg\" data-fancybox=\"wpcp_view\">\n\t\t<figure>\n\t\t\t<img loading=\"lazy\" decoding=\"async\" class=\"skip-lazy\" src=\"https:\/\/www.buendnis-impfen.de\/wp-content\/uploads\/2025\/10\/U3A1926.jpg\" alt=\"_U3A1926\" width=\"511\" height=\"768\">\t\t<\/figure>\n\t<\/a>\n\t\t<\/div>\n<\/div>\n\t<div class=\"swiper-slide\">\n\t<div class=\"wpcp-single-item\">\n\t\t\t<a class=\"wcp-light-box\" data-buttons='[\"close\"]' data-wpc_url='https:\/\/www.buendnis-impfen.de\/wp-content\/uploads\/2025\/10\/U3A1927.jpg' href=\"https:\/\/www.buendnis-impfen.de\/wp-content\/uploads\/2025\/10\/U3A1927.jpg\" data-fancybox=\"wpcp_view\">\n\t\t<figure>\n\t\t\t<img loading=\"lazy\" decoding=\"async\" class=\"skip-lazy\" src=\"https:\/\/www.buendnis-impfen.de\/wp-content\/uploads\/2025\/10\/U3A1927.jpg\" alt=\"_U3A1927\" width=\"511\" height=\"768\">\t\t<\/figure>\n\t<\/a>\n\t\t<\/div>\n<\/div>\n\t<div class=\"swiper-slide\">\n\t<div class=\"wpcp-single-item\">\n\t\t\t<a class=\"wcp-light-box\" data-buttons='[\"close\"]' data-wpc_url='https:\/\/www.buendnis-impfen.de\/wp-content\/uploads\/2025\/10\/U3A1928.jpg' href=\"https:\/\/www.buendnis-impfen.de\/wp-content\/uploads\/2025\/10\/U3A1928.jpg\" data-fancybox=\"wpcp_view\">\n\t\t<figure>\n\t\t\t<img loading=\"lazy\" decoding=\"async\" class=\"skip-lazy\" src=\"https:\/\/www.buendnis-impfen.de\/wp-content\/uploads\/2025\/10\/U3A1928.jpg\" alt=\"_U3A1928\" width=\"511\" height=\"768\">\t\t<\/figure>\n\t<\/a>\n\t\t<\/div>\n<\/div>\n\t<div class=\"swiper-slide\">\n\t<div class=\"wpcp-single-item\">\n\t\t\t<a class=\"wcp-light-box\" data-buttons='[\"close\"]' data-wpc_url='https:\/\/www.buendnis-impfen.de\/wp-content\/uploads\/2025\/10\/U3A1933.jpg' href=\"https:\/\/www.buendnis-impfen.de\/wp-content\/uploads\/2025\/10\/U3A1933.jpg\" data-fancybox=\"wpcp_view\">\n\t\t<figure>\n\t\t\t<img loading=\"lazy\" decoding=\"async\" class=\"skip-lazy\" src=\"https:\/\/www.buendnis-impfen.de\/wp-content\/uploads\/2025\/10\/U3A1933.jpg\" alt=\"_U3A1933\" width=\"511\" height=\"768\">\t\t<\/figure>\n\t<\/a>\n\t\t<\/div>\n<\/div>\n\t<div class=\"swiper-slide\">\n\t<div class=\"wpcp-single-item\">\n\t\t\t<a class=\"wcp-light-box\" data-buttons='[\"close\"]' data-wpc_url='https:\/\/www.buendnis-impfen.de\/wp-content\/uploads\/2025\/10\/U3A1936.jpg' href=\"https:\/\/www.buendnis-impfen.de\/wp-content\/uploads\/2025\/10\/U3A1936.jpg\" data-fancybox=\"wpcp_view\">\n\t\t<figure>\n\t\t\t<img loading=\"lazy\" decoding=\"async\" class=\"skip-lazy\" src=\"https:\/\/www.buendnis-impfen.de\/wp-content\/uploads\/2025\/10\/U3A1936.jpg\" alt=\"_U3A1936\" width=\"1024\" height=\"682\">\t\t<\/figure>\n\t<\/a>\n\t\t<\/div>\n<\/div>\n\t<div class=\"swiper-slide\">\n\t<div class=\"wpcp-single-item\">\n\t\t\t<a class=\"wcp-light-box\" data-buttons='[\"close\"]' data-wpc_url='https:\/\/www.buendnis-impfen.de\/wp-content\/uploads\/2025\/10\/U3A1939.jpg' href=\"https:\/\/www.buendnis-impfen.de\/wp-content\/uploads\/2025\/10\/U3A1939.jpg\" data-fancybox=\"wpcp_view\">\n\t\t<figure>\n\t\t\t<img loading=\"lazy\" decoding=\"async\" class=\"skip-lazy\" src=\"https:\/\/www.buendnis-impfen.de\/wp-content\/uploads\/2025\/10\/U3A1939.jpg\" alt=\"_U3A1939\" width=\"511\" height=\"768\">\t\t<\/figure>\n\t<\/a>\n\t\t<\/div>\n<\/div>\n\t<div class=\"swiper-slide\">\n\t<div class=\"wpcp-single-item\">\n\t\t\t<a class=\"wcp-light-box\" data-buttons='[\"close\"]' data-wpc_url='https:\/\/www.buendnis-impfen.de\/wp-content\/uploads\/2025\/10\/U3A1947.jpg' href=\"https:\/\/www.buendnis-impfen.de\/wp-content\/uploads\/2025\/10\/U3A1947.jpg\" data-fancybox=\"wpcp_view\">\n\t\t<figure>\n\t\t\t<img loading=\"lazy\" decoding=\"async\" class=\"skip-lazy\" src=\"https:\/\/www.buendnis-impfen.de\/wp-content\/uploads\/2025\/10\/U3A1947.jpg\" alt=\"_U3A1947\" width=\"1024\" height=\"682\">\t\t<\/figure>\n\t<\/a>\n\t\t<\/div>\n<\/div>\n\t<div class=\"swiper-slide\">\n\t<div class=\"wpcp-single-item\">\n\t\t\t<a class=\"wcp-light-box\" data-buttons='[\"close\"]' data-wpc_url='https:\/\/www.buendnis-impfen.de\/wp-content\/uploads\/2025\/10\/U3A1958.jpg' href=\"https:\/\/www.buendnis-impfen.de\/wp-content\/uploads\/2025\/10\/U3A1958.jpg\" data-fancybox=\"wpcp_view\">\n\t\t<figure>\n\t\t\t<img loading=\"lazy\" decoding=\"async\" class=\"skip-lazy\" src=\"https:\/\/www.buendnis-impfen.de\/wp-content\/uploads\/2025\/10\/U3A1958.jpg\" alt=\"_U3A1958\" width=\"1024\" height=\"682\">\t\t<\/figure>\n\t<\/a>\n\t\t<\/div>\n<\/div>\n\t<div class=\"swiper-slide\">\n\t<div class=\"wpcp-single-item\">\n\t\t\t<a class=\"wcp-light-box\" data-buttons='[\"close\"]' data-wpc_url='https:\/\/www.buendnis-impfen.de\/wp-content\/uploads\/2025\/10\/U3A1960.jpg' href=\"https:\/\/www.buendnis-impfen.de\/wp-content\/uploads\/2025\/10\/U3A1960.jpg\" data-fancybox=\"wpcp_view\">\n\t\t<figure>\n\t\t\t<img loading=\"lazy\" decoding=\"async\" class=\"skip-lazy\" src=\"https:\/\/www.buendnis-impfen.de\/wp-content\/uploads\/2025\/10\/U3A1960.jpg\" alt=\"_U3A1960\" width=\"511\" height=\"768\">\t\t<\/figure>\n\t<\/a>\n\t\t<\/div>\n<\/div>\n\t<div class=\"swiper-slide\">\n\t<div class=\"wpcp-single-item\">\n\t\t\t<a class=\"wcp-light-box\" data-buttons='[\"close\"]' data-wpc_url='https:\/\/www.buendnis-impfen.de\/wp-content\/uploads\/2025\/10\/U3A1970.jpg' href=\"https:\/\/www.buendnis-impfen.de\/wp-content\/uploads\/2025\/10\/U3A1970.jpg\" data-fancybox=\"wpcp_view\">\n\t\t<figure>\n\t\t\t<img loading=\"lazy\" decoding=\"async\" class=\"skip-lazy\" src=\"https:\/\/www.buendnis-impfen.de\/wp-content\/uploads\/2025\/10\/U3A1970.jpg\" alt=\"_U3A1970\" width=\"511\" height=\"768\">\t\t<\/figure>\n\t<\/a>\n\t\t<\/div>\n<\/div>\n\t<div class=\"swiper-slide\">\n\t<div class=\"wpcp-single-item\">\n\t\t\t<a class=\"wcp-light-box\" data-buttons='[\"close\"]' data-wpc_url='https:\/\/www.buendnis-impfen.de\/wp-content\/uploads\/2025\/10\/U3A1977.jpg' href=\"https:\/\/www.buendnis-impfen.de\/wp-content\/uploads\/2025\/10\/U3A1977.jpg\" data-fancybox=\"wpcp_view\">\n\t\t<figure>\n\t\t\t<img loading=\"lazy\" decoding=\"async\" class=\"skip-lazy\" src=\"https:\/\/www.buendnis-impfen.de\/wp-content\/uploads\/2025\/10\/U3A1977.jpg\" alt=\"_U3A1977\" width=\"1024\" height=\"682\">\t\t<\/figure>\n\t<\/a>\n\t\t<\/div>\n<\/div>\n\t<div class=\"swiper-slide\">\n\t<div class=\"wpcp-single-item\">\n\t\t\t<a class=\"wcp-light-box\" data-buttons='[\"close\"]' data-wpc_url='https:\/\/www.buendnis-impfen.de\/wp-content\/uploads\/2025\/10\/U3A1984.jpg' href=\"https:\/\/www.buendnis-impfen.de\/wp-content\/uploads\/2025\/10\/U3A1984.jpg\" data-fancybox=\"wpcp_view\">\n\t\t<figure>\n\t\t\t<img loading=\"lazy\" decoding=\"async\" class=\"skip-lazy\" src=\"https:\/\/www.buendnis-impfen.de\/wp-content\/uploads\/2025\/10\/U3A1984.jpg\" alt=\"_U3A1984\" width=\"1024\" height=\"682\">\t\t<\/figure>\n\t<\/a>\n\t\t<\/div>\n<\/div>\n\t<div class=\"swiper-slide\">\n\t<div class=\"wpcp-single-item\">\n\t\t\t<a class=\"wcp-light-box\" data-buttons='[\"close\"]' data-wpc_url='https:\/\/www.buendnis-impfen.de\/wp-content\/uploads\/2025\/10\/U3A1985.jpg' href=\"https:\/\/www.buendnis-impfen.de\/wp-content\/uploads\/2025\/10\/U3A1985.jpg\" data-fancybox=\"wpcp_view\">\n\t\t<figure>\n\t\t\t<img loading=\"lazy\" decoding=\"async\" class=\"skip-lazy\" src=\"https:\/\/www.buendnis-impfen.de\/wp-content\/uploads\/2025\/10\/U3A1985.jpg\" alt=\"_U3A1985\" width=\"1024\" height=\"682\">\t\t<\/figure>\n\t<\/a>\n\t\t<\/div>\n<\/div>\n\t<div class=\"swiper-slide\">\n\t<div class=\"wpcp-single-item\">\n\t\t\t<a class=\"wcp-light-box\" data-buttons='[\"close\"]' data-wpc_url='https:\/\/www.buendnis-impfen.de\/wp-content\/uploads\/2025\/10\/U3A1998.jpg' href=\"https:\/\/www.buendnis-impfen.de\/wp-content\/uploads\/2025\/10\/U3A1998.jpg\" data-fancybox=\"wpcp_view\">\n\t\t<figure>\n\t\t\t<img loading=\"lazy\" decoding=\"async\" class=\"skip-lazy\" src=\"https:\/\/www.buendnis-impfen.de\/wp-content\/uploads\/2025\/10\/U3A1998.jpg\" alt=\"_U3A1998\" width=\"1024\" height=\"682\">\t\t<\/figure>\n\t<\/a>\n\t\t<\/div>\n<\/div>\n\t\t\t<\/div>\n\t\t\t\t<!-- If we need navigation buttons -->\n\t\t\t\t\t<div class=\"wpcp-prev-button swiper-button-prev\"><i class=\"fa fa-angle-left\"><\/i><\/div>\n\t\t\t<div class=\"wpcp-next-button swiper-button-next\"><i class=\"fa fa-angle-right\"><\/i><\/div>\n\t\t\t<\/div>\n\t<\/div>\n<\/div>\n\n<\/div>\n<\/div>\n\n\n\n<div style=\"height:100px\" aria-hidden=\"true\" class=\"wp-block-spacer\"><\/div>\n\n\n\n<p class=\"has-text-align-center\" style=\"border-style:none;border-width:0px\">Das NABI hat als neues Vorstandsmitglied Dr. PH Nobila Ou\u00e9draogo und als neue Vorsitzende Dr. med. Katharina H\u00fcppe, die von Prof. Dr. med. Heidrun Thaiss \u00fcbernimmt, die jetzt Ehrenvorsitzende des B\u00fcndnis ist.<\/p>\n<\/div>\n\n\n\n<div class=\"wp-block-group alignwide has-base-background-color has-background has-global-padding is-layout-constrained wp-container-core-group-is-layout-a151063b wp-block-group-is-layout-constrained\" style=\"border-radius:16px;padding-top:var(--wp--preset--spacing--50);padding-right:var(--wp--preset--spacing--40);padding-bottom:var(--wp--preset--spacing--50);padding-left:var(--wp--preset--spacing--40)\">\n<div class=\"wp-block-group alignwide has-global-padding is-layout-constrained wp-block-group-is-layout-constrained\">\n<p class=\"has-text-align-center\" style=\"font-size:clamp(0.984rem, 0.984rem + ((1vw - 0.2rem) * 0.86), 1.5rem);\"><strong>Parlamentarischer Abend <\/strong><\/p>\n\n\n\n<p class=\"has-text-align-center\">am 6. Juni 2024<\/p>\n\n\n\n<div style=\"height:50px\" aria-hidden=\"true\" class=\"wp-block-spacer\"><\/div>\n\n\n\n<figure class=\"wp-block-embed is-type-video is-provider-vimeo wp-block-embed-vimeo wp-embed-aspect-16-9 wp-has-aspect-ratio\"><div class=\"wp-block-embed__wrapper\">\n<iframe loading=\"lazy\" title=\"Nabi Parlamentarischer Abend\" src=\"https:\/\/player.vimeo.com\/video\/961055256?h=7e5b3720de&amp;dnt=1&amp;app_id=122963\" width=\"500\" height=\"281\" frameborder=\"0\" allow=\"autoplay; fullscreen; picture-in-picture; clipboard-write; encrypted-media; web-share\" referrerpolicy=\"strict-origin-when-cross-origin\"><\/iframe>\n<\/div><\/figure>\n<\/div>\n\n\n\n<div style=\"height:100px\" aria-hidden=\"true\" class=\"wp-block-spacer\"><\/div>\n\n\n\n<div class=\"wp-block-columns alignwide is-layout-flex wp-container-core-columns-is-layout-28f84493 wp-block-columns-is-layout-flex\">\n<div class=\"wp-block-column is-layout-flow wp-block-column-is-layout-flow\" style=\"flex-basis:100%\"><style id=\"wp_carousel_dynamic_css262\">#sp-wp-carousel-free-id-262.sp-wpcp-262 .wpcp-single-item {border: 0px solid #dddddd;}#sp-wp-carousel-free-id-262.sp-wpcp-262 .swiper-button-prev,#sp-wp-carousel-free-id-262.sp-wpcp-262 .swiper-button-next,#sp-wp-carousel-free-id-262.sp-wpcp-262 .swiper-button-prev:hover,#sp-wp-carousel-free-id-262.sp-wpcp-262 .swiper-button-next:hover {background: none;border: none;font-size: 30px;}#sp-wp-carousel-free-id-262.sp-wpcp-262 .swiper-button-prev i,#sp-wp-carousel-free-id-262.sp-wpcp-262 .swiper-button-next i {color: #aaa;}#sp-wp-carousel-free-id-262.sp-wpcp-262 .swiper-button-prev i:hover,#sp-wp-carousel-free-id-262.sp-wpcp-262 .swiper-button-next i:hover {color: #178087;} #sp-wp-carousel-free-id-262.sp-wpcp-262.wpcp-image-carousel .wpcp-single-item:hover img, #sp-wp-carousel-free-id-262.sp-wpcp-262.wpcp-post-carousel .wpcp-single-item:hover img, #sp-wp-carousel-free-id-262.sp-wpcp-262.wpcp-product-carousel .wpcp-single-item:hover img{-webkit-transform: scale(1.2);-moz-transform: scale(1.2);transform: scale(1.2);}#sp-wp-carousel-free-id-262 .wpcpro-row>[class*=\"wpcpro-col-\"] { padding: 0 10px; padding-bottom: 20px;}@media (min-width: 480px) { .wpcpro-row .wpcpro-col-sm-1 { flex: 0 0 100%; max-width: 100%; } .wpcpro-row .wpcpro-col-sm-2 { flex: 0 0 50%; max-width: 50%; } .wpcpro-row .wpcpro-col-sm-2-5 { flex: 0 0 75%; max-width: 75%; } .wpcpro-row .wpcpro-col-sm-3 { flex: 0 0 33.333%; max-width: 33.333%; } .wpcpro-row .wpcpro-col-sm-4 { flex: 0 0 25%; max-width: 25%; } .wpcpro-row .wpcpro-col-sm-5 { flex: 0 0 20%; max-width: 20%; } .wpcpro-row .wpcpro-col-sm-6 { flex: 0 0 16.66666666666667%; max-width: 16.66666666666667%; } .wpcpro-row .wpcpro-col-sm-7 { flex: 0 0 14.28571428%; max-width: 14.28571428%; } .wpcpro-row .wpcpro-col-sm-8 { flex: 0 0 12.5%; max-width: 12.5%; } } @media (max-width: 480px) { .wpcpro-row .wpcpro-col-xs-1 { flex: 0 0 100%; max-width: 100%; } .wpcpro-row .wpcpro-col-xs-2 { flex: 0 0 50%; max-width: 50%; } .wpcpro-row .wpcpro-col-xs-3 { flex: 0 0 33.222%; max-width: 33.222%; } .wpcpro-row .wpcpro-col-xs-4 { flex: 0 0 25%; max-width: 25%; } .wpcpro-row .wpcpro-col-xs-5 { flex: 0 0 20%; max-width: 20%; } .wpcpro-row .wpcpro-col-xs-6 { flex: 0 0 16.6667%; max-width: 16.6667%; } .wpcpro-row .wpcpro-col-xs-7 { flex: 0 0 14.28571428%; max-width: 14.28571428%; } .wpcpro-row .wpcpro-col-xs-8 { flex: 0 0 12.5%; max-width: 12.5%; } } @media (min-width: 736px) { .wpcpro-row .wpcpro-col-md-1 { flex: 0 0 100%; max-width: 100%; } .wpcpro-row .wpcpro-col-md-2 { flex: 0 0 50%; max-width: 50%; } .wpcpro-row .wpcpro-col-md-2-5 { flex: 0 0 75%; max-width: 75%; } .wpcpro-row .wpcpro-col-md-3 { flex: 0 0 33.333%; max-width: 33.333%; } .wpcpro-row .wpcpro-col-md-4 { flex: 0 0 25%; max-width: 25%; } .wpcpro-row .wpcpro-col-md-5 { flex: 0 0 20%; max-width: 20%; } .wpcpro-row .wpcpro-col-md-6 { flex: 0 0 16.66666666666667%; max-width: 16.66666666666667%; } .wpcpro-row .wpcpro-col-md-7 { flex: 0 0 14.28571428%; max-width: 14.28571428%; } .wpcpro-row .wpcpro-col-md-8 { flex: 0 0 12.5%; max-width: 12.5%; } } @media (min-width: 980px) { .wpcpro-row .wpcpro-col-lg-1 { flex: 0 0 100%; max-width: 100%; } .wpcpro-row .wpcpro-col-lg-2 { flex: 0 0 50%; max-width: 50%; } .wpcpro-row .wpcpro-col-lg-3 { flex: 0 0 33.222%; max-width: 33.222%; } .wpcpro-row .wpcpro-col-lg-4 { flex: 0 0 25%; max-width: 25%; } .wpcpro-row .wpcpro-col-lg-5 { flex: 0 0 20%; max-width: 20%; } .wpcpro-row .wpcpro-col-lg-6 { flex: 0 0 16.6667%; max-width: 16.6667%; } .wpcpro-row .wpcpro-col-lg-7 { flex: 0 0 14.28571428%; max-width: 14.28571428%; } .wpcpro-row .wpcpro-col-lg-8 { flex: 0 0 12.5%; max-width: 12.5%; } } @media (min-width: 1200px) { .wpcpro-row .wpcpro-col-xl-1 { flex: 0 0 100%; max-width: 100%; } .wpcpro-row .wpcpro-col-xl-2 { flex: 0 0 50%; max-width: 50%; } .wpcpro-row .wpcpro-col-xl-3 { flex: 0 0 33.22222222%; max-width: 33.22222222%; } .wpcpro-row .wpcpro-col-xl-4 { flex: 0 0 25%; max-width: 25%; } .wpcpro-row .wpcpro-col-xl-5 { flex: 0 0 20%; max-width: 20%; } .wpcpro-row .wpcpro-col-xl-6 { flex: 0 0 16.66667%; max-width: 16.66667%; } .wpcpro-row .wpcpro-col-xl-7 { flex: 0 0 14.28571428%; max-width: 14.28571428%; } .wpcpro-row .wpcpro-col-xl-8 { flex: 0 0 12.5%; max-width: 12.5%; } }<\/style><div class=\"wpcp-carousel-wrapper wpcp-wrapper-262\">\n\t<div id=\"wpcp-preloader-262\" class=\"wpcp-carousel-preloader\"><img decoding=\"async\" src=\"https:\/\/www.buendnis-impfen.de\/wp-content\/plugins\/wp-carousel-free\/public\/css\/spinner.svg\" alt=\"Preloader Image\" \/><\/div>\t<div class=\"wpcp-carousel-content-wrapper\">\n\t<div id=\"sp-wp-carousel-free-id-262\" class=\"wpcp-carousel-section sp-wpcp-262  nav-vertical-center wpcp-image-carousel wpcp-preloader wpcp-standard\" data-swiper='{ &quot;accessibility&quot;:true, &quot;spaceBetween&quot;:20, &quot;arrows&quot;:true, &quot;freeMode&quot;: false, &quot;autoplay&quot;:true, &quot;autoplaySpeed&quot;:3000, &quot;dots&quot;:false, &quot;infinite&quot;:true, &quot;speed&quot;:600, &quot;pauseOnHover&quot;:true,\n\t\t\t&quot;slidesToShow&quot;:{&quot;lg_desktop&quot;:3, &quot;desktop&quot;: 3, &quot;laptop&quot;: 3, &quot;tablet&quot;: 2, &quot;mobile&quot;: 1}, &quot;responsive&quot;:{&quot;desktop&quot;:1200, &quot;laptop&quot;: 980, &quot;tablet&quot;: 736, &quot;mobile&quot;: 480}, &quot;rtl&quot;:false, &quot;lazyLoad&quot;: &quot;false&quot;, &quot;swipe&quot;: true, &quot;draggable&quot;: true, &quot;swipeToSlide&quot;:false }' dir=\"ltr\">\n\t\t<div class=\"swiper-wrapper\">\n\t\t<div class=\"swiper-slide\">\n\t<div class=\"wpcp-single-item\">\n\t\t\t<a class=\"wcp-light-box\" data-buttons='[\"close\"]' data-wpc_url='https:\/\/www.buendnis-impfen.de\/wp-content\/uploads\/2024\/06\/ParlAbend-14-1024x683.jpg' href=\"https:\/\/www.buendnis-impfen.de\/wp-content\/uploads\/2024\/06\/ParlAbend-14-1024x683.jpg\" data-fancybox=\"wpcp_view\">\n\t\t<figure>\n\t\t\t<img loading=\"lazy\" decoding=\"async\" class=\"skip-lazy\" src=\"https:\/\/www.buendnis-impfen.de\/wp-content\/uploads\/2024\/06\/ParlAbend-14-1024x683.jpg\" alt=\"ParlAbend-14\" width=\"1024\" height=\"683\">\t\t<\/figure>\n\t<\/a>\n\t\t<\/div>\n<\/div>\n\t<div class=\"swiper-slide\">\n\t<div class=\"wpcp-single-item\">\n\t\t\t<a class=\"wcp-light-box\" data-buttons='[\"close\"]' data-wpc_url='https:\/\/www.buendnis-impfen.de\/wp-content\/uploads\/2024\/06\/ParlAbend-29-683x1024.jpg' href=\"https:\/\/www.buendnis-impfen.de\/wp-content\/uploads\/2024\/06\/ParlAbend-29-683x1024.jpg\" data-fancybox=\"wpcp_view\">\n\t\t<figure>\n\t\t\t<img loading=\"lazy\" decoding=\"async\" class=\"skip-lazy\" src=\"https:\/\/www.buendnis-impfen.de\/wp-content\/uploads\/2024\/06\/ParlAbend-29-683x1024.jpg\" alt=\"ParlAbend-29\" width=\"683\" height=\"1024\">\t\t<\/figure>\n\t<\/a>\n\t\t<\/div>\n<\/div>\n\t<div class=\"swiper-slide\">\n\t<div class=\"wpcp-single-item\">\n\t\t\t<a class=\"wcp-light-box\" data-buttons='[\"close\"]' data-wpc_url='https:\/\/www.buendnis-impfen.de\/wp-content\/uploads\/2024\/06\/ParlAbend-35-1024x683.jpg' href=\"https:\/\/www.buendnis-impfen.de\/wp-content\/uploads\/2024\/06\/ParlAbend-35-1024x683.jpg\" data-fancybox=\"wpcp_view\">\n\t\t<figure>\n\t\t\t<img loading=\"lazy\" decoding=\"async\" class=\"skip-lazy\" src=\"https:\/\/www.buendnis-impfen.de\/wp-content\/uploads\/2024\/06\/ParlAbend-35-1024x683.jpg\" alt=\"ParlAbend-35\" width=\"1024\" height=\"683\">\t\t<\/figure>\n\t<\/a>\n\t\t<\/div>\n<\/div>\n\t<div class=\"swiper-slide\">\n\t<div class=\"wpcp-single-item\">\n\t\t\t<a class=\"wcp-light-box\" data-buttons='[\"close\"]' data-wpc_url='https:\/\/www.buendnis-impfen.de\/wp-content\/uploads\/2024\/06\/ParlAbend-36-683x1024.jpg' href=\"https:\/\/www.buendnis-impfen.de\/wp-content\/uploads\/2024\/06\/ParlAbend-36-683x1024.jpg\" data-fancybox=\"wpcp_view\">\n\t\t<figure>\n\t\t\t<img loading=\"lazy\" decoding=\"async\" class=\"skip-lazy\" src=\"https:\/\/www.buendnis-impfen.de\/wp-content\/uploads\/2024\/06\/ParlAbend-36-683x1024.jpg\" alt=\"ParlAbend-36\" width=\"683\" height=\"1024\">\t\t<\/figure>\n\t<\/a>\n\t\t<\/div>\n<\/div>\n\t<div class=\"swiper-slide\">\n\t<div class=\"wpcp-single-item\">\n\t\t\t<a class=\"wcp-light-box\" data-buttons='[\"close\"]' data-wpc_url='https:\/\/www.buendnis-impfen.de\/wp-content\/uploads\/2024\/06\/ParlAbend-49-1024x683.jpg' href=\"https:\/\/www.buendnis-impfen.de\/wp-content\/uploads\/2024\/06\/ParlAbend-49-1024x683.jpg\" data-fancybox=\"wpcp_view\">\n\t\t<figure>\n\t\t\t<img loading=\"lazy\" decoding=\"async\" class=\"skip-lazy\" src=\"https:\/\/www.buendnis-impfen.de\/wp-content\/uploads\/2024\/06\/ParlAbend-49-1024x683.jpg\" alt=\"ParlAbend-49\" width=\"1024\" height=\"683\">\t\t<\/figure>\n\t<\/a>\n\t\t<\/div>\n<\/div>\n\t<div class=\"swiper-slide\">\n\t<div class=\"wpcp-single-item\">\n\t\t\t<a class=\"wcp-light-box\" data-buttons='[\"close\"]' data-wpc_url='https:\/\/www.buendnis-impfen.de\/wp-content\/uploads\/2024\/06\/ParlAbend-60-1024x683.jpg' href=\"https:\/\/www.buendnis-impfen.de\/wp-content\/uploads\/2024\/06\/ParlAbend-60-1024x683.jpg\" data-fancybox=\"wpcp_view\">\n\t\t<figure>\n\t\t\t<img loading=\"lazy\" decoding=\"async\" class=\"skip-lazy\" src=\"https:\/\/www.buendnis-impfen.de\/wp-content\/uploads\/2024\/06\/ParlAbend-60-1024x683.jpg\" alt=\"ParlAbend-60\" width=\"1024\" height=\"683\">\t\t<\/figure>\n\t<\/a>\n\t\t<\/div>\n<\/div>\n\t<div class=\"swiper-slide\">\n\t<div class=\"wpcp-single-item\">\n\t\t\t<a class=\"wcp-light-box\" data-buttons='[\"close\"]' data-wpc_url='https:\/\/www.buendnis-impfen.de\/wp-content\/uploads\/2024\/06\/ParlAbend-63-683x1024.jpg' href=\"https:\/\/www.buendnis-impfen.de\/wp-content\/uploads\/2024\/06\/ParlAbend-63-683x1024.jpg\" data-fancybox=\"wpcp_view\">\n\t\t<figure>\n\t\t\t<img loading=\"lazy\" decoding=\"async\" class=\"skip-lazy\" src=\"https:\/\/www.buendnis-impfen.de\/wp-content\/uploads\/2024\/06\/ParlAbend-63-683x1024.jpg\" alt=\"ParlAbend-63\" width=\"683\" height=\"1024\">\t\t<\/figure>\n\t<\/a>\n\t\t<\/div>\n<\/div>\n\t<div class=\"swiper-slide\">\n\t<div class=\"wpcp-single-item\">\n\t\t\t<a class=\"wcp-light-box\" data-buttons='[\"close\"]' data-wpc_url='https:\/\/www.buendnis-impfen.de\/wp-content\/uploads\/2024\/06\/ParlAbend-75-683x1024.jpg' href=\"https:\/\/www.buendnis-impfen.de\/wp-content\/uploads\/2024\/06\/ParlAbend-75-683x1024.jpg\" data-fancybox=\"wpcp_view\">\n\t\t<figure>\n\t\t\t<img loading=\"lazy\" decoding=\"async\" class=\"skip-lazy\" src=\"https:\/\/www.buendnis-impfen.de\/wp-content\/uploads\/2024\/06\/ParlAbend-75-683x1024.jpg\" alt=\"ParlAbend-75\" width=\"683\" height=\"1024\">\t\t<\/figure>\n\t<\/a>\n\t\t<\/div>\n<\/div>\n\t<div class=\"swiper-slide\">\n\t<div class=\"wpcp-single-item\">\n\t\t\t<a class=\"wcp-light-box\" data-buttons='[\"close\"]' data-wpc_url='https:\/\/www.buendnis-impfen.de\/wp-content\/uploads\/2024\/06\/ParlAbend-103-2-683x1024.jpg' href=\"https:\/\/www.buendnis-impfen.de\/wp-content\/uploads\/2024\/06\/ParlAbend-103-2-683x1024.jpg\" data-fancybox=\"wpcp_view\">\n\t\t<figure>\n\t\t\t<img loading=\"lazy\" decoding=\"async\" class=\"skip-lazy\" src=\"https:\/\/www.buendnis-impfen.de\/wp-content\/uploads\/2024\/06\/ParlAbend-103-2-683x1024.jpg\" alt=\"ParlAbend-103-2\" width=\"683\" height=\"1024\">\t\t<\/figure>\n\t<\/a>\n\t\t<\/div>\n<\/div>\n\t<div class=\"swiper-slide\">\n\t<div class=\"wpcp-single-item\">\n\t\t\t<a class=\"wcp-light-box\" data-buttons='[\"close\"]' data-wpc_url='https:\/\/www.buendnis-impfen.de\/wp-content\/uploads\/2024\/06\/ParlAbend-107-1024x683.jpg' href=\"https:\/\/www.buendnis-impfen.de\/wp-content\/uploads\/2024\/06\/ParlAbend-107-1024x683.jpg\" data-fancybox=\"wpcp_view\">\n\t\t<figure>\n\t\t\t<img loading=\"lazy\" decoding=\"async\" class=\"skip-lazy\" src=\"https:\/\/www.buendnis-impfen.de\/wp-content\/uploads\/2024\/06\/ParlAbend-107-1024x683.jpg\" alt=\"ParlAbend-107\" width=\"1024\" height=\"683\">\t\t<\/figure>\n\t<\/a>\n\t\t<\/div>\n<\/div>\n\t<div class=\"swiper-slide\">\n\t<div class=\"wpcp-single-item\">\n\t\t\t<a class=\"wcp-light-box\" data-buttons='[\"close\"]' data-wpc_url='https:\/\/www.buendnis-impfen.de\/wp-content\/uploads\/2024\/06\/ParlAbend-115-683x1024.jpg' href=\"https:\/\/www.buendnis-impfen.de\/wp-content\/uploads\/2024\/06\/ParlAbend-115-683x1024.jpg\" data-fancybox=\"wpcp_view\">\n\t\t<figure>\n\t\t\t<img loading=\"lazy\" decoding=\"async\" class=\"skip-lazy\" src=\"https:\/\/www.buendnis-impfen.de\/wp-content\/uploads\/2024\/06\/ParlAbend-115-683x1024.jpg\" alt=\"ParlAbend-115\" width=\"683\" height=\"1024\">\t\t<\/figure>\n\t<\/a>\n\t\t<\/div>\n<\/div>\n\t<div class=\"swiper-slide\">\n\t<div class=\"wpcp-single-item\">\n\t\t\t<a class=\"wcp-light-box\" data-buttons='[\"close\"]' data-wpc_url='https:\/\/www.buendnis-impfen.de\/wp-content\/uploads\/2024\/06\/ParlAbend-129-1024x683.jpg' href=\"https:\/\/www.buendnis-impfen.de\/wp-content\/uploads\/2024\/06\/ParlAbend-129-1024x683.jpg\" data-fancybox=\"wpcp_view\">\n\t\t<figure>\n\t\t\t<img loading=\"lazy\" decoding=\"async\" class=\"skip-lazy\" src=\"https:\/\/www.buendnis-impfen.de\/wp-content\/uploads\/2024\/06\/ParlAbend-129-1024x683.jpg\" alt=\"ParlAbend-129\" width=\"1024\" height=\"683\">\t\t<\/figure>\n\t<\/a>\n\t\t<\/div>\n<\/div>\n\t<div class=\"swiper-slide\">\n\t<div class=\"wpcp-single-item\">\n\t\t\t<a class=\"wcp-light-box\" data-buttons='[\"close\"]' data-wpc_url='https:\/\/www.buendnis-impfen.de\/wp-content\/uploads\/2024\/06\/ParlAbend-161-1024x683.jpg' href=\"https:\/\/www.buendnis-impfen.de\/wp-content\/uploads\/2024\/06\/ParlAbend-161-1024x683.jpg\" data-fancybox=\"wpcp_view\">\n\t\t<figure>\n\t\t\t<img loading=\"lazy\" decoding=\"async\" class=\"skip-lazy\" src=\"https:\/\/www.buendnis-impfen.de\/wp-content\/uploads\/2024\/06\/ParlAbend-161-1024x683.jpg\" alt=\"ParlAbend-161\" width=\"1024\" height=\"683\">\t\t<\/figure>\n\t<\/a>\n\t\t<\/div>\n<\/div>\n\t<div class=\"swiper-slide\">\n\t<div class=\"wpcp-single-item\">\n\t\t\t<a class=\"wcp-light-box\" data-buttons='[\"close\"]' data-wpc_url='https:\/\/www.buendnis-impfen.de\/wp-content\/uploads\/2024\/06\/ParlAbend-171-683x1024.jpg' href=\"https:\/\/www.buendnis-impfen.de\/wp-content\/uploads\/2024\/06\/ParlAbend-171-683x1024.jpg\" data-fancybox=\"wpcp_view\">\n\t\t<figure>\n\t\t\t<img loading=\"lazy\" decoding=\"async\" class=\"skip-lazy\" src=\"https:\/\/www.buendnis-impfen.de\/wp-content\/uploads\/2024\/06\/ParlAbend-171-683x1024.jpg\" alt=\"ParlAbend-171\" width=\"683\" height=\"1024\">\t\t<\/figure>\n\t<\/a>\n\t\t<\/div>\n<\/div>\n\t<div class=\"swiper-slide\">\n\t<div class=\"wpcp-single-item\">\n\t\t\t<a class=\"wcp-light-box\" data-buttons='[\"close\"]' data-wpc_url='https:\/\/www.buendnis-impfen.de\/wp-content\/uploads\/2024\/06\/ParlAbend-193-1024x683.jpg' href=\"https:\/\/www.buendnis-impfen.de\/wp-content\/uploads\/2024\/06\/ParlAbend-193-1024x683.jpg\" data-fancybox=\"wpcp_view\">\n\t\t<figure>\n\t\t\t<img loading=\"lazy\" decoding=\"async\" class=\"skip-lazy\" src=\"https:\/\/www.buendnis-impfen.de\/wp-content\/uploads\/2024\/06\/ParlAbend-193-1024x683.jpg\" alt=\"ParlAbend-193\" width=\"1024\" height=\"683\">\t\t<\/figure>\n\t<\/a>\n\t\t<\/div>\n<\/div>\n\t<div class=\"swiper-slide\">\n\t<div class=\"wpcp-single-item\">\n\t\t\t<a class=\"wcp-light-box\" data-buttons='[\"close\"]' data-wpc_url='https:\/\/www.buendnis-impfen.de\/wp-content\/uploads\/2024\/06\/ParlAbend-200-683x1024.jpg' href=\"https:\/\/www.buendnis-impfen.de\/wp-content\/uploads\/2024\/06\/ParlAbend-200-683x1024.jpg\" data-fancybox=\"wpcp_view\">\n\t\t<figure>\n\t\t\t<img loading=\"lazy\" decoding=\"async\" class=\"skip-lazy\" src=\"https:\/\/www.buendnis-impfen.de\/wp-content\/uploads\/2024\/06\/ParlAbend-200-683x1024.jpg\" alt=\"ParlAbend-200\" width=\"683\" height=\"1024\">\t\t<\/figure>\n\t<\/a>\n\t\t<\/div>\n<\/div>\n\t<div class=\"swiper-slide\">\n\t<div class=\"wpcp-single-item\">\n\t\t\t<a class=\"wcp-light-box\" data-buttons='[\"close\"]' data-wpc_url='https:\/\/www.buendnis-impfen.de\/wp-content\/uploads\/2024\/06\/ParlAbend-236-1024x683.jpg' href=\"https:\/\/www.buendnis-impfen.de\/wp-content\/uploads\/2024\/06\/ParlAbend-236-1024x683.jpg\" data-fancybox=\"wpcp_view\">\n\t\t<figure>\n\t\t\t<img loading=\"lazy\" decoding=\"async\" class=\"skip-lazy\" src=\"https:\/\/www.buendnis-impfen.de\/wp-content\/uploads\/2024\/06\/ParlAbend-236-1024x683.jpg\" alt=\"ParlAbend-236\" width=\"1024\" height=\"683\">\t\t<\/figure>\n\t<\/a>\n\t\t<\/div>\n<\/div>\n\t<div class=\"swiper-slide\">\n\t<div class=\"wpcp-single-item\">\n\t\t\t<a class=\"wcp-light-box\" data-buttons='[\"close\"]' data-wpc_url='https:\/\/www.buendnis-impfen.de\/wp-content\/uploads\/2024\/06\/ParlAbend-239-683x1024.jpg' href=\"https:\/\/www.buendnis-impfen.de\/wp-content\/uploads\/2024\/06\/ParlAbend-239-683x1024.jpg\" data-fancybox=\"wpcp_view\">\n\t\t<figure>\n\t\t\t<img loading=\"lazy\" decoding=\"async\" class=\"skip-lazy\" src=\"https:\/\/www.buendnis-impfen.de\/wp-content\/uploads\/2024\/06\/ParlAbend-239-683x1024.jpg\" alt=\"ParlAbend-239\" width=\"683\" height=\"1024\">\t\t<\/figure>\n\t<\/a>\n\t\t<\/div>\n<\/div>\n\t<div class=\"swiper-slide\">\n\t<div class=\"wpcp-single-item\">\n\t\t\t<a class=\"wcp-light-box\" data-buttons='[\"close\"]' data-wpc_url='https:\/\/www.buendnis-impfen.de\/wp-content\/uploads\/2024\/06\/ParlAbend-246-683x1024.jpg' href=\"https:\/\/www.buendnis-impfen.de\/wp-content\/uploads\/2024\/06\/ParlAbend-246-683x1024.jpg\" data-fancybox=\"wpcp_view\">\n\t\t<figure>\n\t\t\t<img loading=\"lazy\" decoding=\"async\" class=\"skip-lazy\" src=\"https:\/\/www.buendnis-impfen.de\/wp-content\/uploads\/2024\/06\/ParlAbend-246-683x1024.jpg\" alt=\"ParlAbend-246\" width=\"683\" height=\"1024\">\t\t<\/figure>\n\t<\/a>\n\t\t<\/div>\n<\/div>\n\t<div class=\"swiper-slide\">\n\t<div class=\"wpcp-single-item\">\n\t\t\t<a class=\"wcp-light-box\" data-buttons='[\"close\"]' data-wpc_url='https:\/\/www.buendnis-impfen.de\/wp-content\/uploads\/2024\/06\/ParlAbend-253-683x1024.jpg' href=\"https:\/\/www.buendnis-impfen.de\/wp-content\/uploads\/2024\/06\/ParlAbend-253-683x1024.jpg\" data-fancybox=\"wpcp_view\">\n\t\t<figure>\n\t\t\t<img loading=\"lazy\" decoding=\"async\" class=\"skip-lazy\" src=\"https:\/\/www.buendnis-impfen.de\/wp-content\/uploads\/2024\/06\/ParlAbend-253-683x1024.jpg\" alt=\"ParlAbend-253\" width=\"683\" height=\"1024\">\t\t<\/figure>\n\t<\/a>\n\t\t<\/div>\n<\/div>\n\t<div class=\"swiper-slide\">\n\t<div class=\"wpcp-single-item\">\n\t\t\t<a class=\"wcp-light-box\" data-buttons='[\"close\"]' data-wpc_url='https:\/\/www.buendnis-impfen.de\/wp-content\/uploads\/2024\/06\/ParlAbend-260-683x1024.jpg' href=\"https:\/\/www.buendnis-impfen.de\/wp-content\/uploads\/2024\/06\/ParlAbend-260-683x1024.jpg\" data-fancybox=\"wpcp_view\">\n\t\t<figure>\n\t\t\t<img loading=\"lazy\" decoding=\"async\" class=\"skip-lazy\" src=\"https:\/\/www.buendnis-impfen.de\/wp-content\/uploads\/2024\/06\/ParlAbend-260-683x1024.jpg\" alt=\"ParlAbend-260\" width=\"683\" height=\"1024\">\t\t<\/figure>\n\t<\/a>\n\t\t<\/div>\n<\/div>\n\t<div class=\"swiper-slide\">\n\t<div class=\"wpcp-single-item\">\n\t\t\t<a class=\"wcp-light-box\" data-buttons='[\"close\"]' data-wpc_url='https:\/\/www.buendnis-impfen.de\/wp-content\/uploads\/2024\/06\/ParlAbend-263-1024x683.jpg' href=\"https:\/\/www.buendnis-impfen.de\/wp-content\/uploads\/2024\/06\/ParlAbend-263-1024x683.jpg\" data-fancybox=\"wpcp_view\">\n\t\t<figure>\n\t\t\t<img loading=\"lazy\" decoding=\"async\" class=\"skip-lazy\" src=\"https:\/\/www.buendnis-impfen.de\/wp-content\/uploads\/2024\/06\/ParlAbend-263-1024x683.jpg\" alt=\"ParlAbend-263\" width=\"1024\" height=\"683\">\t\t<\/figure>\n\t<\/a>\n\t\t<\/div>\n<\/div>\n\t<div class=\"swiper-slide\">\n\t<div class=\"wpcp-single-item\">\n\t\t\t<a class=\"wcp-light-box\" data-buttons='[\"close\"]' data-wpc_url='https:\/\/www.buendnis-impfen.de\/wp-content\/uploads\/2024\/06\/ParlAbend-270-683x1024.jpg' href=\"https:\/\/www.buendnis-impfen.de\/wp-content\/uploads\/2024\/06\/ParlAbend-270-683x1024.jpg\" data-fancybox=\"wpcp_view\">\n\t\t<figure>\n\t\t\t<img loading=\"lazy\" decoding=\"async\" class=\"skip-lazy\" src=\"https:\/\/www.buendnis-impfen.de\/wp-content\/uploads\/2024\/06\/ParlAbend-270-683x1024.jpg\" alt=\"ParlAbend-270\" width=\"683\" height=\"1024\">\t\t<\/figure>\n\t<\/a>\n\t\t<\/div>\n<\/div>\n\t<div class=\"swiper-slide\">\n\t<div class=\"wpcp-single-item\">\n\t\t\t<a class=\"wcp-light-box\" data-buttons='[\"close\"]' data-wpc_url='https:\/\/www.buendnis-impfen.de\/wp-content\/uploads\/2024\/06\/ParlAbend-276-683x1024.jpg' href=\"https:\/\/www.buendnis-impfen.de\/wp-content\/uploads\/2024\/06\/ParlAbend-276-683x1024.jpg\" data-fancybox=\"wpcp_view\">\n\t\t<figure>\n\t\t\t<img loading=\"lazy\" decoding=\"async\" class=\"skip-lazy\" src=\"https:\/\/www.buendnis-impfen.de\/wp-content\/uploads\/2024\/06\/ParlAbend-276-683x1024.jpg\" alt=\"ParlAbend-276\" width=\"683\" height=\"1024\">\t\t<\/figure>\n\t<\/a>\n\t\t<\/div>\n<\/div>\n\t<div class=\"swiper-slide\">\n\t<div class=\"wpcp-single-item\">\n\t\t\t<a class=\"wcp-light-box\" data-buttons='[\"close\"]' data-wpc_url='https:\/\/www.buendnis-impfen.de\/wp-content\/uploads\/2024\/06\/ParlAbend-280-683x1024.jpg' href=\"https:\/\/www.buendnis-impfen.de\/wp-content\/uploads\/2024\/06\/ParlAbend-280-683x1024.jpg\" data-fancybox=\"wpcp_view\">\n\t\t<figure>\n\t\t\t<img loading=\"lazy\" decoding=\"async\" class=\"skip-lazy\" src=\"https:\/\/www.buendnis-impfen.de\/wp-content\/uploads\/2024\/06\/ParlAbend-280-683x1024.jpg\" alt=\"ParlAbend-280\" width=\"683\" height=\"1024\">\t\t<\/figure>\n\t<\/a>\n\t\t<\/div>\n<\/div>\n\t<div class=\"swiper-slide\">\n\t<div class=\"wpcp-single-item\">\n\t\t\t<a class=\"wcp-light-box\" data-buttons='[\"close\"]' data-wpc_url='https:\/\/www.buendnis-impfen.de\/wp-content\/uploads\/2024\/06\/ParlAbend-283-1024x683.jpg' href=\"https:\/\/www.buendnis-impfen.de\/wp-content\/uploads\/2024\/06\/ParlAbend-283-1024x683.jpg\" data-fancybox=\"wpcp_view\">\n\t\t<figure>\n\t\t\t<img loading=\"lazy\" decoding=\"async\" class=\"skip-lazy\" src=\"https:\/\/www.buendnis-impfen.de\/wp-content\/uploads\/2024\/06\/ParlAbend-283-1024x683.jpg\" alt=\"ParlAbend-283\" width=\"1024\" height=\"683\">\t\t<\/figure>\n\t<\/a>\n\t\t<\/div>\n<\/div>\n\t<div class=\"swiper-slide\">\n\t<div class=\"wpcp-single-item\">\n\t\t\t<a class=\"wcp-light-box\" data-buttons='[\"close\"]' data-wpc_url='https:\/\/www.buendnis-impfen.de\/wp-content\/uploads\/2024\/06\/ParlAbend-289-683x1024.jpg' href=\"https:\/\/www.buendnis-impfen.de\/wp-content\/uploads\/2024\/06\/ParlAbend-289-683x1024.jpg\" data-fancybox=\"wpcp_view\">\n\t\t<figure>\n\t\t\t<img loading=\"lazy\" decoding=\"async\" class=\"skip-lazy\" src=\"https:\/\/www.buendnis-impfen.de\/wp-content\/uploads\/2024\/06\/ParlAbend-289-683x1024.jpg\" alt=\"ParlAbend-289\" width=\"683\" height=\"1024\">\t\t<\/figure>\n\t<\/a>\n\t\t<\/div>\n<\/div>\n\t<div class=\"swiper-slide\">\n\t<div class=\"wpcp-single-item\">\n\t\t\t<a class=\"wcp-light-box\" data-buttons='[\"close\"]' data-wpc_url='https:\/\/www.buendnis-impfen.de\/wp-content\/uploads\/2024\/06\/ParlAbend-296-1024x683.jpg' href=\"https:\/\/www.buendnis-impfen.de\/wp-content\/uploads\/2024\/06\/ParlAbend-296-1024x683.jpg\" data-fancybox=\"wpcp_view\">\n\t\t<figure>\n\t\t\t<img loading=\"lazy\" decoding=\"async\" class=\"skip-lazy\" src=\"https:\/\/www.buendnis-impfen.de\/wp-content\/uploads\/2024\/06\/ParlAbend-296-1024x683.jpg\" alt=\"ParlAbend-296\" width=\"1024\" height=\"683\">\t\t<\/figure>\n\t<\/a>\n\t\t<\/div>\n<\/div>\n\t<div class=\"swiper-slide\">\n\t<div class=\"wpcp-single-item\">\n\t\t\t<a class=\"wcp-light-box\" data-buttons='[\"close\"]' data-wpc_url='https:\/\/www.buendnis-impfen.de\/wp-content\/uploads\/2024\/06\/ParlAbend-304-1024x683.jpg' href=\"https:\/\/www.buendnis-impfen.de\/wp-content\/uploads\/2024\/06\/ParlAbend-304-1024x683.jpg\" data-fancybox=\"wpcp_view\">\n\t\t<figure>\n\t\t\t<img loading=\"lazy\" decoding=\"async\" class=\"skip-lazy\" src=\"https:\/\/www.buendnis-impfen.de\/wp-content\/uploads\/2024\/06\/ParlAbend-304-1024x683.jpg\" alt=\"ParlAbend-304\" width=\"1024\" height=\"683\">\t\t<\/figure>\n\t<\/a>\n\t\t<\/div>\n<\/div>\n\t<div class=\"swiper-slide\">\n\t<div class=\"wpcp-single-item\">\n\t\t\t<a class=\"wcp-light-box\" data-buttons='[\"close\"]' data-wpc_url='https:\/\/www.buendnis-impfen.de\/wp-content\/uploads\/2024\/06\/ParlAbend-307-683x1024.jpg' href=\"https:\/\/www.buendnis-impfen.de\/wp-content\/uploads\/2024\/06\/ParlAbend-307-683x1024.jpg\" data-fancybox=\"wpcp_view\">\n\t\t<figure>\n\t\t\t<img loading=\"lazy\" decoding=\"async\" class=\"skip-lazy\" src=\"https:\/\/www.buendnis-impfen.de\/wp-content\/uploads\/2024\/06\/ParlAbend-307-683x1024.jpg\" alt=\"ParlAbend-307\" width=\"683\" height=\"1024\">\t\t<\/figure>\n\t<\/a>\n\t\t<\/div>\n<\/div>\n\t<div class=\"swiper-slide\">\n\t<div class=\"wpcp-single-item\">\n\t\t\t<a class=\"wcp-light-box\" data-buttons='[\"close\"]' data-wpc_url='https:\/\/www.buendnis-impfen.de\/wp-content\/uploads\/2024\/06\/ParlAbend-308-683x1024.jpg' href=\"https:\/\/www.buendnis-impfen.de\/wp-content\/uploads\/2024\/06\/ParlAbend-308-683x1024.jpg\" data-fancybox=\"wpcp_view\">\n\t\t<figure>\n\t\t\t<img loading=\"lazy\" decoding=\"async\" class=\"skip-lazy\" src=\"https:\/\/www.buendnis-impfen.de\/wp-content\/uploads\/2024\/06\/ParlAbend-308-683x1024.jpg\" alt=\"ParlAbend-308\" width=\"683\" height=\"1024\">\t\t<\/figure>\n\t<\/a>\n\t\t<\/div>\n<\/div>\n\t<div class=\"swiper-slide\">\n\t<div class=\"wpcp-single-item\">\n\t\t\t<a class=\"wcp-light-box\" data-buttons='[\"close\"]' data-wpc_url='https:\/\/www.buendnis-impfen.de\/wp-content\/uploads\/2024\/06\/ParlAbend-309-1024x683.jpg' href=\"https:\/\/www.buendnis-impfen.de\/wp-content\/uploads\/2024\/06\/ParlAbend-309-1024x683.jpg\" data-fancybox=\"wpcp_view\">\n\t\t<figure>\n\t\t\t<img loading=\"lazy\" decoding=\"async\" class=\"skip-lazy\" src=\"https:\/\/www.buendnis-impfen.de\/wp-content\/uploads\/2024\/06\/ParlAbend-309-1024x683.jpg\" alt=\"ParlAbend-309\" width=\"1024\" height=\"683\">\t\t<\/figure>\n\t<\/a>\n\t\t<\/div>\n<\/div>\n\t<div class=\"swiper-slide\">\n\t<div class=\"wpcp-single-item\">\n\t\t\t<a class=\"wcp-light-box\" data-buttons='[\"close\"]' data-wpc_url='https:\/\/www.buendnis-impfen.de\/wp-content\/uploads\/2024\/06\/ParlAbend-317-1024x683.jpg' href=\"https:\/\/www.buendnis-impfen.de\/wp-content\/uploads\/2024\/06\/ParlAbend-317-1024x683.jpg\" data-fancybox=\"wpcp_view\">\n\t\t<figure>\n\t\t\t<img loading=\"lazy\" decoding=\"async\" class=\"skip-lazy\" src=\"https:\/\/www.buendnis-impfen.de\/wp-content\/uploads\/2024\/06\/ParlAbend-317-1024x683.jpg\" alt=\"ParlAbend-317\" width=\"1024\" height=\"683\">\t\t<\/figure>\n\t<\/a>\n\t\t<\/div>\n<\/div>\n\t<div class=\"swiper-slide\">\n\t<div class=\"wpcp-single-item\">\n\t\t\t<a class=\"wcp-light-box\" data-buttons='[\"close\"]' data-wpc_url='https:\/\/www.buendnis-impfen.de\/wp-content\/uploads\/2024\/06\/ParlAbend-327-1024x683.jpg' href=\"https:\/\/www.buendnis-impfen.de\/wp-content\/uploads\/2024\/06\/ParlAbend-327-1024x683.jpg\" data-fancybox=\"wpcp_view\">\n\t\t<figure>\n\t\t\t<img loading=\"lazy\" decoding=\"async\" class=\"skip-lazy\" src=\"https:\/\/www.buendnis-impfen.de\/wp-content\/uploads\/2024\/06\/ParlAbend-327-1024x683.jpg\" alt=\"ParlAbend-327\" width=\"1024\" height=\"683\">\t\t<\/figure>\n\t<\/a>\n\t\t<\/div>\n<\/div>\n\t<div class=\"swiper-slide\">\n\t<div class=\"wpcp-single-item\">\n\t\t\t<a class=\"wcp-light-box\" data-buttons='[\"close\"]' data-wpc_url='https:\/\/www.buendnis-impfen.de\/wp-content\/uploads\/2024\/06\/ParlAbend-329-1024x683.jpg' href=\"https:\/\/www.buendnis-impfen.de\/wp-content\/uploads\/2024\/06\/ParlAbend-329-1024x683.jpg\" data-fancybox=\"wpcp_view\">\n\t\t<figure>\n\t\t\t<img loading=\"lazy\" decoding=\"async\" class=\"skip-lazy\" src=\"https:\/\/www.buendnis-impfen.de\/wp-content\/uploads\/2024\/06\/ParlAbend-329-1024x683.jpg\" alt=\"ParlAbend-329\" width=\"1024\" height=\"683\">\t\t<\/figure>\n\t<\/a>\n\t\t<\/div>\n<\/div>\n\t<div class=\"swiper-slide\">\n\t<div class=\"wpcp-single-item\">\n\t\t\t<a class=\"wcp-light-box\" data-buttons='[\"close\"]' data-wpc_url='https:\/\/www.buendnis-impfen.de\/wp-content\/uploads\/2024\/06\/ParlAbend-347-683x1024.jpg' href=\"https:\/\/www.buendnis-impfen.de\/wp-content\/uploads\/2024\/06\/ParlAbend-347-683x1024.jpg\" data-fancybox=\"wpcp_view\">\n\t\t<figure>\n\t\t\t<img loading=\"lazy\" decoding=\"async\" class=\"skip-lazy\" src=\"https:\/\/www.buendnis-impfen.de\/wp-content\/uploads\/2024\/06\/ParlAbend-347-683x1024.jpg\" alt=\"ParlAbend-347\" width=\"683\" height=\"1024\">\t\t<\/figure>\n\t<\/a>\n\t\t<\/div>\n<\/div>\n\t<div class=\"swiper-slide\">\n\t<div class=\"wpcp-single-item\">\n\t\t\t<a class=\"wcp-light-box\" data-buttons='[\"close\"]' data-wpc_url='https:\/\/www.buendnis-impfen.de\/wp-content\/uploads\/2024\/06\/ParlAbend-364-1024x683.jpg' href=\"https:\/\/www.buendnis-impfen.de\/wp-content\/uploads\/2024\/06\/ParlAbend-364-1024x683.jpg\" data-fancybox=\"wpcp_view\">\n\t\t<figure>\n\t\t\t<img loading=\"lazy\" decoding=\"async\" class=\"skip-lazy\" src=\"https:\/\/www.buendnis-impfen.de\/wp-content\/uploads\/2024\/06\/ParlAbend-364-1024x683.jpg\" alt=\"ParlAbend-364\" width=\"1024\" height=\"683\">\t\t<\/figure>\n\t<\/a>\n\t\t<\/div>\n<\/div>\n\t<div class=\"swiper-slide\">\n\t<div class=\"wpcp-single-item\">\n\t\t\t<a class=\"wcp-light-box\" data-buttons='[\"close\"]' data-wpc_url='https:\/\/www.buendnis-impfen.de\/wp-content\/uploads\/2024\/06\/ParlAbend-386-683x1024.jpg' href=\"https:\/\/www.buendnis-impfen.de\/wp-content\/uploads\/2024\/06\/ParlAbend-386-683x1024.jpg\" data-fancybox=\"wpcp_view\">\n\t\t<figure>\n\t\t\t<img loading=\"lazy\" decoding=\"async\" class=\"skip-lazy\" src=\"https:\/\/www.buendnis-impfen.de\/wp-content\/uploads\/2024\/06\/ParlAbend-386-683x1024.jpg\" alt=\"ParlAbend-386\" width=\"683\" height=\"1024\">\t\t<\/figure>\n\t<\/a>\n\t\t<\/div>\n<\/div>\n\t<div class=\"swiper-slide\">\n\t<div class=\"wpcp-single-item\">\n\t\t\t<a class=\"wcp-light-box\" data-buttons='[\"close\"]' data-wpc_url='https:\/\/www.buendnis-impfen.de\/wp-content\/uploads\/2024\/06\/ParlAbend-389-1024x683.jpg' href=\"https:\/\/www.buendnis-impfen.de\/wp-content\/uploads\/2024\/06\/ParlAbend-389-1024x683.jpg\" data-fancybox=\"wpcp_view\">\n\t\t<figure>\n\t\t\t<img loading=\"lazy\" decoding=\"async\" class=\"skip-lazy\" src=\"https:\/\/www.buendnis-impfen.de\/wp-content\/uploads\/2024\/06\/ParlAbend-389-1024x683.jpg\" alt=\"ParlAbend-389\" width=\"1024\" height=\"683\">\t\t<\/figure>\n\t<\/a>\n\t\t<\/div>\n<\/div>\n\t<div class=\"swiper-slide\">\n\t<div class=\"wpcp-single-item\">\n\t\t\t<a class=\"wcp-light-box\" data-buttons='[\"close\"]' data-wpc_url='https:\/\/www.buendnis-impfen.de\/wp-content\/uploads\/2024\/06\/ParlAbend-407-683x1024.jpg' href=\"https:\/\/www.buendnis-impfen.de\/wp-content\/uploads\/2024\/06\/ParlAbend-407-683x1024.jpg\" data-fancybox=\"wpcp_view\">\n\t\t<figure>\n\t\t\t<img loading=\"lazy\" decoding=\"async\" class=\"skip-lazy\" src=\"https:\/\/www.buendnis-impfen.de\/wp-content\/uploads\/2024\/06\/ParlAbend-407-683x1024.jpg\" alt=\"ParlAbend-407\" width=\"683\" height=\"1024\">\t\t<\/figure>\n\t<\/a>\n\t\t<\/div>\n<\/div>\n\t<div class=\"swiper-slide\">\n\t<div class=\"wpcp-single-item\">\n\t\t\t<a class=\"wcp-light-box\" data-buttons='[\"close\"]' data-wpc_url='https:\/\/www.buendnis-impfen.de\/wp-content\/uploads\/2024\/06\/ParlAbend-413-1024x683.jpg' href=\"https:\/\/www.buendnis-impfen.de\/wp-content\/uploads\/2024\/06\/ParlAbend-413-1024x683.jpg\" data-fancybox=\"wpcp_view\">\n\t\t<figure>\n\t\t\t<img loading=\"lazy\" decoding=\"async\" class=\"skip-lazy\" src=\"https:\/\/www.buendnis-impfen.de\/wp-content\/uploads\/2024\/06\/ParlAbend-413-1024x683.jpg\" alt=\"ParlAbend-413\" width=\"1024\" height=\"683\">\t\t<\/figure>\n\t<\/a>\n\t\t<\/div>\n<\/div>\n\t<div class=\"swiper-slide\">\n\t<div class=\"wpcp-single-item\">\n\t\t\t<a class=\"wcp-light-box\" data-buttons='[\"close\"]' data-wpc_url='https:\/\/www.buendnis-impfen.de\/wp-content\/uploads\/2024\/06\/ParlAbend-418-1024x683.jpg' href=\"https:\/\/www.buendnis-impfen.de\/wp-content\/uploads\/2024\/06\/ParlAbend-418-1024x683.jpg\" data-fancybox=\"wpcp_view\">\n\t\t<figure>\n\t\t\t<img loading=\"lazy\" decoding=\"async\" class=\"skip-lazy\" src=\"https:\/\/www.buendnis-impfen.de\/wp-content\/uploads\/2024\/06\/ParlAbend-418-1024x683.jpg\" alt=\"ParlAbend-418\" width=\"1024\" height=\"683\">\t\t<\/figure>\n\t<\/a>\n\t\t<\/div>\n<\/div>\n\t<div class=\"swiper-slide\">\n\t<div class=\"wpcp-single-item\">\n\t\t\t<a class=\"wcp-light-box\" data-buttons='[\"close\"]' data-wpc_url='https:\/\/www.buendnis-impfen.de\/wp-content\/uploads\/2024\/06\/ParlAbend-420-1024x683.jpg' href=\"https:\/\/www.buendnis-impfen.de\/wp-content\/uploads\/2024\/06\/ParlAbend-420-1024x683.jpg\" data-fancybox=\"wpcp_view\">\n\t\t<figure>\n\t\t\t<img loading=\"lazy\" decoding=\"async\" class=\"skip-lazy\" src=\"https:\/\/www.buendnis-impfen.de\/wp-content\/uploads\/2024\/06\/ParlAbend-420-1024x683.jpg\" alt=\"ParlAbend-420\" width=\"1024\" height=\"683\">\t\t<\/figure>\n\t<\/a>\n\t\t<\/div>\n<\/div>\n\t<div class=\"swiper-slide\">\n\t<div class=\"wpcp-single-item\">\n\t\t\t<a class=\"wcp-light-box\" data-buttons='[\"close\"]' data-wpc_url='https:\/\/www.buendnis-impfen.de\/wp-content\/uploads\/2024\/06\/ParlAbend-425-1024x683.jpg' href=\"https:\/\/www.buendnis-impfen.de\/wp-content\/uploads\/2024\/06\/ParlAbend-425-1024x683.jpg\" data-fancybox=\"wpcp_view\">\n\t\t<figure>\n\t\t\t<img loading=\"lazy\" decoding=\"async\" class=\"skip-lazy\" src=\"https:\/\/www.buendnis-impfen.de\/wp-content\/uploads\/2024\/06\/ParlAbend-425-1024x683.jpg\" alt=\"ParlAbend-425\" width=\"1024\" height=\"683\">\t\t<\/figure>\n\t<\/a>\n\t\t<\/div>\n<\/div>\n\t<div class=\"swiper-slide\">\n\t<div class=\"wpcp-single-item\">\n\t\t\t<a class=\"wcp-light-box\" data-buttons='[\"close\"]' data-wpc_url='https:\/\/www.buendnis-impfen.de\/wp-content\/uploads\/2024\/06\/ParlAbend-441-1024x683.jpg' href=\"https:\/\/www.buendnis-impfen.de\/wp-content\/uploads\/2024\/06\/ParlAbend-441-1024x683.jpg\" data-fancybox=\"wpcp_view\">\n\t\t<figure>\n\t\t\t<img loading=\"lazy\" decoding=\"async\" class=\"skip-lazy\" src=\"https:\/\/www.buendnis-impfen.de\/wp-content\/uploads\/2024\/06\/ParlAbend-441-1024x683.jpg\" alt=\"ParlAbend-441\" width=\"1024\" height=\"683\">\t\t<\/figure>\n\t<\/a>\n\t\t<\/div>\n<\/div>\n\t<div class=\"swiper-slide\">\n\t<div class=\"wpcp-single-item\">\n\t\t\t<a class=\"wcp-light-box\" data-buttons='[\"close\"]' data-wpc_url='https:\/\/www.buendnis-impfen.de\/wp-content\/uploads\/2024\/06\/ParlAbend-448-1024x683.jpg' href=\"https:\/\/www.buendnis-impfen.de\/wp-content\/uploads\/2024\/06\/ParlAbend-448-1024x683.jpg\" data-fancybox=\"wpcp_view\">\n\t\t<figure>\n\t\t\t<img loading=\"lazy\" decoding=\"async\" class=\"skip-lazy\" src=\"https:\/\/www.buendnis-impfen.de\/wp-content\/uploads\/2024\/06\/ParlAbend-448-1024x683.jpg\" alt=\"ParlAbend-448\" width=\"1024\" height=\"683\">\t\t<\/figure>\n\t<\/a>\n\t\t<\/div>\n<\/div>\n\t<div class=\"swiper-slide\">\n\t<div class=\"wpcp-single-item\">\n\t\t\t<a class=\"wcp-light-box\" data-buttons='[\"close\"]' data-wpc_url='https:\/\/www.buendnis-impfen.de\/wp-content\/uploads\/2024\/06\/ParlAbend-461-683x1024.jpg' href=\"https:\/\/www.buendnis-impfen.de\/wp-content\/uploads\/2024\/06\/ParlAbend-461-683x1024.jpg\" data-fancybox=\"wpcp_view\">\n\t\t<figure>\n\t\t\t<img loading=\"lazy\" decoding=\"async\" class=\"skip-lazy\" src=\"https:\/\/www.buendnis-impfen.de\/wp-content\/uploads\/2024\/06\/ParlAbend-461-683x1024.jpg\" alt=\"ParlAbend-461\" width=\"683\" height=\"1024\">\t\t<\/figure>\n\t<\/a>\n\t\t<\/div>\n<\/div>\n\t<div class=\"swiper-slide\">\n\t<div class=\"wpcp-single-item\">\n\t\t\t<a class=\"wcp-light-box\" data-buttons='[\"close\"]' data-wpc_url='https:\/\/www.buendnis-impfen.de\/wp-content\/uploads\/2024\/06\/ParlAbend-463-1024x683.jpg' href=\"https:\/\/www.buendnis-impfen.de\/wp-content\/uploads\/2024\/06\/ParlAbend-463-1024x683.jpg\" data-fancybox=\"wpcp_view\">\n\t\t<figure>\n\t\t\t<img loading=\"lazy\" decoding=\"async\" class=\"skip-lazy\" src=\"https:\/\/www.buendnis-impfen.de\/wp-content\/uploads\/2024\/06\/ParlAbend-463-1024x683.jpg\" alt=\"ParlAbend-463\" width=\"1024\" height=\"683\">\t\t<\/figure>\n\t<\/a>\n\t\t<\/div>\n<\/div>\n\t<div class=\"swiper-slide\">\n\t<div class=\"wpcp-single-item\">\n\t\t\t<a class=\"wcp-light-box\" data-buttons='[\"close\"]' data-wpc_url='https:\/\/www.buendnis-impfen.de\/wp-content\/uploads\/2024\/06\/ParlAbend-465-683x1024.jpg' href=\"https:\/\/www.buendnis-impfen.de\/wp-content\/uploads\/2024\/06\/ParlAbend-465-683x1024.jpg\" data-fancybox=\"wpcp_view\">\n\t\t<figure>\n\t\t\t<img loading=\"lazy\" decoding=\"async\" class=\"skip-lazy\" src=\"https:\/\/www.buendnis-impfen.de\/wp-content\/uploads\/2024\/06\/ParlAbend-465-683x1024.jpg\" alt=\"ParlAbend-465\" width=\"683\" height=\"1024\">\t\t<\/figure>\n\t<\/a>\n\t\t<\/div>\n<\/div>\n\t<div class=\"swiper-slide\">\n\t<div class=\"wpcp-single-item\">\n\t\t\t<a class=\"wcp-light-box\" data-buttons='[\"close\"]' data-wpc_url='https:\/\/www.buendnis-impfen.de\/wp-content\/uploads\/2024\/06\/ParlAbend-466-1024x683.jpg' href=\"https:\/\/www.buendnis-impfen.de\/wp-content\/uploads\/2024\/06\/ParlAbend-466-1024x683.jpg\" data-fancybox=\"wpcp_view\">\n\t\t<figure>\n\t\t\t<img loading=\"lazy\" decoding=\"async\" class=\"skip-lazy\" src=\"https:\/\/www.buendnis-impfen.de\/wp-content\/uploads\/2024\/06\/ParlAbend-466-1024x683.jpg\" alt=\"ParlAbend-466\" width=\"1024\" height=\"683\">\t\t<\/figure>\n\t<\/a>\n\t\t<\/div>\n<\/div>\n\t<div class=\"swiper-slide\">\n\t<div class=\"wpcp-single-item\">\n\t\t\t<a class=\"wcp-light-box\" data-buttons='[\"close\"]' data-wpc_url='https:\/\/www.buendnis-impfen.de\/wp-content\/uploads\/2024\/06\/ParlAbend-477-1024x683.jpg' href=\"https:\/\/www.buendnis-impfen.de\/wp-content\/uploads\/2024\/06\/ParlAbend-477-1024x683.jpg\" data-fancybox=\"wpcp_view\">\n\t\t<figure>\n\t\t\t<img loading=\"lazy\" decoding=\"async\" class=\"skip-lazy\" src=\"https:\/\/www.buendnis-impfen.de\/wp-content\/uploads\/2024\/06\/ParlAbend-477-1024x683.jpg\" alt=\"ParlAbend-477\" width=\"1024\" height=\"683\">\t\t<\/figure>\n\t<\/a>\n\t\t<\/div>\n<\/div>\n\t<div class=\"swiper-slide\">\n\t<div class=\"wpcp-single-item\">\n\t\t\t<a class=\"wcp-light-box\" data-buttons='[\"close\"]' data-wpc_url='https:\/\/www.buendnis-impfen.de\/wp-content\/uploads\/2024\/06\/ParlAbend-483-1024x683.jpg' href=\"https:\/\/www.buendnis-impfen.de\/wp-content\/uploads\/2024\/06\/ParlAbend-483-1024x683.jpg\" data-fancybox=\"wpcp_view\">\n\t\t<figure>\n\t\t\t<img loading=\"lazy\" decoding=\"async\" class=\"skip-lazy\" src=\"https:\/\/www.buendnis-impfen.de\/wp-content\/uploads\/2024\/06\/ParlAbend-483-1024x683.jpg\" alt=\"ParlAbend-483\" width=\"1024\" height=\"683\">\t\t<\/figure>\n\t<\/a>\n\t\t<\/div>\n<\/div>\n\t<div class=\"swiper-slide\">\n\t<div class=\"wpcp-single-item\">\n\t\t\t<a class=\"wcp-light-box\" data-buttons='[\"close\"]' data-wpc_url='https:\/\/www.buendnis-impfen.de\/wp-content\/uploads\/2024\/06\/ParlAbend-491-683x1024.jpg' href=\"https:\/\/www.buendnis-impfen.de\/wp-content\/uploads\/2024\/06\/ParlAbend-491-683x1024.jpg\" data-fancybox=\"wpcp_view\">\n\t\t<figure>\n\t\t\t<img loading=\"lazy\" decoding=\"async\" class=\"skip-lazy\" src=\"https:\/\/www.buendnis-impfen.de\/wp-content\/uploads\/2024\/06\/ParlAbend-491-683x1024.jpg\" alt=\"ParlAbend-491\" width=\"683\" height=\"1024\">\t\t<\/figure>\n\t<\/a>\n\t\t<\/div>\n<\/div>\n\t<div class=\"swiper-slide\">\n\t<div class=\"wpcp-single-item\">\n\t\t\t<a class=\"wcp-light-box\" data-buttons='[\"close\"]' data-wpc_url='https:\/\/www.buendnis-impfen.de\/wp-content\/uploads\/2024\/06\/ParlAbend-492-683x1024.jpg' href=\"https:\/\/www.buendnis-impfen.de\/wp-content\/uploads\/2024\/06\/ParlAbend-492-683x1024.jpg\" data-fancybox=\"wpcp_view\">\n\t\t<figure>\n\t\t\t<img loading=\"lazy\" decoding=\"async\" class=\"skip-lazy\" src=\"https:\/\/www.buendnis-impfen.de\/wp-content\/uploads\/2024\/06\/ParlAbend-492-683x1024.jpg\" alt=\"ParlAbend-492\" width=\"683\" height=\"1024\">\t\t<\/figure>\n\t<\/a>\n\t\t<\/div>\n<\/div>\n\t<div class=\"swiper-slide\">\n\t<div class=\"wpcp-single-item\">\n\t\t\t<a class=\"wcp-light-box\" data-buttons='[\"close\"]' data-wpc_url='https:\/\/www.buendnis-impfen.de\/wp-content\/uploads\/2024\/06\/ParlAbend-486-683x1024.jpg' href=\"https:\/\/www.buendnis-impfen.de\/wp-content\/uploads\/2024\/06\/ParlAbend-486-683x1024.jpg\" data-fancybox=\"wpcp_view\">\n\t\t<figure>\n\t\t\t<img loading=\"lazy\" decoding=\"async\" class=\"skip-lazy\" src=\"https:\/\/www.buendnis-impfen.de\/wp-content\/uploads\/2024\/06\/ParlAbend-486-683x1024.jpg\" alt=\"ParlAbend-486\" width=\"683\" height=\"1024\">\t\t<\/figure>\n\t<\/a>\n\t\t<\/div>\n<\/div>\n\t<div class=\"swiper-slide\">\n\t<div class=\"wpcp-single-item\">\n\t\t\t<a class=\"wcp-light-box\" data-buttons='[\"close\"]' data-wpc_url='https:\/\/www.buendnis-impfen.de\/wp-content\/uploads\/2024\/06\/ParlAbend-509-1024x683.jpg' href=\"https:\/\/www.buendnis-impfen.de\/wp-content\/uploads\/2024\/06\/ParlAbend-509-1024x683.jpg\" data-fancybox=\"wpcp_view\">\n\t\t<figure>\n\t\t\t<img loading=\"lazy\" decoding=\"async\" class=\"skip-lazy\" src=\"https:\/\/www.buendnis-impfen.de\/wp-content\/uploads\/2024\/06\/ParlAbend-509-1024x683.jpg\" alt=\"ParlAbend-509\" width=\"1024\" height=\"683\">\t\t<\/figure>\n\t<\/a>\n\t\t<\/div>\n<\/div>\n\t<div class=\"swiper-slide\">\n\t<div class=\"wpcp-single-item\">\n\t\t\t<a class=\"wcp-light-box\" data-buttons='[\"close\"]' data-wpc_url='https:\/\/www.buendnis-impfen.de\/wp-content\/uploads\/2024\/06\/ParlAbend-564-683x1024.jpg' href=\"https:\/\/www.buendnis-impfen.de\/wp-content\/uploads\/2024\/06\/ParlAbend-564-683x1024.jpg\" data-fancybox=\"wpcp_view\">\n\t\t<figure>\n\t\t\t<img loading=\"lazy\" decoding=\"async\" class=\"skip-lazy\" src=\"https:\/\/www.buendnis-impfen.de\/wp-content\/uploads\/2024\/06\/ParlAbend-564-683x1024.jpg\" alt=\"ParlAbend-564\" width=\"683\" height=\"1024\">\t\t<\/figure>\n\t<\/a>\n\t\t<\/div>\n<\/div>\n\t<div class=\"swiper-slide\">\n\t<div class=\"wpcp-single-item\">\n\t\t\t<a class=\"wcp-light-box\" data-buttons='[\"close\"]' data-wpc_url='https:\/\/www.buendnis-impfen.de\/wp-content\/uploads\/2024\/06\/ParlAbend-579-683x1024.jpg' href=\"https:\/\/www.buendnis-impfen.de\/wp-content\/uploads\/2024\/06\/ParlAbend-579-683x1024.jpg\" data-fancybox=\"wpcp_view\">\n\t\t<figure>\n\t\t\t<img loading=\"lazy\" decoding=\"async\" class=\"skip-lazy\" src=\"https:\/\/www.buendnis-impfen.de\/wp-content\/uploads\/2024\/06\/ParlAbend-579-683x1024.jpg\" alt=\"ParlAbend-579\" width=\"683\" height=\"1024\">\t\t<\/figure>\n\t<\/a>\n\t\t<\/div>\n<\/div>\n\t\t\t<\/div>\n\t\t\t\t<!-- If we need navigation buttons -->\n\t\t\t\t\t<div class=\"wpcp-prev-button swiper-button-prev\"><i class=\"fa fa-angle-left\"><\/i><\/div>\n\t\t\t<div class=\"wpcp-next-button swiper-button-next\"><i class=\"fa fa-angle-right\"><\/i><\/div>\n\t\t\t<\/div>\n\t<\/div>\n<\/div>\n\n<\/div>\n<\/div>\n\n\n\n<div style=\"height:100px\" aria-hidden=\"true\" class=\"wp-block-spacer\"><\/div>\n\n\n\n<p class=\"has-text-align-center\" style=\"border-style:none;border-width:0px\">\u201eWir danken dem Verband der forschenden Pharma-Unternehmen in Deutschland (vfa) f\u00fcr die Anschubfinanzierung zur Ausrichtung des Parlamentarischen Abends.\u201c<\/p>\n<\/div>\n\n\n\n<div style=\"height:100px\" aria-hidden=\"true\" class=\"wp-block-spacer\"><\/div>\n\n\n\n<div class=\"wp-block-group alignwide has-base-background-color has-background is-layout-flow wp-block-group-is-layout-flow\" style=\"border-radius:16px;padding-top:var(--wp--preset--spacing--40);padding-right:var(--wp--preset--spacing--30);padding-bottom:var(--wp--preset--spacing--40);padding-left:var(--wp--preset--spacing--30)\">\n<p class=\"has-text-align-left\"><strong>Podcast \u201eImpfen im \u00d6GD \u2013 was kann die Impfpr\u00e4vention?\u201c am 12.07.2024<\/strong><\/p>\n\n\n\n<div style=\"height:20px\" aria-hidden=\"true\" class=\"wp-block-spacer\"><\/div>\n\n\n\n<p class=\"has-text-align-left\" style=\"border-style:none;border-width:0px\">\u00dcber das Thema \u201eImpfen im \u00d6GD \u2013 was kann die Impfpr\u00e4vention?\u201c diskutiert Dr. Sybille Somogyi, A\u00d6GW-Referentin f\u00fcr Infektionsschutz und Hygiene, in einer Ausgabe der Podcast-Reihe \u201eWissenschaft trifft Praxis\u201c mit ihren G\u00e4sten: Dr. Katharina H\u00fcppe und Dr. Martin Oldenburg unter anderem dar\u00fcber, wie wichtig regionale Impfkampagnen sind und wie sie helfen, eine sachgerechte Impfaufkl\u00e4rung zu betreiben.<br><br>&#8222;Impfen im \u00d6GD \u2013 was kann die Impfpr\u00e4vention?&#8220;<br>(<a href=\"https:\/\/letscast.fm\/sites\/akademie-podcast-0be0d2f3\/episode\/impfen-im-oegd-was-kann-die-impfpraevention\" target=\"_blank\" rel=\"noreferrer noopener\">https:\/\/letscast.fm\/sites\/akademie-podcast-0be0d2f3\/episode\/impfen-im-oegd-was-kann-die-impfpraevention<\/a>)<\/p>\n\n\n\n<div style=\"height:50px\" aria-hidden=\"true\" class=\"wp-block-spacer\"><\/div>\n\n\n\n<p class=\"has-text-align-left\"><strong>Morgenmagazin \u2013 Das Erste \u2013 \u201eJetzt impfen lassen?\u201c am 08.11.2024<\/strong><\/p>\n\n\n\n<div style=\"height:20px\" aria-hidden=\"true\" class=\"wp-block-spacer\"><\/div>\n\n\n\n<p class=\"has-text-align-left\" style=\"border-style:none;border-width:0px\">Impfungen geh\u00f6ren zu den wichtigsten und wirksamsten pr\u00e4ventiven Ma\u00dfnahmen. Neben Grippe- und Corona-Impfungen werden Personen ab 60 Jahren auch weitere empfohlen. Dr. Katharina H\u00fcppe erkl\u00e4rt im Morgenmagazin, welche Impfungen wann n\u00f6tig sind.<br><br>\u201eJetzt impfen lassen?\u201c<br>(<a href=\"https:\/\/www.daserste.de\/information\/politik-weltgeschehen\/morgenmagazin\/service\/Service-Jetzt-impfen-lassen-106.html\" target=\"_blank\" rel=\"noreferrer noopener\">https:\/\/www.daserste.de\/information\/politik-weltgeschehen\/morgenmagazin\/service\/Service-Jetzt-impfen-lassen-106.html<\/a>)<\/p>\n<\/div>\n<\/div>\n\n\n\n<div class=\"wp-block-group alignfull has-global-padding is-layout-constrained wp-container-core-group-is-layout-669513ed wp-block-group-is-layout-constrained\" id=\"presse\" style=\"margin-top:0;margin-bottom:0;padding-top:var(--wp--preset--spacing--50);padding-right:var(--wp--preset--spacing--50);padding-bottom:var(--wp--preset--spacing--50);padding-left:var(--wp--preset--spacing--50)\">\n<div class=\"wp-block-group alignwide has-base-2-background-color has-background has-global-padding is-layout-constrained wp-container-core-group-is-layout-a151063b wp-block-group-is-layout-constrained\" style=\"border-radius:16px;padding-top:var(--wp--preset--spacing--50);padding-right:var(--wp--preset--spacing--40);padding-bottom:var(--wp--preset--spacing--50);padding-left:var(--wp--preset--spacing--40)\">\n<div class=\"wp-block-group alignwide is-vertical is-content-justification-stretch is-layout-flex wp-container-core-group-is-layout-353c4f5a wp-block-group-is-layout-flex\">\n<h2 class=\"wp-block-heading has-text-align-center\">Pressemitteilungen<\/h2>\n\n\n\n<p class=\"has-text-align-center\" style=\"margin-top:var(--wp--preset--spacing--10);font-size:clamp(0.875rem, 0.875rem + ((1vw - 0.2rem) * 0.417), 1.125rem);\">Hier finden Sie die Pressemitteilungen des Aktionsb\u00fcndnis Impfen<\/p>\n<\/div>\n\n\n\n<div style=\"height:var(--wp--preset--spacing--30)\" aria-hidden=\"true\" class=\"wp-block-spacer\"><\/div>\n\n\n\n<div class=\"wp-block-columns alignwide is-layout-flex wp-container-core-columns-is-layout-06670bbc wp-block-columns-is-layout-flex\">\n<div class=\"wp-block-column is-layout-flow wp-block-column-is-layout-flow\">\n<p style=\"margin-top:var(--wp--preset--spacing--20);margin-bottom:var(--wp--preset--spacing--20)\">Pressestatement anl\u00e4sslich des Welt-HPV-Tags am 4. M\u00e4rz\u00a0<br><a href=\"http:\/\/www.buendnis-impfen.de\/wp-content\/uploads\/2026\/03\/PM-04.03.2026_HPV.pdf\" target=\"_blank\" rel=\"noreferrer noopener\">Hier finden Sie die Mitteilung als PDF<\/a><\/p>\n\n\n\n<p style=\"margin-top:var(--wp--preset--spacing--20);margin-bottom:var(--wp--preset--spacing--20)\">Pressestatement anl\u00e4sslich des Parlamentarischen Fr\u00fchst\u00fccks des Nationalen Aktionsb\u00fcndnis Impfen am 8. Oktober 2025<br><a href=\"http:\/\/www.buendnis-impfen.de\/wp-content\/uploads\/2025\/10\/Statement_NABI_Parlm.Fruehstueck_2025-10-08.pdf\" target=\"_blank\" rel=\"noreferrer noopener\">Hier finden Sie die Mitteilung als PDF<\/a><\/p>\n\n\n\n<p>Empfehlung Nationales Aktionsb\u00fcndnis Impfen f\u00fcr die Legislatur 2025-2029 \u2013 18. M\u00e4rz 2025<br><a href=\"http:\/\/www.buendnis-impfen.de\/wp-content\/uploads\/2025\/03\/2025_03_Policy_Paper_NABI.pdf\" target=\"_blank\" rel=\"noreferrer noopener\">Hier finden Sie die Mitteilung als PDF<\/a><\/p>\n\n\n\n<p><\/p>\n<\/div>\n<\/div>\n<\/div>\n<\/div>\n\n\n\n<div class=\"wp-block-group alignfull has-base-2-background-color has-background has-global-padding is-layout-constrained wp-container-core-group-is-layout-669513ed wp-block-group-is-layout-constrained\" id=\"internationales\" style=\"margin-top:0;margin-bottom:0;padding-top:var(--wp--preset--spacing--50);padding-right:var(--wp--preset--spacing--50);padding-bottom:var(--wp--preset--spacing--50);padding-left:var(--wp--preset--spacing--50)\">\n<div class=\"wp-block-group alignwide has-base-background-color has-background has-global-padding is-layout-constrained wp-container-core-group-is-layout-a151063b wp-block-group-is-layout-constrained\" style=\"border-radius:16px;padding-top:var(--wp--preset--spacing--50);padding-right:var(--wp--preset--spacing--40);padding-bottom:var(--wp--preset--spacing--50);padding-left:var(--wp--preset--spacing--40)\">\n<div class=\"wp-block-group alignwide is-vertical is-content-justification-stretch is-layout-flex wp-container-core-group-is-layout-353c4f5a wp-block-group-is-layout-flex\">\n<h2 class=\"wp-block-heading has-text-align-center\" style=\"padding-bottom:var(--wp--preset--spacing--30)\">Internationales<\/h2>\n<\/div>\n\n\n\n<div class=\"wp-block-columns are-vertically-aligned-center is-layout-flex wp-container-core-columns-is-layout-28f84493 wp-block-columns-is-layout-flex\">\n<div class=\"wp-block-column is-vertically-aligned-center is-layout-flow wp-block-column-is-layout-flow\"><\/div>\n\n\n\n<div class=\"wp-block-column is-vertically-aligned-center is-layout-flow wp-block-column-is-layout-flow\">\n<p class=\"has-text-align-left\"><strong>Downloads<\/strong><\/p>\n\n\n\n<p class=\"has-text-color has-link-color wp-elements-baf1e394d7225b2850557e2c9ce6d382\" style=\"color:#0000ff;line-height:2.5\"><a href=\"http:\/\/www.buendnis-impfen.de\/wp-content\/uploads\/2024\/05\/240419-MBVE-Launch-event-meeting-report.pdf\" target=\"_blank\" rel=\"noreferrer noopener\">Launch-event-meeting-report<\/a><br><a href=\"http:\/\/www.buendnis-impfen.de\/wp-content\/uploads\/2024\/05\/240318-MBVE-Consensus-Report-DIGITAL.pdf\" target=\"_blank\" rel=\"noreferrer noopener\">MBVE-Consensus-Report<\/a><\/p>\n<\/div>\n<\/div>\n<\/div>\n<\/div>\n\n\n\n<div class=\"wp-block-group alignfull has-global-padding is-layout-constrained wp-container-core-group-is-layout-669513ed wp-block-group-is-layout-constrained\" id=\"mitglieder\" style=\"margin-top:0;margin-bottom:0;padding-top:var(--wp--preset--spacing--50);padding-right:var(--wp--preset--spacing--50);padding-bottom:var(--wp--preset--spacing--50);padding-left:var(--wp--preset--spacing--50)\">\n<div class=\"wp-block-group alignwide has-base-2-background-color has-background has-global-padding is-layout-constrained wp-container-core-group-is-layout-a151063b wp-block-group-is-layout-constrained\" style=\"border-radius:16px;padding-top:var(--wp--preset--spacing--50);padding-right:var(--wp--preset--spacing--40);padding-bottom:var(--wp--preset--spacing--50);padding-left:var(--wp--preset--spacing--40)\">\n<div class=\"wp-block-group alignwide is-vertical is-content-justification-stretch is-layout-flex wp-container-core-group-is-layout-353c4f5a wp-block-group-is-layout-flex\">\n<h2 class=\"wp-block-heading has-text-align-center\">Kontakt\/Mitgliedschaft<\/h2>\n\n\n\n<p class=\"has-text-align-center has-text-color has-link-color wp-elements-3e2072e3dd30138c23d9a3fc137bf9a6\" style=\"color:#0000ff;margin-top:var(--wp--preset--spacing--10);font-size:clamp(0.875rem, 0.875rem + ((1vw - 0.2rem) * 0.417), 1.125rem);\"><a href=\"http:\/\/www.buendnis-impfen.de\/wp-content\/uploads\/2026\/03\/Mitgliedschaftsantrag_NABI.pdf\" data-type=\"link\" data-id=\"http:\/\/www.buendnis-impfen.de\/wp-content\/uploads\/2024\/05\/2024_Mitgliedsantrag_NABI.pdf\" target=\"_blank\" rel=\"noreferrer noopener\">Mitgliedschaftsantrag herunterladen<\/a><\/p>\n\n\n\n<p class=\"has-text-align-center has-link-color wp-elements-65e64a38d9d3b1a8ea0f64eaa223f9d4\" style=\"margin-top:var(--wp--preset--spacing--10);font-size:clamp(0.875rem, 0.875rem + ((1vw - 0.2rem) * 0.417), 1.125rem);\">F\u00fcr Fragen wenden Sie sich an <a href=\"mailto:office@buendnis-impfen.de\" target=\"_blank\" rel=\"noreferrer noopener\">office@buendnis-impfen.de<\/a><\/p>\n<\/div>\n<\/div>\n<\/div>\n\n\n\n<div class=\"wp-block-group alignfull has-base-2-background-color has-background has-global-padding is-layout-constrained wp-container-core-group-is-layout-669513ed wp-block-group-is-layout-constrained\" id=\"downloads\" style=\"margin-top:0;margin-bottom:0;padding-top:var(--wp--preset--spacing--50);padding-right:var(--wp--preset--spacing--50);padding-bottom:var(--wp--preset--spacing--50);padding-left:var(--wp--preset--spacing--50)\">\n<div class=\"wp-block-group alignwide has-base-background-color has-background has-global-padding is-layout-constrained wp-container-core-group-is-layout-a151063b wp-block-group-is-layout-constrained\" style=\"border-radius:16px;padding-top:var(--wp--preset--spacing--50);padding-right:var(--wp--preset--spacing--40);padding-bottom:var(--wp--preset--spacing--50);padding-left:var(--wp--preset--spacing--40)\">\n<div class=\"wp-block-group alignwide is-vertical is-content-justification-stretch is-layout-flex wp-container-core-group-is-layout-353c4f5a wp-block-group-is-layout-flex\">\n<h2 class=\"wp-block-heading has-text-align-center\" style=\"margin-top:0;margin-bottom:0;padding-top:0;padding-right:0;padding-bottom:var(--wp--preset--spacing--20);padding-left:0\">Downloads<\/h2>\n<\/div>\n\n\n\n<div class=\"wp-block-file aligncenter has-link-color wp-elements-2daa93f3143c4bb202588b5647abde5c\" style=\"margin-top:0;margin-bottom:0;padding-top:0;padding-right:0;padding-bottom:var(--wp--preset--spacing--10);padding-left:0\"><a id=\"wp-block-file--media-46e666a6-4f59-4141-bd9c-4dfdbec6fe10\" href=\"http:\/\/www.buendnis-impfen.de\/wp-content\/uploads\/2024\/05\/Code-of-Conduct_Kurzversion.pdf\" target=\"_blank\" rel=\"noreferrer noopener\">Code of Conduct_Kurzversion<\/a><\/div>\n\n\n\n<div class=\"wp-block-file aligncenter has-link-color wp-elements-c67f8ad64e87378f60bfa979eb344dea\" style=\"margin-top:0;margin-bottom:0;padding-top:0;padding-right:0;padding-bottom:var(--wp--preset--spacing--10);padding-left:0\"><a id=\"wp-block-file--media-365da69f-2771-4bfb-869b-ab209b2afde5\" href=\"http:\/\/www.buendnis-impfen.de\/wp-content\/uploads\/2024\/05\/Satzung_NABI_18.01.24.pdf\" target=\"_blank\" rel=\"noreferrer noopener\">Satzung_NABI_18.01.24<\/a><\/div>\n\n\n\n<div class=\"wp-block-file aligncenter has-link-color wp-elements-ebceb73767d19a91e02fa4ddfcdc8b77\" style=\"margin-top:0;margin-bottom:0;padding-top:0;padding-right:0;padding-bottom:var(--wp--preset--spacing--10);padding-left:0\"><a id=\"wp-block-file--media-1affe5ce-df41-48dc-a0c9-6b7554c44387\" href=\"http:\/\/www.buendnis-impfen.de\/wp-content\/uploads\/2024\/05\/240419-MBVE-Launch-event-meeting-report.pdf\" target=\"_blank\" rel=\"noreferrer noopener\">240419-MBVE-Launch-event-meeting-report<\/a><\/div>\n\n\n\n<div class=\"wp-block-file aligncenter has-link-color wp-elements-cf2d438d75c8da4b7a9a814f1a039b67\" style=\"margin-top:0;margin-bottom:0;padding-top:0;padding-right:0;padding-bottom:var(--wp--preset--spacing--10);padding-left:0\"><a id=\"wp-block-file--media-4daf18b4-2c83-473f-80c3-9544aeedc696\" href=\"http:\/\/www.buendnis-impfen.de\/wp-content\/uploads\/2024\/05\/Code-of-Conduct.pdf\" target=\"_blank\" rel=\"noreferrer noopener\">Code of Conduct<\/a><\/div>\n\n\n\n<div class=\"wp-block-file aligncenter has-link-color wp-elements-79d8d893381afd3eab59d7498d808a97\" style=\"margin-top:0;margin-bottom:0;padding-top:0;padding-right:0;padding-bottom:var(--wp--preset--spacing--10);padding-left:0\"><a id=\"wp-block-file--media-78df3ed9-5ff5-49a3-ac27-0efdcbd17f48\" href=\"http:\/\/www.buendnis-impfen.de\/wp-content\/uploads\/2024\/05\/240318-MBVE-Consensus-Report-DIGITAL.pdf\" target=\"_blank\" rel=\"noreferrer noopener\">240318-MBVE-Consensus-Report-DIGITAL<\/a><\/div>\n\n\n\n<div class=\"wp-block-file aligncenter has-link-color wp-elements-f2ffdbc06e2cce7748d9ad3d5fe96803\" style=\"margin-top:0;margin-bottom:0;padding-top:0;padding-right:0;padding-bottom:var(--wp--preset--spacing--10);padding-left:0\"><a id=\"wp-block-file--media-cfc0955e-080c-4de8-b989-2162176a3f9f\" href=\"http:\/\/www.buendnis-impfen.de\/wp-content\/uploads\/2026\/03\/Mitgliedschaftsantrag_NABI.pdf\" target=\"_blank\" rel=\"noreferrer noopener\">Mitgliedschaftsantrag_NABI<\/a><\/div>\n\n\n\n<div class=\"wp-block-file aligncenter has-link-color wp-elements-78388c56c4557323c800b350c8aa9826\" style=\"margin-top:0;margin-bottom:0;padding-top:0;padding-right:0;padding-bottom:0;padding-left:0\"><a id=\"wp-block-file--media-9f852160-5cd3-4ccb-b5fc-e52f0fc23e36\" href=\"http:\/\/www.buendnis-impfen.de\/wp-content\/uploads\/2026\/03\/Vorstellung_NABI_2026.pdf\" target=\"_blank\" rel=\"noreferrer noopener\">Vorstellung_NABI_2026<\/a><\/div>\n<\/div>\n<\/div>\n\n\n\n<p><\/p>\n<\/div>\n\n\n<div class=\"wp-block-group alignfull pattern_multiple_covers has-background has-global-padding is-layout-constrained wp-container-core-group-is-layout-d55cbcae wp-block-group-is-layout-constrained\" id=\"ueber-uns\" style=\"background-color:#f8f8f8;padding-top:var(--wp--preset--spacing--40);padding-right:0;padding-bottom:var(--wp--preset--spacing--40);padding-left:0\">\n<div class=\"wp-block-group alignfull has-global-padding is-layout-constrained wp-container-core-group-is-layout-d89aad35 wp-block-group-is-layout-constrained\" style=\"margin-top:0;margin-bottom:0;padding-top:var(--wp--preset--spacing--50);padding-right:var(--wp--preset--spacing--50);padding-bottom:var(--wp--preset--spacing--50);padding-left:var(--wp--preset--spacing--50)\">\n<div class=\"wp-block-columns alignwide are-vertically-aligned-center is-layout-flex wp-container-core-columns-is-layout-47c06fe3 wp-block-columns-is-layout-flex\">\n<div class=\"wp-block-column is-vertically-aligned-center is-layout-flow wp-container-core-column-is-layout-5d8b474c wp-block-column-is-layout-flow\" style=\"padding-top:0;padding-right:0;padding-bottom:0;padding-left:0;flex-basis:50%\">\n<h2 class=\"wp-block-heading\" style=\"line-height:1.5\">Nationales Aktionsb\u00fcndnis Impfen NABI e.V.<\/h2>\n\n\n\n<p>Das Nationale Aktionsb\u00fcndnis e.V. ist ein politisch und interessenunabh\u00e4ngiger Zusammenschluss von Expertinnen und Experten sowie Institutionen aus Wissenschaft, Praxis und Public Health mit dem Ziel, jenseits der Erfahrungen aus der Pandemie das Bewusstsein f\u00fcr die Erfolge in der Bek\u00e4mpfung von Infektionskrankheiten durch Impfungen als eine der wirksamsten prim\u00e4rpr\u00e4ventiven Ma\u00dfnahmen in der \u00d6ffentlichkeit und der Fachwelt zu st\u00e4rken.<\/p>\n<\/div>\n\n\n\n<div class=\"wp-block-column is-vertically-aligned-center is-layout-flow wp-block-column-is-layout-flow\" style=\"flex-basis:50%\">\n<figure class=\"wp-block-image size-full has-custom-border is-style-rounded is-style-rounded--2\"><img loading=\"lazy\" decoding=\"async\" width=\"926\" height=\"427\" src=\"https:\/\/nabi.cc2c.de\/wp-content\/uploads\/2024\/03\/About-Bild.jpg\" alt=\"\" class=\"wp-image-71\" style=\"border-style:none;border-width:0px;border-radius:20px\" srcset=\"https:\/\/www.buendnis-impfen.de\/wp-content\/uploads\/2024\/03\/About-Bild.jpg 926w, https:\/\/www.buendnis-impfen.de\/wp-content\/uploads\/2024\/03\/About-Bild-300x138.jpg 300w, https:\/\/www.buendnis-impfen.de\/wp-content\/uploads\/2024\/03\/About-Bild-768x354.jpg 768w\" sizes=\"auto, (max-width: 926px) 100vw, 926px\" \/><\/figure>\n<\/div>\n<\/div>\n\n\n\n<div class=\"wp-block-columns alignwide are-vertically-aligned-center is-layout-flex wp-container-core-columns-is-layout-47c06fe3 wp-block-columns-is-layout-flex\">\n<div class=\"wp-block-column is-vertically-aligned-center is-layout-flow wp-container-core-column-is-layout-5d8b474c wp-block-column-is-layout-flow\" style=\"padding-top:0;padding-right:0;padding-bottom:0;padding-left:0;flex-basis:50%\"><\/div>\n\n\n\n<div class=\"wp-block-column is-vertically-aligned-center is-layout-flow wp-block-column-is-layout-flow\" style=\"padding-top:var(--wp--preset--spacing--30);padding-bottom:var(--wp--preset--spacing--30);flex-basis:50%\">\n<p class=\"has-text-align-left\"><strong>Downloads<\/strong><\/p>\n\n\n\n<p class=\"has-text-color has-link-color wp-elements-83f8df878d956df84b7e1dfb44808630\" style=\"color:#0000ff;line-height:2.5\"><a href=\"http:\/\/www.buendnis-impfen.de\/wp-content\/uploads\/2024\/05\/Satzung_NABI_18.01.24.pdf\" target=\"_blank\" rel=\"noreferrer noopener\">Satzung NABI herunterladen<\/a><br><a href=\"http:\/\/www.buendnis-impfen.de\/wp-content\/uploads\/2024\/05\/Code-of-Conduct_Kurzversion.pdf\" target=\"_blank\" rel=\"noreferrer noopener\">Code of Conduct herunterladen<\/a><br><a href=\"http:\/\/www.buendnis-impfen.de\/wp-content\/uploads\/2026\/03\/Vorstellung_NABI_2026.pdf\" target=\"_blank\" rel=\"noreferrer noopener\">Vorstellung NABI herunterladen<\/a><\/p>\n<\/div>\n<\/div>\n<\/div>\n<\/div>\n\n\n\n<div class=\"wp-block-group alignfull has-base-2-background-color has-background has-global-padding is-layout-constrained wp-container-core-group-is-layout-669513ed wp-block-group-is-layout-constrained\" id=\"ziele\" style=\"margin-top:0;margin-bottom:0;padding-top:var(--wp--preset--spacing--50);padding-right:var(--wp--preset--spacing--50);padding-bottom:var(--wp--preset--spacing--50);padding-left:var(--wp--preset--spacing--50)\">\n<div class=\"wp-block-group is-vertical is-content-justification-center is-layout-flex wp-container-core-group-is-layout-52b864f0 wp-block-group-is-layout-flex\">\n<h2 class=\"wp-block-heading has-text-align-center is-style-asterisk\">Ziele Nationales Aktionsb\u00fcndnis Impfen<\/h2>\n\n\n\n<div style=\"height:0px\" aria-hidden=\"true\" class=\"wp-block-spacer wp-container-content-4f2ccadb\"><\/div>\n\n\n\n<p class=\"has-text-align-center\">Sensibilisierung der Bev\u00f6lkerung<strong> <\/strong>f\u00fcr das Thema Impfen als wirksame prim\u00e4rpr\u00e4ventive Ma\u00dfnahme<\/p>\n<\/div>\n\n\n\n<div style=\"margin-top:0;margin-bottom:0;height:var(--wp--preset--spacing--40)\" aria-hidden=\"true\" class=\"wp-block-spacer\"><\/div>\n\n\n\n<div class=\"wp-block-columns alignwide is-layout-flex wp-container-core-columns-is-layout-d0bbbce0 wp-block-columns-is-layout-flex\">\n<div class=\"wp-block-column is-layout-flow wp-container-core-column-is-layout-e3d1c41b wp-block-column-is-layout-flow\">\n<h3 class=\"wp-block-heading has-text-align-left is-style-asterisk has-body-font-family has-medium-font-size\" style=\"font-style:normal;font-weight:600\"><strong><strong>Steigerung der Gesundheitskompetenz<\/strong><\/strong><\/h3>\n\n\n\n<p class=\"has-text-align-left has-contrast-color has-text-color has-link-color wp-elements-ad3dffe1654157d3e99416e9ab001f26\">In allen Altersgruppen soll das Suchen, Finden und Umsetzen von Informationen \u00fcber Infektionskrankheiten und deren Pr\u00e4ventionsm\u00f6glichkeiten erleichtert werden.<\/p>\n<\/div>\n\n\n\n<div class=\"wp-block-column is-layout-flow wp-container-core-column-is-layout-e3d1c41b wp-block-column-is-layout-flow\">\n<h3 class=\"wp-block-heading has-text-align-left is-style-asterisk has-body-font-family has-medium-font-size\" style=\"font-style:normal;font-weight:600\"><strong><strong>Sensibilisierung der Bev\u00f6lkerung<\/strong><\/strong><\/h3>\n\n\n\n<p class=\"has-text-align-left has-contrast-color has-text-color has-link-color wp-elements-125ef7ecfea4e5ffaf8e8ee44ee02be4\">Nach den Erfahrungen der Pandemie sollen die Menschen nicht nur an die Game-Changer-Rolle der COVID-Impfung erinnert, sondern auch auf andere impfpr\u00e4ventable Erkrankungen hingewiesen werden.<\/p>\n<\/div>\n\n\n\n<div class=\"wp-block-column is-layout-flow wp-container-core-column-is-layout-e3d1c41b wp-block-column-is-layout-flow\">\n<h3 class=\"wp-block-heading has-text-align-left is-style-asterisk has-body-font-family has-medium-font-size\" style=\"font-style:normal;font-weight:600\"><strong>Steigerung der Impfquoten<\/strong><\/h3>\n\n\n\n<p class=\"has-text-align-left has-contrast-color has-text-color has-link-color wp-elements-3dbe623647c5e6c974d2d37dc47c5a9c\">Die WHO-Ziele zur Eradikation von pr\u00e4venierbaren Infektionserkrankungen wie Masern sind (noch) nicht erreicht. Daf\u00fcr und zur Erreichung eines wirksamen Bev\u00f6lkerungsschutzes (Herdenimmunit\u00e4t) ist eine Steigerung der Impfraten notwendig.<\/p>\n<\/div>\n<\/div>\n\n\n\n<div style=\"height:var(--wp--preset--spacing--20)\" aria-hidden=\"true\" class=\"wp-block-spacer\"><\/div>\n\n\n\n<div class=\"wp-block-columns alignwide is-layout-flex wp-container-core-columns-is-layout-d0bbbce0 wp-block-columns-is-layout-flex\">\n<div class=\"wp-block-column is-layout-flow wp-container-core-column-is-layout-e3d1c41b wp-block-column-is-layout-flow\">\n<h3 class=\"wp-block-heading has-text-align-left is-style-asterisk has-body-font-family has-medium-font-size\" style=\"font-style:normal;font-weight:600\"><strong>Vermehrung des Wissens \u00fcber Impfungen<\/strong><\/h3>\n\n\n\n<p class=\"has-text-align-left has-contrast-color has-text-color has-link-color wp-elements-8b5895af8acf5d2de0f9d96bb688e7ff\">Insbesondere im Bereich von Impfungen soll das Wissen \u00fcber Infektionskrankheiten, deren Erreger, Krankheitsverl\u00e4ufe und Risiken, Pr\u00e4ventionsm\u00f6glichkeiten wie Hygienema\u00dfnahmen sowie den Nutzen von Impfstoffen, Herstellung, Zulassung, Empfehlungen und Anwendung in der Bev\u00f6lkerung \u00fcber alle Altersgruppen hinweg gesteigert werden.<\/p>\n<\/div>\n\n\n\n<div class=\"wp-block-column is-layout-flow wp-container-core-column-is-layout-e3d1c41b wp-block-column-is-layout-flow\">\n<h3 class=\"wp-block-heading has-text-align-left is-style-asterisk has-body-font-family has-medium-font-size\" style=\"font-style:normal;font-weight:600\"><strong>Effektive Verbreitung der Informationen in den Zielgruppen<\/strong><\/h3>\n\n\n\n<p class=\"has-text-align-left has-contrast-color has-text-color has-link-color wp-elements-f1498f3d23dc8407543772bcb03a6f38\">Nicht nur die Pandemie hat gezeigt, dass mit der Ver\u00e4nderung der Kommunikationsgewohnheiten in allen Altersstufen ein einheitliches Kommunikationsmedium l\u00e4ngst nicht mehr ausreicht. Zielgruppengenaue Formate und die ad\u00e4quate An(Sprache) bzw das Format m\u00fcssen passgenau und sensibel gew\u00e4hlt und neben Komm- auch Gehstrukturen aufgebaut werden.<\/p>\n<\/div>\n\n\n\n<div class=\"wp-block-column is-layout-flow wp-container-core-column-is-layout-e3d1c41b wp-block-column-is-layout-flow\">\n<h3 class=\"wp-block-heading has-text-align-left is-style-asterisk has-body-font-family has-medium-font-size\" style=\"font-style:normal;font-weight:600\"><strong>St\u00e4rkung des Vertrauens in Impfungen<\/strong><\/h3>\n\n\n\n<p class=\"has-text-align-left has-contrast-color has-text-color has-link-color wp-elements-f8f5d6d2896e7573a77aa699e440e023\">Kontinuierliche Information, Transparenz beim Zustandekommen von Impfempfehlungen und der Entwicklung und Zulassung von Impfstoffen sowie Zusammenarbeit von Politik und Wissenschaft auf Augenh\u00f6he schaffen Vertrauen auch in staatliche Institutionen als Voraussetzung f\u00fcr Impfakzeptanz.<\/p>\n<\/div>\n<\/div>\n<\/div>\n\n\n\n<div class=\"wp-block-group alignfull has-global-padding is-layout-constrained wp-container-core-group-is-layout-669513ed wp-block-group-is-layout-constrained\" id=\"massnahmen\" style=\"margin-top:0;margin-bottom:0;padding-top:var(--wp--preset--spacing--50);padding-right:var(--wp--preset--spacing--50);padding-bottom:var(--wp--preset--spacing--50);padding-left:var(--wp--preset--spacing--50)\">\n<div class=\"wp-block-group alignwide has-base-2-background-color has-background has-global-padding is-layout-constrained wp-container-core-group-is-layout-a151063b wp-block-group-is-layout-constrained\" style=\"border-radius:16px;padding-top:var(--wp--preset--spacing--50);padding-right:var(--wp--preset--spacing--40);padding-bottom:var(--wp--preset--spacing--50);padding-left:var(--wp--preset--spacing--40)\">\n<div class=\"wp-block-group alignwide is-vertical is-content-justification-stretch is-layout-flex wp-container-core-group-is-layout-353c4f5a wp-block-group-is-layout-flex\">\n<h2 class=\"wp-block-heading has-text-align-center\"><strong>Ma\u00dfnahmen Nationales Aktionsb\u00fcndnis Impfen<\/strong><\/h2>\n\n\n\n<p class=\"has-text-align-center has-contrast-color has-text-color has-link-color wp-elements-22d3c39e26bd71ff32bbdb4415acad78\" style=\"margin-top:var(--wp--preset--spacing--10);font-size:clamp(0.875rem, 0.875rem + ((1vw - 0.2rem) * 0.417), 1.125rem);\">zur Zielerreichung Sensibilisierung der Bev\u00f6lkerungf\u00fcr das Thema Impfen als wirksame prim\u00e4rpr\u00e4ventive Ma\u00dfnahme<\/p>\n<\/div>\n\n\n\n<div style=\"height:var(--wp--preset--spacing--30)\" aria-hidden=\"true\" class=\"wp-block-spacer\"><\/div>\n\n\n\n<div class=\"wp-block-columns alignwide is-layout-flex wp-container-core-columns-is-layout-06670bbc wp-block-columns-is-layout-flex\" style=\"border-style:none;border-width:0px\">\n<div class=\"wp-block-column is-layout-flow wp-block-column-is-layout-flow\" style=\"border-top-style:none;border-top-width:0px;border-bottom-style:none;border-bottom-width:0px;padding-top:var(--wp--preset--spacing--30);padding-right:var(--wp--preset--spacing--30);padding-bottom:var(--wp--preset--spacing--10);padding-left:var(--wp--preset--spacing--30)\">\n<h4 class=\"wp-block-heading has-text-align-center\" style=\"padding-top:1px\"><strong>Impfausweiskontrolle bei Patientenkontakten<\/strong><\/h4>\n\n\n\n<div style=\"height:var(--wp--preset--spacing--10)\" aria-hidden=\"true\" class=\"wp-block-spacer\"><\/div>\n\n\n\n<hr class=\"wp-block-separator has-text-color has-alpha-channel-opacity has-background is-style-wide\" style=\"margin-top:var(--wp--preset--spacing--20);margin-bottom:var(--wp--preset--spacing--20);background-color:#2f9a99;color:#2f9a99\"\/>\n\n\n\n<div class=\"wp-block-group is-vertical is-content-justification-stretch is-layout-flex wp-container-core-group-is-layout-353c4f5a wp-block-group-is-layout-flex\">\n<p class=\"has-text-align-center has-contrast-color has-text-color has-link-color wp-elements-d19a9fd9844b2d925289f101fdb1d8b4\" style=\"line-height:2\">Jeder Patientenkontakt soll zur Kontrolle des Impfausweises genutzt, auf fehlende Impfungen hingewiesen und Impfl\u00fccken geschlossen werden.<\/p>\n<\/div>\n\n\n\n<div style=\"height:var(--wp--preset--spacing--10)\" aria-hidden=\"true\" class=\"wp-block-spacer\"><\/div>\n<\/div>\n\n\n\n<div class=\"wp-block-column is-layout-flow wp-block-column-is-layout-flow\" style=\"border-top-style:none;border-top-width:0px;border-bottom-style:none;border-bottom-width:0px;padding-top:var(--wp--preset--spacing--30);padding-right:var(--wp--preset--spacing--30);padding-bottom:var(--wp--preset--spacing--10);padding-left:var(--wp--preset--spacing--30)\">\n<h4 class=\"wp-block-heading has-text-align-center\"><strong>Steigerung der Digitalisierung<\/strong><\/h4>\n\n\n\n<div style=\"height:var(--wp--preset--spacing--10)\" aria-hidden=\"true\" class=\"wp-block-spacer\"><\/div>\n\n\n\n<hr class=\"wp-block-separator has-text-color has-alpha-channel-opacity has-background is-style-wide\" style=\"margin-top:var(--wp--preset--spacing--20);margin-bottom:var(--wp--preset--spacing--20);background-color:#2f9a99;color:#2f9a99\"\/>\n\n\n\n<div class=\"wp-block-group is-vertical is-content-justification-stretch is-layout-flex wp-container-core-group-is-layout-353c4f5a wp-block-group-is-layout-flex\">\n<p class=\"has-text-align-center has-contrast-color has-text-color has-link-color wp-elements-b9d755147f0287b47c92641d6bedc3c8\" style=\"line-height:2\">Die Einf\u00fchrung des digitalen Impfausweises und eines Impfregisters sollen unterst\u00fctzt und vorangebracht werden.<\/p>\n<\/div>\n\n\n\n<div style=\"height:var(--wp--preset--spacing--10)\" aria-hidden=\"true\" class=\"wp-block-spacer\"><\/div>\n<\/div>\n\n\n\n<div class=\"wp-block-column is-layout-flow wp-block-column-is-layout-flow\" style=\"border-top-style:none;border-top-width:0px;border-bottom-style:none;border-bottom-width:0px;padding-top:var(--wp--preset--spacing--30);padding-right:var(--wp--preset--spacing--30);padding-bottom:var(--wp--preset--spacing--10);padding-left:var(--wp--preset--spacing--30)\">\n<h4 class=\"wp-block-heading has-text-align-center\" style=\"padding-top:1px\"><strong>\u00d6ffentlichkeitsarbeit<\/strong><\/h4>\n\n\n\n<div style=\"height:var(--wp--preset--spacing--30)\" aria-hidden=\"true\" class=\"wp-block-spacer\"><\/div>\n\n\n\n<hr class=\"wp-block-separator has-text-color has-alpha-channel-opacity has-background is-style-wide\" style=\"margin-top:var(--wp--preset--spacing--20);margin-bottom:var(--wp--preset--spacing--20);background-color:#2f9a99;color:#2f9a99\"\/>\n\n\n\n<div class=\"wp-block-group is-vertical is-content-justification-stretch is-layout-flex wp-container-core-group-is-layout-353c4f5a wp-block-group-is-layout-flex\">\n<p class=\"has-text-align-center has-contrast-color has-text-color has-link-color wp-elements-c98e76740f459d36d31a9e7e55232118\" style=\"line-height:2\">Verbreitung zielgruppen- und impfspezifischer aktueller Hinweise und Informationen<\/p>\n<\/div>\n\n\n\n<div style=\"height:var(--wp--preset--spacing--10)\" aria-hidden=\"true\" class=\"wp-block-spacer\"><\/div>\n<\/div>\n<\/div>\n\n\n\n<div class=\"wp-block-columns alignwide is-layout-flex wp-container-core-columns-is-layout-81769517 wp-block-columns-is-layout-flex\" style=\"padding-top:40px;padding-bottom:40px\">\n<div class=\"wp-block-column is-layout-flow wp-block-column-is-layout-flow\" style=\"border-top-style:none;border-top-width:0px;border-bottom-style:none;border-bottom-width:0px;padding-top:var(--wp--preset--spacing--30);padding-right:var(--wp--preset--spacing--30);padding-bottom:var(--wp--preset--spacing--10);padding-left:var(--wp--preset--spacing--30)\">\n<h4 class=\"wp-block-heading has-text-align-center\" style=\"padding-top:1px\"><strong><strong><strong>F\u00f6rderung und Implementierung von Good Practise<\/strong><\/strong><\/strong><\/h4>\n\n\n\n<div style=\"height:var(--wp--preset--spacing--10)\" aria-hidden=\"true\" class=\"wp-block-spacer\"><\/div>\n\n\n\n<hr class=\"wp-block-separator has-text-color has-alpha-channel-opacity has-background is-style-wide\" style=\"margin-top:var(--wp--preset--spacing--20);margin-bottom:var(--wp--preset--spacing--20);background-color:#2f9a99;color:#2f9a99\"\/>\n\n\n\n<div class=\"wp-block-group is-vertical is-content-justification-stretch is-layout-flex wp-container-core-group-is-layout-353c4f5a wp-block-group-is-layout-flex\">\n<p class=\"has-text-align-center has-contrast-color has-text-color has-link-color wp-elements-e9b149bcfb7c038ec418f926e05a7c59\" style=\"line-height:2\">Information von Modellen guter Praxis zum Impfen<\/p>\n<\/div>\n\n\n\n<div style=\"height:var(--wp--preset--spacing--10)\" aria-hidden=\"true\" class=\"wp-block-spacer\"><\/div>\n<\/div>\n\n\n\n<div class=\"wp-block-column is-layout-flow wp-block-column-is-layout-flow\" style=\"border-top-style:none;border-top-width:0px;border-bottom-style:none;border-bottom-width:0px;padding-top:var(--wp--preset--spacing--30);padding-right:var(--wp--preset--spacing--30);padding-bottom:var(--wp--preset--spacing--10);padding-left:var(--wp--preset--spacing--30)\">\n<h4 class=\"wp-block-heading has-text-align-center\"><strong><strong><strong>Wissenschafts<\/strong><\/strong>&#8211;<br><strong><strong>kommunikation<\/strong><\/strong><\/strong><\/h4>\n\n\n\n<div style=\"height:var(--wp--preset--spacing--10)\" aria-hidden=\"true\" class=\"wp-block-spacer\"><\/div>\n\n\n\n<hr class=\"wp-block-separator has-text-color has-alpha-channel-opacity has-background is-style-wide\" style=\"margin-top:var(--wp--preset--spacing--20);margin-bottom:var(--wp--preset--spacing--20);background-color:#2f9a99;color:#2f9a99\"\/>\n\n\n\n<div class=\"wp-block-group is-vertical is-content-justification-stretch is-layout-flex wp-container-core-group-is-layout-353c4f5a wp-block-group-is-layout-flex\">\n<p class=\"has-text-align-center has-contrast-color has-text-color has-link-color wp-elements-1984b3cb9b0bbb105dcc4ad4b68ac58d\" style=\"line-height:2\">Information der Bev\u00f6lkerung \u00fcber neue Impfstoffe, Indikationen und Impfoptionen<\/p>\n<\/div>\n\n\n\n<div style=\"height:var(--wp--preset--spacing--10)\" aria-hidden=\"true\" class=\"wp-block-spacer\"><\/div>\n<\/div>\n<\/div>\n<\/div>\n<\/div>\n\n\n\n<div class=\"wp-block-group alignfull has-base-2-background-color has-background has-global-padding is-layout-constrained wp-container-core-group-is-layout-669513ed wp-block-group-is-layout-constrained\" id=\"termine\" style=\"margin-top:0;margin-bottom:0;padding-top:var(--wp--preset--spacing--50);padding-right:var(--wp--preset--spacing--50);padding-bottom:var(--wp--preset--spacing--50);padding-left:var(--wp--preset--spacing--50)\">\n<div class=\"wp-block-group alignwide has-base-background-color has-background has-global-padding is-layout-constrained wp-container-core-group-is-layout-a151063b wp-block-group-is-layout-constrained\" style=\"border-radius:16px;padding-top:var(--wp--preset--spacing--50);padding-right:var(--wp--preset--spacing--40);padding-bottom:var(--wp--preset--spacing--50);padding-left:var(--wp--preset--spacing--40)\">\n<div class=\"wp-block-group alignwide is-vertical is-content-justification-stretch is-layout-flex wp-container-core-group-is-layout-353c4f5a wp-block-group-is-layout-flex\">\n<h2 class=\"wp-block-heading has-text-align-center\">Termine<\/h2>\n<\/div>\n\n\n\n<div class=\"wp-block-group has-global-padding is-layout-constrained wp-block-group-is-layout-constrained\">\n<div class=\"wp-block-group has-global-padding is-layout-constrained wp-block-group-is-layout-constrained\">\n<div style=\"height:43px\" aria-hidden=\"true\" class=\"wp-block-spacer\"><\/div>\n<\/div>\n<\/div>\n\n\n\n<p class=\"has-text-align-center\" style=\"border-style:none;border-width:0px\"><strong>Parlamentarischer Abend <\/strong><br>am 10. Juni 2026 im Deutschen Bundestag, Jakob-Kaiser-Haus<\/p>\n<\/div>\n<\/div>\n\n\n\n<div class=\"wp-block-group alignfull has-base-2-background-color has-background has-global-padding is-layout-constrained wp-container-core-group-is-layout-669513ed wp-block-group-is-layout-constrained\" id=\"veranstaltungen\" style=\"margin-top:0;margin-bottom:0;padding-top:var(--wp--preset--spacing--50);padding-right:var(--wp--preset--spacing--50);padding-bottom:var(--wp--preset--spacing--50);padding-left:var(--wp--preset--spacing--50)\">\n<div class=\"wp-block-group alignwide has-base-background-color has-background has-global-padding is-layout-constrained wp-container-core-group-is-layout-2bcd15f1 wp-block-group-is-layout-constrained\" style=\"border-radius:16px;margin-top:0;margin-bottom:0;padding-top:var(--wp--preset--spacing--30);padding-right:var(--wp--preset--spacing--40);padding-bottom:var(--wp--preset--spacing--30);padding-left:var(--wp--preset--spacing--40)\">\n<div class=\"wp-block-group alignwide is-vertical is-content-justification-stretch is-layout-flex wp-container-core-group-is-layout-f84d666a wp-block-group-is-layout-flex\" style=\"margin-top:0px;margin-bottom:0px\">\n<h2 class=\"wp-block-heading has-text-align-center\">Veranstaltungen<\/h2>\n<\/div>\n<\/div>\n\n\n\n<div class=\"wp-block-group alignwide has-base-background-color has-background has-global-padding is-layout-constrained wp-container-core-group-is-layout-1ddce46b wp-block-group-is-layout-constrained\" style=\"border-radius:16px;margin-top:var(--wp--preset--spacing--30);margin-bottom:var(--wp--preset--spacing--30);padding-top:var(--wp--preset--spacing--50);padding-right:var(--wp--preset--spacing--40);padding-bottom:var(--wp--preset--spacing--50);padding-left:var(--wp--preset--spacing--40)\">\n<div class=\"wp-block-group alignwide has-global-padding is-layout-constrained wp-block-group-is-layout-constrained\">\n<p class=\"has-text-align-center\" style=\"font-size:clamp(0.984rem, 0.984rem + ((1vw - 0.2rem) * 0.86), 1.5rem);\"><strong>Parlamentarisches Fr\u00fchst\u00fcck <\/strong><\/p>\n\n\n\n<p class=\"has-text-align-center\">am 8. Oktober 2025<\/p>\n\n\n\n<div style=\"height:28px\" aria-hidden=\"true\" class=\"wp-block-spacer\"><\/div>\n\n\n\n<p class=\"has-text-align-center\" style=\"border-style:none;border-width:0px\">\u201eWir danken allen, die zum Gelingen der Veranstaltung beigetragen haben, insbesondere unserem Schirmherrn und Gru\u00dfwortgeber, dem Parl. Staatssekret\u00e4r im Bundesministerium f\u00fcr Gesundheit, Dr. Kippels sowie Nadine Haunstetter, Dr. Marianne R\u00f6bl-Mathieu und Dr. Petra Sandow f\u00fcr die einf\u00fchrenden Impulse und dem Moderator, Stephan-Andreas Casdorff sowie allen engagierten G\u00e4sten.\u201c<\/p>\n<\/div>\n\n\n\n<div style=\"height:100px\" aria-hidden=\"true\" class=\"wp-block-spacer\"><\/div>\n\n\n\n<div class=\"wp-block-columns alignwide is-layout-flex wp-container-core-columns-is-layout-28f84493 wp-block-columns-is-layout-flex\">\n<div class=\"wp-block-column is-layout-flow wp-block-column-is-layout-flow\" style=\"flex-basis:100%\"><style id=\"wp_carousel_dynamic_css299\">#sp-wp-carousel-free-id-299.sp-wpcp-299 .wpcp-single-item {border: 1px solid #dddddd;}#sp-wp-carousel-free-id-299.sp-wpcp-299 .swiper-button-prev,#sp-wp-carousel-free-id-299.sp-wpcp-299 .swiper-button-next,#sp-wp-carousel-free-id-299.sp-wpcp-299 .swiper-button-prev:hover,#sp-wp-carousel-free-id-299.sp-wpcp-299 .swiper-button-next:hover {background: none;border: none;font-size: 30px;}#sp-wp-carousel-free-id-299.sp-wpcp-299 .swiper-button-prev i,#sp-wp-carousel-free-id-299.sp-wpcp-299 .swiper-button-next i {color: #aaa;}#sp-wp-carousel-free-id-299.sp-wpcp-299 .swiper-button-prev i:hover,#sp-wp-carousel-free-id-299.sp-wpcp-299 .swiper-button-next i:hover {color: #178087;} #sp-wp-carousel-free-id-299.sp-wpcp-299.wpcp-image-carousel .wpcp-single-item:hover img, #sp-wp-carousel-free-id-299.sp-wpcp-299.wpcp-post-carousel .wpcp-single-item:hover img, #sp-wp-carousel-free-id-299.sp-wpcp-299.wpcp-product-carousel .wpcp-single-item:hover img{-webkit-transform: scale(1.2);-moz-transform: scale(1.2);transform: scale(1.2);}#sp-wp-carousel-free-id-299 .wpcpro-row>[class*=\"wpcpro-col-\"] { padding: 0 10px; padding-bottom: 20px;}@media (min-width: 480px) { .wpcpro-row .wpcpro-col-sm-1 { flex: 0 0 100%; max-width: 100%; } .wpcpro-row .wpcpro-col-sm-2 { flex: 0 0 50%; max-width: 50%; } .wpcpro-row .wpcpro-col-sm-2-5 { flex: 0 0 75%; max-width: 75%; } .wpcpro-row .wpcpro-col-sm-3 { flex: 0 0 33.333%; max-width: 33.333%; } .wpcpro-row .wpcpro-col-sm-4 { flex: 0 0 25%; max-width: 25%; } .wpcpro-row .wpcpro-col-sm-5 { flex: 0 0 20%; max-width: 20%; } .wpcpro-row .wpcpro-col-sm-6 { flex: 0 0 16.66666666666667%; max-width: 16.66666666666667%; } .wpcpro-row .wpcpro-col-sm-7 { flex: 0 0 14.28571428%; max-width: 14.28571428%; } .wpcpro-row .wpcpro-col-sm-8 { flex: 0 0 12.5%; max-width: 12.5%; } } @media (max-width: 480px) { .wpcpro-row .wpcpro-col-xs-1 { flex: 0 0 100%; max-width: 100%; } .wpcpro-row .wpcpro-col-xs-2 { flex: 0 0 50%; max-width: 50%; } .wpcpro-row .wpcpro-col-xs-3 { flex: 0 0 33.222%; max-width: 33.222%; } .wpcpro-row .wpcpro-col-xs-4 { flex: 0 0 25%; max-width: 25%; } .wpcpro-row .wpcpro-col-xs-5 { flex: 0 0 20%; max-width: 20%; } .wpcpro-row .wpcpro-col-xs-6 { flex: 0 0 16.6667%; max-width: 16.6667%; } .wpcpro-row .wpcpro-col-xs-7 { flex: 0 0 14.28571428%; max-width: 14.28571428%; } .wpcpro-row .wpcpro-col-xs-8 { flex: 0 0 12.5%; max-width: 12.5%; } } @media (min-width: 736px) { .wpcpro-row .wpcpro-col-md-1 { flex: 0 0 100%; max-width: 100%; } .wpcpro-row .wpcpro-col-md-2 { flex: 0 0 50%; max-width: 50%; } .wpcpro-row .wpcpro-col-md-2-5 { flex: 0 0 75%; max-width: 75%; } .wpcpro-row .wpcpro-col-md-3 { flex: 0 0 33.333%; max-width: 33.333%; } .wpcpro-row .wpcpro-col-md-4 { flex: 0 0 25%; max-width: 25%; } .wpcpro-row .wpcpro-col-md-5 { flex: 0 0 20%; max-width: 20%; } .wpcpro-row .wpcpro-col-md-6 { flex: 0 0 16.66666666666667%; max-width: 16.66666666666667%; } .wpcpro-row .wpcpro-col-md-7 { flex: 0 0 14.28571428%; max-width: 14.28571428%; } .wpcpro-row .wpcpro-col-md-8 { flex: 0 0 12.5%; max-width: 12.5%; } } @media (min-width: 980px) { .wpcpro-row .wpcpro-col-lg-1 { flex: 0 0 100%; max-width: 100%; } .wpcpro-row .wpcpro-col-lg-2 { flex: 0 0 50%; max-width: 50%; } .wpcpro-row .wpcpro-col-lg-3 { flex: 0 0 33.222%; max-width: 33.222%; } .wpcpro-row .wpcpro-col-lg-4 { flex: 0 0 25%; max-width: 25%; } .wpcpro-row .wpcpro-col-lg-5 { flex: 0 0 20%; max-width: 20%; } .wpcpro-row .wpcpro-col-lg-6 { flex: 0 0 16.6667%; max-width: 16.6667%; } .wpcpro-row .wpcpro-col-lg-7 { flex: 0 0 14.28571428%; max-width: 14.28571428%; } .wpcpro-row .wpcpro-col-lg-8 { flex: 0 0 12.5%; max-width: 12.5%; } } @media (min-width: 1200px) { .wpcpro-row .wpcpro-col-xl-1 { flex: 0 0 100%; max-width: 100%; } .wpcpro-row .wpcpro-col-xl-2 { flex: 0 0 50%; max-width: 50%; } .wpcpro-row .wpcpro-col-xl-3 { flex: 0 0 33.22222222%; max-width: 33.22222222%; } .wpcpro-row .wpcpro-col-xl-4 { flex: 0 0 25%; max-width: 25%; } .wpcpro-row .wpcpro-col-xl-5 { flex: 0 0 20%; max-width: 20%; } .wpcpro-row .wpcpro-col-xl-6 { flex: 0 0 16.66667%; max-width: 16.66667%; } .wpcpro-row .wpcpro-col-xl-7 { flex: 0 0 14.28571428%; max-width: 14.28571428%; } .wpcpro-row .wpcpro-col-xl-8 { flex: 0 0 12.5%; max-width: 12.5%; } }<\/style><div class=\"wpcp-carousel-wrapper wpcp-wrapper-299\">\n\t<div id=\"wpcp-preloader-299\" class=\"wpcp-carousel-preloader\"><img decoding=\"async\" src=\"https:\/\/www.buendnis-impfen.de\/wp-content\/plugins\/wp-carousel-free\/public\/css\/spinner.svg\" alt=\"Preloader Image\" \/><\/div>\t<div class=\"wpcp-carousel-content-wrapper\">\n\t<div id=\"sp-wp-carousel-free-id-299\" class=\"wpcp-carousel-section sp-wpcp-299  nav-vertical-center wpcp-image-carousel wpcp-preloader wpcp-standard\" data-swiper='{ &quot;accessibility&quot;:true, &quot;spaceBetween&quot;:20, &quot;arrows&quot;:true, &quot;freeMode&quot;: false, &quot;autoplay&quot;:true, &quot;autoplaySpeed&quot;:3000, &quot;dots&quot;:false, &quot;infinite&quot;:true, &quot;speed&quot;:600, &quot;pauseOnHover&quot;:true,\n\t\t\t&quot;slidesToShow&quot;:{&quot;lg_desktop&quot;:3, &quot;desktop&quot;: 3, &quot;laptop&quot;: 3, &quot;tablet&quot;: 2, &quot;mobile&quot;: 1}, &quot;responsive&quot;:{&quot;desktop&quot;:1200, &quot;laptop&quot;: 980, &quot;tablet&quot;: 736, &quot;mobile&quot;: 480}, &quot;rtl&quot;:false, &quot;lazyLoad&quot;: &quot;false&quot;, &quot;swipe&quot;: true, &quot;draggable&quot;: true, &quot;swipeToSlide&quot;:false }' dir=\"ltr\">\n\t\t<div class=\"swiper-wrapper\">\n\t\t<div class=\"swiper-slide\">\n\t<div class=\"wpcp-single-item\">\n\t\t\t<a class=\"wcp-light-box\" data-buttons='[\"close\"]' data-wpc_url='https:\/\/www.buendnis-impfen.de\/wp-content\/uploads\/2025\/10\/U3A1401.jpg' href=\"https:\/\/www.buendnis-impfen.de\/wp-content\/uploads\/2025\/10\/U3A1401.jpg\" data-fancybox=\"wpcp_view\">\n\t\t<figure>\n\t\t\t<img loading=\"lazy\" decoding=\"async\" class=\"skip-lazy\" src=\"https:\/\/www.buendnis-impfen.de\/wp-content\/uploads\/2025\/10\/U3A1401.jpg\" alt=\"_U3A1401\" width=\"511\" height=\"768\">\t\t<\/figure>\n\t<\/a>\n\t\t<\/div>\n<\/div>\n\t<div class=\"swiper-slide\">\n\t<div class=\"wpcp-single-item\">\n\t\t\t<a class=\"wcp-light-box\" data-buttons='[\"close\"]' data-wpc_url='https:\/\/www.buendnis-impfen.de\/wp-content\/uploads\/2025\/10\/U3A1409.jpg' href=\"https:\/\/www.buendnis-impfen.de\/wp-content\/uploads\/2025\/10\/U3A1409.jpg\" data-fancybox=\"wpcp_view\">\n\t\t<figure>\n\t\t\t<img loading=\"lazy\" decoding=\"async\" class=\"skip-lazy\" src=\"https:\/\/www.buendnis-impfen.de\/wp-content\/uploads\/2025\/10\/U3A1409.jpg\" alt=\"_U3A1409\" width=\"1024\" height=\"682\">\t\t<\/figure>\n\t<\/a>\n\t\t<\/div>\n<\/div>\n\t<div class=\"swiper-slide\">\n\t<div class=\"wpcp-single-item\">\n\t\t\t<a class=\"wcp-light-box\" data-buttons='[\"close\"]' data-wpc_url='https:\/\/www.buendnis-impfen.de\/wp-content\/uploads\/2025\/10\/U3A1427.jpg' href=\"https:\/\/www.buendnis-impfen.de\/wp-content\/uploads\/2025\/10\/U3A1427.jpg\" data-fancybox=\"wpcp_view\">\n\t\t<figure>\n\t\t\t<img loading=\"lazy\" decoding=\"async\" class=\"skip-lazy\" src=\"https:\/\/www.buendnis-impfen.de\/wp-content\/uploads\/2025\/10\/U3A1427.jpg\" alt=\"_U3A1427\" width=\"511\" height=\"768\">\t\t<\/figure>\n\t<\/a>\n\t\t<\/div>\n<\/div>\n\t<div class=\"swiper-slide\">\n\t<div class=\"wpcp-single-item\">\n\t\t\t<a class=\"wcp-light-box\" data-buttons='[\"close\"]' data-wpc_url='https:\/\/www.buendnis-impfen.de\/wp-content\/uploads\/2025\/10\/U3A1429.jpg' href=\"https:\/\/www.buendnis-impfen.de\/wp-content\/uploads\/2025\/10\/U3A1429.jpg\" data-fancybox=\"wpcp_view\">\n\t\t<figure>\n\t\t\t<img loading=\"lazy\" decoding=\"async\" class=\"skip-lazy\" src=\"https:\/\/www.buendnis-impfen.de\/wp-content\/uploads\/2025\/10\/U3A1429.jpg\" alt=\"_U3A1429\" width=\"1024\" height=\"682\">\t\t<\/figure>\n\t<\/a>\n\t\t<\/div>\n<\/div>\n\t<div class=\"swiper-slide\">\n\t<div class=\"wpcp-single-item\">\n\t\t\t<a class=\"wcp-light-box\" data-buttons='[\"close\"]' data-wpc_url='https:\/\/www.buendnis-impfen.de\/wp-content\/uploads\/2025\/10\/U3A1435.jpg' href=\"https:\/\/www.buendnis-impfen.de\/wp-content\/uploads\/2025\/10\/U3A1435.jpg\" data-fancybox=\"wpcp_view\">\n\t\t<figure>\n\t\t\t<img loading=\"lazy\" decoding=\"async\" class=\"skip-lazy\" src=\"https:\/\/www.buendnis-impfen.de\/wp-content\/uploads\/2025\/10\/U3A1435.jpg\" alt=\"_U3A1435\" width=\"511\" height=\"768\">\t\t<\/figure>\n\t<\/a>\n\t\t<\/div>\n<\/div>\n\t<div class=\"swiper-slide\">\n\t<div class=\"wpcp-single-item\">\n\t\t\t<a class=\"wcp-light-box\" data-buttons='[\"close\"]' data-wpc_url='https:\/\/www.buendnis-impfen.de\/wp-content\/uploads\/2025\/10\/U3A1441.jpg' href=\"https:\/\/www.buendnis-impfen.de\/wp-content\/uploads\/2025\/10\/U3A1441.jpg\" data-fancybox=\"wpcp_view\">\n\t\t<figure>\n\t\t\t<img loading=\"lazy\" decoding=\"async\" class=\"skip-lazy\" src=\"https:\/\/www.buendnis-impfen.de\/wp-content\/uploads\/2025\/10\/U3A1441.jpg\" alt=\"_U3A1441\" width=\"511\" height=\"768\">\t\t<\/figure>\n\t<\/a>\n\t\t<\/div>\n<\/div>\n\t<div class=\"swiper-slide\">\n\t<div class=\"wpcp-single-item\">\n\t\t\t<a class=\"wcp-light-box\" data-buttons='[\"close\"]' data-wpc_url='https:\/\/www.buendnis-impfen.de\/wp-content\/uploads\/2025\/10\/U3A1443.jpg' href=\"https:\/\/www.buendnis-impfen.de\/wp-content\/uploads\/2025\/10\/U3A1443.jpg\" data-fancybox=\"wpcp_view\">\n\t\t<figure>\n\t\t\t<img loading=\"lazy\" decoding=\"async\" class=\"skip-lazy\" src=\"https:\/\/www.buendnis-impfen.de\/wp-content\/uploads\/2025\/10\/U3A1443.jpg\" alt=\"_U3A1443\" width=\"511\" height=\"768\">\t\t<\/figure>\n\t<\/a>\n\t\t<\/div>\n<\/div>\n\t<div class=\"swiper-slide\">\n\t<div class=\"wpcp-single-item\">\n\t\t\t<a class=\"wcp-light-box\" data-buttons='[\"close\"]' data-wpc_url='https:\/\/www.buendnis-impfen.de\/wp-content\/uploads\/2025\/10\/U3A1445.jpg' href=\"https:\/\/www.buendnis-impfen.de\/wp-content\/uploads\/2025\/10\/U3A1445.jpg\" data-fancybox=\"wpcp_view\">\n\t\t<figure>\n\t\t\t<img loading=\"lazy\" decoding=\"async\" class=\"skip-lazy\" src=\"https:\/\/www.buendnis-impfen.de\/wp-content\/uploads\/2025\/10\/U3A1445.jpg\" alt=\"_U3A1445\" width=\"511\" height=\"768\">\t\t<\/figure>\n\t<\/a>\n\t\t<\/div>\n<\/div>\n\t<div class=\"swiper-slide\">\n\t<div class=\"wpcp-single-item\">\n\t\t\t<a class=\"wcp-light-box\" data-buttons='[\"close\"]' data-wpc_url='https:\/\/www.buendnis-impfen.de\/wp-content\/uploads\/2025\/10\/U3A1452.jpg' href=\"https:\/\/www.buendnis-impfen.de\/wp-content\/uploads\/2025\/10\/U3A1452.jpg\" data-fancybox=\"wpcp_view\">\n\t\t<figure>\n\t\t\t<img loading=\"lazy\" decoding=\"async\" class=\"skip-lazy\" src=\"https:\/\/www.buendnis-impfen.de\/wp-content\/uploads\/2025\/10\/U3A1452.jpg\" alt=\"_U3A1452\" width=\"511\" height=\"768\">\t\t<\/figure>\n\t<\/a>\n\t\t<\/div>\n<\/div>\n\t<div class=\"swiper-slide\">\n\t<div class=\"wpcp-single-item\">\n\t\t\t<a class=\"wcp-light-box\" data-buttons='[\"close\"]' data-wpc_url='https:\/\/www.buendnis-impfen.de\/wp-content\/uploads\/2025\/10\/U3A1453.jpg' href=\"https:\/\/www.buendnis-impfen.de\/wp-content\/uploads\/2025\/10\/U3A1453.jpg\" data-fancybox=\"wpcp_view\">\n\t\t<figure>\n\t\t\t<img loading=\"lazy\" decoding=\"async\" class=\"skip-lazy\" src=\"https:\/\/www.buendnis-impfen.de\/wp-content\/uploads\/2025\/10\/U3A1453.jpg\" alt=\"_U3A1453\" width=\"1024\" height=\"682\">\t\t<\/figure>\n\t<\/a>\n\t\t<\/div>\n<\/div>\n\t<div class=\"swiper-slide\">\n\t<div class=\"wpcp-single-item\">\n\t\t\t<a class=\"wcp-light-box\" data-buttons='[\"close\"]' data-wpc_url='https:\/\/www.buendnis-impfen.de\/wp-content\/uploads\/2025\/10\/U3A1458.jpg' href=\"https:\/\/www.buendnis-impfen.de\/wp-content\/uploads\/2025\/10\/U3A1458.jpg\" data-fancybox=\"wpcp_view\">\n\t\t<figure>\n\t\t\t<img loading=\"lazy\" decoding=\"async\" class=\"skip-lazy\" src=\"https:\/\/www.buendnis-impfen.de\/wp-content\/uploads\/2025\/10\/U3A1458.jpg\" alt=\"_U3A1458\" width=\"1024\" height=\"682\">\t\t<\/figure>\n\t<\/a>\n\t\t<\/div>\n<\/div>\n\t<div class=\"swiper-slide\">\n\t<div class=\"wpcp-single-item\">\n\t\t\t<a class=\"wcp-light-box\" data-buttons='[\"close\"]' data-wpc_url='https:\/\/www.buendnis-impfen.de\/wp-content\/uploads\/2025\/10\/U3A1461.jpg' href=\"https:\/\/www.buendnis-impfen.de\/wp-content\/uploads\/2025\/10\/U3A1461.jpg\" data-fancybox=\"wpcp_view\">\n\t\t<figure>\n\t\t\t<img loading=\"lazy\" decoding=\"async\" class=\"skip-lazy\" src=\"https:\/\/www.buendnis-impfen.de\/wp-content\/uploads\/2025\/10\/U3A1461.jpg\" alt=\"_U3A1461\" width=\"1024\" height=\"682\">\t\t<\/figure>\n\t<\/a>\n\t\t<\/div>\n<\/div>\n\t<div class=\"swiper-slide\">\n\t<div class=\"wpcp-single-item\">\n\t\t\t<a class=\"wcp-light-box\" data-buttons='[\"close\"]' data-wpc_url='https:\/\/www.buendnis-impfen.de\/wp-content\/uploads\/2025\/10\/U3A1462.jpg' href=\"https:\/\/www.buendnis-impfen.de\/wp-content\/uploads\/2025\/10\/U3A1462.jpg\" data-fancybox=\"wpcp_view\">\n\t\t<figure>\n\t\t\t<img loading=\"lazy\" decoding=\"async\" class=\"skip-lazy\" src=\"https:\/\/www.buendnis-impfen.de\/wp-content\/uploads\/2025\/10\/U3A1462.jpg\" alt=\"_U3A1462\" width=\"511\" height=\"768\">\t\t<\/figure>\n\t<\/a>\n\t\t<\/div>\n<\/div>\n\t<div class=\"swiper-slide\">\n\t<div class=\"wpcp-single-item\">\n\t\t\t<a class=\"wcp-light-box\" data-buttons='[\"close\"]' data-wpc_url='https:\/\/www.buendnis-impfen.de\/wp-content\/uploads\/2025\/10\/U3A1465.jpg' href=\"https:\/\/www.buendnis-impfen.de\/wp-content\/uploads\/2025\/10\/U3A1465.jpg\" data-fancybox=\"wpcp_view\">\n\t\t<figure>\n\t\t\t<img loading=\"lazy\" decoding=\"async\" class=\"skip-lazy\" src=\"https:\/\/www.buendnis-impfen.de\/wp-content\/uploads\/2025\/10\/U3A1465.jpg\" alt=\"_U3A1465\" width=\"511\" height=\"768\">\t\t<\/figure>\n\t<\/a>\n\t\t<\/div>\n<\/div>\n\t<div class=\"swiper-slide\">\n\t<div class=\"wpcp-single-item\">\n\t\t\t<a class=\"wcp-light-box\" data-buttons='[\"close\"]' data-wpc_url='https:\/\/www.buendnis-impfen.de\/wp-content\/uploads\/2025\/10\/U3A1469.jpg' href=\"https:\/\/www.buendnis-impfen.de\/wp-content\/uploads\/2025\/10\/U3A1469.jpg\" data-fancybox=\"wpcp_view\">\n\t\t<figure>\n\t\t\t<img loading=\"lazy\" decoding=\"async\" class=\"skip-lazy\" src=\"https:\/\/www.buendnis-impfen.de\/wp-content\/uploads\/2025\/10\/U3A1469.jpg\" alt=\"_U3A1469\" width=\"1024\" height=\"682\">\t\t<\/figure>\n\t<\/a>\n\t\t<\/div>\n<\/div>\n\t<div class=\"swiper-slide\">\n\t<div class=\"wpcp-single-item\">\n\t\t\t<a class=\"wcp-light-box\" data-buttons='[\"close\"]' data-wpc_url='https:\/\/www.buendnis-impfen.de\/wp-content\/uploads\/2025\/10\/U3A1476.jpg' href=\"https:\/\/www.buendnis-impfen.de\/wp-content\/uploads\/2025\/10\/U3A1476.jpg\" data-fancybox=\"wpcp_view\">\n\t\t<figure>\n\t\t\t<img loading=\"lazy\" decoding=\"async\" class=\"skip-lazy\" src=\"https:\/\/www.buendnis-impfen.de\/wp-content\/uploads\/2025\/10\/U3A1476.jpg\" alt=\"_U3A1476\" width=\"1024\" height=\"682\">\t\t<\/figure>\n\t<\/a>\n\t\t<\/div>\n<\/div>\n\t<div class=\"swiper-slide\">\n\t<div class=\"wpcp-single-item\">\n\t\t\t<a class=\"wcp-light-box\" data-buttons='[\"close\"]' data-wpc_url='https:\/\/www.buendnis-impfen.de\/wp-content\/uploads\/2025\/10\/U3A1480.jpg' href=\"https:\/\/www.buendnis-impfen.de\/wp-content\/uploads\/2025\/10\/U3A1480.jpg\" data-fancybox=\"wpcp_view\">\n\t\t<figure>\n\t\t\t<img loading=\"lazy\" decoding=\"async\" class=\"skip-lazy\" src=\"https:\/\/www.buendnis-impfen.de\/wp-content\/uploads\/2025\/10\/U3A1480.jpg\" alt=\"_U3A1480\" width=\"1024\" height=\"682\">\t\t<\/figure>\n\t<\/a>\n\t\t<\/div>\n<\/div>\n\t<div class=\"swiper-slide\">\n\t<div class=\"wpcp-single-item\">\n\t\t\t<a class=\"wcp-light-box\" data-buttons='[\"close\"]' data-wpc_url='https:\/\/www.buendnis-impfen.de\/wp-content\/uploads\/2025\/10\/U3A1481.jpg' href=\"https:\/\/www.buendnis-impfen.de\/wp-content\/uploads\/2025\/10\/U3A1481.jpg\" data-fancybox=\"wpcp_view\">\n\t\t<figure>\n\t\t\t<img loading=\"lazy\" decoding=\"async\" class=\"skip-lazy\" src=\"https:\/\/www.buendnis-impfen.de\/wp-content\/uploads\/2025\/10\/U3A1481.jpg\" alt=\"_U3A1481\" width=\"511\" height=\"768\">\t\t<\/figure>\n\t<\/a>\n\t\t<\/div>\n<\/div>\n\t<div class=\"swiper-slide\">\n\t<div class=\"wpcp-single-item\">\n\t\t\t<a class=\"wcp-light-box\" data-buttons='[\"close\"]' data-wpc_url='https:\/\/www.buendnis-impfen.de\/wp-content\/uploads\/2025\/10\/U3A1485.jpg' href=\"https:\/\/www.buendnis-impfen.de\/wp-content\/uploads\/2025\/10\/U3A1485.jpg\" data-fancybox=\"wpcp_view\">\n\t\t<figure>\n\t\t\t<img loading=\"lazy\" decoding=\"async\" class=\"skip-lazy\" src=\"https:\/\/www.buendnis-impfen.de\/wp-content\/uploads\/2025\/10\/U3A1485.jpg\" alt=\"_U3A1485\" width=\"1024\" height=\"682\">\t\t<\/figure>\n\t<\/a>\n\t\t<\/div>\n<\/div>\n\t<div class=\"swiper-slide\">\n\t<div class=\"wpcp-single-item\">\n\t\t\t<a class=\"wcp-light-box\" data-buttons='[\"close\"]' data-wpc_url='https:\/\/www.buendnis-impfen.de\/wp-content\/uploads\/2025\/10\/U3A1489.jpg' href=\"https:\/\/www.buendnis-impfen.de\/wp-content\/uploads\/2025\/10\/U3A1489.jpg\" data-fancybox=\"wpcp_view\">\n\t\t<figure>\n\t\t\t<img loading=\"lazy\" decoding=\"async\" class=\"skip-lazy\" src=\"https:\/\/www.buendnis-impfen.de\/wp-content\/uploads\/2025\/10\/U3A1489.jpg\" alt=\"_U3A1489\" width=\"1024\" height=\"682\">\t\t<\/figure>\n\t<\/a>\n\t\t<\/div>\n<\/div>\n\t<div class=\"swiper-slide\">\n\t<div class=\"wpcp-single-item\">\n\t\t\t<a class=\"wcp-light-box\" data-buttons='[\"close\"]' data-wpc_url='https:\/\/www.buendnis-impfen.de\/wp-content\/uploads\/2025\/10\/U3A1492.jpg' href=\"https:\/\/www.buendnis-impfen.de\/wp-content\/uploads\/2025\/10\/U3A1492.jpg\" data-fancybox=\"wpcp_view\">\n\t\t<figure>\n\t\t\t<img loading=\"lazy\" decoding=\"async\" class=\"skip-lazy\" src=\"https:\/\/www.buendnis-impfen.de\/wp-content\/uploads\/2025\/10\/U3A1492.jpg\" alt=\"_U3A1492\" width=\"511\" height=\"768\">\t\t<\/figure>\n\t<\/a>\n\t\t<\/div>\n<\/div>\n\t<div class=\"swiper-slide\">\n\t<div class=\"wpcp-single-item\">\n\t\t\t<a class=\"wcp-light-box\" data-buttons='[\"close\"]' data-wpc_url='https:\/\/www.buendnis-impfen.de\/wp-content\/uploads\/2025\/10\/U3A1496.jpg' href=\"https:\/\/www.buendnis-impfen.de\/wp-content\/uploads\/2025\/10\/U3A1496.jpg\" data-fancybox=\"wpcp_view\">\n\t\t<figure>\n\t\t\t<img loading=\"lazy\" decoding=\"async\" class=\"skip-lazy\" src=\"https:\/\/www.buendnis-impfen.de\/wp-content\/uploads\/2025\/10\/U3A1496.jpg\" alt=\"_U3A1496\" width=\"1024\" height=\"682\">\t\t<\/figure>\n\t<\/a>\n\t\t<\/div>\n<\/div>\n\t<div class=\"swiper-slide\">\n\t<div class=\"wpcp-single-item\">\n\t\t\t<a class=\"wcp-light-box\" data-buttons='[\"close\"]' data-wpc_url='https:\/\/www.buendnis-impfen.de\/wp-content\/uploads\/2025\/10\/U3A1500.jpg' href=\"https:\/\/www.buendnis-impfen.de\/wp-content\/uploads\/2025\/10\/U3A1500.jpg\" data-fancybox=\"wpcp_view\">\n\t\t<figure>\n\t\t\t<img loading=\"lazy\" decoding=\"async\" class=\"skip-lazy\" src=\"https:\/\/www.buendnis-impfen.de\/wp-content\/uploads\/2025\/10\/U3A1500.jpg\" alt=\"_U3A1500\" width=\"1024\" height=\"682\">\t\t<\/figure>\n\t<\/a>\n\t\t<\/div>\n<\/div>\n\t<div class=\"swiper-slide\">\n\t<div class=\"wpcp-single-item\">\n\t\t\t<a class=\"wcp-light-box\" data-buttons='[\"close\"]' data-wpc_url='https:\/\/www.buendnis-impfen.de\/wp-content\/uploads\/2025\/10\/U3A1502.jpg' href=\"https:\/\/www.buendnis-impfen.de\/wp-content\/uploads\/2025\/10\/U3A1502.jpg\" data-fancybox=\"wpcp_view\">\n\t\t<figure>\n\t\t\t<img loading=\"lazy\" decoding=\"async\" class=\"skip-lazy\" src=\"https:\/\/www.buendnis-impfen.de\/wp-content\/uploads\/2025\/10\/U3A1502.jpg\" alt=\"_U3A1502\" width=\"511\" height=\"768\">\t\t<\/figure>\n\t<\/a>\n\t\t<\/div>\n<\/div>\n\t<div class=\"swiper-slide\">\n\t<div class=\"wpcp-single-item\">\n\t\t\t<a class=\"wcp-light-box\" data-buttons='[\"close\"]' data-wpc_url='https:\/\/www.buendnis-impfen.de\/wp-content\/uploads\/2025\/10\/U3A1504.jpg' href=\"https:\/\/www.buendnis-impfen.de\/wp-content\/uploads\/2025\/10\/U3A1504.jpg\" data-fancybox=\"wpcp_view\">\n\t\t<figure>\n\t\t\t<img loading=\"lazy\" decoding=\"async\" class=\"skip-lazy\" src=\"https:\/\/www.buendnis-impfen.de\/wp-content\/uploads\/2025\/10\/U3A1504.jpg\" alt=\"_U3A1504\" width=\"511\" height=\"768\">\t\t<\/figure>\n\t<\/a>\n\t\t<\/div>\n<\/div>\n\t<div class=\"swiper-slide\">\n\t<div class=\"wpcp-single-item\">\n\t\t\t<a class=\"wcp-light-box\" data-buttons='[\"close\"]' data-wpc_url='https:\/\/www.buendnis-impfen.de\/wp-content\/uploads\/2025\/10\/U3A1506.jpg' href=\"https:\/\/www.buendnis-impfen.de\/wp-content\/uploads\/2025\/10\/U3A1506.jpg\" data-fancybox=\"wpcp_view\">\n\t\t<figure>\n\t\t\t<img loading=\"lazy\" decoding=\"async\" class=\"skip-lazy\" src=\"https:\/\/www.buendnis-impfen.de\/wp-content\/uploads\/2025\/10\/U3A1506.jpg\" alt=\"_U3A1506\" width=\"511\" height=\"768\">\t\t<\/figure>\n\t<\/a>\n\t\t<\/div>\n<\/div>\n\t<div class=\"swiper-slide\">\n\t<div class=\"wpcp-single-item\">\n\t\t\t<a class=\"wcp-light-box\" data-buttons='[\"close\"]' data-wpc_url='https:\/\/www.buendnis-impfen.de\/wp-content\/uploads\/2025\/10\/U3A1508.jpg' href=\"https:\/\/www.buendnis-impfen.de\/wp-content\/uploads\/2025\/10\/U3A1508.jpg\" data-fancybox=\"wpcp_view\">\n\t\t<figure>\n\t\t\t<img loading=\"lazy\" decoding=\"async\" class=\"skip-lazy\" src=\"https:\/\/www.buendnis-impfen.de\/wp-content\/uploads\/2025\/10\/U3A1508.jpg\" alt=\"_U3A1508\" width=\"1024\" height=\"682\">\t\t<\/figure>\n\t<\/a>\n\t\t<\/div>\n<\/div>\n\t<div class=\"swiper-slide\">\n\t<div class=\"wpcp-single-item\">\n\t\t\t<a class=\"wcp-light-box\" data-buttons='[\"close\"]' data-wpc_url='https:\/\/www.buendnis-impfen.de\/wp-content\/uploads\/2025\/10\/U3A1512.jpg' href=\"https:\/\/www.buendnis-impfen.de\/wp-content\/uploads\/2025\/10\/U3A1512.jpg\" data-fancybox=\"wpcp_view\">\n\t\t<figure>\n\t\t\t<img loading=\"lazy\" decoding=\"async\" class=\"skip-lazy\" src=\"https:\/\/www.buendnis-impfen.de\/wp-content\/uploads\/2025\/10\/U3A1512.jpg\" alt=\"_U3A1512\" width=\"511\" height=\"768\">\t\t<\/figure>\n\t<\/a>\n\t\t<\/div>\n<\/div>\n\t<div class=\"swiper-slide\">\n\t<div class=\"wpcp-single-item\">\n\t\t\t<a class=\"wcp-light-box\" data-buttons='[\"close\"]' data-wpc_url='https:\/\/www.buendnis-impfen.de\/wp-content\/uploads\/2025\/10\/U3A1520.jpg' href=\"https:\/\/www.buendnis-impfen.de\/wp-content\/uploads\/2025\/10\/U3A1520.jpg\" data-fancybox=\"wpcp_view\">\n\t\t<figure>\n\t\t\t<img loading=\"lazy\" decoding=\"async\" class=\"skip-lazy\" src=\"https:\/\/www.buendnis-impfen.de\/wp-content\/uploads\/2025\/10\/U3A1520.jpg\" alt=\"_U3A1520\" width=\"1024\" height=\"682\">\t\t<\/figure>\n\t<\/a>\n\t\t<\/div>\n<\/div>\n\t<div class=\"swiper-slide\">\n\t<div class=\"wpcp-single-item\">\n\t\t\t<a class=\"wcp-light-box\" data-buttons='[\"close\"]' data-wpc_url='https:\/\/www.buendnis-impfen.de\/wp-content\/uploads\/2025\/10\/U3A1523.jpg' href=\"https:\/\/www.buendnis-impfen.de\/wp-content\/uploads\/2025\/10\/U3A1523.jpg\" data-fancybox=\"wpcp_view\">\n\t\t<figure>\n\t\t\t<img loading=\"lazy\" decoding=\"async\" class=\"skip-lazy\" src=\"https:\/\/www.buendnis-impfen.de\/wp-content\/uploads\/2025\/10\/U3A1523.jpg\" alt=\"_U3A1523\" width=\"1024\" height=\"682\">\t\t<\/figure>\n\t<\/a>\n\t\t<\/div>\n<\/div>\n\t<div class=\"swiper-slide\">\n\t<div class=\"wpcp-single-item\">\n\t\t\t<a class=\"wcp-light-box\" data-buttons='[\"close\"]' data-wpc_url='https:\/\/www.buendnis-impfen.de\/wp-content\/uploads\/2025\/10\/U3A1525.jpg' href=\"https:\/\/www.buendnis-impfen.de\/wp-content\/uploads\/2025\/10\/U3A1525.jpg\" data-fancybox=\"wpcp_view\">\n\t\t<figure>\n\t\t\t<img loading=\"lazy\" decoding=\"async\" class=\"skip-lazy\" src=\"https:\/\/www.buendnis-impfen.de\/wp-content\/uploads\/2025\/10\/U3A1525.jpg\" alt=\"_U3A1525\" width=\"511\" height=\"768\">\t\t<\/figure>\n\t<\/a>\n\t\t<\/div>\n<\/div>\n\t<div class=\"swiper-slide\">\n\t<div class=\"wpcp-single-item\">\n\t\t\t<a class=\"wcp-light-box\" data-buttons='[\"close\"]' data-wpc_url='https:\/\/www.buendnis-impfen.de\/wp-content\/uploads\/2025\/10\/U3A1526.jpg' href=\"https:\/\/www.buendnis-impfen.de\/wp-content\/uploads\/2025\/10\/U3A1526.jpg\" data-fancybox=\"wpcp_view\">\n\t\t<figure>\n\t\t\t<img loading=\"lazy\" decoding=\"async\" class=\"skip-lazy\" src=\"https:\/\/www.buendnis-impfen.de\/wp-content\/uploads\/2025\/10\/U3A1526.jpg\" alt=\"_U3A1526\" width=\"1024\" height=\"682\">\t\t<\/figure>\n\t<\/a>\n\t\t<\/div>\n<\/div>\n\t<div class=\"swiper-slide\">\n\t<div class=\"wpcp-single-item\">\n\t\t\t<a class=\"wcp-light-box\" data-buttons='[\"close\"]' data-wpc_url='https:\/\/www.buendnis-impfen.de\/wp-content\/uploads\/2025\/10\/U3A1529.jpg' href=\"https:\/\/www.buendnis-impfen.de\/wp-content\/uploads\/2025\/10\/U3A1529.jpg\" data-fancybox=\"wpcp_view\">\n\t\t<figure>\n\t\t\t<img loading=\"lazy\" decoding=\"async\" class=\"skip-lazy\" src=\"https:\/\/www.buendnis-impfen.de\/wp-content\/uploads\/2025\/10\/U3A1529.jpg\" alt=\"_U3A1529\" width=\"511\" height=\"768\">\t\t<\/figure>\n\t<\/a>\n\t\t<\/div>\n<\/div>\n\t<div class=\"swiper-slide\">\n\t<div class=\"wpcp-single-item\">\n\t\t\t<a class=\"wcp-light-box\" data-buttons='[\"close\"]' data-wpc_url='https:\/\/www.buendnis-impfen.de\/wp-content\/uploads\/2025\/10\/U3A1536.jpg' href=\"https:\/\/www.buendnis-impfen.de\/wp-content\/uploads\/2025\/10\/U3A1536.jpg\" data-fancybox=\"wpcp_view\">\n\t\t<figure>\n\t\t\t<img loading=\"lazy\" decoding=\"async\" class=\"skip-lazy\" src=\"https:\/\/www.buendnis-impfen.de\/wp-content\/uploads\/2025\/10\/U3A1536.jpg\" alt=\"_U3A1536\" width=\"1024\" height=\"682\">\t\t<\/figure>\n\t<\/a>\n\t\t<\/div>\n<\/div>\n\t<div class=\"swiper-slide\">\n\t<div class=\"wpcp-single-item\">\n\t\t\t<a class=\"wcp-light-box\" data-buttons='[\"close\"]' data-wpc_url='https:\/\/www.buendnis-impfen.de\/wp-content\/uploads\/2025\/10\/U3A1567.jpg' href=\"https:\/\/www.buendnis-impfen.de\/wp-content\/uploads\/2025\/10\/U3A1567.jpg\" data-fancybox=\"wpcp_view\">\n\t\t<figure>\n\t\t\t<img loading=\"lazy\" decoding=\"async\" class=\"skip-lazy\" src=\"https:\/\/www.buendnis-impfen.de\/wp-content\/uploads\/2025\/10\/U3A1567.jpg\" alt=\"_U3A1567\" width=\"1024\" height=\"682\">\t\t<\/figure>\n\t<\/a>\n\t\t<\/div>\n<\/div>\n\t<div class=\"swiper-slide\">\n\t<div class=\"wpcp-single-item\">\n\t\t\t<a class=\"wcp-light-box\" data-buttons='[\"close\"]' data-wpc_url='https:\/\/www.buendnis-impfen.de\/wp-content\/uploads\/2025\/10\/U3A1576.jpg' href=\"https:\/\/www.buendnis-impfen.de\/wp-content\/uploads\/2025\/10\/U3A1576.jpg\" data-fancybox=\"wpcp_view\">\n\t\t<figure>\n\t\t\t<img loading=\"lazy\" decoding=\"async\" class=\"skip-lazy\" src=\"https:\/\/www.buendnis-impfen.de\/wp-content\/uploads\/2025\/10\/U3A1576.jpg\" alt=\"_U3A1576\" width=\"511\" height=\"768\">\t\t<\/figure>\n\t<\/a>\n\t\t<\/div>\n<\/div>\n\t<div class=\"swiper-slide\">\n\t<div class=\"wpcp-single-item\">\n\t\t\t<a class=\"wcp-light-box\" data-buttons='[\"close\"]' data-wpc_url='https:\/\/www.buendnis-impfen.de\/wp-content\/uploads\/2025\/10\/U3A1577.jpg' href=\"https:\/\/www.buendnis-impfen.de\/wp-content\/uploads\/2025\/10\/U3A1577.jpg\" data-fancybox=\"wpcp_view\">\n\t\t<figure>\n\t\t\t<img loading=\"lazy\" decoding=\"async\" class=\"skip-lazy\" src=\"https:\/\/www.buendnis-impfen.de\/wp-content\/uploads\/2025\/10\/U3A1577.jpg\" alt=\"_U3A1577\" width=\"511\" height=\"768\">\t\t<\/figure>\n\t<\/a>\n\t\t<\/div>\n<\/div>\n\t<div class=\"swiper-slide\">\n\t<div class=\"wpcp-single-item\">\n\t\t\t<a class=\"wcp-light-box\" data-buttons='[\"close\"]' data-wpc_url='https:\/\/www.buendnis-impfen.de\/wp-content\/uploads\/2025\/10\/U3A1580.jpg' href=\"https:\/\/www.buendnis-impfen.de\/wp-content\/uploads\/2025\/10\/U3A1580.jpg\" data-fancybox=\"wpcp_view\">\n\t\t<figure>\n\t\t\t<img loading=\"lazy\" decoding=\"async\" class=\"skip-lazy\" src=\"https:\/\/www.buendnis-impfen.de\/wp-content\/uploads\/2025\/10\/U3A1580.jpg\" alt=\"_U3A1580\" width=\"511\" height=\"768\">\t\t<\/figure>\n\t<\/a>\n\t\t<\/div>\n<\/div>\n\t<div class=\"swiper-slide\">\n\t<div class=\"wpcp-single-item\">\n\t\t\t<a class=\"wcp-light-box\" data-buttons='[\"close\"]' data-wpc_url='https:\/\/www.buendnis-impfen.de\/wp-content\/uploads\/2025\/10\/U3A1581.jpg' href=\"https:\/\/www.buendnis-impfen.de\/wp-content\/uploads\/2025\/10\/U3A1581.jpg\" data-fancybox=\"wpcp_view\">\n\t\t<figure>\n\t\t\t<img loading=\"lazy\" decoding=\"async\" class=\"skip-lazy\" src=\"https:\/\/www.buendnis-impfen.de\/wp-content\/uploads\/2025\/10\/U3A1581.jpg\" alt=\"_U3A1581\" width=\"511\" height=\"768\">\t\t<\/figure>\n\t<\/a>\n\t\t<\/div>\n<\/div>\n\t<div class=\"swiper-slide\">\n\t<div class=\"wpcp-single-item\">\n\t\t\t<a class=\"wcp-light-box\" data-buttons='[\"close\"]' data-wpc_url='https:\/\/www.buendnis-impfen.de\/wp-content\/uploads\/2025\/10\/U3A1582.jpg' href=\"https:\/\/www.buendnis-impfen.de\/wp-content\/uploads\/2025\/10\/U3A1582.jpg\" data-fancybox=\"wpcp_view\">\n\t\t<figure>\n\t\t\t<img loading=\"lazy\" decoding=\"async\" class=\"skip-lazy\" src=\"https:\/\/www.buendnis-impfen.de\/wp-content\/uploads\/2025\/10\/U3A1582.jpg\" alt=\"_U3A1582\" width=\"511\" height=\"768\">\t\t<\/figure>\n\t<\/a>\n\t\t<\/div>\n<\/div>\n\t<div class=\"swiper-slide\">\n\t<div class=\"wpcp-single-item\">\n\t\t\t<a class=\"wcp-light-box\" data-buttons='[\"close\"]' data-wpc_url='https:\/\/www.buendnis-impfen.de\/wp-content\/uploads\/2025\/10\/U3A1583.jpg' href=\"https:\/\/www.buendnis-impfen.de\/wp-content\/uploads\/2025\/10\/U3A1583.jpg\" data-fancybox=\"wpcp_view\">\n\t\t<figure>\n\t\t\t<img loading=\"lazy\" decoding=\"async\" class=\"skip-lazy\" src=\"https:\/\/www.buendnis-impfen.de\/wp-content\/uploads\/2025\/10\/U3A1583.jpg\" alt=\"_U3A1583\" width=\"1024\" height=\"682\">\t\t<\/figure>\n\t<\/a>\n\t\t<\/div>\n<\/div>\n\t<div class=\"swiper-slide\">\n\t<div class=\"wpcp-single-item\">\n\t\t\t<a class=\"wcp-light-box\" data-buttons='[\"close\"]' data-wpc_url='https:\/\/www.buendnis-impfen.de\/wp-content\/uploads\/2025\/10\/U3A1587.jpg' href=\"https:\/\/www.buendnis-impfen.de\/wp-content\/uploads\/2025\/10\/U3A1587.jpg\" data-fancybox=\"wpcp_view\">\n\t\t<figure>\n\t\t\t<img loading=\"lazy\" decoding=\"async\" class=\"skip-lazy\" src=\"https:\/\/www.buendnis-impfen.de\/wp-content\/uploads\/2025\/10\/U3A1587.jpg\" alt=\"_U3A1587\" width=\"1024\" height=\"682\">\t\t<\/figure>\n\t<\/a>\n\t\t<\/div>\n<\/div>\n\t<div class=\"swiper-slide\">\n\t<div class=\"wpcp-single-item\">\n\t\t\t<a class=\"wcp-light-box\" data-buttons='[\"close\"]' data-wpc_url='https:\/\/www.buendnis-impfen.de\/wp-content\/uploads\/2025\/10\/U3A1588.jpg' href=\"https:\/\/www.buendnis-impfen.de\/wp-content\/uploads\/2025\/10\/U3A1588.jpg\" data-fancybox=\"wpcp_view\">\n\t\t<figure>\n\t\t\t<img loading=\"lazy\" decoding=\"async\" class=\"skip-lazy\" src=\"https:\/\/www.buendnis-impfen.de\/wp-content\/uploads\/2025\/10\/U3A1588.jpg\" alt=\"_U3A1588\" width=\"1024\" height=\"682\">\t\t<\/figure>\n\t<\/a>\n\t\t<\/div>\n<\/div>\n\t<div class=\"swiper-slide\">\n\t<div class=\"wpcp-single-item\">\n\t\t\t<a class=\"wcp-light-box\" data-buttons='[\"close\"]' data-wpc_url='https:\/\/www.buendnis-impfen.de\/wp-content\/uploads\/2025\/10\/U3A1594.jpg' href=\"https:\/\/www.buendnis-impfen.de\/wp-content\/uploads\/2025\/10\/U3A1594.jpg\" data-fancybox=\"wpcp_view\">\n\t\t<figure>\n\t\t\t<img loading=\"lazy\" decoding=\"async\" class=\"skip-lazy\" src=\"https:\/\/www.buendnis-impfen.de\/wp-content\/uploads\/2025\/10\/U3A1594.jpg\" alt=\"_U3A1594\" width=\"511\" height=\"768\">\t\t<\/figure>\n\t<\/a>\n\t\t<\/div>\n<\/div>\n\t<div class=\"swiper-slide\">\n\t<div class=\"wpcp-single-item\">\n\t\t\t<a class=\"wcp-light-box\" data-buttons='[\"close\"]' data-wpc_url='https:\/\/www.buendnis-impfen.de\/wp-content\/uploads\/2025\/10\/U3A1596.jpg' href=\"https:\/\/www.buendnis-impfen.de\/wp-content\/uploads\/2025\/10\/U3A1596.jpg\" data-fancybox=\"wpcp_view\">\n\t\t<figure>\n\t\t\t<img loading=\"lazy\" decoding=\"async\" class=\"skip-lazy\" src=\"https:\/\/www.buendnis-impfen.de\/wp-content\/uploads\/2025\/10\/U3A1596.jpg\" alt=\"_U3A1596\" width=\"511\" height=\"768\">\t\t<\/figure>\n\t<\/a>\n\t\t<\/div>\n<\/div>\n\t<div class=\"swiper-slide\">\n\t<div class=\"wpcp-single-item\">\n\t\t\t<a class=\"wcp-light-box\" data-buttons='[\"close\"]' data-wpc_url='https:\/\/www.buendnis-impfen.de\/wp-content\/uploads\/2025\/10\/U3A1605.jpg' href=\"https:\/\/www.buendnis-impfen.de\/wp-content\/uploads\/2025\/10\/U3A1605.jpg\" data-fancybox=\"wpcp_view\">\n\t\t<figure>\n\t\t\t<img loading=\"lazy\" decoding=\"async\" class=\"skip-lazy\" src=\"https:\/\/www.buendnis-impfen.de\/wp-content\/uploads\/2025\/10\/U3A1605.jpg\" alt=\"_U3A1605\" width=\"511\" height=\"768\">\t\t<\/figure>\n\t<\/a>\n\t\t<\/div>\n<\/div>\n\t<div class=\"swiper-slide\">\n\t<div class=\"wpcp-single-item\">\n\t\t\t<a class=\"wcp-light-box\" data-buttons='[\"close\"]' data-wpc_url='https:\/\/www.buendnis-impfen.de\/wp-content\/uploads\/2025\/10\/U3A1609.jpg' href=\"https:\/\/www.buendnis-impfen.de\/wp-content\/uploads\/2025\/10\/U3A1609.jpg\" data-fancybox=\"wpcp_view\">\n\t\t<figure>\n\t\t\t<img loading=\"lazy\" decoding=\"async\" class=\"skip-lazy\" src=\"https:\/\/www.buendnis-impfen.de\/wp-content\/uploads\/2025\/10\/U3A1609.jpg\" alt=\"_U3A1609\" width=\"1024\" height=\"682\">\t\t<\/figure>\n\t<\/a>\n\t\t<\/div>\n<\/div>\n\t<div class=\"swiper-slide\">\n\t<div class=\"wpcp-single-item\">\n\t\t\t<a class=\"wcp-light-box\" data-buttons='[\"close\"]' data-wpc_url='https:\/\/www.buendnis-impfen.de\/wp-content\/uploads\/2025\/10\/U3A1612.jpg' href=\"https:\/\/www.buendnis-impfen.de\/wp-content\/uploads\/2025\/10\/U3A1612.jpg\" data-fancybox=\"wpcp_view\">\n\t\t<figure>\n\t\t\t<img loading=\"lazy\" decoding=\"async\" class=\"skip-lazy\" src=\"https:\/\/www.buendnis-impfen.de\/wp-content\/uploads\/2025\/10\/U3A1612.jpg\" alt=\"_U3A1612\" width=\"1024\" height=\"682\">\t\t<\/figure>\n\t<\/a>\n\t\t<\/div>\n<\/div>\n\t<div class=\"swiper-slide\">\n\t<div class=\"wpcp-single-item\">\n\t\t\t<a class=\"wcp-light-box\" data-buttons='[\"close\"]' data-wpc_url='https:\/\/www.buendnis-impfen.de\/wp-content\/uploads\/2025\/10\/U3A1622.jpg' href=\"https:\/\/www.buendnis-impfen.de\/wp-content\/uploads\/2025\/10\/U3A1622.jpg\" data-fancybox=\"wpcp_view\">\n\t\t<figure>\n\t\t\t<img loading=\"lazy\" decoding=\"async\" class=\"skip-lazy\" src=\"https:\/\/www.buendnis-impfen.de\/wp-content\/uploads\/2025\/10\/U3A1622.jpg\" alt=\"_U3A1622\" width=\"511\" height=\"768\">\t\t<\/figure>\n\t<\/a>\n\t\t<\/div>\n<\/div>\n\t<div class=\"swiper-slide\">\n\t<div class=\"wpcp-single-item\">\n\t\t\t<a class=\"wcp-light-box\" data-buttons='[\"close\"]' data-wpc_url='https:\/\/www.buendnis-impfen.de\/wp-content\/uploads\/2025\/10\/U3A1625.jpg' href=\"https:\/\/www.buendnis-impfen.de\/wp-content\/uploads\/2025\/10\/U3A1625.jpg\" data-fancybox=\"wpcp_view\">\n\t\t<figure>\n\t\t\t<img loading=\"lazy\" decoding=\"async\" class=\"skip-lazy\" src=\"https:\/\/www.buendnis-impfen.de\/wp-content\/uploads\/2025\/10\/U3A1625.jpg\" alt=\"_U3A1625\" width=\"1024\" height=\"682\">\t\t<\/figure>\n\t<\/a>\n\t\t<\/div>\n<\/div>\n\t<div class=\"swiper-slide\">\n\t<div class=\"wpcp-single-item\">\n\t\t\t<a class=\"wcp-light-box\" data-buttons='[\"close\"]' data-wpc_url='https:\/\/www.buendnis-impfen.de\/wp-content\/uploads\/2025\/10\/U3A1626.jpg' href=\"https:\/\/www.buendnis-impfen.de\/wp-content\/uploads\/2025\/10\/U3A1626.jpg\" data-fancybox=\"wpcp_view\">\n\t\t<figure>\n\t\t\t<img loading=\"lazy\" decoding=\"async\" class=\"skip-lazy\" src=\"https:\/\/www.buendnis-impfen.de\/wp-content\/uploads\/2025\/10\/U3A1626.jpg\" alt=\"_U3A1626\" width=\"1024\" height=\"682\">\t\t<\/figure>\n\t<\/a>\n\t\t<\/div>\n<\/div>\n\t<div class=\"swiper-slide\">\n\t<div class=\"wpcp-single-item\">\n\t\t\t<a class=\"wcp-light-box\" data-buttons='[\"close\"]' data-wpc_url='https:\/\/www.buendnis-impfen.de\/wp-content\/uploads\/2025\/10\/U3A1629.jpg' href=\"https:\/\/www.buendnis-impfen.de\/wp-content\/uploads\/2025\/10\/U3A1629.jpg\" data-fancybox=\"wpcp_view\">\n\t\t<figure>\n\t\t\t<img loading=\"lazy\" decoding=\"async\" class=\"skip-lazy\" src=\"https:\/\/www.buendnis-impfen.de\/wp-content\/uploads\/2025\/10\/U3A1629.jpg\" alt=\"_U3A1629\" width=\"511\" height=\"768\">\t\t<\/figure>\n\t<\/a>\n\t\t<\/div>\n<\/div>\n\t<div class=\"swiper-slide\">\n\t<div class=\"wpcp-single-item\">\n\t\t\t<a class=\"wcp-light-box\" data-buttons='[\"close\"]' data-wpc_url='https:\/\/www.buendnis-impfen.de\/wp-content\/uploads\/2025\/10\/U3A1631.jpg' href=\"https:\/\/www.buendnis-impfen.de\/wp-content\/uploads\/2025\/10\/U3A1631.jpg\" data-fancybox=\"wpcp_view\">\n\t\t<figure>\n\t\t\t<img loading=\"lazy\" decoding=\"async\" class=\"skip-lazy\" src=\"https:\/\/www.buendnis-impfen.de\/wp-content\/uploads\/2025\/10\/U3A1631.jpg\" alt=\"_U3A1631\" width=\"511\" height=\"768\">\t\t<\/figure>\n\t<\/a>\n\t\t<\/div>\n<\/div>\n\t<div class=\"swiper-slide\">\n\t<div class=\"wpcp-single-item\">\n\t\t\t<a class=\"wcp-light-box\" data-buttons='[\"close\"]' data-wpc_url='https:\/\/www.buendnis-impfen.de\/wp-content\/uploads\/2025\/10\/U3A1632.jpg' href=\"https:\/\/www.buendnis-impfen.de\/wp-content\/uploads\/2025\/10\/U3A1632.jpg\" data-fancybox=\"wpcp_view\">\n\t\t<figure>\n\t\t\t<img loading=\"lazy\" decoding=\"async\" class=\"skip-lazy\" src=\"https:\/\/www.buendnis-impfen.de\/wp-content\/uploads\/2025\/10\/U3A1632.jpg\" alt=\"_U3A1632\" width=\"1024\" height=\"682\">\t\t<\/figure>\n\t<\/a>\n\t\t<\/div>\n<\/div>\n\t<div class=\"swiper-slide\">\n\t<div class=\"wpcp-single-item\">\n\t\t\t<a class=\"wcp-light-box\" data-buttons='[\"close\"]' data-wpc_url='https:\/\/www.buendnis-impfen.de\/wp-content\/uploads\/2025\/10\/U3A1634.jpg' href=\"https:\/\/www.buendnis-impfen.de\/wp-content\/uploads\/2025\/10\/U3A1634.jpg\" data-fancybox=\"wpcp_view\">\n\t\t<figure>\n\t\t\t<img loading=\"lazy\" decoding=\"async\" class=\"skip-lazy\" src=\"https:\/\/www.buendnis-impfen.de\/wp-content\/uploads\/2025\/10\/U3A1634.jpg\" alt=\"_U3A1634\" width=\"511\" height=\"768\">\t\t<\/figure>\n\t<\/a>\n\t\t<\/div>\n<\/div>\n\t<div class=\"swiper-slide\">\n\t<div class=\"wpcp-single-item\">\n\t\t\t<a class=\"wcp-light-box\" data-buttons='[\"close\"]' data-wpc_url='https:\/\/www.buendnis-impfen.de\/wp-content\/uploads\/2025\/10\/U3A1638.jpg' href=\"https:\/\/www.buendnis-impfen.de\/wp-content\/uploads\/2025\/10\/U3A1638.jpg\" data-fancybox=\"wpcp_view\">\n\t\t<figure>\n\t\t\t<img loading=\"lazy\" decoding=\"async\" class=\"skip-lazy\" src=\"https:\/\/www.buendnis-impfen.de\/wp-content\/uploads\/2025\/10\/U3A1638.jpg\" alt=\"_U3A1638\" width=\"511\" height=\"768\">\t\t<\/figure>\n\t<\/a>\n\t\t<\/div>\n<\/div>\n\t<div class=\"swiper-slide\">\n\t<div class=\"wpcp-single-item\">\n\t\t\t<a class=\"wcp-light-box\" data-buttons='[\"close\"]' data-wpc_url='https:\/\/www.buendnis-impfen.de\/wp-content\/uploads\/2025\/10\/U3A1640.jpg' href=\"https:\/\/www.buendnis-impfen.de\/wp-content\/uploads\/2025\/10\/U3A1640.jpg\" data-fancybox=\"wpcp_view\">\n\t\t<figure>\n\t\t\t<img loading=\"lazy\" decoding=\"async\" class=\"skip-lazy\" src=\"https:\/\/www.buendnis-impfen.de\/wp-content\/uploads\/2025\/10\/U3A1640.jpg\" alt=\"_U3A1640\" width=\"511\" height=\"768\">\t\t<\/figure>\n\t<\/a>\n\t\t<\/div>\n<\/div>\n\t<div class=\"swiper-slide\">\n\t<div class=\"wpcp-single-item\">\n\t\t\t<a class=\"wcp-light-box\" data-buttons='[\"close\"]' data-wpc_url='https:\/\/www.buendnis-impfen.de\/wp-content\/uploads\/2025\/10\/U3A1642.jpg' href=\"https:\/\/www.buendnis-impfen.de\/wp-content\/uploads\/2025\/10\/U3A1642.jpg\" data-fancybox=\"wpcp_view\">\n\t\t<figure>\n\t\t\t<img loading=\"lazy\" decoding=\"async\" class=\"skip-lazy\" src=\"https:\/\/www.buendnis-impfen.de\/wp-content\/uploads\/2025\/10\/U3A1642.jpg\" alt=\"_U3A1642\" width=\"511\" height=\"768\">\t\t<\/figure>\n\t<\/a>\n\t\t<\/div>\n<\/div>\n\t<div class=\"swiper-slide\">\n\t<div class=\"wpcp-single-item\">\n\t\t\t<a class=\"wcp-light-box\" data-buttons='[\"close\"]' data-wpc_url='https:\/\/www.buendnis-impfen.de\/wp-content\/uploads\/2025\/10\/U3A1645.jpg' href=\"https:\/\/www.buendnis-impfen.de\/wp-content\/uploads\/2025\/10\/U3A1645.jpg\" data-fancybox=\"wpcp_view\">\n\t\t<figure>\n\t\t\t<img loading=\"lazy\" decoding=\"async\" class=\"skip-lazy\" src=\"https:\/\/www.buendnis-impfen.de\/wp-content\/uploads\/2025\/10\/U3A1645.jpg\" alt=\"_U3A1645\" width=\"1024\" height=\"682\">\t\t<\/figure>\n\t<\/a>\n\t\t<\/div>\n<\/div>\n\t<div class=\"swiper-slide\">\n\t<div class=\"wpcp-single-item\">\n\t\t\t<a class=\"wcp-light-box\" data-buttons='[\"close\"]' data-wpc_url='https:\/\/www.buendnis-impfen.de\/wp-content\/uploads\/2025\/10\/U3A1647.jpg' href=\"https:\/\/www.buendnis-impfen.de\/wp-content\/uploads\/2025\/10\/U3A1647.jpg\" data-fancybox=\"wpcp_view\">\n\t\t<figure>\n\t\t\t<img loading=\"lazy\" decoding=\"async\" class=\"skip-lazy\" src=\"https:\/\/www.buendnis-impfen.de\/wp-content\/uploads\/2025\/10\/U3A1647.jpg\" alt=\"_U3A1647\" width=\"511\" height=\"768\">\t\t<\/figure>\n\t<\/a>\n\t\t<\/div>\n<\/div>\n\t<div class=\"swiper-slide\">\n\t<div class=\"wpcp-single-item\">\n\t\t\t<a class=\"wcp-light-box\" data-buttons='[\"close\"]' data-wpc_url='https:\/\/www.buendnis-impfen.de\/wp-content\/uploads\/2025\/10\/U3A1650.jpg' href=\"https:\/\/www.buendnis-impfen.de\/wp-content\/uploads\/2025\/10\/U3A1650.jpg\" data-fancybox=\"wpcp_view\">\n\t\t<figure>\n\t\t\t<img loading=\"lazy\" decoding=\"async\" class=\"skip-lazy\" src=\"https:\/\/www.buendnis-impfen.de\/wp-content\/uploads\/2025\/10\/U3A1650.jpg\" alt=\"_U3A1650\" width=\"511\" height=\"768\">\t\t<\/figure>\n\t<\/a>\n\t\t<\/div>\n<\/div>\n\t<div class=\"swiper-slide\">\n\t<div class=\"wpcp-single-item\">\n\t\t\t<a class=\"wcp-light-box\" data-buttons='[\"close\"]' data-wpc_url='https:\/\/www.buendnis-impfen.de\/wp-content\/uploads\/2025\/10\/U3A1663.jpg' href=\"https:\/\/www.buendnis-impfen.de\/wp-content\/uploads\/2025\/10\/U3A1663.jpg\" data-fancybox=\"wpcp_view\">\n\t\t<figure>\n\t\t\t<img loading=\"lazy\" decoding=\"async\" class=\"skip-lazy\" src=\"https:\/\/www.buendnis-impfen.de\/wp-content\/uploads\/2025\/10\/U3A1663.jpg\" alt=\"_U3A1663\" width=\"1024\" height=\"682\">\t\t<\/figure>\n\t<\/a>\n\t\t<\/div>\n<\/div>\n\t<div class=\"swiper-slide\">\n\t<div class=\"wpcp-single-item\">\n\t\t\t<a class=\"wcp-light-box\" data-buttons='[\"close\"]' data-wpc_url='https:\/\/www.buendnis-impfen.de\/wp-content\/uploads\/2025\/10\/U3A1666.jpg' href=\"https:\/\/www.buendnis-impfen.de\/wp-content\/uploads\/2025\/10\/U3A1666.jpg\" data-fancybox=\"wpcp_view\">\n\t\t<figure>\n\t\t\t<img loading=\"lazy\" decoding=\"async\" class=\"skip-lazy\" src=\"https:\/\/www.buendnis-impfen.de\/wp-content\/uploads\/2025\/10\/U3A1666.jpg\" alt=\"_U3A1666\" width=\"1024\" height=\"682\">\t\t<\/figure>\n\t<\/a>\n\t\t<\/div>\n<\/div>\n\t<div class=\"swiper-slide\">\n\t<div class=\"wpcp-single-item\">\n\t\t\t<a class=\"wcp-light-box\" data-buttons='[\"close\"]' data-wpc_url='https:\/\/www.buendnis-impfen.de\/wp-content\/uploads\/2025\/10\/U3A1670.jpg' href=\"https:\/\/www.buendnis-impfen.de\/wp-content\/uploads\/2025\/10\/U3A1670.jpg\" data-fancybox=\"wpcp_view\">\n\t\t<figure>\n\t\t\t<img loading=\"lazy\" decoding=\"async\" class=\"skip-lazy\" src=\"https:\/\/www.buendnis-impfen.de\/wp-content\/uploads\/2025\/10\/U3A1670.jpg\" alt=\"_U3A1670\" width=\"511\" height=\"768\">\t\t<\/figure>\n\t<\/a>\n\t\t<\/div>\n<\/div>\n\t<div class=\"swiper-slide\">\n\t<div class=\"wpcp-single-item\">\n\t\t\t<a class=\"wcp-light-box\" data-buttons='[\"close\"]' data-wpc_url='https:\/\/www.buendnis-impfen.de\/wp-content\/uploads\/2025\/10\/U3A1676.jpg' href=\"https:\/\/www.buendnis-impfen.de\/wp-content\/uploads\/2025\/10\/U3A1676.jpg\" data-fancybox=\"wpcp_view\">\n\t\t<figure>\n\t\t\t<img loading=\"lazy\" decoding=\"async\" class=\"skip-lazy\" src=\"https:\/\/www.buendnis-impfen.de\/wp-content\/uploads\/2025\/10\/U3A1676.jpg\" alt=\"_U3A1676\" width=\"511\" height=\"768\">\t\t<\/figure>\n\t<\/a>\n\t\t<\/div>\n<\/div>\n\t<div class=\"swiper-slide\">\n\t<div class=\"wpcp-single-item\">\n\t\t\t<a class=\"wcp-light-box\" data-buttons='[\"close\"]' data-wpc_url='https:\/\/www.buendnis-impfen.de\/wp-content\/uploads\/2025\/10\/U3A1682.jpg' href=\"https:\/\/www.buendnis-impfen.de\/wp-content\/uploads\/2025\/10\/U3A1682.jpg\" data-fancybox=\"wpcp_view\">\n\t\t<figure>\n\t\t\t<img loading=\"lazy\" decoding=\"async\" class=\"skip-lazy\" src=\"https:\/\/www.buendnis-impfen.de\/wp-content\/uploads\/2025\/10\/U3A1682.jpg\" alt=\"_U3A1682\" width=\"1024\" height=\"682\">\t\t<\/figure>\n\t<\/a>\n\t\t<\/div>\n<\/div>\n\t<div class=\"swiper-slide\">\n\t<div class=\"wpcp-single-item\">\n\t\t\t<a class=\"wcp-light-box\" data-buttons='[\"close\"]' data-wpc_url='https:\/\/www.buendnis-impfen.de\/wp-content\/uploads\/2025\/10\/U3A1688.jpg' href=\"https:\/\/www.buendnis-impfen.de\/wp-content\/uploads\/2025\/10\/U3A1688.jpg\" data-fancybox=\"wpcp_view\">\n\t\t<figure>\n\t\t\t<img loading=\"lazy\" decoding=\"async\" class=\"skip-lazy\" src=\"https:\/\/www.buendnis-impfen.de\/wp-content\/uploads\/2025\/10\/U3A1688.jpg\" alt=\"_U3A1688\" width=\"1024\" height=\"682\">\t\t<\/figure>\n\t<\/a>\n\t\t<\/div>\n<\/div>\n\t<div class=\"swiper-slide\">\n\t<div class=\"wpcp-single-item\">\n\t\t\t<a class=\"wcp-light-box\" data-buttons='[\"close\"]' data-wpc_url='https:\/\/www.buendnis-impfen.de\/wp-content\/uploads\/2025\/10\/U3A1692.jpg' href=\"https:\/\/www.buendnis-impfen.de\/wp-content\/uploads\/2025\/10\/U3A1692.jpg\" data-fancybox=\"wpcp_view\">\n\t\t<figure>\n\t\t\t<img loading=\"lazy\" decoding=\"async\" class=\"skip-lazy\" src=\"https:\/\/www.buendnis-impfen.de\/wp-content\/uploads\/2025\/10\/U3A1692.jpg\" alt=\"_U3A1692\" width=\"1024\" height=\"682\">\t\t<\/figure>\n\t<\/a>\n\t\t<\/div>\n<\/div>\n\t<div class=\"swiper-slide\">\n\t<div class=\"wpcp-single-item\">\n\t\t\t<a class=\"wcp-light-box\" data-buttons='[\"close\"]' data-wpc_url='https:\/\/www.buendnis-impfen.de\/wp-content\/uploads\/2025\/10\/U3A1696.jpg' href=\"https:\/\/www.buendnis-impfen.de\/wp-content\/uploads\/2025\/10\/U3A1696.jpg\" data-fancybox=\"wpcp_view\">\n\t\t<figure>\n\t\t\t<img loading=\"lazy\" decoding=\"async\" class=\"skip-lazy\" src=\"https:\/\/www.buendnis-impfen.de\/wp-content\/uploads\/2025\/10\/U3A1696.jpg\" alt=\"_U3A1696\" width=\"511\" height=\"768\">\t\t<\/figure>\n\t<\/a>\n\t\t<\/div>\n<\/div>\n\t<div class=\"swiper-slide\">\n\t<div class=\"wpcp-single-item\">\n\t\t\t<a class=\"wcp-light-box\" data-buttons='[\"close\"]' data-wpc_url='https:\/\/www.buendnis-impfen.de\/wp-content\/uploads\/2025\/10\/U3A1699.jpg' href=\"https:\/\/www.buendnis-impfen.de\/wp-content\/uploads\/2025\/10\/U3A1699.jpg\" data-fancybox=\"wpcp_view\">\n\t\t<figure>\n\t\t\t<img loading=\"lazy\" decoding=\"async\" class=\"skip-lazy\" src=\"https:\/\/www.buendnis-impfen.de\/wp-content\/uploads\/2025\/10\/U3A1699.jpg\" alt=\"_U3A1699\" width=\"511\" height=\"768\">\t\t<\/figure>\n\t<\/a>\n\t\t<\/div>\n<\/div>\n\t<div class=\"swiper-slide\">\n\t<div class=\"wpcp-single-item\">\n\t\t\t<a class=\"wcp-light-box\" data-buttons='[\"close\"]' data-wpc_url='https:\/\/www.buendnis-impfen.de\/wp-content\/uploads\/2025\/10\/U3A1704.jpg' href=\"https:\/\/www.buendnis-impfen.de\/wp-content\/uploads\/2025\/10\/U3A1704.jpg\" data-fancybox=\"wpcp_view\">\n\t\t<figure>\n\t\t\t<img loading=\"lazy\" decoding=\"async\" class=\"skip-lazy\" src=\"https:\/\/www.buendnis-impfen.de\/wp-content\/uploads\/2025\/10\/U3A1704.jpg\" alt=\"_U3A1704\" width=\"511\" height=\"768\">\t\t<\/figure>\n\t<\/a>\n\t\t<\/div>\n<\/div>\n\t<div class=\"swiper-slide\">\n\t<div class=\"wpcp-single-item\">\n\t\t\t<a class=\"wcp-light-box\" data-buttons='[\"close\"]' data-wpc_url='https:\/\/www.buendnis-impfen.de\/wp-content\/uploads\/2025\/10\/U3A1706.jpg' href=\"https:\/\/www.buendnis-impfen.de\/wp-content\/uploads\/2025\/10\/U3A1706.jpg\" data-fancybox=\"wpcp_view\">\n\t\t<figure>\n\t\t\t<img loading=\"lazy\" decoding=\"async\" class=\"skip-lazy\" src=\"https:\/\/www.buendnis-impfen.de\/wp-content\/uploads\/2025\/10\/U3A1706.jpg\" alt=\"_U3A1706\" width=\"1024\" height=\"682\">\t\t<\/figure>\n\t<\/a>\n\t\t<\/div>\n<\/div>\n\t<div class=\"swiper-slide\">\n\t<div class=\"wpcp-single-item\">\n\t\t\t<a class=\"wcp-light-box\" data-buttons='[\"close\"]' data-wpc_url='https:\/\/www.buendnis-impfen.de\/wp-content\/uploads\/2025\/10\/U3A1710.jpg' href=\"https:\/\/www.buendnis-impfen.de\/wp-content\/uploads\/2025\/10\/U3A1710.jpg\" data-fancybox=\"wpcp_view\">\n\t\t<figure>\n\t\t\t<img loading=\"lazy\" decoding=\"async\" class=\"skip-lazy\" src=\"https:\/\/www.buendnis-impfen.de\/wp-content\/uploads\/2025\/10\/U3A1710.jpg\" alt=\"_U3A1710\" width=\"511\" height=\"768\">\t\t<\/figure>\n\t<\/a>\n\t\t<\/div>\n<\/div>\n\t<div class=\"swiper-slide\">\n\t<div class=\"wpcp-single-item\">\n\t\t\t<a class=\"wcp-light-box\" data-buttons='[\"close\"]' data-wpc_url='https:\/\/www.buendnis-impfen.de\/wp-content\/uploads\/2025\/10\/U3A1716.jpg' href=\"https:\/\/www.buendnis-impfen.de\/wp-content\/uploads\/2025\/10\/U3A1716.jpg\" data-fancybox=\"wpcp_view\">\n\t\t<figure>\n\t\t\t<img loading=\"lazy\" decoding=\"async\" class=\"skip-lazy\" src=\"https:\/\/www.buendnis-impfen.de\/wp-content\/uploads\/2025\/10\/U3A1716.jpg\" alt=\"_U3A1716\" width=\"1024\" height=\"682\">\t\t<\/figure>\n\t<\/a>\n\t\t<\/div>\n<\/div>\n\t<div class=\"swiper-slide\">\n\t<div class=\"wpcp-single-item\">\n\t\t\t<a class=\"wcp-light-box\" data-buttons='[\"close\"]' data-wpc_url='https:\/\/www.buendnis-impfen.de\/wp-content\/uploads\/2025\/10\/U3A1719.jpg' href=\"https:\/\/www.buendnis-impfen.de\/wp-content\/uploads\/2025\/10\/U3A1719.jpg\" data-fancybox=\"wpcp_view\">\n\t\t<figure>\n\t\t\t<img loading=\"lazy\" decoding=\"async\" class=\"skip-lazy\" src=\"https:\/\/www.buendnis-impfen.de\/wp-content\/uploads\/2025\/10\/U3A1719.jpg\" alt=\"_U3A1719\" width=\"511\" height=\"768\">\t\t<\/figure>\n\t<\/a>\n\t\t<\/div>\n<\/div>\n\t<div class=\"swiper-slide\">\n\t<div class=\"wpcp-single-item\">\n\t\t\t<a class=\"wcp-light-box\" data-buttons='[\"close\"]' data-wpc_url='https:\/\/www.buendnis-impfen.de\/wp-content\/uploads\/2025\/10\/U3A1726.jpg' href=\"https:\/\/www.buendnis-impfen.de\/wp-content\/uploads\/2025\/10\/U3A1726.jpg\" data-fancybox=\"wpcp_view\">\n\t\t<figure>\n\t\t\t<img loading=\"lazy\" decoding=\"async\" class=\"skip-lazy\" src=\"https:\/\/www.buendnis-impfen.de\/wp-content\/uploads\/2025\/10\/U3A1726.jpg\" alt=\"_U3A1726\" width=\"1024\" height=\"682\">\t\t<\/figure>\n\t<\/a>\n\t\t<\/div>\n<\/div>\n\t<div class=\"swiper-slide\">\n\t<div class=\"wpcp-single-item\">\n\t\t\t<a class=\"wcp-light-box\" data-buttons='[\"close\"]' data-wpc_url='https:\/\/www.buendnis-impfen.de\/wp-content\/uploads\/2025\/10\/U3A1729.jpg' href=\"https:\/\/www.buendnis-impfen.de\/wp-content\/uploads\/2025\/10\/U3A1729.jpg\" data-fancybox=\"wpcp_view\">\n\t\t<figure>\n\t\t\t<img loading=\"lazy\" decoding=\"async\" class=\"skip-lazy\" src=\"https:\/\/www.buendnis-impfen.de\/wp-content\/uploads\/2025\/10\/U3A1729.jpg\" alt=\"_U3A1729\" width=\"1024\" height=\"682\">\t\t<\/figure>\n\t<\/a>\n\t\t<\/div>\n<\/div>\n\t<div class=\"swiper-slide\">\n\t<div class=\"wpcp-single-item\">\n\t\t\t<a class=\"wcp-light-box\" data-buttons='[\"close\"]' data-wpc_url='https:\/\/www.buendnis-impfen.de\/wp-content\/uploads\/2025\/10\/U3A1733.jpg' href=\"https:\/\/www.buendnis-impfen.de\/wp-content\/uploads\/2025\/10\/U3A1733.jpg\" data-fancybox=\"wpcp_view\">\n\t\t<figure>\n\t\t\t<img loading=\"lazy\" decoding=\"async\" class=\"skip-lazy\" src=\"https:\/\/www.buendnis-impfen.de\/wp-content\/uploads\/2025\/10\/U3A1733.jpg\" alt=\"_U3A1733\" width=\"511\" height=\"768\">\t\t<\/figure>\n\t<\/a>\n\t\t<\/div>\n<\/div>\n\t<div class=\"swiper-slide\">\n\t<div class=\"wpcp-single-item\">\n\t\t\t<a class=\"wcp-light-box\" data-buttons='[\"close\"]' data-wpc_url='https:\/\/www.buendnis-impfen.de\/wp-content\/uploads\/2025\/10\/U3A1738.jpg' href=\"https:\/\/www.buendnis-impfen.de\/wp-content\/uploads\/2025\/10\/U3A1738.jpg\" data-fancybox=\"wpcp_view\">\n\t\t<figure>\n\t\t\t<img loading=\"lazy\" decoding=\"async\" class=\"skip-lazy\" src=\"https:\/\/www.buendnis-impfen.de\/wp-content\/uploads\/2025\/10\/U3A1738.jpg\" alt=\"_U3A1738\" width=\"1024\" height=\"682\">\t\t<\/figure>\n\t<\/a>\n\t\t<\/div>\n<\/div>\n\t<div class=\"swiper-slide\">\n\t<div class=\"wpcp-single-item\">\n\t\t\t<a class=\"wcp-light-box\" data-buttons='[\"close\"]' data-wpc_url='https:\/\/www.buendnis-impfen.de\/wp-content\/uploads\/2025\/10\/U3A1740.jpg' href=\"https:\/\/www.buendnis-impfen.de\/wp-content\/uploads\/2025\/10\/U3A1740.jpg\" data-fancybox=\"wpcp_view\">\n\t\t<figure>\n\t\t\t<img loading=\"lazy\" decoding=\"async\" class=\"skip-lazy\" src=\"https:\/\/www.buendnis-impfen.de\/wp-content\/uploads\/2025\/10\/U3A1740.jpg\" alt=\"_U3A1740\" width=\"511\" height=\"768\">\t\t<\/figure>\n\t<\/a>\n\t\t<\/div>\n<\/div>\n\t<div class=\"swiper-slide\">\n\t<div class=\"wpcp-single-item\">\n\t\t\t<a class=\"wcp-light-box\" data-buttons='[\"close\"]' data-wpc_url='https:\/\/www.buendnis-impfen.de\/wp-content\/uploads\/2025\/10\/U3A1741.jpg' href=\"https:\/\/www.buendnis-impfen.de\/wp-content\/uploads\/2025\/10\/U3A1741.jpg\" data-fancybox=\"wpcp_view\">\n\t\t<figure>\n\t\t\t<img loading=\"lazy\" decoding=\"async\" class=\"skip-lazy\" src=\"https:\/\/www.buendnis-impfen.de\/wp-content\/uploads\/2025\/10\/U3A1741.jpg\" alt=\"_U3A1741\" width=\"1024\" height=\"682\">\t\t<\/figure>\n\t<\/a>\n\t\t<\/div>\n<\/div>\n\t<div class=\"swiper-slide\">\n\t<div class=\"wpcp-single-item\">\n\t\t\t<a class=\"wcp-light-box\" data-buttons='[\"close\"]' data-wpc_url='https:\/\/www.buendnis-impfen.de\/wp-content\/uploads\/2025\/10\/U3A1748.jpg' href=\"https:\/\/www.buendnis-impfen.de\/wp-content\/uploads\/2025\/10\/U3A1748.jpg\" data-fancybox=\"wpcp_view\">\n\t\t<figure>\n\t\t\t<img loading=\"lazy\" decoding=\"async\" class=\"skip-lazy\" src=\"https:\/\/www.buendnis-impfen.de\/wp-content\/uploads\/2025\/10\/U3A1748.jpg\" alt=\"_U3A1748\" width=\"1024\" height=\"682\">\t\t<\/figure>\n\t<\/a>\n\t\t<\/div>\n<\/div>\n\t<div class=\"swiper-slide\">\n\t<div class=\"wpcp-single-item\">\n\t\t\t<a class=\"wcp-light-box\" data-buttons='[\"close\"]' data-wpc_url='https:\/\/www.buendnis-impfen.de\/wp-content\/uploads\/2025\/10\/U3A1756.jpg' href=\"https:\/\/www.buendnis-impfen.de\/wp-content\/uploads\/2025\/10\/U3A1756.jpg\" data-fancybox=\"wpcp_view\">\n\t\t<figure>\n\t\t\t<img loading=\"lazy\" decoding=\"async\" class=\"skip-lazy\" src=\"https:\/\/www.buendnis-impfen.de\/wp-content\/uploads\/2025\/10\/U3A1756.jpg\" alt=\"_U3A1756\" width=\"1024\" height=\"682\">\t\t<\/figure>\n\t<\/a>\n\t\t<\/div>\n<\/div>\n\t<div class=\"swiper-slide\">\n\t<div class=\"wpcp-single-item\">\n\t\t\t<a class=\"wcp-light-box\" data-buttons='[\"close\"]' data-wpc_url='https:\/\/www.buendnis-impfen.de\/wp-content\/uploads\/2025\/10\/U3A1760.jpg' href=\"https:\/\/www.buendnis-impfen.de\/wp-content\/uploads\/2025\/10\/U3A1760.jpg\" data-fancybox=\"wpcp_view\">\n\t\t<figure>\n\t\t\t<img loading=\"lazy\" decoding=\"async\" class=\"skip-lazy\" src=\"https:\/\/www.buendnis-impfen.de\/wp-content\/uploads\/2025\/10\/U3A1760.jpg\" alt=\"_U3A1760\" width=\"511\" height=\"768\">\t\t<\/figure>\n\t<\/a>\n\t\t<\/div>\n<\/div>\n\t<div class=\"swiper-slide\">\n\t<div class=\"wpcp-single-item\">\n\t\t\t<a class=\"wcp-light-box\" data-buttons='[\"close\"]' data-wpc_url='https:\/\/www.buendnis-impfen.de\/wp-content\/uploads\/2025\/10\/U3A1761.jpg' href=\"https:\/\/www.buendnis-impfen.de\/wp-content\/uploads\/2025\/10\/U3A1761.jpg\" data-fancybox=\"wpcp_view\">\n\t\t<figure>\n\t\t\t<img loading=\"lazy\" decoding=\"async\" class=\"skip-lazy\" src=\"https:\/\/www.buendnis-impfen.de\/wp-content\/uploads\/2025\/10\/U3A1761.jpg\" alt=\"_U3A1761\" width=\"511\" height=\"768\">\t\t<\/figure>\n\t<\/a>\n\t\t<\/div>\n<\/div>\n\t<div class=\"swiper-slide\">\n\t<div class=\"wpcp-single-item\">\n\t\t\t<a class=\"wcp-light-box\" data-buttons='[\"close\"]' data-wpc_url='https:\/\/www.buendnis-impfen.de\/wp-content\/uploads\/2025\/10\/U3A1763.jpg' href=\"https:\/\/www.buendnis-impfen.de\/wp-content\/uploads\/2025\/10\/U3A1763.jpg\" data-fancybox=\"wpcp_view\">\n\t\t<figure>\n\t\t\t<img loading=\"lazy\" decoding=\"async\" class=\"skip-lazy\" src=\"https:\/\/www.buendnis-impfen.de\/wp-content\/uploads\/2025\/10\/U3A1763.jpg\" alt=\"_U3A1763\" width=\"511\" height=\"768\">\t\t<\/figure>\n\t<\/a>\n\t\t<\/div>\n<\/div>\n\t<div class=\"swiper-slide\">\n\t<div class=\"wpcp-single-item\">\n\t\t\t<a class=\"wcp-light-box\" data-buttons='[\"close\"]' data-wpc_url='https:\/\/www.buendnis-impfen.de\/wp-content\/uploads\/2025\/10\/U3A1765.jpg' href=\"https:\/\/www.buendnis-impfen.de\/wp-content\/uploads\/2025\/10\/U3A1765.jpg\" data-fancybox=\"wpcp_view\">\n\t\t<figure>\n\t\t\t<img loading=\"lazy\" decoding=\"async\" class=\"skip-lazy\" src=\"https:\/\/www.buendnis-impfen.de\/wp-content\/uploads\/2025\/10\/U3A1765.jpg\" alt=\"_U3A1765\" width=\"511\" height=\"768\">\t\t<\/figure>\n\t<\/a>\n\t\t<\/div>\n<\/div>\n\t<div class=\"swiper-slide\">\n\t<div class=\"wpcp-single-item\">\n\t\t\t<a class=\"wcp-light-box\" data-buttons='[\"close\"]' data-wpc_url='https:\/\/www.buendnis-impfen.de\/wp-content\/uploads\/2025\/10\/U3A1766.jpg' href=\"https:\/\/www.buendnis-impfen.de\/wp-content\/uploads\/2025\/10\/U3A1766.jpg\" data-fancybox=\"wpcp_view\">\n\t\t<figure>\n\t\t\t<img loading=\"lazy\" decoding=\"async\" class=\"skip-lazy\" src=\"https:\/\/www.buendnis-impfen.de\/wp-content\/uploads\/2025\/10\/U3A1766.jpg\" alt=\"_U3A1766\" width=\"511\" height=\"768\">\t\t<\/figure>\n\t<\/a>\n\t\t<\/div>\n<\/div>\n\t<div class=\"swiper-slide\">\n\t<div class=\"wpcp-single-item\">\n\t\t\t<a class=\"wcp-light-box\" data-buttons='[\"close\"]' data-wpc_url='https:\/\/www.buendnis-impfen.de\/wp-content\/uploads\/2025\/10\/U3A1771.jpg' href=\"https:\/\/www.buendnis-impfen.de\/wp-content\/uploads\/2025\/10\/U3A1771.jpg\" data-fancybox=\"wpcp_view\">\n\t\t<figure>\n\t\t\t<img loading=\"lazy\" decoding=\"async\" class=\"skip-lazy\" src=\"https:\/\/www.buendnis-impfen.de\/wp-content\/uploads\/2025\/10\/U3A1771.jpg\" alt=\"_U3A1771\" width=\"1024\" height=\"682\">\t\t<\/figure>\n\t<\/a>\n\t\t<\/div>\n<\/div>\n\t<div class=\"swiper-slide\">\n\t<div class=\"wpcp-single-item\">\n\t\t\t<a class=\"wcp-light-box\" data-buttons='[\"close\"]' data-wpc_url='https:\/\/www.buendnis-impfen.de\/wp-content\/uploads\/2025\/10\/U3A1777.jpg' href=\"https:\/\/www.buendnis-impfen.de\/wp-content\/uploads\/2025\/10\/U3A1777.jpg\" data-fancybox=\"wpcp_view\">\n\t\t<figure>\n\t\t\t<img loading=\"lazy\" decoding=\"async\" class=\"skip-lazy\" src=\"https:\/\/www.buendnis-impfen.de\/wp-content\/uploads\/2025\/10\/U3A1777.jpg\" alt=\"_U3A1777\" width=\"1024\" height=\"682\">\t\t<\/figure>\n\t<\/a>\n\t\t<\/div>\n<\/div>\n\t<div class=\"swiper-slide\">\n\t<div class=\"wpcp-single-item\">\n\t\t\t<a class=\"wcp-light-box\" data-buttons='[\"close\"]' data-wpc_url='https:\/\/www.buendnis-impfen.de\/wp-content\/uploads\/2025\/10\/U3A1789.jpg' href=\"https:\/\/www.buendnis-impfen.de\/wp-content\/uploads\/2025\/10\/U3A1789.jpg\" data-fancybox=\"wpcp_view\">\n\t\t<figure>\n\t\t\t<img loading=\"lazy\" decoding=\"async\" class=\"skip-lazy\" src=\"https:\/\/www.buendnis-impfen.de\/wp-content\/uploads\/2025\/10\/U3A1789.jpg\" alt=\"_U3A1789\" width=\"511\" height=\"768\">\t\t<\/figure>\n\t<\/a>\n\t\t<\/div>\n<\/div>\n\t<div class=\"swiper-slide\">\n\t<div class=\"wpcp-single-item\">\n\t\t\t<a class=\"wcp-light-box\" data-buttons='[\"close\"]' data-wpc_url='https:\/\/www.buendnis-impfen.de\/wp-content\/uploads\/2025\/10\/U3A1803.jpg' href=\"https:\/\/www.buendnis-impfen.de\/wp-content\/uploads\/2025\/10\/U3A1803.jpg\" data-fancybox=\"wpcp_view\">\n\t\t<figure>\n\t\t\t<img loading=\"lazy\" decoding=\"async\" class=\"skip-lazy\" src=\"https:\/\/www.buendnis-impfen.de\/wp-content\/uploads\/2025\/10\/U3A1803.jpg\" alt=\"_U3A1803\" width=\"511\" height=\"768\">\t\t<\/figure>\n\t<\/a>\n\t\t<\/div>\n<\/div>\n\t<div class=\"swiper-slide\">\n\t<div class=\"wpcp-single-item\">\n\t\t\t<a class=\"wcp-light-box\" data-buttons='[\"close\"]' data-wpc_url='https:\/\/www.buendnis-impfen.de\/wp-content\/uploads\/2025\/10\/U3A1807.jpg' href=\"https:\/\/www.buendnis-impfen.de\/wp-content\/uploads\/2025\/10\/U3A1807.jpg\" data-fancybox=\"wpcp_view\">\n\t\t<figure>\n\t\t\t<img loading=\"lazy\" decoding=\"async\" class=\"skip-lazy\" src=\"https:\/\/www.buendnis-impfen.de\/wp-content\/uploads\/2025\/10\/U3A1807.jpg\" alt=\"_U3A1807\" width=\"511\" height=\"768\">\t\t<\/figure>\n\t<\/a>\n\t\t<\/div>\n<\/div>\n\t<div class=\"swiper-slide\">\n\t<div class=\"wpcp-single-item\">\n\t\t\t<a class=\"wcp-light-box\" data-buttons='[\"close\"]' data-wpc_url='https:\/\/www.buendnis-impfen.de\/wp-content\/uploads\/2025\/10\/U3A1808.jpg' href=\"https:\/\/www.buendnis-impfen.de\/wp-content\/uploads\/2025\/10\/U3A1808.jpg\" data-fancybox=\"wpcp_view\">\n\t\t<figure>\n\t\t\t<img loading=\"lazy\" decoding=\"async\" class=\"skip-lazy\" src=\"https:\/\/www.buendnis-impfen.de\/wp-content\/uploads\/2025\/10\/U3A1808.jpg\" alt=\"_U3A1808\" width=\"511\" height=\"768\">\t\t<\/figure>\n\t<\/a>\n\t\t<\/div>\n<\/div>\n\t<div class=\"swiper-slide\">\n\t<div class=\"wpcp-single-item\">\n\t\t\t<a class=\"wcp-light-box\" data-buttons='[\"close\"]' data-wpc_url='https:\/\/www.buendnis-impfen.de\/wp-content\/uploads\/2025\/10\/U3A1813.jpg' href=\"https:\/\/www.buendnis-impfen.de\/wp-content\/uploads\/2025\/10\/U3A1813.jpg\" data-fancybox=\"wpcp_view\">\n\t\t<figure>\n\t\t\t<img loading=\"lazy\" decoding=\"async\" class=\"skip-lazy\" src=\"https:\/\/www.buendnis-impfen.de\/wp-content\/uploads\/2025\/10\/U3A1813.jpg\" alt=\"_U3A1813\" width=\"1024\" height=\"682\">\t\t<\/figure>\n\t<\/a>\n\t\t<\/div>\n<\/div>\n\t<div class=\"swiper-slide\">\n\t<div class=\"wpcp-single-item\">\n\t\t\t<a class=\"wcp-light-box\" data-buttons='[\"close\"]' data-wpc_url='https:\/\/www.buendnis-impfen.de\/wp-content\/uploads\/2025\/10\/U3A1830.jpg' href=\"https:\/\/www.buendnis-impfen.de\/wp-content\/uploads\/2025\/10\/U3A1830.jpg\" data-fancybox=\"wpcp_view\">\n\t\t<figure>\n\t\t\t<img loading=\"lazy\" decoding=\"async\" class=\"skip-lazy\" src=\"https:\/\/www.buendnis-impfen.de\/wp-content\/uploads\/2025\/10\/U3A1830.jpg\" alt=\"_U3A1830\" width=\"511\" height=\"768\">\t\t<\/figure>\n\t<\/a>\n\t\t<\/div>\n<\/div>\n\t<div class=\"swiper-slide\">\n\t<div class=\"wpcp-single-item\">\n\t\t\t<a class=\"wcp-light-box\" data-buttons='[\"close\"]' data-wpc_url='https:\/\/www.buendnis-impfen.de\/wp-content\/uploads\/2025\/10\/U3A1832.jpg' href=\"https:\/\/www.buendnis-impfen.de\/wp-content\/uploads\/2025\/10\/U3A1832.jpg\" data-fancybox=\"wpcp_view\">\n\t\t<figure>\n\t\t\t<img loading=\"lazy\" decoding=\"async\" class=\"skip-lazy\" src=\"https:\/\/www.buendnis-impfen.de\/wp-content\/uploads\/2025\/10\/U3A1832.jpg\" alt=\"_U3A1832\" width=\"1024\" height=\"682\">\t\t<\/figure>\n\t<\/a>\n\t\t<\/div>\n<\/div>\n\t<div class=\"swiper-slide\">\n\t<div class=\"wpcp-single-item\">\n\t\t\t<a class=\"wcp-light-box\" data-buttons='[\"close\"]' data-wpc_url='https:\/\/www.buendnis-impfen.de\/wp-content\/uploads\/2025\/10\/U3A1834.jpg' href=\"https:\/\/www.buendnis-impfen.de\/wp-content\/uploads\/2025\/10\/U3A1834.jpg\" data-fancybox=\"wpcp_view\">\n\t\t<figure>\n\t\t\t<img loading=\"lazy\" decoding=\"async\" class=\"skip-lazy\" src=\"https:\/\/www.buendnis-impfen.de\/wp-content\/uploads\/2025\/10\/U3A1834.jpg\" alt=\"_U3A1834\" width=\"1024\" height=\"682\">\t\t<\/figure>\n\t<\/a>\n\t\t<\/div>\n<\/div>\n\t<div class=\"swiper-slide\">\n\t<div class=\"wpcp-single-item\">\n\t\t\t<a class=\"wcp-light-box\" data-buttons='[\"close\"]' data-wpc_url='https:\/\/www.buendnis-impfen.de\/wp-content\/uploads\/2025\/10\/U3A1838.jpg' href=\"https:\/\/www.buendnis-impfen.de\/wp-content\/uploads\/2025\/10\/U3A1838.jpg\" data-fancybox=\"wpcp_view\">\n\t\t<figure>\n\t\t\t<img loading=\"lazy\" decoding=\"async\" class=\"skip-lazy\" src=\"https:\/\/www.buendnis-impfen.de\/wp-content\/uploads\/2025\/10\/U3A1838.jpg\" alt=\"_U3A1838\" width=\"1024\" height=\"682\">\t\t<\/figure>\n\t<\/a>\n\t\t<\/div>\n<\/div>\n\t<div class=\"swiper-slide\">\n\t<div class=\"wpcp-single-item\">\n\t\t\t<a class=\"wcp-light-box\" data-buttons='[\"close\"]' data-wpc_url='https:\/\/www.buendnis-impfen.de\/wp-content\/uploads\/2025\/10\/U3A1844.jpg' href=\"https:\/\/www.buendnis-impfen.de\/wp-content\/uploads\/2025\/10\/U3A1844.jpg\" data-fancybox=\"wpcp_view\">\n\t\t<figure>\n\t\t\t<img loading=\"lazy\" decoding=\"async\" class=\"skip-lazy\" src=\"https:\/\/www.buendnis-impfen.de\/wp-content\/uploads\/2025\/10\/U3A1844.jpg\" alt=\"_U3A1844\" width=\"511\" height=\"768\">\t\t<\/figure>\n\t<\/a>\n\t\t<\/div>\n<\/div>\n\t<div class=\"swiper-slide\">\n\t<div class=\"wpcp-single-item\">\n\t\t\t<a class=\"wcp-light-box\" data-buttons='[\"close\"]' data-wpc_url='https:\/\/www.buendnis-impfen.de\/wp-content\/uploads\/2025\/10\/U3A1846.jpg' href=\"https:\/\/www.buendnis-impfen.de\/wp-content\/uploads\/2025\/10\/U3A1846.jpg\" data-fancybox=\"wpcp_view\">\n\t\t<figure>\n\t\t\t<img loading=\"lazy\" decoding=\"async\" class=\"skip-lazy\" src=\"https:\/\/www.buendnis-impfen.de\/wp-content\/uploads\/2025\/10\/U3A1846.jpg\" alt=\"_U3A1846\" width=\"511\" height=\"768\">\t\t<\/figure>\n\t<\/a>\n\t\t<\/div>\n<\/div>\n\t<div class=\"swiper-slide\">\n\t<div class=\"wpcp-single-item\">\n\t\t\t<a class=\"wcp-light-box\" data-buttons='[\"close\"]' data-wpc_url='https:\/\/www.buendnis-impfen.de\/wp-content\/uploads\/2025\/10\/U3A1854.jpg' href=\"https:\/\/www.buendnis-impfen.de\/wp-content\/uploads\/2025\/10\/U3A1854.jpg\" data-fancybox=\"wpcp_view\">\n\t\t<figure>\n\t\t\t<img loading=\"lazy\" decoding=\"async\" class=\"skip-lazy\" src=\"https:\/\/www.buendnis-impfen.de\/wp-content\/uploads\/2025\/10\/U3A1854.jpg\" alt=\"_U3A1854\" width=\"1024\" height=\"682\">\t\t<\/figure>\n\t<\/a>\n\t\t<\/div>\n<\/div>\n\t<div class=\"swiper-slide\">\n\t<div class=\"wpcp-single-item\">\n\t\t\t<a class=\"wcp-light-box\" data-buttons='[\"close\"]' data-wpc_url='https:\/\/www.buendnis-impfen.de\/wp-content\/uploads\/2025\/10\/U3A1859.jpg' href=\"https:\/\/www.buendnis-impfen.de\/wp-content\/uploads\/2025\/10\/U3A1859.jpg\" data-fancybox=\"wpcp_view\">\n\t\t<figure>\n\t\t\t<img loading=\"lazy\" decoding=\"async\" class=\"skip-lazy\" src=\"https:\/\/www.buendnis-impfen.de\/wp-content\/uploads\/2025\/10\/U3A1859.jpg\" alt=\"_U3A1859\" width=\"1024\" height=\"682\">\t\t<\/figure>\n\t<\/a>\n\t\t<\/div>\n<\/div>\n\t<div class=\"swiper-slide\">\n\t<div class=\"wpcp-single-item\">\n\t\t\t<a class=\"wcp-light-box\" data-buttons='[\"close\"]' data-wpc_url='https:\/\/www.buendnis-impfen.de\/wp-content\/uploads\/2025\/10\/U3A1863.jpg' href=\"https:\/\/www.buendnis-impfen.de\/wp-content\/uploads\/2025\/10\/U3A1863.jpg\" data-fancybox=\"wpcp_view\">\n\t\t<figure>\n\t\t\t<img loading=\"lazy\" decoding=\"async\" class=\"skip-lazy\" src=\"https:\/\/www.buendnis-impfen.de\/wp-content\/uploads\/2025\/10\/U3A1863.jpg\" alt=\"_U3A1863\" width=\"511\" height=\"768\">\t\t<\/figure>\n\t<\/a>\n\t\t<\/div>\n<\/div>\n\t<div class=\"swiper-slide\">\n\t<div class=\"wpcp-single-item\">\n\t\t\t<a class=\"wcp-light-box\" data-buttons='[\"close\"]' data-wpc_url='https:\/\/www.buendnis-impfen.de\/wp-content\/uploads\/2025\/10\/U3A1870.jpg' href=\"https:\/\/www.buendnis-impfen.de\/wp-content\/uploads\/2025\/10\/U3A1870.jpg\" data-fancybox=\"wpcp_view\">\n\t\t<figure>\n\t\t\t<img loading=\"lazy\" decoding=\"async\" class=\"skip-lazy\" src=\"https:\/\/www.buendnis-impfen.de\/wp-content\/uploads\/2025\/10\/U3A1870.jpg\" alt=\"_U3A1870\" width=\"1024\" height=\"682\">\t\t<\/figure>\n\t<\/a>\n\t\t<\/div>\n<\/div>\n\t<div class=\"swiper-slide\">\n\t<div class=\"wpcp-single-item\">\n\t\t\t<a class=\"wcp-light-box\" data-buttons='[\"close\"]' data-wpc_url='https:\/\/www.buendnis-impfen.de\/wp-content\/uploads\/2025\/10\/U3A1872.jpg' href=\"https:\/\/www.buendnis-impfen.de\/wp-content\/uploads\/2025\/10\/U3A1872.jpg\" data-fancybox=\"wpcp_view\">\n\t\t<figure>\n\t\t\t<img loading=\"lazy\" decoding=\"async\" class=\"skip-lazy\" src=\"https:\/\/www.buendnis-impfen.de\/wp-content\/uploads\/2025\/10\/U3A1872.jpg\" alt=\"_U3A1872\" width=\"511\" height=\"768\">\t\t<\/figure>\n\t<\/a>\n\t\t<\/div>\n<\/div>\n\t<div class=\"swiper-slide\">\n\t<div class=\"wpcp-single-item\">\n\t\t\t<a class=\"wcp-light-box\" data-buttons='[\"close\"]' data-wpc_url='https:\/\/www.buendnis-impfen.de\/wp-content\/uploads\/2025\/10\/U3A1875.jpg' href=\"https:\/\/www.buendnis-impfen.de\/wp-content\/uploads\/2025\/10\/U3A1875.jpg\" data-fancybox=\"wpcp_view\">\n\t\t<figure>\n\t\t\t<img loading=\"lazy\" decoding=\"async\" class=\"skip-lazy\" src=\"https:\/\/www.buendnis-impfen.de\/wp-content\/uploads\/2025\/10\/U3A1875.jpg\" alt=\"_U3A1875\" width=\"511\" height=\"768\">\t\t<\/figure>\n\t<\/a>\n\t\t<\/div>\n<\/div>\n\t<div class=\"swiper-slide\">\n\t<div class=\"wpcp-single-item\">\n\t\t\t<a class=\"wcp-light-box\" data-buttons='[\"close\"]' data-wpc_url='https:\/\/www.buendnis-impfen.de\/wp-content\/uploads\/2025\/10\/U3A1877.jpg' href=\"https:\/\/www.buendnis-impfen.de\/wp-content\/uploads\/2025\/10\/U3A1877.jpg\" data-fancybox=\"wpcp_view\">\n\t\t<figure>\n\t\t\t<img loading=\"lazy\" decoding=\"async\" class=\"skip-lazy\" src=\"https:\/\/www.buendnis-impfen.de\/wp-content\/uploads\/2025\/10\/U3A1877.jpg\" alt=\"_U3A1877\" width=\"1024\" height=\"682\">\t\t<\/figure>\n\t<\/a>\n\t\t<\/div>\n<\/div>\n\t<div class=\"swiper-slide\">\n\t<div class=\"wpcp-single-item\">\n\t\t\t<a class=\"wcp-light-box\" data-buttons='[\"close\"]' data-wpc_url='https:\/\/www.buendnis-impfen.de\/wp-content\/uploads\/2025\/10\/U3A1885.jpg' href=\"https:\/\/www.buendnis-impfen.de\/wp-content\/uploads\/2025\/10\/U3A1885.jpg\" data-fancybox=\"wpcp_view\">\n\t\t<figure>\n\t\t\t<img loading=\"lazy\" decoding=\"async\" class=\"skip-lazy\" src=\"https:\/\/www.buendnis-impfen.de\/wp-content\/uploads\/2025\/10\/U3A1885.jpg\" alt=\"_U3A1885\" width=\"511\" height=\"768\">\t\t<\/figure>\n\t<\/a>\n\t\t<\/div>\n<\/div>\n\t<div class=\"swiper-slide\">\n\t<div class=\"wpcp-single-item\">\n\t\t\t<a class=\"wcp-light-box\" data-buttons='[\"close\"]' data-wpc_url='https:\/\/www.buendnis-impfen.de\/wp-content\/uploads\/2025\/10\/U3A1889.jpg' href=\"https:\/\/www.buendnis-impfen.de\/wp-content\/uploads\/2025\/10\/U3A1889.jpg\" data-fancybox=\"wpcp_view\">\n\t\t<figure>\n\t\t\t<img loading=\"lazy\" decoding=\"async\" class=\"skip-lazy\" src=\"https:\/\/www.buendnis-impfen.de\/wp-content\/uploads\/2025\/10\/U3A1889.jpg\" alt=\"_U3A1889\" width=\"511\" height=\"768\">\t\t<\/figure>\n\t<\/a>\n\t\t<\/div>\n<\/div>\n\t<div class=\"swiper-slide\">\n\t<div class=\"wpcp-single-item\">\n\t\t\t<a class=\"wcp-light-box\" data-buttons='[\"close\"]' data-wpc_url='https:\/\/www.buendnis-impfen.de\/wp-content\/uploads\/2025\/10\/U3A1893.jpg' href=\"https:\/\/www.buendnis-impfen.de\/wp-content\/uploads\/2025\/10\/U3A1893.jpg\" data-fancybox=\"wpcp_view\">\n\t\t<figure>\n\t\t\t<img loading=\"lazy\" decoding=\"async\" class=\"skip-lazy\" src=\"https:\/\/www.buendnis-impfen.de\/wp-content\/uploads\/2025\/10\/U3A1893.jpg\" alt=\"_U3A1893\" width=\"1024\" height=\"682\">\t\t<\/figure>\n\t<\/a>\n\t\t<\/div>\n<\/div>\n\t<div class=\"swiper-slide\">\n\t<div class=\"wpcp-single-item\">\n\t\t\t<a class=\"wcp-light-box\" data-buttons='[\"close\"]' data-wpc_url='https:\/\/www.buendnis-impfen.de\/wp-content\/uploads\/2025\/10\/U3A1894.jpg' href=\"https:\/\/www.buendnis-impfen.de\/wp-content\/uploads\/2025\/10\/U3A1894.jpg\" data-fancybox=\"wpcp_view\">\n\t\t<figure>\n\t\t\t<img loading=\"lazy\" decoding=\"async\" class=\"skip-lazy\" src=\"https:\/\/www.buendnis-impfen.de\/wp-content\/uploads\/2025\/10\/U3A1894.jpg\" alt=\"_U3A1894\" width=\"1024\" height=\"682\">\t\t<\/figure>\n\t<\/a>\n\t\t<\/div>\n<\/div>\n\t<div class=\"swiper-slide\">\n\t<div class=\"wpcp-single-item\">\n\t\t\t<a class=\"wcp-light-box\" data-buttons='[\"close\"]' data-wpc_url='https:\/\/www.buendnis-impfen.de\/wp-content\/uploads\/2025\/10\/U3A1902.jpg' href=\"https:\/\/www.buendnis-impfen.de\/wp-content\/uploads\/2025\/10\/U3A1902.jpg\" data-fancybox=\"wpcp_view\">\n\t\t<figure>\n\t\t\t<img loading=\"lazy\" decoding=\"async\" class=\"skip-lazy\" src=\"https:\/\/www.buendnis-impfen.de\/wp-content\/uploads\/2025\/10\/U3A1902.jpg\" alt=\"_U3A1902\" width=\"511\" height=\"768\">\t\t<\/figure>\n\t<\/a>\n\t\t<\/div>\n<\/div>\n\t<div class=\"swiper-slide\">\n\t<div class=\"wpcp-single-item\">\n\t\t\t<a class=\"wcp-light-box\" data-buttons='[\"close\"]' data-wpc_url='https:\/\/www.buendnis-impfen.de\/wp-content\/uploads\/2025\/10\/U3A1905.jpg' href=\"https:\/\/www.buendnis-impfen.de\/wp-content\/uploads\/2025\/10\/U3A1905.jpg\" data-fancybox=\"wpcp_view\">\n\t\t<figure>\n\t\t\t<img loading=\"lazy\" decoding=\"async\" class=\"skip-lazy\" src=\"https:\/\/www.buendnis-impfen.de\/wp-content\/uploads\/2025\/10\/U3A1905.jpg\" alt=\"_U3A1905\" width=\"1024\" height=\"682\">\t\t<\/figure>\n\t<\/a>\n\t\t<\/div>\n<\/div>\n\t<div class=\"swiper-slide\">\n\t<div class=\"wpcp-single-item\">\n\t\t\t<a class=\"wcp-light-box\" data-buttons='[\"close\"]' data-wpc_url='https:\/\/www.buendnis-impfen.de\/wp-content\/uploads\/2025\/10\/U3A1907.jpg' href=\"https:\/\/www.buendnis-impfen.de\/wp-content\/uploads\/2025\/10\/U3A1907.jpg\" data-fancybox=\"wpcp_view\">\n\t\t<figure>\n\t\t\t<img loading=\"lazy\" decoding=\"async\" class=\"skip-lazy\" src=\"https:\/\/www.buendnis-impfen.de\/wp-content\/uploads\/2025\/10\/U3A1907.jpg\" alt=\"_U3A1907\" width=\"511\" height=\"768\">\t\t<\/figure>\n\t<\/a>\n\t\t<\/div>\n<\/div>\n\t<div class=\"swiper-slide\">\n\t<div class=\"wpcp-single-item\">\n\t\t\t<a class=\"wcp-light-box\" data-buttons='[\"close\"]' data-wpc_url='https:\/\/www.buendnis-impfen.de\/wp-content\/uploads\/2025\/10\/U3A1909.jpg' href=\"https:\/\/www.buendnis-impfen.de\/wp-content\/uploads\/2025\/10\/U3A1909.jpg\" data-fancybox=\"wpcp_view\">\n\t\t<figure>\n\t\t\t<img loading=\"lazy\" decoding=\"async\" class=\"skip-lazy\" src=\"https:\/\/www.buendnis-impfen.de\/wp-content\/uploads\/2025\/10\/U3A1909.jpg\" alt=\"_U3A1909\" width=\"1024\" height=\"682\">\t\t<\/figure>\n\t<\/a>\n\t\t<\/div>\n<\/div>\n\t<div class=\"swiper-slide\">\n\t<div class=\"wpcp-single-item\">\n\t\t\t<a class=\"wcp-light-box\" data-buttons='[\"close\"]' data-wpc_url='https:\/\/www.buendnis-impfen.de\/wp-content\/uploads\/2025\/10\/U3A1926.jpg' href=\"https:\/\/www.buendnis-impfen.de\/wp-content\/uploads\/2025\/10\/U3A1926.jpg\" data-fancybox=\"wpcp_view\">\n\t\t<figure>\n\t\t\t<img loading=\"lazy\" decoding=\"async\" class=\"skip-lazy\" src=\"https:\/\/www.buendnis-impfen.de\/wp-content\/uploads\/2025\/10\/U3A1926.jpg\" alt=\"_U3A1926\" width=\"511\" height=\"768\">\t\t<\/figure>\n\t<\/a>\n\t\t<\/div>\n<\/div>\n\t<div class=\"swiper-slide\">\n\t<div class=\"wpcp-single-item\">\n\t\t\t<a class=\"wcp-light-box\" data-buttons='[\"close\"]' data-wpc_url='https:\/\/www.buendnis-impfen.de\/wp-content\/uploads\/2025\/10\/U3A1927.jpg' href=\"https:\/\/www.buendnis-impfen.de\/wp-content\/uploads\/2025\/10\/U3A1927.jpg\" data-fancybox=\"wpcp_view\">\n\t\t<figure>\n\t\t\t<img loading=\"lazy\" decoding=\"async\" class=\"skip-lazy\" src=\"https:\/\/www.buendnis-impfen.de\/wp-content\/uploads\/2025\/10\/U3A1927.jpg\" alt=\"_U3A1927\" width=\"511\" height=\"768\">\t\t<\/figure>\n\t<\/a>\n\t\t<\/div>\n<\/div>\n\t<div class=\"swiper-slide\">\n\t<div class=\"wpcp-single-item\">\n\t\t\t<a class=\"wcp-light-box\" data-buttons='[\"close\"]' data-wpc_url='https:\/\/www.buendnis-impfen.de\/wp-content\/uploads\/2025\/10\/U3A1928.jpg' href=\"https:\/\/www.buendnis-impfen.de\/wp-content\/uploads\/2025\/10\/U3A1928.jpg\" data-fancybox=\"wpcp_view\">\n\t\t<figure>\n\t\t\t<img loading=\"lazy\" decoding=\"async\" class=\"skip-lazy\" src=\"https:\/\/www.buendnis-impfen.de\/wp-content\/uploads\/2025\/10\/U3A1928.jpg\" alt=\"_U3A1928\" width=\"511\" height=\"768\">\t\t<\/figure>\n\t<\/a>\n\t\t<\/div>\n<\/div>\n\t<div class=\"swiper-slide\">\n\t<div class=\"wpcp-single-item\">\n\t\t\t<a class=\"wcp-light-box\" data-buttons='[\"close\"]' data-wpc_url='https:\/\/www.buendnis-impfen.de\/wp-content\/uploads\/2025\/10\/U3A1933.jpg' href=\"https:\/\/www.buendnis-impfen.de\/wp-content\/uploads\/2025\/10\/U3A1933.jpg\" data-fancybox=\"wpcp_view\">\n\t\t<figure>\n\t\t\t<img loading=\"lazy\" decoding=\"async\" class=\"skip-lazy\" src=\"https:\/\/www.buendnis-impfen.de\/wp-content\/uploads\/2025\/10\/U3A1933.jpg\" alt=\"_U3A1933\" width=\"511\" height=\"768\">\t\t<\/figure>\n\t<\/a>\n\t\t<\/div>\n<\/div>\n\t<div class=\"swiper-slide\">\n\t<div class=\"wpcp-single-item\">\n\t\t\t<a class=\"wcp-light-box\" data-buttons='[\"close\"]' data-wpc_url='https:\/\/www.buendnis-impfen.de\/wp-content\/uploads\/2025\/10\/U3A1936.jpg' href=\"https:\/\/www.buendnis-impfen.de\/wp-content\/uploads\/2025\/10\/U3A1936.jpg\" data-fancybox=\"wpcp_view\">\n\t\t<figure>\n\t\t\t<img loading=\"lazy\" decoding=\"async\" class=\"skip-lazy\" src=\"https:\/\/www.buendnis-impfen.de\/wp-content\/uploads\/2025\/10\/U3A1936.jpg\" alt=\"_U3A1936\" width=\"1024\" height=\"682\">\t\t<\/figure>\n\t<\/a>\n\t\t<\/div>\n<\/div>\n\t<div class=\"swiper-slide\">\n\t<div class=\"wpcp-single-item\">\n\t\t\t<a class=\"wcp-light-box\" data-buttons='[\"close\"]' data-wpc_url='https:\/\/www.buendnis-impfen.de\/wp-content\/uploads\/2025\/10\/U3A1939.jpg' href=\"https:\/\/www.buendnis-impfen.de\/wp-content\/uploads\/2025\/10\/U3A1939.jpg\" data-fancybox=\"wpcp_view\">\n\t\t<figure>\n\t\t\t<img loading=\"lazy\" decoding=\"async\" class=\"skip-lazy\" src=\"https:\/\/www.buendnis-impfen.de\/wp-content\/uploads\/2025\/10\/U3A1939.jpg\" alt=\"_U3A1939\" width=\"511\" height=\"768\">\t\t<\/figure>\n\t<\/a>\n\t\t<\/div>\n<\/div>\n\t<div class=\"swiper-slide\">\n\t<div class=\"wpcp-single-item\">\n\t\t\t<a class=\"wcp-light-box\" data-buttons='[\"close\"]' data-wpc_url='https:\/\/www.buendnis-impfen.de\/wp-content\/uploads\/2025\/10\/U3A1947.jpg' href=\"https:\/\/www.buendnis-impfen.de\/wp-content\/uploads\/2025\/10\/U3A1947.jpg\" data-fancybox=\"wpcp_view\">\n\t\t<figure>\n\t\t\t<img loading=\"lazy\" decoding=\"async\" class=\"skip-lazy\" src=\"https:\/\/www.buendnis-impfen.de\/wp-content\/uploads\/2025\/10\/U3A1947.jpg\" alt=\"_U3A1947\" width=\"1024\" height=\"682\">\t\t<\/figure>\n\t<\/a>\n\t\t<\/div>\n<\/div>\n\t<div class=\"swiper-slide\">\n\t<div class=\"wpcp-single-item\">\n\t\t\t<a class=\"wcp-light-box\" data-buttons='[\"close\"]' data-wpc_url='https:\/\/www.buendnis-impfen.de\/wp-content\/uploads\/2025\/10\/U3A1958.jpg' href=\"https:\/\/www.buendnis-impfen.de\/wp-content\/uploads\/2025\/10\/U3A1958.jpg\" data-fancybox=\"wpcp_view\">\n\t\t<figure>\n\t\t\t<img loading=\"lazy\" decoding=\"async\" class=\"skip-lazy\" src=\"https:\/\/www.buendnis-impfen.de\/wp-content\/uploads\/2025\/10\/U3A1958.jpg\" alt=\"_U3A1958\" width=\"1024\" height=\"682\">\t\t<\/figure>\n\t<\/a>\n\t\t<\/div>\n<\/div>\n\t<div class=\"swiper-slide\">\n\t<div class=\"wpcp-single-item\">\n\t\t\t<a class=\"wcp-light-box\" data-buttons='[\"close\"]' data-wpc_url='https:\/\/www.buendnis-impfen.de\/wp-content\/uploads\/2025\/10\/U3A1960.jpg' href=\"https:\/\/www.buendnis-impfen.de\/wp-content\/uploads\/2025\/10\/U3A1960.jpg\" data-fancybox=\"wpcp_view\">\n\t\t<figure>\n\t\t\t<img loading=\"lazy\" decoding=\"async\" class=\"skip-lazy\" src=\"https:\/\/www.buendnis-impfen.de\/wp-content\/uploads\/2025\/10\/U3A1960.jpg\" alt=\"_U3A1960\" width=\"511\" height=\"768\">\t\t<\/figure>\n\t<\/a>\n\t\t<\/div>\n<\/div>\n\t<div class=\"swiper-slide\">\n\t<div class=\"wpcp-single-item\">\n\t\t\t<a class=\"wcp-light-box\" data-buttons='[\"close\"]' data-wpc_url='https:\/\/www.buendnis-impfen.de\/wp-content\/uploads\/2025\/10\/U3A1970.jpg' href=\"https:\/\/www.buendnis-impfen.de\/wp-content\/uploads\/2025\/10\/U3A1970.jpg\" data-fancybox=\"wpcp_view\">\n\t\t<figure>\n\t\t\t<img loading=\"lazy\" decoding=\"async\" class=\"skip-lazy\" src=\"https:\/\/www.buendnis-impfen.de\/wp-content\/uploads\/2025\/10\/U3A1970.jpg\" alt=\"_U3A1970\" width=\"511\" height=\"768\">\t\t<\/figure>\n\t<\/a>\n\t\t<\/div>\n<\/div>\n\t<div class=\"swiper-slide\">\n\t<div class=\"wpcp-single-item\">\n\t\t\t<a class=\"wcp-light-box\" data-buttons='[\"close\"]' data-wpc_url='https:\/\/www.buendnis-impfen.de\/wp-content\/uploads\/2025\/10\/U3A1977.jpg' href=\"https:\/\/www.buendnis-impfen.de\/wp-content\/uploads\/2025\/10\/U3A1977.jpg\" data-fancybox=\"wpcp_view\">\n\t\t<figure>\n\t\t\t<img loading=\"lazy\" decoding=\"async\" class=\"skip-lazy\" src=\"https:\/\/www.buendnis-impfen.de\/wp-content\/uploads\/2025\/10\/U3A1977.jpg\" alt=\"_U3A1977\" width=\"1024\" height=\"682\">\t\t<\/figure>\n\t<\/a>\n\t\t<\/div>\n<\/div>\n\t<div class=\"swiper-slide\">\n\t<div class=\"wpcp-single-item\">\n\t\t\t<a class=\"wcp-light-box\" data-buttons='[\"close\"]' data-wpc_url='https:\/\/www.buendnis-impfen.de\/wp-content\/uploads\/2025\/10\/U3A1984.jpg' href=\"https:\/\/www.buendnis-impfen.de\/wp-content\/uploads\/2025\/10\/U3A1984.jpg\" data-fancybox=\"wpcp_view\">\n\t\t<figure>\n\t\t\t<img loading=\"lazy\" decoding=\"async\" class=\"skip-lazy\" src=\"https:\/\/www.buendnis-impfen.de\/wp-content\/uploads\/2025\/10\/U3A1984.jpg\" alt=\"_U3A1984\" width=\"1024\" height=\"682\">\t\t<\/figure>\n\t<\/a>\n\t\t<\/div>\n<\/div>\n\t<div class=\"swiper-slide\">\n\t<div class=\"wpcp-single-item\">\n\t\t\t<a class=\"wcp-light-box\" data-buttons='[\"close\"]' data-wpc_url='https:\/\/www.buendnis-impfen.de\/wp-content\/uploads\/2025\/10\/U3A1985.jpg' href=\"https:\/\/www.buendnis-impfen.de\/wp-content\/uploads\/2025\/10\/U3A1985.jpg\" data-fancybox=\"wpcp_view\">\n\t\t<figure>\n\t\t\t<img loading=\"lazy\" decoding=\"async\" class=\"skip-lazy\" src=\"https:\/\/www.buendnis-impfen.de\/wp-content\/uploads\/2025\/10\/U3A1985.jpg\" alt=\"_U3A1985\" width=\"1024\" height=\"682\">\t\t<\/figure>\n\t<\/a>\n\t\t<\/div>\n<\/div>\n\t<div class=\"swiper-slide\">\n\t<div class=\"wpcp-single-item\">\n\t\t\t<a class=\"wcp-light-box\" data-buttons='[\"close\"]' data-wpc_url='https:\/\/www.buendnis-impfen.de\/wp-content\/uploads\/2025\/10\/U3A1998.jpg' href=\"https:\/\/www.buendnis-impfen.de\/wp-content\/uploads\/2025\/10\/U3A1998.jpg\" data-fancybox=\"wpcp_view\">\n\t\t<figure>\n\t\t\t<img loading=\"lazy\" decoding=\"async\" class=\"skip-lazy\" src=\"https:\/\/www.buendnis-impfen.de\/wp-content\/uploads\/2025\/10\/U3A1998.jpg\" alt=\"_U3A1998\" width=\"1024\" height=\"682\">\t\t<\/figure>\n\t<\/a>\n\t\t<\/div>\n<\/div>\n\t\t\t<\/div>\n\t\t\t\t<!-- If we need navigation buttons -->\n\t\t\t\t\t<div class=\"wpcp-prev-button swiper-button-prev\"><i class=\"fa fa-angle-left\"><\/i><\/div>\n\t\t\t<div class=\"wpcp-next-button swiper-button-next\"><i class=\"fa fa-angle-right\"><\/i><\/div>\n\t\t\t<\/div>\n\t<\/div>\n<\/div>\n\n<\/div>\n<\/div>\n\n\n\n<div style=\"height:100px\" aria-hidden=\"true\" class=\"wp-block-spacer\"><\/div>\n\n\n\n<p class=\"has-text-align-center\" style=\"border-style:none;border-width:0px\">Das NABI hat als neues Vorstandsmitglied Dr. PH Nobila Ou\u00e9draogo und als neue Vorsitzende Dr. med. Katharina H\u00fcppe, die von Prof. Dr. med. Heidrun Thaiss \u00fcbernimmt, die jetzt Ehrenvorsitzende des B\u00fcndnis ist.<\/p>\n<\/div>\n\n\n\n<div class=\"wp-block-group alignwide has-base-background-color has-background has-global-padding is-layout-constrained wp-container-core-group-is-layout-a151063b wp-block-group-is-layout-constrained\" style=\"border-radius:16px;padding-top:var(--wp--preset--spacing--50);padding-right:var(--wp--preset--spacing--40);padding-bottom:var(--wp--preset--spacing--50);padding-left:var(--wp--preset--spacing--40)\">\n<div class=\"wp-block-group alignwide has-global-padding is-layout-constrained wp-block-group-is-layout-constrained\">\n<p class=\"has-text-align-center\" style=\"font-size:clamp(0.984rem, 0.984rem + ((1vw - 0.2rem) * 0.86), 1.5rem);\"><strong>Parlamentarischer Abend <\/strong><\/p>\n\n\n\n<p class=\"has-text-align-center\">am 6. Juni 2024<\/p>\n\n\n\n<div style=\"height:50px\" aria-hidden=\"true\" class=\"wp-block-spacer\"><\/div>\n\n\n\n<figure class=\"wp-block-embed is-type-video is-provider-vimeo wp-block-embed-vimeo wp-embed-aspect-16-9 wp-has-aspect-ratio\"><div class=\"wp-block-embed__wrapper\">\n<iframe loading=\"lazy\" title=\"Nabi Parlamentarischer Abend\" src=\"https:\/\/player.vimeo.com\/video\/961055256?h=7e5b3720de&amp;dnt=1&amp;app_id=122963\" width=\"500\" height=\"281\" frameborder=\"0\" allow=\"autoplay; fullscreen; picture-in-picture; clipboard-write; encrypted-media; web-share\" referrerpolicy=\"strict-origin-when-cross-origin\"><\/iframe>\n<\/div><\/figure>\n<\/div>\n\n\n\n<div style=\"height:100px\" aria-hidden=\"true\" class=\"wp-block-spacer\"><\/div>\n\n\n\n<div class=\"wp-block-columns alignwide is-layout-flex wp-container-core-columns-is-layout-28f84493 wp-block-columns-is-layout-flex\">\n<div class=\"wp-block-column is-layout-flow wp-block-column-is-layout-flow\" style=\"flex-basis:100%\"><style id=\"wp_carousel_dynamic_css262\">#sp-wp-carousel-free-id-262.sp-wpcp-262 .wpcp-single-item {border: 0px solid #dddddd;}#sp-wp-carousel-free-id-262.sp-wpcp-262 .swiper-button-prev,#sp-wp-carousel-free-id-262.sp-wpcp-262 .swiper-button-next,#sp-wp-carousel-free-id-262.sp-wpcp-262 .swiper-button-prev:hover,#sp-wp-carousel-free-id-262.sp-wpcp-262 .swiper-button-next:hover {background: none;border: none;font-size: 30px;}#sp-wp-carousel-free-id-262.sp-wpcp-262 .swiper-button-prev i,#sp-wp-carousel-free-id-262.sp-wpcp-262 .swiper-button-next i {color: #aaa;}#sp-wp-carousel-free-id-262.sp-wpcp-262 .swiper-button-prev i:hover,#sp-wp-carousel-free-id-262.sp-wpcp-262 .swiper-button-next i:hover {color: #178087;} #sp-wp-carousel-free-id-262.sp-wpcp-262.wpcp-image-carousel .wpcp-single-item:hover img, #sp-wp-carousel-free-id-262.sp-wpcp-262.wpcp-post-carousel .wpcp-single-item:hover img, #sp-wp-carousel-free-id-262.sp-wpcp-262.wpcp-product-carousel .wpcp-single-item:hover img{-webkit-transform: scale(1.2);-moz-transform: scale(1.2);transform: scale(1.2);}#sp-wp-carousel-free-id-262 .wpcpro-row>[class*=\"wpcpro-col-\"] { padding: 0 10px; padding-bottom: 20px;}@media (min-width: 480px) { .wpcpro-row .wpcpro-col-sm-1 { flex: 0 0 100%; max-width: 100%; } .wpcpro-row .wpcpro-col-sm-2 { flex: 0 0 50%; max-width: 50%; } .wpcpro-row .wpcpro-col-sm-2-5 { flex: 0 0 75%; max-width: 75%; } .wpcpro-row .wpcpro-col-sm-3 { flex: 0 0 33.333%; max-width: 33.333%; } .wpcpro-row .wpcpro-col-sm-4 { flex: 0 0 25%; max-width: 25%; } .wpcpro-row .wpcpro-col-sm-5 { flex: 0 0 20%; max-width: 20%; } .wpcpro-row .wpcpro-col-sm-6 { flex: 0 0 16.66666666666667%; max-width: 16.66666666666667%; } .wpcpro-row .wpcpro-col-sm-7 { flex: 0 0 14.28571428%; max-width: 14.28571428%; } .wpcpro-row .wpcpro-col-sm-8 { flex: 0 0 12.5%; max-width: 12.5%; } } @media (max-width: 480px) { .wpcpro-row .wpcpro-col-xs-1 { flex: 0 0 100%; max-width: 100%; } .wpcpro-row .wpcpro-col-xs-2 { flex: 0 0 50%; max-width: 50%; } .wpcpro-row .wpcpro-col-xs-3 { flex: 0 0 33.222%; max-width: 33.222%; } .wpcpro-row .wpcpro-col-xs-4 { flex: 0 0 25%; max-width: 25%; } .wpcpro-row .wpcpro-col-xs-5 { flex: 0 0 20%; max-width: 20%; } .wpcpro-row .wpcpro-col-xs-6 { flex: 0 0 16.6667%; max-width: 16.6667%; } .wpcpro-row .wpcpro-col-xs-7 { flex: 0 0 14.28571428%; max-width: 14.28571428%; } .wpcpro-row .wpcpro-col-xs-8 { flex: 0 0 12.5%; max-width: 12.5%; } } @media (min-width: 736px) { .wpcpro-row .wpcpro-col-md-1 { flex: 0 0 100%; max-width: 100%; } .wpcpro-row .wpcpro-col-md-2 { flex: 0 0 50%; max-width: 50%; } .wpcpro-row .wpcpro-col-md-2-5 { flex: 0 0 75%; max-width: 75%; } .wpcpro-row .wpcpro-col-md-3 { flex: 0 0 33.333%; max-width: 33.333%; } .wpcpro-row .wpcpro-col-md-4 { flex: 0 0 25%; max-width: 25%; } .wpcpro-row .wpcpro-col-md-5 { flex: 0 0 20%; max-width: 20%; } .wpcpro-row .wpcpro-col-md-6 { flex: 0 0 16.66666666666667%; max-width: 16.66666666666667%; } .wpcpro-row .wpcpro-col-md-7 { flex: 0 0 14.28571428%; max-width: 14.28571428%; } .wpcpro-row .wpcpro-col-md-8 { flex: 0 0 12.5%; max-width: 12.5%; } } @media (min-width: 980px) { .wpcpro-row .wpcpro-col-lg-1 { flex: 0 0 100%; max-width: 100%; } .wpcpro-row .wpcpro-col-lg-2 { flex: 0 0 50%; max-width: 50%; } .wpcpro-row .wpcpro-col-lg-3 { flex: 0 0 33.222%; max-width: 33.222%; } .wpcpro-row .wpcpro-col-lg-4 { flex: 0 0 25%; max-width: 25%; } .wpcpro-row .wpcpro-col-lg-5 { flex: 0 0 20%; max-width: 20%; } .wpcpro-row .wpcpro-col-lg-6 { flex: 0 0 16.6667%; max-width: 16.6667%; } .wpcpro-row .wpcpro-col-lg-7 { flex: 0 0 14.28571428%; max-width: 14.28571428%; } .wpcpro-row .wpcpro-col-lg-8 { flex: 0 0 12.5%; max-width: 12.5%; } } @media (min-width: 1200px) { .wpcpro-row .wpcpro-col-xl-1 { flex: 0 0 100%; max-width: 100%; } .wpcpro-row .wpcpro-col-xl-2 { flex: 0 0 50%; max-width: 50%; } .wpcpro-row .wpcpro-col-xl-3 { flex: 0 0 33.22222222%; max-width: 33.22222222%; } .wpcpro-row .wpcpro-col-xl-4 { flex: 0 0 25%; max-width: 25%; } .wpcpro-row .wpcpro-col-xl-5 { flex: 0 0 20%; max-width: 20%; } .wpcpro-row .wpcpro-col-xl-6 { flex: 0 0 16.66667%; max-width: 16.66667%; } .wpcpro-row .wpcpro-col-xl-7 { flex: 0 0 14.28571428%; max-width: 14.28571428%; } .wpcpro-row .wpcpro-col-xl-8 { flex: 0 0 12.5%; max-width: 12.5%; } }<\/style><div class=\"wpcp-carousel-wrapper wpcp-wrapper-262\">\n\t<div id=\"wpcp-preloader-262\" class=\"wpcp-carousel-preloader\"><img decoding=\"async\" src=\"https:\/\/www.buendnis-impfen.de\/wp-content\/plugins\/wp-carousel-free\/public\/css\/spinner.svg\" alt=\"Preloader Image\" \/><\/div>\t<div class=\"wpcp-carousel-content-wrapper\">\n\t<div id=\"sp-wp-carousel-free-id-262\" class=\"wpcp-carousel-section sp-wpcp-262  nav-vertical-center wpcp-image-carousel wpcp-preloader wpcp-standard\" data-swiper='{ &quot;accessibility&quot;:true, &quot;spaceBetween&quot;:20, &quot;arrows&quot;:true, &quot;freeMode&quot;: false, &quot;autoplay&quot;:true, &quot;autoplaySpeed&quot;:3000, &quot;dots&quot;:false, &quot;infinite&quot;:true, &quot;speed&quot;:600, &quot;pauseOnHover&quot;:true,\n\t\t\t&quot;slidesToShow&quot;:{&quot;lg_desktop&quot;:3, &quot;desktop&quot;: 3, &quot;laptop&quot;: 3, &quot;tablet&quot;: 2, &quot;mobile&quot;: 1}, &quot;responsive&quot;:{&quot;desktop&quot;:1200, &quot;laptop&quot;: 980, &quot;tablet&quot;: 736, &quot;mobile&quot;: 480}, &quot;rtl&quot;:false, &quot;lazyLoad&quot;: &quot;false&quot;, &quot;swipe&quot;: true, &quot;draggable&quot;: true, &quot;swipeToSlide&quot;:false }' dir=\"ltr\">\n\t\t<div class=\"swiper-wrapper\">\n\t\t<div class=\"swiper-slide\">\n\t<div class=\"wpcp-single-item\">\n\t\t\t<a class=\"wcp-light-box\" data-buttons='[\"close\"]' data-wpc_url='https:\/\/www.buendnis-impfen.de\/wp-content\/uploads\/2024\/06\/ParlAbend-14-1024x683.jpg' href=\"https:\/\/www.buendnis-impfen.de\/wp-content\/uploads\/2024\/06\/ParlAbend-14-1024x683.jpg\" data-fancybox=\"wpcp_view\">\n\t\t<figure>\n\t\t\t<img loading=\"lazy\" decoding=\"async\" class=\"skip-lazy\" src=\"https:\/\/www.buendnis-impfen.de\/wp-content\/uploads\/2024\/06\/ParlAbend-14-1024x683.jpg\" alt=\"ParlAbend-14\" width=\"1024\" height=\"683\">\t\t<\/figure>\n\t<\/a>\n\t\t<\/div>\n<\/div>\n\t<div class=\"swiper-slide\">\n\t<div class=\"wpcp-single-item\">\n\t\t\t<a class=\"wcp-light-box\" data-buttons='[\"close\"]' data-wpc_url='https:\/\/www.buendnis-impfen.de\/wp-content\/uploads\/2024\/06\/ParlAbend-29-683x1024.jpg' href=\"https:\/\/www.buendnis-impfen.de\/wp-content\/uploads\/2024\/06\/ParlAbend-29-683x1024.jpg\" data-fancybox=\"wpcp_view\">\n\t\t<figure>\n\t\t\t<img loading=\"lazy\" decoding=\"async\" class=\"skip-lazy\" src=\"https:\/\/www.buendnis-impfen.de\/wp-content\/uploads\/2024\/06\/ParlAbend-29-683x1024.jpg\" alt=\"ParlAbend-29\" width=\"683\" height=\"1024\">\t\t<\/figure>\n\t<\/a>\n\t\t<\/div>\n<\/div>\n\t<div class=\"swiper-slide\">\n\t<div class=\"wpcp-single-item\">\n\t\t\t<a class=\"wcp-light-box\" data-buttons='[\"close\"]' data-wpc_url='https:\/\/www.buendnis-impfen.de\/wp-content\/uploads\/2024\/06\/ParlAbend-35-1024x683.jpg' href=\"https:\/\/www.buendnis-impfen.de\/wp-content\/uploads\/2024\/06\/ParlAbend-35-1024x683.jpg\" data-fancybox=\"wpcp_view\">\n\t\t<figure>\n\t\t\t<img loading=\"lazy\" decoding=\"async\" class=\"skip-lazy\" src=\"https:\/\/www.buendnis-impfen.de\/wp-content\/uploads\/2024\/06\/ParlAbend-35-1024x683.jpg\" alt=\"ParlAbend-35\" width=\"1024\" height=\"683\">\t\t<\/figure>\n\t<\/a>\n\t\t<\/div>\n<\/div>\n\t<div class=\"swiper-slide\">\n\t<div class=\"wpcp-single-item\">\n\t\t\t<a class=\"wcp-light-box\" data-buttons='[\"close\"]' data-wpc_url='https:\/\/www.buendnis-impfen.de\/wp-content\/uploads\/2024\/06\/ParlAbend-36-683x1024.jpg' href=\"https:\/\/www.buendnis-impfen.de\/wp-content\/uploads\/2024\/06\/ParlAbend-36-683x1024.jpg\" data-fancybox=\"wpcp_view\">\n\t\t<figure>\n\t\t\t<img loading=\"lazy\" decoding=\"async\" class=\"skip-lazy\" src=\"https:\/\/www.buendnis-impfen.de\/wp-content\/uploads\/2024\/06\/ParlAbend-36-683x1024.jpg\" alt=\"ParlAbend-36\" width=\"683\" height=\"1024\">\t\t<\/figure>\n\t<\/a>\n\t\t<\/div>\n<\/div>\n\t<div class=\"swiper-slide\">\n\t<div class=\"wpcp-single-item\">\n\t\t\t<a class=\"wcp-light-box\" data-buttons='[\"close\"]' data-wpc_url='https:\/\/www.buendnis-impfen.de\/wp-content\/uploads\/2024\/06\/ParlAbend-49-1024x683.jpg' href=\"https:\/\/www.buendnis-impfen.de\/wp-content\/uploads\/2024\/06\/ParlAbend-49-1024x683.jpg\" data-fancybox=\"wpcp_view\">\n\t\t<figure>\n\t\t\t<img loading=\"lazy\" decoding=\"async\" class=\"skip-lazy\" src=\"https:\/\/www.buendnis-impfen.de\/wp-content\/uploads\/2024\/06\/ParlAbend-49-1024x683.jpg\" alt=\"ParlAbend-49\" width=\"1024\" height=\"683\">\t\t<\/figure>\n\t<\/a>\n\t\t<\/div>\n<\/div>\n\t<div class=\"swiper-slide\">\n\t<div class=\"wpcp-single-item\">\n\t\t\t<a class=\"wcp-light-box\" data-buttons='[\"close\"]' data-wpc_url='https:\/\/www.buendnis-impfen.de\/wp-content\/uploads\/2024\/06\/ParlAbend-60-1024x683.jpg' href=\"https:\/\/www.buendnis-impfen.de\/wp-content\/uploads\/2024\/06\/ParlAbend-60-1024x683.jpg\" data-fancybox=\"wpcp_view\">\n\t\t<figure>\n\t\t\t<img loading=\"lazy\" decoding=\"async\" class=\"skip-lazy\" src=\"https:\/\/www.buendnis-impfen.de\/wp-content\/uploads\/2024\/06\/ParlAbend-60-1024x683.jpg\" alt=\"ParlAbend-60\" width=\"1024\" height=\"683\">\t\t<\/figure>\n\t<\/a>\n\t\t<\/div>\n<\/div>\n\t<div class=\"swiper-slide\">\n\t<div class=\"wpcp-single-item\">\n\t\t\t<a class=\"wcp-light-box\" data-buttons='[\"close\"]' data-wpc_url='https:\/\/www.buendnis-impfen.de\/wp-content\/uploads\/2024\/06\/ParlAbend-63-683x1024.jpg' href=\"https:\/\/www.buendnis-impfen.de\/wp-content\/uploads\/2024\/06\/ParlAbend-63-683x1024.jpg\" data-fancybox=\"wpcp_view\">\n\t\t<figure>\n\t\t\t<img loading=\"lazy\" decoding=\"async\" class=\"skip-lazy\" src=\"https:\/\/www.buendnis-impfen.de\/wp-content\/uploads\/2024\/06\/ParlAbend-63-683x1024.jpg\" alt=\"ParlAbend-63\" width=\"683\" height=\"1024\">\t\t<\/figure>\n\t<\/a>\n\t\t<\/div>\n<\/div>\n\t<div class=\"swiper-slide\">\n\t<div class=\"wpcp-single-item\">\n\t\t\t<a class=\"wcp-light-box\" data-buttons='[\"close\"]' data-wpc_url='https:\/\/www.buendnis-impfen.de\/wp-content\/uploads\/2024\/06\/ParlAbend-75-683x1024.jpg' href=\"https:\/\/www.buendnis-impfen.de\/wp-content\/uploads\/2024\/06\/ParlAbend-75-683x1024.jpg\" data-fancybox=\"wpcp_view\">\n\t\t<figure>\n\t\t\t<img loading=\"lazy\" decoding=\"async\" class=\"skip-lazy\" src=\"https:\/\/www.buendnis-impfen.de\/wp-content\/uploads\/2024\/06\/ParlAbend-75-683x1024.jpg\" alt=\"ParlAbend-75\" width=\"683\" height=\"1024\">\t\t<\/figure>\n\t<\/a>\n\t\t<\/div>\n<\/div>\n\t<div class=\"swiper-slide\">\n\t<div class=\"wpcp-single-item\">\n\t\t\t<a class=\"wcp-light-box\" data-buttons='[\"close\"]' data-wpc_url='https:\/\/www.buendnis-impfen.de\/wp-content\/uploads\/2024\/06\/ParlAbend-103-2-683x1024.jpg' href=\"https:\/\/www.buendnis-impfen.de\/wp-content\/uploads\/2024\/06\/ParlAbend-103-2-683x1024.jpg\" data-fancybox=\"wpcp_view\">\n\t\t<figure>\n\t\t\t<img loading=\"lazy\" decoding=\"async\" class=\"skip-lazy\" src=\"https:\/\/www.buendnis-impfen.de\/wp-content\/uploads\/2024\/06\/ParlAbend-103-2-683x1024.jpg\" alt=\"ParlAbend-103-2\" width=\"683\" height=\"1024\">\t\t<\/figure>\n\t<\/a>\n\t\t<\/div>\n<\/div>\n\t<div class=\"swiper-slide\">\n\t<div class=\"wpcp-single-item\">\n\t\t\t<a class=\"wcp-light-box\" data-buttons='[\"close\"]' data-wpc_url='https:\/\/www.buendnis-impfen.de\/wp-content\/uploads\/2024\/06\/ParlAbend-107-1024x683.jpg' href=\"https:\/\/www.buendnis-impfen.de\/wp-content\/uploads\/2024\/06\/ParlAbend-107-1024x683.jpg\" data-fancybox=\"wpcp_view\">\n\t\t<figure>\n\t\t\t<img loading=\"lazy\" decoding=\"async\" class=\"skip-lazy\" src=\"https:\/\/www.buendnis-impfen.de\/wp-content\/uploads\/2024\/06\/ParlAbend-107-1024x683.jpg\" alt=\"ParlAbend-107\" width=\"1024\" height=\"683\">\t\t<\/figure>\n\t<\/a>\n\t\t<\/div>\n<\/div>\n\t<div class=\"swiper-slide\">\n\t<div class=\"wpcp-single-item\">\n\t\t\t<a class=\"wcp-light-box\" data-buttons='[\"close\"]' data-wpc_url='https:\/\/www.buendnis-impfen.de\/wp-content\/uploads\/2024\/06\/ParlAbend-115-683x1024.jpg' href=\"https:\/\/www.buendnis-impfen.de\/wp-content\/uploads\/2024\/06\/ParlAbend-115-683x1024.jpg\" data-fancybox=\"wpcp_view\">\n\t\t<figure>\n\t\t\t<img loading=\"lazy\" decoding=\"async\" class=\"skip-lazy\" src=\"https:\/\/www.buendnis-impfen.de\/wp-content\/uploads\/2024\/06\/ParlAbend-115-683x1024.jpg\" alt=\"ParlAbend-115\" width=\"683\" height=\"1024\">\t\t<\/figure>\n\t<\/a>\n\t\t<\/div>\n<\/div>\n\t<div class=\"swiper-slide\">\n\t<div class=\"wpcp-single-item\">\n\t\t\t<a class=\"wcp-light-box\" data-buttons='[\"close\"]' data-wpc_url='https:\/\/www.buendnis-impfen.de\/wp-content\/uploads\/2024\/06\/ParlAbend-129-1024x683.jpg' href=\"https:\/\/www.buendnis-impfen.de\/wp-content\/uploads\/2024\/06\/ParlAbend-129-1024x683.jpg\" data-fancybox=\"wpcp_view\">\n\t\t<figure>\n\t\t\t<img loading=\"lazy\" decoding=\"async\" class=\"skip-lazy\" src=\"https:\/\/www.buendnis-impfen.de\/wp-content\/uploads\/2024\/06\/ParlAbend-129-1024x683.jpg\" alt=\"ParlAbend-129\" width=\"1024\" height=\"683\">\t\t<\/figure>\n\t<\/a>\n\t\t<\/div>\n<\/div>\n\t<div class=\"swiper-slide\">\n\t<div class=\"wpcp-single-item\">\n\t\t\t<a class=\"wcp-light-box\" data-buttons='[\"close\"]' data-wpc_url='https:\/\/www.buendnis-impfen.de\/wp-content\/uploads\/2024\/06\/ParlAbend-161-1024x683.jpg' href=\"https:\/\/www.buendnis-impfen.de\/wp-content\/uploads\/2024\/06\/ParlAbend-161-1024x683.jpg\" data-fancybox=\"wpcp_view\">\n\t\t<figure>\n\t\t\t<img loading=\"lazy\" decoding=\"async\" class=\"skip-lazy\" src=\"https:\/\/www.buendnis-impfen.de\/wp-content\/uploads\/2024\/06\/ParlAbend-161-1024x683.jpg\" alt=\"ParlAbend-161\" width=\"1024\" height=\"683\">\t\t<\/figure>\n\t<\/a>\n\t\t<\/div>\n<\/div>\n\t<div class=\"swiper-slide\">\n\t<div class=\"wpcp-single-item\">\n\t\t\t<a class=\"wcp-light-box\" data-buttons='[\"close\"]' data-wpc_url='https:\/\/www.buendnis-impfen.de\/wp-content\/uploads\/2024\/06\/ParlAbend-171-683x1024.jpg' href=\"https:\/\/www.buendnis-impfen.de\/wp-content\/uploads\/2024\/06\/ParlAbend-171-683x1024.jpg\" data-fancybox=\"wpcp_view\">\n\t\t<figure>\n\t\t\t<img loading=\"lazy\" decoding=\"async\" class=\"skip-lazy\" src=\"https:\/\/www.buendnis-impfen.de\/wp-content\/uploads\/2024\/06\/ParlAbend-171-683x1024.jpg\" alt=\"ParlAbend-171\" width=\"683\" height=\"1024\">\t\t<\/figure>\n\t<\/a>\n\t\t<\/div>\n<\/div>\n\t<div class=\"swiper-slide\">\n\t<div class=\"wpcp-single-item\">\n\t\t\t<a class=\"wcp-light-box\" data-buttons='[\"close\"]' data-wpc_url='https:\/\/www.buendnis-impfen.de\/wp-content\/uploads\/2024\/06\/ParlAbend-193-1024x683.jpg' href=\"https:\/\/www.buendnis-impfen.de\/wp-content\/uploads\/2024\/06\/ParlAbend-193-1024x683.jpg\" data-fancybox=\"wpcp_view\">\n\t\t<figure>\n\t\t\t<img loading=\"lazy\" decoding=\"async\" class=\"skip-lazy\" src=\"https:\/\/www.buendnis-impfen.de\/wp-content\/uploads\/2024\/06\/ParlAbend-193-1024x683.jpg\" alt=\"ParlAbend-193\" width=\"1024\" height=\"683\">\t\t<\/figure>\n\t<\/a>\n\t\t<\/div>\n<\/div>\n\t<div class=\"swiper-slide\">\n\t<div class=\"wpcp-single-item\">\n\t\t\t<a class=\"wcp-light-box\" data-buttons='[\"close\"]' data-wpc_url='https:\/\/www.buendnis-impfen.de\/wp-content\/uploads\/2024\/06\/ParlAbend-200-683x1024.jpg' href=\"https:\/\/www.buendnis-impfen.de\/wp-content\/uploads\/2024\/06\/ParlAbend-200-683x1024.jpg\" data-fancybox=\"wpcp_view\">\n\t\t<figure>\n\t\t\t<img loading=\"lazy\" decoding=\"async\" class=\"skip-lazy\" src=\"https:\/\/www.buendnis-impfen.de\/wp-content\/uploads\/2024\/06\/ParlAbend-200-683x1024.jpg\" alt=\"ParlAbend-200\" width=\"683\" height=\"1024\">\t\t<\/figure>\n\t<\/a>\n\t\t<\/div>\n<\/div>\n\t<div class=\"swiper-slide\">\n\t<div class=\"wpcp-single-item\">\n\t\t\t<a class=\"wcp-light-box\" data-buttons='[\"close\"]' data-wpc_url='https:\/\/www.buendnis-impfen.de\/wp-content\/uploads\/2024\/06\/ParlAbend-236-1024x683.jpg' href=\"https:\/\/www.buendnis-impfen.de\/wp-content\/uploads\/2024\/06\/ParlAbend-236-1024x683.jpg\" data-fancybox=\"wpcp_view\">\n\t\t<figure>\n\t\t\t<img loading=\"lazy\" decoding=\"async\" class=\"skip-lazy\" src=\"https:\/\/www.buendnis-impfen.de\/wp-content\/uploads\/2024\/06\/ParlAbend-236-1024x683.jpg\" alt=\"ParlAbend-236\" width=\"1024\" height=\"683\">\t\t<\/figure>\n\t<\/a>\n\t\t<\/div>\n<\/div>\n\t<div class=\"swiper-slide\">\n\t<div class=\"wpcp-single-item\">\n\t\t\t<a class=\"wcp-light-box\" data-buttons='[\"close\"]' data-wpc_url='https:\/\/www.buendnis-impfen.de\/wp-content\/uploads\/2024\/06\/ParlAbend-239-683x1024.jpg' href=\"https:\/\/www.buendnis-impfen.de\/wp-content\/uploads\/2024\/06\/ParlAbend-239-683x1024.jpg\" data-fancybox=\"wpcp_view\">\n\t\t<figure>\n\t\t\t<img loading=\"lazy\" decoding=\"async\" class=\"skip-lazy\" src=\"https:\/\/www.buendnis-impfen.de\/wp-content\/uploads\/2024\/06\/ParlAbend-239-683x1024.jpg\" alt=\"ParlAbend-239\" width=\"683\" height=\"1024\">\t\t<\/figure>\n\t<\/a>\n\t\t<\/div>\n<\/div>\n\t<div class=\"swiper-slide\">\n\t<div class=\"wpcp-single-item\">\n\t\t\t<a class=\"wcp-light-box\" data-buttons='[\"close\"]' data-wpc_url='https:\/\/www.buendnis-impfen.de\/wp-content\/uploads\/2024\/06\/ParlAbend-246-683x1024.jpg' href=\"https:\/\/www.buendnis-impfen.de\/wp-content\/uploads\/2024\/06\/ParlAbend-246-683x1024.jpg\" data-fancybox=\"wpcp_view\">\n\t\t<figure>\n\t\t\t<img loading=\"lazy\" decoding=\"async\" class=\"skip-lazy\" src=\"https:\/\/www.buendnis-impfen.de\/wp-content\/uploads\/2024\/06\/ParlAbend-246-683x1024.jpg\" alt=\"ParlAbend-246\" width=\"683\" height=\"1024\">\t\t<\/figure>\n\t<\/a>\n\t\t<\/div>\n<\/div>\n\t<div class=\"swiper-slide\">\n\t<div class=\"wpcp-single-item\">\n\t\t\t<a class=\"wcp-light-box\" data-buttons='[\"close\"]' data-wpc_url='https:\/\/www.buendnis-impfen.de\/wp-content\/uploads\/2024\/06\/ParlAbend-253-683x1024.jpg' href=\"https:\/\/www.buendnis-impfen.de\/wp-content\/uploads\/2024\/06\/ParlAbend-253-683x1024.jpg\" data-fancybox=\"wpcp_view\">\n\t\t<figure>\n\t\t\t<img loading=\"lazy\" decoding=\"async\" class=\"skip-lazy\" src=\"https:\/\/www.buendnis-impfen.de\/wp-content\/uploads\/2024\/06\/ParlAbend-253-683x1024.jpg\" alt=\"ParlAbend-253\" width=\"683\" height=\"1024\">\t\t<\/figure>\n\t<\/a>\n\t\t<\/div>\n<\/div>\n\t<div class=\"swiper-slide\">\n\t<div class=\"wpcp-single-item\">\n\t\t\t<a class=\"wcp-light-box\" data-buttons='[\"close\"]' data-wpc_url='https:\/\/www.buendnis-impfen.de\/wp-content\/uploads\/2024\/06\/ParlAbend-260-683x1024.jpg' href=\"https:\/\/www.buendnis-impfen.de\/wp-content\/uploads\/2024\/06\/ParlAbend-260-683x1024.jpg\" data-fancybox=\"wpcp_view\">\n\t\t<figure>\n\t\t\t<img loading=\"lazy\" decoding=\"async\" class=\"skip-lazy\" src=\"https:\/\/www.buendnis-impfen.de\/wp-content\/uploads\/2024\/06\/ParlAbend-260-683x1024.jpg\" alt=\"ParlAbend-260\" width=\"683\" height=\"1024\">\t\t<\/figure>\n\t<\/a>\n\t\t<\/div>\n<\/div>\n\t<div class=\"swiper-slide\">\n\t<div class=\"wpcp-single-item\">\n\t\t\t<a class=\"wcp-light-box\" data-buttons='[\"close\"]' data-wpc_url='https:\/\/www.buendnis-impfen.de\/wp-content\/uploads\/2024\/06\/ParlAbend-263-1024x683.jpg' href=\"https:\/\/www.buendnis-impfen.de\/wp-content\/uploads\/2024\/06\/ParlAbend-263-1024x683.jpg\" data-fancybox=\"wpcp_view\">\n\t\t<figure>\n\t\t\t<img loading=\"lazy\" decoding=\"async\" class=\"skip-lazy\" src=\"https:\/\/www.buendnis-impfen.de\/wp-content\/uploads\/2024\/06\/ParlAbend-263-1024x683.jpg\" alt=\"ParlAbend-263\" width=\"1024\" height=\"683\">\t\t<\/figure>\n\t<\/a>\n\t\t<\/div>\n<\/div>\n\t<div class=\"swiper-slide\">\n\t<div class=\"wpcp-single-item\">\n\t\t\t<a class=\"wcp-light-box\" data-buttons='[\"close\"]' data-wpc_url='https:\/\/www.buendnis-impfen.de\/wp-content\/uploads\/2024\/06\/ParlAbend-270-683x1024.jpg' href=\"https:\/\/www.buendnis-impfen.de\/wp-content\/uploads\/2024\/06\/ParlAbend-270-683x1024.jpg\" data-fancybox=\"wpcp_view\">\n\t\t<figure>\n\t\t\t<img loading=\"lazy\" decoding=\"async\" class=\"skip-lazy\" src=\"https:\/\/www.buendnis-impfen.de\/wp-content\/uploads\/2024\/06\/ParlAbend-270-683x1024.jpg\" alt=\"ParlAbend-270\" width=\"683\" height=\"1024\">\t\t<\/figure>\n\t<\/a>\n\t\t<\/div>\n<\/div>\n\t<div class=\"swiper-slide\">\n\t<div class=\"wpcp-single-item\">\n\t\t\t<a class=\"wcp-light-box\" data-buttons='[\"close\"]' data-wpc_url='https:\/\/www.buendnis-impfen.de\/wp-content\/uploads\/2024\/06\/ParlAbend-276-683x1024.jpg' href=\"https:\/\/www.buendnis-impfen.de\/wp-content\/uploads\/2024\/06\/ParlAbend-276-683x1024.jpg\" data-fancybox=\"wpcp_view\">\n\t\t<figure>\n\t\t\t<img loading=\"lazy\" decoding=\"async\" class=\"skip-lazy\" src=\"https:\/\/www.buendnis-impfen.de\/wp-content\/uploads\/2024\/06\/ParlAbend-276-683x1024.jpg\" alt=\"ParlAbend-276\" width=\"683\" height=\"1024\">\t\t<\/figure>\n\t<\/a>\n\t\t<\/div>\n<\/div>\n\t<div class=\"swiper-slide\">\n\t<div class=\"wpcp-single-item\">\n\t\t\t<a class=\"wcp-light-box\" data-buttons='[\"close\"]' data-wpc_url='https:\/\/www.buendnis-impfen.de\/wp-content\/uploads\/2024\/06\/ParlAbend-280-683x1024.jpg' href=\"https:\/\/www.buendnis-impfen.de\/wp-content\/uploads\/2024\/06\/ParlAbend-280-683x1024.jpg\" data-fancybox=\"wpcp_view\">\n\t\t<figure>\n\t\t\t<img loading=\"lazy\" decoding=\"async\" class=\"skip-lazy\" src=\"https:\/\/www.buendnis-impfen.de\/wp-content\/uploads\/2024\/06\/ParlAbend-280-683x1024.jpg\" alt=\"ParlAbend-280\" width=\"683\" height=\"1024\">\t\t<\/figure>\n\t<\/a>\n\t\t<\/div>\n<\/div>\n\t<div class=\"swiper-slide\">\n\t<div class=\"wpcp-single-item\">\n\t\t\t<a class=\"wcp-light-box\" data-buttons='[\"close\"]' data-wpc_url='https:\/\/www.buendnis-impfen.de\/wp-content\/uploads\/2024\/06\/ParlAbend-283-1024x683.jpg' href=\"https:\/\/www.buendnis-impfen.de\/wp-content\/uploads\/2024\/06\/ParlAbend-283-1024x683.jpg\" data-fancybox=\"wpcp_view\">\n\t\t<figure>\n\t\t\t<img loading=\"lazy\" decoding=\"async\" class=\"skip-lazy\" src=\"https:\/\/www.buendnis-impfen.de\/wp-content\/uploads\/2024\/06\/ParlAbend-283-1024x683.jpg\" alt=\"ParlAbend-283\" width=\"1024\" height=\"683\">\t\t<\/figure>\n\t<\/a>\n\t\t<\/div>\n<\/div>\n\t<div class=\"swiper-slide\">\n\t<div class=\"wpcp-single-item\">\n\t\t\t<a class=\"wcp-light-box\" data-buttons='[\"close\"]' data-wpc_url='https:\/\/www.buendnis-impfen.de\/wp-content\/uploads\/2024\/06\/ParlAbend-289-683x1024.jpg' href=\"https:\/\/www.buendnis-impfen.de\/wp-content\/uploads\/2024\/06\/ParlAbend-289-683x1024.jpg\" data-fancybox=\"wpcp_view\">\n\t\t<figure>\n\t\t\t<img loading=\"lazy\" decoding=\"async\" class=\"skip-lazy\" src=\"https:\/\/www.buendnis-impfen.de\/wp-content\/uploads\/2024\/06\/ParlAbend-289-683x1024.jpg\" alt=\"ParlAbend-289\" width=\"683\" height=\"1024\">\t\t<\/figure>\n\t<\/a>\n\t\t<\/div>\n<\/div>\n\t<div class=\"swiper-slide\">\n\t<div class=\"wpcp-single-item\">\n\t\t\t<a class=\"wcp-light-box\" data-buttons='[\"close\"]' data-wpc_url='https:\/\/www.buendnis-impfen.de\/wp-content\/uploads\/2024\/06\/ParlAbend-296-1024x683.jpg' href=\"https:\/\/www.buendnis-impfen.de\/wp-content\/uploads\/2024\/06\/ParlAbend-296-1024x683.jpg\" data-fancybox=\"wpcp_view\">\n\t\t<figure>\n\t\t\t<img loading=\"lazy\" decoding=\"async\" class=\"skip-lazy\" src=\"https:\/\/www.buendnis-impfen.de\/wp-content\/uploads\/2024\/06\/ParlAbend-296-1024x683.jpg\" alt=\"ParlAbend-296\" width=\"1024\" height=\"683\">\t\t<\/figure>\n\t<\/a>\n\t\t<\/div>\n<\/div>\n\t<div class=\"swiper-slide\">\n\t<div class=\"wpcp-single-item\">\n\t\t\t<a class=\"wcp-light-box\" data-buttons='[\"close\"]' data-wpc_url='https:\/\/www.buendnis-impfen.de\/wp-content\/uploads\/2024\/06\/ParlAbend-304-1024x683.jpg' href=\"https:\/\/www.buendnis-impfen.de\/wp-content\/uploads\/2024\/06\/ParlAbend-304-1024x683.jpg\" data-fancybox=\"wpcp_view\">\n\t\t<figure>\n\t\t\t<img loading=\"lazy\" decoding=\"async\" class=\"skip-lazy\" src=\"https:\/\/www.buendnis-impfen.de\/wp-content\/uploads\/2024\/06\/ParlAbend-304-1024x683.jpg\" alt=\"ParlAbend-304\" width=\"1024\" height=\"683\">\t\t<\/figure>\n\t<\/a>\n\t\t<\/div>\n<\/div>\n\t<div class=\"swiper-slide\">\n\t<div class=\"wpcp-single-item\">\n\t\t\t<a class=\"wcp-light-box\" data-buttons='[\"close\"]' data-wpc_url='https:\/\/www.buendnis-impfen.de\/wp-content\/uploads\/2024\/06\/ParlAbend-307-683x1024.jpg' href=\"https:\/\/www.buendnis-impfen.de\/wp-content\/uploads\/2024\/06\/ParlAbend-307-683x1024.jpg\" data-fancybox=\"wpcp_view\">\n\t\t<figure>\n\t\t\t<img loading=\"lazy\" decoding=\"async\" class=\"skip-lazy\" src=\"https:\/\/www.buendnis-impfen.de\/wp-content\/uploads\/2024\/06\/ParlAbend-307-683x1024.jpg\" alt=\"ParlAbend-307\" width=\"683\" height=\"1024\">\t\t<\/figure>\n\t<\/a>\n\t\t<\/div>\n<\/div>\n\t<div class=\"swiper-slide\">\n\t<div class=\"wpcp-single-item\">\n\t\t\t<a class=\"wcp-light-box\" data-buttons='[\"close\"]' data-wpc_url='https:\/\/www.buendnis-impfen.de\/wp-content\/uploads\/2024\/06\/ParlAbend-308-683x1024.jpg' href=\"https:\/\/www.buendnis-impfen.de\/wp-content\/uploads\/2024\/06\/ParlAbend-308-683x1024.jpg\" data-fancybox=\"wpcp_view\">\n\t\t<figure>\n\t\t\t<img loading=\"lazy\" decoding=\"async\" class=\"skip-lazy\" src=\"https:\/\/www.buendnis-impfen.de\/wp-content\/uploads\/2024\/06\/ParlAbend-308-683x1024.jpg\" alt=\"ParlAbend-308\" width=\"683\" height=\"1024\">\t\t<\/figure>\n\t<\/a>\n\t\t<\/div>\n<\/div>\n\t<div class=\"swiper-slide\">\n\t<div class=\"wpcp-single-item\">\n\t\t\t<a class=\"wcp-light-box\" data-buttons='[\"close\"]' data-wpc_url='https:\/\/www.buendnis-impfen.de\/wp-content\/uploads\/2024\/06\/ParlAbend-309-1024x683.jpg' href=\"https:\/\/www.buendnis-impfen.de\/wp-content\/uploads\/2024\/06\/ParlAbend-309-1024x683.jpg\" data-fancybox=\"wpcp_view\">\n\t\t<figure>\n\t\t\t<img loading=\"lazy\" decoding=\"async\" class=\"skip-lazy\" src=\"https:\/\/www.buendnis-impfen.de\/wp-content\/uploads\/2024\/06\/ParlAbend-309-1024x683.jpg\" alt=\"ParlAbend-309\" width=\"1024\" height=\"683\">\t\t<\/figure>\n\t<\/a>\n\t\t<\/div>\n<\/div>\n\t<div class=\"swiper-slide\">\n\t<div class=\"wpcp-single-item\">\n\t\t\t<a class=\"wcp-light-box\" data-buttons='[\"close\"]' data-wpc_url='https:\/\/www.buendnis-impfen.de\/wp-content\/uploads\/2024\/06\/ParlAbend-317-1024x683.jpg' href=\"https:\/\/www.buendnis-impfen.de\/wp-content\/uploads\/2024\/06\/ParlAbend-317-1024x683.jpg\" data-fancybox=\"wpcp_view\">\n\t\t<figure>\n\t\t\t<img loading=\"lazy\" decoding=\"async\" class=\"skip-lazy\" src=\"https:\/\/www.buendnis-impfen.de\/wp-content\/uploads\/2024\/06\/ParlAbend-317-1024x683.jpg\" alt=\"ParlAbend-317\" width=\"1024\" height=\"683\">\t\t<\/figure>\n\t<\/a>\n\t\t<\/div>\n<\/div>\n\t<div class=\"swiper-slide\">\n\t<div class=\"wpcp-single-item\">\n\t\t\t<a class=\"wcp-light-box\" data-buttons='[\"close\"]' data-wpc_url='https:\/\/www.buendnis-impfen.de\/wp-content\/uploads\/2024\/06\/ParlAbend-327-1024x683.jpg' href=\"https:\/\/www.buendnis-impfen.de\/wp-content\/uploads\/2024\/06\/ParlAbend-327-1024x683.jpg\" data-fancybox=\"wpcp_view\">\n\t\t<figure>\n\t\t\t<img loading=\"lazy\" decoding=\"async\" class=\"skip-lazy\" src=\"https:\/\/www.buendnis-impfen.de\/wp-content\/uploads\/2024\/06\/ParlAbend-327-1024x683.jpg\" alt=\"ParlAbend-327\" width=\"1024\" height=\"683\">\t\t<\/figure>\n\t<\/a>\n\t\t<\/div>\n<\/div>\n\t<div class=\"swiper-slide\">\n\t<div class=\"wpcp-single-item\">\n\t\t\t<a class=\"wcp-light-box\" data-buttons='[\"close\"]' data-wpc_url='https:\/\/www.buendnis-impfen.de\/wp-content\/uploads\/2024\/06\/ParlAbend-329-1024x683.jpg' href=\"https:\/\/www.buendnis-impfen.de\/wp-content\/uploads\/2024\/06\/ParlAbend-329-1024x683.jpg\" data-fancybox=\"wpcp_view\">\n\t\t<figure>\n\t\t\t<img loading=\"lazy\" decoding=\"async\" class=\"skip-lazy\" src=\"https:\/\/www.buendnis-impfen.de\/wp-content\/uploads\/2024\/06\/ParlAbend-329-1024x683.jpg\" alt=\"ParlAbend-329\" width=\"1024\" height=\"683\">\t\t<\/figure>\n\t<\/a>\n\t\t<\/div>\n<\/div>\n\t<div class=\"swiper-slide\">\n\t<div class=\"wpcp-single-item\">\n\t\t\t<a class=\"wcp-light-box\" data-buttons='[\"close\"]' data-wpc_url='https:\/\/www.buendnis-impfen.de\/wp-content\/uploads\/2024\/06\/ParlAbend-347-683x1024.jpg' href=\"https:\/\/www.buendnis-impfen.de\/wp-content\/uploads\/2024\/06\/ParlAbend-347-683x1024.jpg\" data-fancybox=\"wpcp_view\">\n\t\t<figure>\n\t\t\t<img loading=\"lazy\" decoding=\"async\" class=\"skip-lazy\" src=\"https:\/\/www.buendnis-impfen.de\/wp-content\/uploads\/2024\/06\/ParlAbend-347-683x1024.jpg\" alt=\"ParlAbend-347\" width=\"683\" height=\"1024\">\t\t<\/figure>\n\t<\/a>\n\t\t<\/div>\n<\/div>\n\t<div class=\"swiper-slide\">\n\t<div class=\"wpcp-single-item\">\n\t\t\t<a class=\"wcp-light-box\" data-buttons='[\"close\"]' data-wpc_url='https:\/\/www.buendnis-impfen.de\/wp-content\/uploads\/2024\/06\/ParlAbend-364-1024x683.jpg' href=\"https:\/\/www.buendnis-impfen.de\/wp-content\/uploads\/2024\/06\/ParlAbend-364-1024x683.jpg\" data-fancybox=\"wpcp_view\">\n\t\t<figure>\n\t\t\t<img loading=\"lazy\" decoding=\"async\" class=\"skip-lazy\" src=\"https:\/\/www.buendnis-impfen.de\/wp-content\/uploads\/2024\/06\/ParlAbend-364-1024x683.jpg\" alt=\"ParlAbend-364\" width=\"1024\" height=\"683\">\t\t<\/figure>\n\t<\/a>\n\t\t<\/div>\n<\/div>\n\t<div class=\"swiper-slide\">\n\t<div class=\"wpcp-single-item\">\n\t\t\t<a class=\"wcp-light-box\" data-buttons='[\"close\"]' data-wpc_url='https:\/\/www.buendnis-impfen.de\/wp-content\/uploads\/2024\/06\/ParlAbend-386-683x1024.jpg' href=\"https:\/\/www.buendnis-impfen.de\/wp-content\/uploads\/2024\/06\/ParlAbend-386-683x1024.jpg\" data-fancybox=\"wpcp_view\">\n\t\t<figure>\n\t\t\t<img loading=\"lazy\" decoding=\"async\" class=\"skip-lazy\" src=\"https:\/\/www.buendnis-impfen.de\/wp-content\/uploads\/2024\/06\/ParlAbend-386-683x1024.jpg\" alt=\"ParlAbend-386\" width=\"683\" height=\"1024\">\t\t<\/figure>\n\t<\/a>\n\t\t<\/div>\n<\/div>\n\t<div class=\"swiper-slide\">\n\t<div class=\"wpcp-single-item\">\n\t\t\t<a class=\"wcp-light-box\" data-buttons='[\"close\"]' data-wpc_url='https:\/\/www.buendnis-impfen.de\/wp-content\/uploads\/2024\/06\/ParlAbend-389-1024x683.jpg' href=\"https:\/\/www.buendnis-impfen.de\/wp-content\/uploads\/2024\/06\/ParlAbend-389-1024x683.jpg\" data-fancybox=\"wpcp_view\">\n\t\t<figure>\n\t\t\t<img loading=\"lazy\" decoding=\"async\" class=\"skip-lazy\" src=\"https:\/\/www.buendnis-impfen.de\/wp-content\/uploads\/2024\/06\/ParlAbend-389-1024x683.jpg\" alt=\"ParlAbend-389\" width=\"1024\" height=\"683\">\t\t<\/figure>\n\t<\/a>\n\t\t<\/div>\n<\/div>\n\t<div class=\"swiper-slide\">\n\t<div class=\"wpcp-single-item\">\n\t\t\t<a class=\"wcp-light-box\" data-buttons='[\"close\"]' data-wpc_url='https:\/\/www.buendnis-impfen.de\/wp-content\/uploads\/2024\/06\/ParlAbend-407-683x1024.jpg' href=\"https:\/\/www.buendnis-impfen.de\/wp-content\/uploads\/2024\/06\/ParlAbend-407-683x1024.jpg\" data-fancybox=\"wpcp_view\">\n\t\t<figure>\n\t\t\t<img loading=\"lazy\" decoding=\"async\" class=\"skip-lazy\" src=\"https:\/\/www.buendnis-impfen.de\/wp-content\/uploads\/2024\/06\/ParlAbend-407-683x1024.jpg\" alt=\"ParlAbend-407\" width=\"683\" height=\"1024\">\t\t<\/figure>\n\t<\/a>\n\t\t<\/div>\n<\/div>\n\t<div class=\"swiper-slide\">\n\t<div class=\"wpcp-single-item\">\n\t\t\t<a class=\"wcp-light-box\" data-buttons='[\"close\"]' data-wpc_url='https:\/\/www.buendnis-impfen.de\/wp-content\/uploads\/2024\/06\/ParlAbend-413-1024x683.jpg' href=\"https:\/\/www.buendnis-impfen.de\/wp-content\/uploads\/2024\/06\/ParlAbend-413-1024x683.jpg\" data-fancybox=\"wpcp_view\">\n\t\t<figure>\n\t\t\t<img loading=\"lazy\" decoding=\"async\" class=\"skip-lazy\" src=\"https:\/\/www.buendnis-impfen.de\/wp-content\/uploads\/2024\/06\/ParlAbend-413-1024x683.jpg\" alt=\"ParlAbend-413\" width=\"1024\" height=\"683\">\t\t<\/figure>\n\t<\/a>\n\t\t<\/div>\n<\/div>\n\t<div class=\"swiper-slide\">\n\t<div class=\"wpcp-single-item\">\n\t\t\t<a class=\"wcp-light-box\" data-buttons='[\"close\"]' data-wpc_url='https:\/\/www.buendnis-impfen.de\/wp-content\/uploads\/2024\/06\/ParlAbend-418-1024x683.jpg' href=\"https:\/\/www.buendnis-impfen.de\/wp-content\/uploads\/2024\/06\/ParlAbend-418-1024x683.jpg\" data-fancybox=\"wpcp_view\">\n\t\t<figure>\n\t\t\t<img loading=\"lazy\" decoding=\"async\" class=\"skip-lazy\" src=\"https:\/\/www.buendnis-impfen.de\/wp-content\/uploads\/2024\/06\/ParlAbend-418-1024x683.jpg\" alt=\"ParlAbend-418\" width=\"1024\" height=\"683\">\t\t<\/figure>\n\t<\/a>\n\t\t<\/div>\n<\/div>\n\t<div class=\"swiper-slide\">\n\t<div class=\"wpcp-single-item\">\n\t\t\t<a class=\"wcp-light-box\" data-buttons='[\"close\"]' data-wpc_url='https:\/\/www.buendnis-impfen.de\/wp-content\/uploads\/2024\/06\/ParlAbend-420-1024x683.jpg' href=\"https:\/\/www.buendnis-impfen.de\/wp-content\/uploads\/2024\/06\/ParlAbend-420-1024x683.jpg\" data-fancybox=\"wpcp_view\">\n\t\t<figure>\n\t\t\t<img loading=\"lazy\" decoding=\"async\" class=\"skip-lazy\" src=\"https:\/\/www.buendnis-impfen.de\/wp-content\/uploads\/2024\/06\/ParlAbend-420-1024x683.jpg\" alt=\"ParlAbend-420\" width=\"1024\" height=\"683\">\t\t<\/figure>\n\t<\/a>\n\t\t<\/div>\n<\/div>\n\t<div class=\"swiper-slide\">\n\t<div class=\"wpcp-single-item\">\n\t\t\t<a class=\"wcp-light-box\" data-buttons='[\"close\"]' data-wpc_url='https:\/\/www.buendnis-impfen.de\/wp-content\/uploads\/2024\/06\/ParlAbend-425-1024x683.jpg' href=\"https:\/\/www.buendnis-impfen.de\/wp-content\/uploads\/2024\/06\/ParlAbend-425-1024x683.jpg\" data-fancybox=\"wpcp_view\">\n\t\t<figure>\n\t\t\t<img loading=\"lazy\" decoding=\"async\" class=\"skip-lazy\" src=\"https:\/\/www.buendnis-impfen.de\/wp-content\/uploads\/2024\/06\/ParlAbend-425-1024x683.jpg\" alt=\"ParlAbend-425\" width=\"1024\" height=\"683\">\t\t<\/figure>\n\t<\/a>\n\t\t<\/div>\n<\/div>\n\t<div class=\"swiper-slide\">\n\t<div class=\"wpcp-single-item\">\n\t\t\t<a class=\"wcp-light-box\" data-buttons='[\"close\"]' data-wpc_url='https:\/\/www.buendnis-impfen.de\/wp-content\/uploads\/2024\/06\/ParlAbend-441-1024x683.jpg' href=\"https:\/\/www.buendnis-impfen.de\/wp-content\/uploads\/2024\/06\/ParlAbend-441-1024x683.jpg\" data-fancybox=\"wpcp_view\">\n\t\t<figure>\n\t\t\t<img loading=\"lazy\" decoding=\"async\" class=\"skip-lazy\" src=\"https:\/\/www.buendnis-impfen.de\/wp-content\/uploads\/2024\/06\/ParlAbend-441-1024x683.jpg\" alt=\"ParlAbend-441\" width=\"1024\" height=\"683\">\t\t<\/figure>\n\t<\/a>\n\t\t<\/div>\n<\/div>\n\t<div class=\"swiper-slide\">\n\t<div class=\"wpcp-single-item\">\n\t\t\t<a class=\"wcp-light-box\" data-buttons='[\"close\"]' data-wpc_url='https:\/\/www.buendnis-impfen.de\/wp-content\/uploads\/2024\/06\/ParlAbend-448-1024x683.jpg' href=\"https:\/\/www.buendnis-impfen.de\/wp-content\/uploads\/2024\/06\/ParlAbend-448-1024x683.jpg\" data-fancybox=\"wpcp_view\">\n\t\t<figure>\n\t\t\t<img loading=\"lazy\" decoding=\"async\" class=\"skip-lazy\" src=\"https:\/\/www.buendnis-impfen.de\/wp-content\/uploads\/2024\/06\/ParlAbend-448-1024x683.jpg\" alt=\"ParlAbend-448\" width=\"1024\" height=\"683\">\t\t<\/figure>\n\t<\/a>\n\t\t<\/div>\n<\/div>\n\t<div class=\"swiper-slide\">\n\t<div class=\"wpcp-single-item\">\n\t\t\t<a class=\"wcp-light-box\" data-buttons='[\"close\"]' data-wpc_url='https:\/\/www.buendnis-impfen.de\/wp-content\/uploads\/2024\/06\/ParlAbend-461-683x1024.jpg' href=\"https:\/\/www.buendnis-impfen.de\/wp-content\/uploads\/2024\/06\/ParlAbend-461-683x1024.jpg\" data-fancybox=\"wpcp_view\">\n\t\t<figure>\n\t\t\t<img loading=\"lazy\" decoding=\"async\" class=\"skip-lazy\" src=\"https:\/\/www.buendnis-impfen.de\/wp-content\/uploads\/2024\/06\/ParlAbend-461-683x1024.jpg\" alt=\"ParlAbend-461\" width=\"683\" height=\"1024\">\t\t<\/figure>\n\t<\/a>\n\t\t<\/div>\n<\/div>\n\t<div class=\"swiper-slide\">\n\t<div class=\"wpcp-single-item\">\n\t\t\t<a class=\"wcp-light-box\" data-buttons='[\"close\"]' data-wpc_url='https:\/\/www.buendnis-impfen.de\/wp-content\/uploads\/2024\/06\/ParlAbend-463-1024x683.jpg' href=\"https:\/\/www.buendnis-impfen.de\/wp-content\/uploads\/2024\/06\/ParlAbend-463-1024x683.jpg\" data-fancybox=\"wpcp_view\">\n\t\t<figure>\n\t\t\t<img loading=\"lazy\" decoding=\"async\" class=\"skip-lazy\" src=\"https:\/\/www.buendnis-impfen.de\/wp-content\/uploads\/2024\/06\/ParlAbend-463-1024x683.jpg\" alt=\"ParlAbend-463\" width=\"1024\" height=\"683\">\t\t<\/figure>\n\t<\/a>\n\t\t<\/div>\n<\/div>\n\t<div class=\"swiper-slide\">\n\t<div class=\"wpcp-single-item\">\n\t\t\t<a class=\"wcp-light-box\" data-buttons='[\"close\"]' data-wpc_url='https:\/\/www.buendnis-impfen.de\/wp-content\/uploads\/2024\/06\/ParlAbend-465-683x1024.jpg' href=\"https:\/\/www.buendnis-impfen.de\/wp-content\/uploads\/2024\/06\/ParlAbend-465-683x1024.jpg\" data-fancybox=\"wpcp_view\">\n\t\t<figure>\n\t\t\t<img loading=\"lazy\" decoding=\"async\" class=\"skip-lazy\" src=\"https:\/\/www.buendnis-impfen.de\/wp-content\/uploads\/2024\/06\/ParlAbend-465-683x1024.jpg\" alt=\"ParlAbend-465\" width=\"683\" height=\"1024\">\t\t<\/figure>\n\t<\/a>\n\t\t<\/div>\n<\/div>\n\t<div class=\"swiper-slide\">\n\t<div class=\"wpcp-single-item\">\n\t\t\t<a class=\"wcp-light-box\" data-buttons='[\"close\"]' data-wpc_url='https:\/\/www.buendnis-impfen.de\/wp-content\/uploads\/2024\/06\/ParlAbend-466-1024x683.jpg' href=\"https:\/\/www.buendnis-impfen.de\/wp-content\/uploads\/2024\/06\/ParlAbend-466-1024x683.jpg\" data-fancybox=\"wpcp_view\">\n\t\t<figure>\n\t\t\t<img loading=\"lazy\" decoding=\"async\" class=\"skip-lazy\" src=\"https:\/\/www.buendnis-impfen.de\/wp-content\/uploads\/2024\/06\/ParlAbend-466-1024x683.jpg\" alt=\"ParlAbend-466\" width=\"1024\" height=\"683\">\t\t<\/figure>\n\t<\/a>\n\t\t<\/div>\n<\/div>\n\t<div class=\"swiper-slide\">\n\t<div class=\"wpcp-single-item\">\n\t\t\t<a class=\"wcp-light-box\" data-buttons='[\"close\"]' data-wpc_url='https:\/\/www.buendnis-impfen.de\/wp-content\/uploads\/2024\/06\/ParlAbend-477-1024x683.jpg' href=\"https:\/\/www.buendnis-impfen.de\/wp-content\/uploads\/2024\/06\/ParlAbend-477-1024x683.jpg\" data-fancybox=\"wpcp_view\">\n\t\t<figure>\n\t\t\t<img loading=\"lazy\" decoding=\"async\" class=\"skip-lazy\" src=\"https:\/\/www.buendnis-impfen.de\/wp-content\/uploads\/2024\/06\/ParlAbend-477-1024x683.jpg\" alt=\"ParlAbend-477\" width=\"1024\" height=\"683\">\t\t<\/figure>\n\t<\/a>\n\t\t<\/div>\n<\/div>\n\t<div class=\"swiper-slide\">\n\t<div class=\"wpcp-single-item\">\n\t\t\t<a class=\"wcp-light-box\" data-buttons='[\"close\"]' data-wpc_url='https:\/\/www.buendnis-impfen.de\/wp-content\/uploads\/2024\/06\/ParlAbend-483-1024x683.jpg' href=\"https:\/\/www.buendnis-impfen.de\/wp-content\/uploads\/2024\/06\/ParlAbend-483-1024x683.jpg\" data-fancybox=\"wpcp_view\">\n\t\t<figure>\n\t\t\t<img loading=\"lazy\" decoding=\"async\" class=\"skip-lazy\" src=\"https:\/\/www.buendnis-impfen.de\/wp-content\/uploads\/2024\/06\/ParlAbend-483-1024x683.jpg\" alt=\"ParlAbend-483\" width=\"1024\" height=\"683\">\t\t<\/figure>\n\t<\/a>\n\t\t<\/div>\n<\/div>\n\t<div class=\"swiper-slide\">\n\t<div class=\"wpcp-single-item\">\n\t\t\t<a class=\"wcp-light-box\" data-buttons='[\"close\"]' data-wpc_url='https:\/\/www.buendnis-impfen.de\/wp-content\/uploads\/2024\/06\/ParlAbend-491-683x1024.jpg' href=\"https:\/\/www.buendnis-impfen.de\/wp-content\/uploads\/2024\/06\/ParlAbend-491-683x1024.jpg\" data-fancybox=\"wpcp_view\">\n\t\t<figure>\n\t\t\t<img loading=\"lazy\" decoding=\"async\" class=\"skip-lazy\" src=\"https:\/\/www.buendnis-impfen.de\/wp-content\/uploads\/2024\/06\/ParlAbend-491-683x1024.jpg\" alt=\"ParlAbend-491\" width=\"683\" height=\"1024\">\t\t<\/figure>\n\t<\/a>\n\t\t<\/div>\n<\/div>\n\t<div class=\"swiper-slide\">\n\t<div class=\"wpcp-single-item\">\n\t\t\t<a class=\"wcp-light-box\" data-buttons='[\"close\"]' data-wpc_url='https:\/\/www.buendnis-impfen.de\/wp-content\/uploads\/2024\/06\/ParlAbend-492-683x1024.jpg' href=\"https:\/\/www.buendnis-impfen.de\/wp-content\/uploads\/2024\/06\/ParlAbend-492-683x1024.jpg\" data-fancybox=\"wpcp_view\">\n\t\t<figure>\n\t\t\t<img loading=\"lazy\" decoding=\"async\" class=\"skip-lazy\" src=\"https:\/\/www.buendnis-impfen.de\/wp-content\/uploads\/2024\/06\/ParlAbend-492-683x1024.jpg\" alt=\"ParlAbend-492\" width=\"683\" height=\"1024\">\t\t<\/figure>\n\t<\/a>\n\t\t<\/div>\n<\/div>\n\t<div class=\"swiper-slide\">\n\t<div class=\"wpcp-single-item\">\n\t\t\t<a class=\"wcp-light-box\" data-buttons='[\"close\"]' data-wpc_url='https:\/\/www.buendnis-impfen.de\/wp-content\/uploads\/2024\/06\/ParlAbend-486-683x1024.jpg' href=\"https:\/\/www.buendnis-impfen.de\/wp-content\/uploads\/2024\/06\/ParlAbend-486-683x1024.jpg\" data-fancybox=\"wpcp_view\">\n\t\t<figure>\n\t\t\t<img loading=\"lazy\" decoding=\"async\" class=\"skip-lazy\" src=\"https:\/\/www.buendnis-impfen.de\/wp-content\/uploads\/2024\/06\/ParlAbend-486-683x1024.jpg\" alt=\"ParlAbend-486\" width=\"683\" height=\"1024\">\t\t<\/figure>\n\t<\/a>\n\t\t<\/div>\n<\/div>\n\t<div class=\"swiper-slide\">\n\t<div class=\"wpcp-single-item\">\n\t\t\t<a class=\"wcp-light-box\" data-buttons='[\"close\"]' data-wpc_url='https:\/\/www.buendnis-impfen.de\/wp-content\/uploads\/2024\/06\/ParlAbend-509-1024x683.jpg' href=\"https:\/\/www.buendnis-impfen.de\/wp-content\/uploads\/2024\/06\/ParlAbend-509-1024x683.jpg\" data-fancybox=\"wpcp_view\">\n\t\t<figure>\n\t\t\t<img loading=\"lazy\" decoding=\"async\" class=\"skip-lazy\" src=\"https:\/\/www.buendnis-impfen.de\/wp-content\/uploads\/2024\/06\/ParlAbend-509-1024x683.jpg\" alt=\"ParlAbend-509\" width=\"1024\" height=\"683\">\t\t<\/figure>\n\t<\/a>\n\t\t<\/div>\n<\/div>\n\t<div class=\"swiper-slide\">\n\t<div class=\"wpcp-single-item\">\n\t\t\t<a class=\"wcp-light-box\" data-buttons='[\"close\"]' data-wpc_url='https:\/\/www.buendnis-impfen.de\/wp-content\/uploads\/2024\/06\/ParlAbend-564-683x1024.jpg' href=\"https:\/\/www.buendnis-impfen.de\/wp-content\/uploads\/2024\/06\/ParlAbend-564-683x1024.jpg\" data-fancybox=\"wpcp_view\">\n\t\t<figure>\n\t\t\t<img loading=\"lazy\" decoding=\"async\" class=\"skip-lazy\" src=\"https:\/\/www.buendnis-impfen.de\/wp-content\/uploads\/2024\/06\/ParlAbend-564-683x1024.jpg\" alt=\"ParlAbend-564\" width=\"683\" height=\"1024\">\t\t<\/figure>\n\t<\/a>\n\t\t<\/div>\n<\/div>\n\t<div class=\"swiper-slide\">\n\t<div class=\"wpcp-single-item\">\n\t\t\t<a class=\"wcp-light-box\" data-buttons='[\"close\"]' data-wpc_url='https:\/\/www.buendnis-impfen.de\/wp-content\/uploads\/2024\/06\/ParlAbend-579-683x1024.jpg' href=\"https:\/\/www.buendnis-impfen.de\/wp-content\/uploads\/2024\/06\/ParlAbend-579-683x1024.jpg\" data-fancybox=\"wpcp_view\">\n\t\t<figure>\n\t\t\t<img loading=\"lazy\" decoding=\"async\" class=\"skip-lazy\" src=\"https:\/\/www.buendnis-impfen.de\/wp-content\/uploads\/2024\/06\/ParlAbend-579-683x1024.jpg\" alt=\"ParlAbend-579\" width=\"683\" height=\"1024\">\t\t<\/figure>\n\t<\/a>\n\t\t<\/div>\n<\/div>\n\t\t\t<\/div>\n\t\t\t\t<!-- If we need navigation buttons -->\n\t\t\t\t\t<div class=\"wpcp-prev-button swiper-button-prev\"><i class=\"fa fa-angle-left\"><\/i><\/div>\n\t\t\t<div class=\"wpcp-next-button swiper-button-next\"><i class=\"fa fa-angle-right\"><\/i><\/div>\n\t\t\t<\/div>\n\t<\/div>\n<\/div>\n\n<\/div>\n<\/div>\n\n\n\n<div style=\"height:100px\" aria-hidden=\"true\" class=\"wp-block-spacer\"><\/div>\n\n\n\n<p class=\"has-text-align-center\" style=\"border-style:none;border-width:0px\">\u201eWir danken dem Verband der forschenden Pharma-Unternehmen in Deutschland (vfa) f\u00fcr die Anschubfinanzierung zur Ausrichtung des Parlamentarischen Abends.\u201c<\/p>\n<\/div>\n\n\n\n<div style=\"height:100px\" aria-hidden=\"true\" class=\"wp-block-spacer\"><\/div>\n\n\n\n<div class=\"wp-block-group alignwide has-base-background-color has-background is-layout-flow wp-block-group-is-layout-flow\" style=\"border-radius:16px;padding-top:var(--wp--preset--spacing--40);padding-right:var(--wp--preset--spacing--30);padding-bottom:var(--wp--preset--spacing--40);padding-left:var(--wp--preset--spacing--30)\">\n<p class=\"has-text-align-left\"><strong>Podcast \u201eImpfen im \u00d6GD \u2013 was kann die Impfpr\u00e4vention?\u201c am 12.07.2024<\/strong><\/p>\n\n\n\n<div style=\"height:20px\" aria-hidden=\"true\" class=\"wp-block-spacer\"><\/div>\n\n\n\n<p class=\"has-text-align-left\" style=\"border-style:none;border-width:0px\">\u00dcber das Thema \u201eImpfen im \u00d6GD \u2013 was kann die Impfpr\u00e4vention?\u201c diskutiert Dr. Sybille Somogyi, A\u00d6GW-Referentin f\u00fcr Infektionsschutz und Hygiene, in einer Ausgabe der Podcast-Reihe \u201eWissenschaft trifft Praxis\u201c mit ihren G\u00e4sten: Dr. Katharina H\u00fcppe und Dr. Martin Oldenburg unter anderem dar\u00fcber, wie wichtig regionale Impfkampagnen sind und wie sie helfen, eine sachgerechte Impfaufkl\u00e4rung zu betreiben.<br><br>&#8222;Impfen im \u00d6GD \u2013 was kann die Impfpr\u00e4vention?&#8220;<br>(<a href=\"https:\/\/letscast.fm\/sites\/akademie-podcast-0be0d2f3\/episode\/impfen-im-oegd-was-kann-die-impfpraevention\" target=\"_blank\" rel=\"noreferrer noopener\">https:\/\/letscast.fm\/sites\/akademie-podcast-0be0d2f3\/episode\/impfen-im-oegd-was-kann-die-impfpraevention<\/a>)<\/p>\n\n\n\n<div style=\"height:50px\" aria-hidden=\"true\" class=\"wp-block-spacer\"><\/div>\n\n\n\n<p class=\"has-text-align-left\"><strong>Morgenmagazin \u2013 Das Erste \u2013 \u201eJetzt impfen lassen?\u201c am 08.11.2024<\/strong><\/p>\n\n\n\n<div style=\"height:20px\" aria-hidden=\"true\" class=\"wp-block-spacer\"><\/div>\n\n\n\n<p class=\"has-text-align-left\" style=\"border-style:none;border-width:0px\">Impfungen geh\u00f6ren zu den wichtigsten und wirksamsten pr\u00e4ventiven Ma\u00dfnahmen. Neben Grippe- und Corona-Impfungen werden Personen ab 60 Jahren auch weitere empfohlen. Dr. Katharina H\u00fcppe erkl\u00e4rt im Morgenmagazin, welche Impfungen wann n\u00f6tig sind.<br><br>\u201eJetzt impfen lassen?\u201c<br>(<a href=\"https:\/\/www.daserste.de\/information\/politik-weltgeschehen\/morgenmagazin\/service\/Service-Jetzt-impfen-lassen-106.html\" target=\"_blank\" rel=\"noreferrer noopener\">https:\/\/www.daserste.de\/information\/politik-weltgeschehen\/morgenmagazin\/service\/Service-Jetzt-impfen-lassen-106.html<\/a>)<\/p>\n<\/div>\n<\/div>\n\n\n\n<div class=\"wp-block-group alignfull has-global-padding is-layout-constrained wp-container-core-group-is-layout-669513ed wp-block-group-is-layout-constrained\" id=\"presse\" style=\"margin-top:0;margin-bottom:0;padding-top:var(--wp--preset--spacing--50);padding-right:var(--wp--preset--spacing--50);padding-bottom:var(--wp--preset--spacing--50);padding-left:var(--wp--preset--spacing--50)\">\n<div class=\"wp-block-group alignwide has-base-2-background-color has-background has-global-padding is-layout-constrained wp-container-core-group-is-layout-a151063b wp-block-group-is-layout-constrained\" style=\"border-radius:16px;padding-top:var(--wp--preset--spacing--50);padding-right:var(--wp--preset--spacing--40);padding-bottom:var(--wp--preset--spacing--50);padding-left:var(--wp--preset--spacing--40)\">\n<div class=\"wp-block-group alignwide is-vertical is-content-justification-stretch is-layout-flex wp-container-core-group-is-layout-353c4f5a wp-block-group-is-layout-flex\">\n<h2 class=\"wp-block-heading has-text-align-center\">Pressemitteilungen<\/h2>\n\n\n\n<p class=\"has-text-align-center\" style=\"margin-top:var(--wp--preset--spacing--10);font-size:clamp(0.875rem, 0.875rem + ((1vw - 0.2rem) * 0.417), 1.125rem);\">Hier finden Sie die Pressemitteilungen des Aktionsb\u00fcndnis Impfen<\/p>\n<\/div>\n\n\n\n<div style=\"height:var(--wp--preset--spacing--30)\" aria-hidden=\"true\" class=\"wp-block-spacer\"><\/div>\n\n\n\n<div class=\"wp-block-columns alignwide is-layout-flex wp-container-core-columns-is-layout-06670bbc wp-block-columns-is-layout-flex\">\n<div class=\"wp-block-column is-layout-flow wp-block-column-is-layout-flow\">\n<p style=\"margin-top:var(--wp--preset--spacing--20);margin-bottom:var(--wp--preset--spacing--20)\">Pressestatement anl\u00e4sslich des Welt-HPV-Tags am 4. M\u00e4rz\u00a0<br><a href=\"http:\/\/www.buendnis-impfen.de\/wp-content\/uploads\/2026\/03\/PM-04.03.2026_HPV.pdf\" target=\"_blank\" rel=\"noreferrer noopener\">Hier finden Sie die Mitteilung als PDF<\/a><\/p>\n\n\n\n<p style=\"margin-top:var(--wp--preset--spacing--20);margin-bottom:var(--wp--preset--spacing--20)\">Pressestatement anl\u00e4sslich des Parlamentarischen Fr\u00fchst\u00fccks des Nationalen Aktionsb\u00fcndnis Impfen am 8. Oktober 2025<br><a href=\"http:\/\/www.buendnis-impfen.de\/wp-content\/uploads\/2025\/10\/Statement_NABI_Parlm.Fruehstueck_2025-10-08.pdf\" target=\"_blank\" rel=\"noreferrer noopener\">Hier finden Sie die Mitteilung als PDF<\/a><\/p>\n\n\n\n<p>Empfehlung Nationales Aktionsb\u00fcndnis Impfen f\u00fcr die Legislatur 2025-2029 \u2013 18. M\u00e4rz 2025<br><a href=\"http:\/\/www.buendnis-impfen.de\/wp-content\/uploads\/2025\/03\/2025_03_Policy_Paper_NABI.pdf\" target=\"_blank\" rel=\"noreferrer noopener\">Hier finden Sie die Mitteilung als PDF<\/a><\/p>\n\n\n\n<p><\/p>\n<\/div>\n<\/div>\n<\/div>\n<\/div>\n\n\n\n<div class=\"wp-block-group alignfull has-base-2-background-color has-background has-global-padding is-layout-constrained wp-container-core-group-is-layout-669513ed wp-block-group-is-layout-constrained\" id=\"internationales\" style=\"margin-top:0;margin-bottom:0;padding-top:var(--wp--preset--spacing--50);padding-right:var(--wp--preset--spacing--50);padding-bottom:var(--wp--preset--spacing--50);padding-left:var(--wp--preset--spacing--50)\">\n<div class=\"wp-block-group alignwide has-base-background-color has-background has-global-padding is-layout-constrained wp-container-core-group-is-layout-a151063b wp-block-group-is-layout-constrained\" style=\"border-radius:16px;padding-top:var(--wp--preset--spacing--50);padding-right:var(--wp--preset--spacing--40);padding-bottom:var(--wp--preset--spacing--50);padding-left:var(--wp--preset--spacing--40)\">\n<div class=\"wp-block-group alignwide is-vertical is-content-justification-stretch is-layout-flex wp-container-core-group-is-layout-353c4f5a wp-block-group-is-layout-flex\">\n<h2 class=\"wp-block-heading has-text-align-center\" style=\"padding-bottom:var(--wp--preset--spacing--30)\">Internationales<\/h2>\n<\/div>\n\n\n\n<div class=\"wp-block-columns are-vertically-aligned-center is-layout-flex wp-container-core-columns-is-layout-28f84493 wp-block-columns-is-layout-flex\">\n<div class=\"wp-block-column is-vertically-aligned-center is-layout-flow wp-block-column-is-layout-flow\"><\/div>\n\n\n\n<div class=\"wp-block-column is-vertically-aligned-center is-layout-flow wp-block-column-is-layout-flow\">\n<p class=\"has-text-align-left\"><strong>Downloads<\/strong><\/p>\n\n\n\n<p class=\"has-text-color has-link-color wp-elements-baf1e394d7225b2850557e2c9ce6d382\" style=\"color:#0000ff;line-height:2.5\"><a href=\"http:\/\/www.buendnis-impfen.de\/wp-content\/uploads\/2024\/05\/240419-MBVE-Launch-event-meeting-report.pdf\" target=\"_blank\" rel=\"noreferrer noopener\">Launch-event-meeting-report<\/a><br><a href=\"http:\/\/www.buendnis-impfen.de\/wp-content\/uploads\/2024\/05\/240318-MBVE-Consensus-Report-DIGITAL.pdf\" target=\"_blank\" rel=\"noreferrer noopener\">MBVE-Consensus-Report<\/a><\/p>\n<\/div>\n<\/div>\n<\/div>\n<\/div>\n\n\n\n<div class=\"wp-block-group alignfull has-global-padding is-layout-constrained wp-container-core-group-is-layout-669513ed wp-block-group-is-layout-constrained\" id=\"mitglieder\" style=\"margin-top:0;margin-bottom:0;padding-top:var(--wp--preset--spacing--50);padding-right:var(--wp--preset--spacing--50);padding-bottom:var(--wp--preset--spacing--50);padding-left:var(--wp--preset--spacing--50)\">\n<div class=\"wp-block-group alignwide has-base-2-background-color has-background has-global-padding is-layout-constrained wp-container-core-group-is-layout-a151063b wp-block-group-is-layout-constrained\" style=\"border-radius:16px;padding-top:var(--wp--preset--spacing--50);padding-right:var(--wp--preset--spacing--40);padding-bottom:var(--wp--preset--spacing--50);padding-left:var(--wp--preset--spacing--40)\">\n<div class=\"wp-block-group alignwide is-vertical is-content-justification-stretch is-layout-flex wp-container-core-group-is-layout-353c4f5a wp-block-group-is-layout-flex\">\n<h2 class=\"wp-block-heading has-text-align-center\">Kontakt\/Mitgliedschaft<\/h2>\n\n\n\n<p class=\"has-text-align-center has-text-color has-link-color wp-elements-3e2072e3dd30138c23d9a3fc137bf9a6\" style=\"color:#0000ff;margin-top:var(--wp--preset--spacing--10);font-size:clamp(0.875rem, 0.875rem + ((1vw - 0.2rem) * 0.417), 1.125rem);\"><a href=\"http:\/\/www.buendnis-impfen.de\/wp-content\/uploads\/2026\/03\/Mitgliedschaftsantrag_NABI.pdf\" data-type=\"link\" data-id=\"http:\/\/www.buendnis-impfen.de\/wp-content\/uploads\/2024\/05\/2024_Mitgliedsantrag_NABI.pdf\" target=\"_blank\" rel=\"noreferrer noopener\">Mitgliedschaftsantrag herunterladen<\/a><\/p>\n\n\n\n<p class=\"has-text-align-center has-link-color wp-elements-65e64a38d9d3b1a8ea0f64eaa223f9d4\" style=\"margin-top:var(--wp--preset--spacing--10);font-size:clamp(0.875rem, 0.875rem + ((1vw - 0.2rem) * 0.417), 1.125rem);\">F\u00fcr Fragen wenden Sie sich an <a href=\"mailto:office@buendnis-impfen.de\" target=\"_blank\" rel=\"noreferrer noopener\">office@buendnis-impfen.de<\/a><\/p>\n<\/div>\n<\/div>\n<\/div>\n\n\n\n<div class=\"wp-block-group alignfull has-base-2-background-color has-background has-global-padding is-layout-constrained wp-container-core-group-is-layout-669513ed wp-block-group-is-layout-constrained\" id=\"downloads\" style=\"margin-top:0;margin-bottom:0;padding-top:var(--wp--preset--spacing--50);padding-right:var(--wp--preset--spacing--50);padding-bottom:var(--wp--preset--spacing--50);padding-left:var(--wp--preset--spacing--50)\">\n<div class=\"wp-block-group alignwide has-base-background-color has-background has-global-padding is-layout-constrained wp-container-core-group-is-layout-a151063b wp-block-group-is-layout-constrained\" style=\"border-radius:16px;padding-top:var(--wp--preset--spacing--50);padding-right:var(--wp--preset--spacing--40);padding-bottom:var(--wp--preset--spacing--50);padding-left:var(--wp--preset--spacing--40)\">\n<div class=\"wp-block-group alignwide is-vertical is-content-justification-stretch is-layout-flex wp-container-core-group-is-layout-353c4f5a wp-block-group-is-layout-flex\">\n<h2 class=\"wp-block-heading has-text-align-center\" style=\"margin-top:0;margin-bottom:0;padding-top:0;padding-right:0;padding-bottom:var(--wp--preset--spacing--20);padding-left:0\">Downloads<\/h2>\n<\/div>\n\n\n\n<div class=\"wp-block-file aligncenter has-link-color wp-elements-2daa93f3143c4bb202588b5647abde5c\" style=\"margin-top:0;margin-bottom:0;padding-top:0;padding-right:0;padding-bottom:var(--wp--preset--spacing--10);padding-left:0\"><a id=\"wp-block-file--media-46e666a6-4f59-4141-bd9c-4dfdbec6fe10\" href=\"http:\/\/www.buendnis-impfen.de\/wp-content\/uploads\/2024\/05\/Code-of-Conduct_Kurzversion.pdf\" target=\"_blank\" rel=\"noreferrer noopener\">Code of Conduct_Kurzversion<\/a><\/div>\n\n\n\n<div class=\"wp-block-file aligncenter has-link-color wp-elements-c67f8ad64e87378f60bfa979eb344dea\" style=\"margin-top:0;margin-bottom:0;padding-top:0;padding-right:0;padding-bottom:var(--wp--preset--spacing--10);padding-left:0\"><a id=\"wp-block-file--media-365da69f-2771-4bfb-869b-ab209b2afde5\" href=\"http:\/\/www.buendnis-impfen.de\/wp-content\/uploads\/2024\/05\/Satzung_NABI_18.01.24.pdf\" target=\"_blank\" rel=\"noreferrer noopener\">Satzung_NABI_18.01.24<\/a><\/div>\n\n\n\n<div class=\"wp-block-file aligncenter has-link-color wp-elements-ebceb73767d19a91e02fa4ddfcdc8b77\" style=\"margin-top:0;margin-bottom:0;padding-top:0;padding-right:0;padding-bottom:var(--wp--preset--spacing--10);padding-left:0\"><a id=\"wp-block-file--media-1affe5ce-df41-48dc-a0c9-6b7554c44387\" href=\"http:\/\/www.buendnis-impfen.de\/wp-content\/uploads\/2024\/05\/240419-MBVE-Launch-event-meeting-report.pdf\" target=\"_blank\" rel=\"noreferrer noopener\">240419-MBVE-Launch-event-meeting-report<\/a><\/div>\n\n\n\n<div class=\"wp-block-file aligncenter has-link-color wp-elements-cf2d438d75c8da4b7a9a814f1a039b67\" style=\"margin-top:0;margin-bottom:0;padding-top:0;padding-right:0;padding-bottom:var(--wp--preset--spacing--10);padding-left:0\"><a id=\"wp-block-file--media-4daf18b4-2c83-473f-80c3-9544aeedc696\" href=\"http:\/\/www.buendnis-impfen.de\/wp-content\/uploads\/2024\/05\/Code-of-Conduct.pdf\" target=\"_blank\" rel=\"noreferrer noopener\">Code of Conduct<\/a><\/div>\n\n\n\n<div class=\"wp-block-file aligncenter has-link-color wp-elements-79d8d893381afd3eab59d7498d808a97\" style=\"margin-top:0;margin-bottom:0;padding-top:0;padding-right:0;padding-bottom:var(--wp--preset--spacing--10);padding-left:0\"><a id=\"wp-block-file--media-78df3ed9-5ff5-49a3-ac27-0efdcbd17f48\" href=\"http:\/\/www.buendnis-impfen.de\/wp-content\/uploads\/2024\/05\/240318-MBVE-Consensus-Report-DIGITAL.pdf\" target=\"_blank\" rel=\"noreferrer noopener\">240318-MBVE-Consensus-Report-DIGITAL<\/a><\/div>\n\n\n\n<div class=\"wp-block-file aligncenter has-link-color wp-elements-f2ffdbc06e2cce7748d9ad3d5fe96803\" style=\"margin-top:0;margin-bottom:0;padding-top:0;padding-right:0;padding-bottom:var(--wp--preset--spacing--10);padding-left:0\"><a id=\"wp-block-file--media-cfc0955e-080c-4de8-b989-2162176a3f9f\" href=\"http:\/\/www.buendnis-impfen.de\/wp-content\/uploads\/2026\/03\/Mitgliedschaftsantrag_NABI.pdf\" target=\"_blank\" rel=\"noreferrer noopener\">Mitgliedschaftsantrag_NABI<\/a><\/div>\n\n\n\n<div class=\"wp-block-file aligncenter has-link-color wp-elements-78388c56c4557323c800b350c8aa9826\" style=\"margin-top:0;margin-bottom:0;padding-top:0;padding-right:0;padding-bottom:0;padding-left:0\"><a id=\"wp-block-file--media-9f852160-5cd3-4ccb-b5fc-e52f0fc23e36\" href=\"http:\/\/www.buendnis-impfen.de\/wp-content\/uploads\/2026\/03\/Vorstellung_NABI_2026.pdf\" target=\"_blank\" rel=\"noreferrer noopener\">Vorstellung_NABI_2026<\/a><\/div>\n<\/div>\n<\/div>\n\n\n\n<p><\/p>\n","protected":false},"excerpt":{"rendered":"<p>Nationales Aktionsb\u00fcndnis Impfen NABI e.V. Das Nationale Aktionsb\u00fcndnis e.V. ist ein politisch und interessenunabh\u00e4ngiger Zusammenschluss von Expertinnen und Experten sowie Institutionen aus Wissenschaft, Praxis und Public Health mit dem Ziel, jenseits der Erfahrungen aus der Pandemie das Bewusstsein f\u00fcr die Erfolge in der Bek\u00e4mpfung von Infektionskrankheiten durch Impfungen als eine der wirksamsten prim\u00e4rpr\u00e4ventiven Ma\u00dfnahmen in [&hellip;]<\/p>\n","protected":false},"author":2,"featured_media":0,"parent":0,"menu_order":0,"comment_status":"closed","ping_status":"closed","template":"page-templates\/homepage-no-hero.php","meta":{"footnotes":""},"class_list":["post-29","page","type-page","status-publish","hentry"],"_links":{"self":[{"href":"https:\/\/www.buendnis-impfen.de\/index.php\/wp-json\/wp\/v2\/pages\/29","targetHints":{"allow":["GET"]}}],"collection":[{"href":"https:\/\/www.buendnis-impfen.de\/index.php\/wp-json\/wp\/v2\/pages"}],"about":[{"href":"https:\/\/www.buendnis-impfen.de\/index.php\/wp-json\/wp\/v2\/types\/page"}],"author":[{"embeddable":true,"href":"https:\/\/www.buendnis-impfen.de\/index.php\/wp-json\/wp\/v2\/users\/2"}],"replies":[{"embeddable":true,"href":"https:\/\/www.buendnis-impfen.de\/index.php\/wp-json\/wp\/v2\/comments?post=29"}],"version-history":[{"count":123,"href":"https:\/\/www.buendnis-impfen.de\/index.php\/wp-json\/wp\/v2\/pages\/29\/revisions"}],"predecessor-version":[{"id":442,"href":"https:\/\/www.buendnis-impfen.de\/index.php\/wp-json\/wp\/v2\/pages\/29\/revisions\/442"}],"wp:attachment":[{"href":"https:\/\/www.buendnis-impfen.de\/index.php\/wp-json\/wp\/v2\/media?parent=29"}],"curies":[{"name":"wp","href":"https:\/\/api.w.org\/{rel}","templated":true}]}}